{"id":11231,"date":"2020-03-26T18:42:08","date_gmt":"2020-03-26T18:42:08","guid":{"rendered":"https:\/\/korner.eu\/aktualnosci\/"},"modified":"2025-04-01T09:52:34","modified_gmt":"2025-04-01T07:52:34","slug":"news","status":"publish","type":"page","link":"https:\/\/korner.eu\/en\/news\/","title":{"rendered":"News"},"content":{"rendered":"\n<section id=\"korner-block_5e7ddc0b8c9de\" class=\"space-section   \" >\n\t<div class=\"space-block hide-for-small\" style=\"background-color:#FFFFFF; height: 60px;\" ><\/div>\n\t<div class=\"space-block show-for-small\" style=\"background-color:#FFFFFF; height: 30px;\" ><\/div>\n<\/section><div class=\"row column default-GB clearfix\">\n\n<\/div>\n\n\n<section id=\"korner-block_5e7cfd2d16f2a\" class=\"section-post-list   \" >\n\t<div class=\"row column default-GB clearfix\">\n\t\t<h1>Aktualno\u015bci<\/h1>\n\t<\/div>\n\t\t\t\t\t\t\t\t\t\t<div class=\"row has-sidebar\">\n\t\t\t\t<div id=\"post-type-post\" class=\"post-list \">\n\t\t\t\t\t\t\t\t\t\t\t<article class=\" post-type-list-item wow fadeInUp\">\n\t\t\t\t\t\t\t\t\t\t\t\t\t\t<div class=\"column post-image-column\">\n\t\t\t\t\t\t\t\t<a class=\"list-item-link \" href=\"https:\/\/korner.eu\/en\/spectra-wkracza-do-irlandii-nowe-partnerstwo-z-ds-supplies\/\">\n\t\t\t\t\t\t\t\t\t<span class=\"list-item-image\" style=\"background-image: url(https:\/\/korner.eu\/wp-content\/uploads\/2025\/08\/529692047_736385272502652_9018775067611324636_n-767x575.jpg)\"><\/span>\n\t\t\t\t\t\t\t\t<\/a>\n\t\t\t\t\t\t\t<\/div>\n\t\t\t\t\t\t\t<div class=\"column post-info-column\">\n\t\t\t\t\t\t\t\t<h3 class=\"post-title\" ><a href=\"https:\/\/korner.eu\/en\/spectra-wkracza-do-irlandii-nowe-partnerstwo-z-ds-supplies\/\">SPeCtra enters Ireland! A new partnership with DS Supplies\t\t\t\t\t\t\t\t    <span style =\"color: #555556;font-size: 15px;font-weight: 400;margn-left:5px;\">\n\t\t\t\t\t\t\t\t\t\t\t14.08.2025r<\/span><\/a><\/h3>\t\t\t\t\t\t\t\t\t\t\t\t\t\t\t\t\t\t\t\t\t\t\n\t\t\t\t\t\t\t\t<p><p>The Korner team has returned from a visit to the headquarters of our new partner, DS Supplies, in Ireland. We had productive business discussions, training on our SPC wall tiles, and a fantastic meeting! This means one thing \u2013 our SPeCtra SPC wall tiles are coming to the Irish market! We would like to thank [&hellip;]<\/p>\n<\/p>\n\t\t\t\t\t\t\t\t\t\t\t\t\t\t\t\t\t<a class=\"read-more-posts\"  href=\"https:\/\/korner.eu\/en\/spectra-wkracza-do-irlandii-nowe-partnerstwo-z-ds-supplies\/\">more >>><\/a>\n\t\t\t\t\t\t\t\t\t\t\t\t\t\t\t<\/div>\n\t\t\t\t\t\t<\/article>\n\t\t\t\t\t\t\t\t\t\t\t<article class=\" post-type-list-item wow fadeInUp\">\n\t\t\t\t\t\t\t\t\t\t\t\t\t\t<div class=\"column post-image-column\">\n\t\t\t\t\t\t\t\t<a class=\"list-item-link \" href=\"https:\/\/korner.eu\/en\/participation-in-warsaw-floor-expo-2025\/\">\n\t\t\t\t\t\t\t\t\t<span class=\"list-item-image\" style=\"background-image: url(https:\/\/korner.eu\/wp-content\/uploads\/2025\/06\/Multimedia-16-767x1023.jpg)\"><\/span>\n\t\t\t\t\t\t\t\t<\/a>\n\t\t\t\t\t\t\t<\/div>\n\t\t\t\t\t\t\t<div class=\"column post-info-column\">\n\t\t\t\t\t\t\t\t<h3 class=\"post-title\" ><a href=\"https:\/\/korner.eu\/en\/participation-in-warsaw-floor-expo-2025\/\">Participation in WARSAW FLOOR EXPO 2025\t\t\t\t\t\t\t\t    <span style =\"color: #555556;font-size: 15px;font-weight: 400;margn-left:5px;\">\n\t\t\t\t\t\t\t\t\t\t\t06.06.2025r<\/span><\/a><\/h3>\t\t\t\t\t\t\t\t\t\t\t\t\t\t\t\t\t\t\t\t\t\t\n\t\t\t\t\t\t\t\t<p><p>We are pleased to announce that, thanks to the courtesy of Kelot company, we had the opportunity to showcase our products during the WARSAW FLOOR EXPO 2025. From June 3rd to 5th, 2025, we could be found at their booth, where we proudly presented our product range. We are delighted to have been part of [&hellip;]<\/p>\n<\/p>\n\t\t\t\t\t\t\t\t\t\t\t\t\t\t\t\t\t<a class=\"read-more-posts\"  href=\"https:\/\/korner.eu\/en\/participation-in-warsaw-floor-expo-2025\/\">more >>><\/a>\n\t\t\t\t\t\t\t\t\t\t\t\t\t\t\t<\/div>\n\t\t\t\t\t\t<\/article>\n\t\t\t\t\t\t\t\t\t\t\t<article class=\" post-type-list-item wow fadeInUp\">\n\t\t\t\t\t\t\t\t\t\t\t\t\t\t<div class=\"column post-image-column\">\n\t\t\t\t\t\t\t\t<a class=\"list-item-link \" href=\"https:\/\/korner.eu\/en\/the-competition-organized-by-the-lubuski-urzad-marszalkowski\/\">\n\t\t\t\t\t\t\t\t\t<span class=\"list-item-image\" style=\"background-image: url(https:\/\/korner.eu\/wp-content\/uploads\/2024\/12\/469699238_558002793674235_5991250948246594320_n-767x959.jpg)\"><\/span>\n\t\t\t\t\t\t\t\t<\/a>\n\t\t\t\t\t\t\t<\/div>\n\t\t\t\t\t\t\t<div class=\"column post-info-column\">\n\t\t\t\t\t\t\t\t<h3 class=\"post-title\" ><a href=\"https:\/\/korner.eu\/en\/the-competition-organized-by-the-lubuski-urzad-marszalkowski\/\">The competition organized by the Office of the Marshal of the Lubusz Voivodeship\t\t\t\t\t\t\t\t    <span style =\"color: #555556;font-size: 15px;font-weight: 400;margn-left:5px;\">\n\t\t\t\t\t\t\t\t\t\t\t01.04.2025r<\/span><\/a><\/h3>\t\t\t\t\t\t\t\t\t\t\t\t\t\t\t\t\t\t\t\t\t\t\n\t\t\t\t\t\t\t\t<p><p>We are pleased to inform you that our company has been selected as one of the 12 winners of the competition organized by the Lubuski Urz\u0105d Marsza\u0142kowski, securing 3rd place! The Economic Award of the Marshal of the Lubusz Voivodeship for the period 2021-2023 was awarded in the category of Innovative Medium-Sized Enterprise. The past [&hellip;]<\/p>\n<\/p>\n\t\t\t\t\t\t\t\t\t\t\t\t\t\t\t\t\t<a class=\"read-more-posts\"  href=\"https:\/\/korner.eu\/en\/the-competition-organized-by-the-lubuski-urzad-marszalkowski\/\">more >>><\/a>\n\t\t\t\t\t\t\t\t\t\t\t\t\t\t\t<\/div>\n\t\t\t\t\t\t<\/article>\n\t\t\t\t\t\t\t\t\t\t\t<article class=\" post-type-list-item wow fadeInUp\">\n\t\t\t\t\t\t\t\t\t\t\t\t\t\t<div class=\"column post-image-column\">\n\t\t\t\t\t\t\t\t<a class=\"list-item-link \" href=\"https:\/\/korner.eu\/en\/spectra-new-collection\/\">\n\t\t\t\t\t\t\t\t\t<span class=\"list-item-image\" style=\"background-image: url(https:\/\/korner.eu\/wp-content\/uploads\/2024\/02\/19-767x643.jpg)\"><\/span>\n\t\t\t\t\t\t\t\t<\/a>\n\t\t\t\t\t\t\t<\/div>\n\t\t\t\t\t\t\t<div class=\"column post-info-column\">\n\t\t\t\t\t\t\t\t<h3 class=\"post-title\" ><a href=\"https:\/\/korner.eu\/en\/spectra-new-collection\/\">SPeCtra &#8211; New collection\t\t\t\t\t\t\t\t    <span style =\"color: #555556;font-size: 15px;font-weight: 400;margn-left:5px;\">\n\t\t\t\t\t\t\t\t\t\t\t02.01.2024r<\/span><\/a><\/h3>\t\t\t\t\t\t\t\t\t\t\t\t\t\t\t\t\t\t\t\t\t\t\n\t\t\t\t\t\t\t\t<p><p>SPeCtra &#8211; Walls and Floors Discover a revolution in interior design with our innovative SPC tiles, which can easily replace traditional ceramic tiles. We offer not only beauty, but also 100% water resistance and durability making it ideal for everyday use. SPC Spectra tiles, work perfectly with underfloor heating, providing warm comfort underfoot and in [&hellip;]<\/p>\n<\/p>\n\t\t\t\t\t\t\t\t\t\t\t\t\t\t\t\t\t<a class=\"read-more-posts\"  href=\"https:\/\/korner.eu\/en\/spectra-new-collection\/\">more >>><\/a>\n\t\t\t\t\t\t\t\t\t\t\t\t\t\t\t<\/div>\n\t\t\t\t\t\t<\/article>\n\t\t\t\t\t\t\t\t\t\t\t<article class=\" post-type-list-item wow fadeInUp\">\n\t\t\t\t\t\t\t\t\t\t\t\t\t\t<div class=\"column post-image-column\">\n\t\t\t\t\t\t\t\t<a class=\"list-item-link \" href=\"https:\/\/korner.eu\/en\/sale-20\/\">\n\t\t\t\t\t\t\t\t\t<span class=\"list-item-image\" style=\"background-image: url(https:\/\/korner.eu\/wp-content\/uploads\/2024\/02\/Dab-Amalthea-4-767x542.jpg)\"><\/span>\n\t\t\t\t\t\t\t\t<\/a>\n\t\t\t\t\t\t\t<\/div>\n\t\t\t\t\t\t\t<div class=\"column post-info-column\">\n\t\t\t\t\t\t\t\t<h3 class=\"post-title\" ><a href=\"https:\/\/korner.eu\/en\/sale-20\/\">SALE -20%\t\t\t\t\t\t\t\t    <span style =\"color: #555556;font-size: 15px;font-weight: 400;margn-left:5px;\">\n\t\t\t\t\t\t\t\t\t\t\t02.02.2024r<\/span><\/a><\/h3>\t\t\t\t\t\t\t\t\t\t\t\t\t\t\t\t\t\t\t\t\t\t\n\t\t\t\t\t\t\t\t<p><p>Promotion -20% on selected colors: 1 Amalthea Oak 25-SPC-SOLID-062 Filan Oak 25-SPC-SOLID-133 Brekke Oak 25-SPC-SOLID-144 Nese Oak 25-SPC-SOLID-155 Sande Oak 25-SPC-SOLID-166 Barro Oak 25-SPC-NATUR-06 Sale excluded from bonusing<\/p>\n<\/p>\n\t\t\t\t\t\t\t\t\t\t\t\t\t\t\t\t\t<a class=\"read-more-posts\"  href=\"https:\/\/korner.eu\/en\/sale-20\/\">more >>><\/a>\n\t\t\t\t\t\t\t\t\t\t\t\t\t\t\t<\/div>\n\t\t\t\t\t\t<\/article>\n\t\t\t\t\t\t\t\t\t\t\t<article class=\" post-type-list-item wow fadeInUp\">\n\t\t\t\t\t\t\t\t\t\t\t\t\t\t<div class=\"column post-image-column\">\n\t\t\t\t\t\t\t\t<a class=\"list-item-link \" href=\"https:\/\/korner.eu\/en\/crash-test-korner\/\">\n\t\t\t\t\t\t\t\t\t<span class=\"list-item-image\" style=\"background-image: url(https:\/\/korner.eu\/wp-content\/uploads\/2023\/10\/Vintage-Film-Projector-Wall-Mural_095a2d97-41ba-4205-8a0b-9b1311205f0d-767x516.webp)\"><\/span>\n\t\t\t\t\t\t\t\t<\/a>\n\t\t\t\t\t\t\t<\/div>\n\t\t\t\t\t\t\t<div class=\"column post-info-column\">\n\t\t\t\t\t\t\t\t<h3 class=\"post-title\" ><a href=\"https:\/\/korner.eu\/en\/crash-test-korner\/\">See the strength of our panels\t\t\t\t\t\t\t\t    <span style =\"color: #555556;font-size: 15px;font-weight: 400;margn-left:5px;\">\n\t\t\t\t\t\t\t\t\t\t\t23.10.2023r<\/span><\/a><\/h3>\t\t\t\t\t\t\t\t\t\t\t\t\t\t\t\t\t\t\t\t\t\t\n\t\t\t\t\t\t\t\t<p><p>Crash test One of our distributors abroad did a resilience test of our floors. You can watch it here!<\/p>\n<\/p>\n\t\t\t\t\t\t\t\t\t\t\t\t\t\t\t\t\t<a class=\"read-more-posts\"  href=\"https:\/\/korner.eu\/en\/crash-test-korner\/\">more >>><\/a>\n\t\t\t\t\t\t\t\t\t\t\t\t\t\t\t<\/div>\n\t\t\t\t\t\t<\/article>\n\t\t\t\t\t\t\t\t\t\t\t<article class=\" post-type-list-item wow fadeInUp\">\n\t\t\t\t\t\t\t\t\t\t\t\t\t\t<div class=\"column post-image-column\">\n\t\t\t\t\t\t\t\t<a class=\"list-item-link \" href=\"https:\/\/korner.eu\/en\/spectra-our-new-collection-soon\/\">\n\t\t\t\t\t\t\t\t\t<span class=\"list-item-image\" style=\"background-image: url(https:\/\/korner.eu\/wp-content\/uploads\/2023\/08\/Projekt-bez-nazwy-2-767x643.png)\"><\/span>\n\t\t\t\t\t\t\t\t<\/a>\n\t\t\t\t\t\t\t<\/div>\n\t\t\t\t\t\t\t<div class=\"column post-info-column\">\n\t\t\t\t\t\t\t\t<h3 class=\"post-title\" ><a href=\"https:\/\/korner.eu\/en\/spectra-our-new-collection-soon\/\">Spectra &#8211; Our new collection SOON\t\t\t\t\t\t\t\t    <span style =\"color: #555556;font-size: 15px;font-weight: 400;margn-left:5px;\">\n\t\t\t\t\t\t\t\t\t\t\t31.08.2023r<\/span><\/a><\/h3>\t\t\t\t\t\t\t\t\t\t\t\t\t\t\t\t\t\t\t\t\t\t\n\t\t\t\t\t\t\t\t<p><p>Coming soon, a new collection of SPC tiles. Coming soon, a new addition to our offer! We proudly present the SPC Spectra tile collection &#8211; a revolutionary combination of ceramic beauty and extraordinary durability. Resistant to scratches, moisture and everyday use, Spectra tiles are perfect for any room. Discover unique patterns and colors that will [&hellip;]<\/p>\n<\/p>\n\t\t\t\t\t\t\t\t\t\t\t\t\t\t\t\t\t<a class=\"read-more-posts\"  href=\"https:\/\/korner.eu\/en\/spectra-our-new-collection-soon\/\">more >>><\/a>\n\t\t\t\t\t\t\t\t\t\t\t\t\t\t\t<\/div>\n\t\t\t\t\t\t<\/article>\n\t\t\t\t\t\t\t\t\t\t\t<article class=\" post-type-list-item wow fadeInUp\">\n\t\t\t\t\t\t\t\t\t\t\t\t\t\t<div class=\"column post-image-column\">\n\t\t\t\t\t\t\t\t<a class=\"list-item-link \" href=\"https:\/\/korner.eu\/en\/new-flooring-collection-luxury-floor-herringbone\/\">\n\t\t\t\t\t\t\t\t\t<span class=\"list-item-image\" style=\"background-image: url(https:\/\/korner.eu\/wp-content\/uploads\/2023\/08\/Gory-1-767x643.jpg)\"><\/span>\n\t\t\t\t\t\t\t\t<\/a>\n\t\t\t\t\t\t\t<\/div>\n\t\t\t\t\t\t\t<div class=\"column post-info-column\">\n\t\t\t\t\t\t\t\t<h3 class=\"post-title\" ><a href=\"https:\/\/korner.eu\/en\/new-flooring-collection-luxury-floor-herringbone\/\">New flooring collection &#8211; Luxury Floor &#8211; Herringbone\t\t\t\t\t\t\t\t    <span style =\"color: #555556;font-size: 15px;font-weight: 400;margn-left:5px;\">\n\t\t\t\t\t\t\t\t\t\t\t22.08.2023r<\/span><\/a><\/h3>\t\t\t\t\t\t\t\t\t\t\t\t\t\t\t\t\t\t\t\t\t\t\n\t\t\t\t\t\t\t\t<p><p>Luxury Floor This is a timeless collection, the most sought-after wood-like flooring on the market. Due to its universal form, the arrangement of the classic herringbone pattern, it is dedicated to traditional as well as modern spacious interiors, which will make each room enjoy its surprising originality for many years. More information here.<\/p>\n<\/p>\n\t\t\t\t\t\t\t\t\t\t\t\t\t\t\t\t\t<a class=\"read-more-posts\"  href=\"https:\/\/korner.eu\/en\/new-flooring-collection-luxury-floor-herringbone\/\">more >>><\/a>\n\t\t\t\t\t\t\t\t\t\t\t\t\t\t\t<\/div>\n\t\t\t\t\t\t<\/article>\n\t\t\t\t\t\t\t\t\t\t\t<article class=\" post-type-list-item wow fadeInUp\">\n\t\t\t\t\t\t\t\t\t\t\t\t\t\t<div class=\"column post-image-column\">\n\t\t\t\t\t\t\t\t<a class=\"list-item-link \" href=\"https:\/\/korner.eu\/en\/visualiser-now-available\/\">\n\t\t\t\t\t\t\t\t\t<span class=\"list-item-image\" style=\"background-image: url(https:\/\/korner.eu\/wp-content\/uploads\/2023\/08\/Nowa-kolekcja-940-x-588-px-767x480.png)\"><\/span>\n\t\t\t\t\t\t\t\t<\/a>\n\t\t\t\t\t\t\t<\/div>\n\t\t\t\t\t\t\t<div class=\"column post-info-column\">\n\t\t\t\t\t\t\t\t<h3 class=\"post-title\" ><a href=\"https:\/\/korner.eu\/en\/visualiser-now-available\/\">Visualiser now available\t\t\t\t\t\t\t\t    <span style =\"color: #555556;font-size: 15px;font-weight: 400;margn-left:5px;\">\n\t\t\t\t\t\t\t\t\t\t\t21.08.2023r<\/span><\/a><\/h3>\t\t\t\t\t\t\t\t\t\t\t\t\t\t\t\t\t\t\t\t\t\t\n\t\t\t\t\t\t\t\t<p><p>Floori floor visualiser Now you can see our floors in your room before you lay them! The Floori visualiser allows you to base any of our flooring collections in your room. You can use ready-made arrangements, or upload your own photo to see if the d\u00e9cor matches your interior. Check it out.<\/p>\n<\/p>\n\t\t\t\t\t\t\t\t\t\t\t\t\t\t\t\t\t<a class=\"read-more-posts\"  href=\"https:\/\/korner.eu\/en\/visualiser-now-available\/\">more >>><\/a>\n\t\t\t\t\t\t\t\t\t\t\t\t\t\t\t<\/div>\n\t\t\t\t\t\t<\/article>\n\t\t\t\t\t\t\t\t\t\t\t<article class=\" post-type-list-item wow fadeInUp\">\n\t\t\t\t\t\t\t\t\t\t\t\t\t\t<div class=\"column post-image-column\">\n\t\t\t\t\t\t\t\t<a class=\"list-item-link \" href=\"https:\/\/korner.eu\/en\/new-floor-underlay-spc-ultra-600\/\">\n\t\t\t\t\t\t\t\t\t<span class=\"list-item-image\" style=\"background-image: url(https:\/\/korner.eu\/wp-content\/uploads\/2023\/06\/czerwony-podklad_zmniejszony-zdjecie-2-767x432.jpg)\"><\/span>\n\t\t\t\t\t\t\t\t<\/a>\n\t\t\t\t\t\t\t<\/div>\n\t\t\t\t\t\t\t<div class=\"column post-info-column\">\n\t\t\t\t\t\t\t\t<h3 class=\"post-title\" ><a href=\"https:\/\/korner.eu\/en\/new-floor-underlay-spc-ultra-600\/\">New floor underlay SPC ULTRA 600+\t\t\t\t\t\t\t\t    <span style =\"color: #555556;font-size: 15px;font-weight: 400;margn-left:5px;\">\n\t\t\t\t\t\t\t\t\t\t\t31.05.2023r<\/span><\/a><\/h3>\t\t\t\t\t\t\t\t\t\t\t\t\t\t\t\t\t\t\t\t\t\t\n\t\t\t\t\t\t\t\t<p><p>SPC ULTRA 600+ The latest flooring underlay dedicated to SPC and LVT click-mounted core floors. The high foam density and excellent CS parameters provide the floor with very high protection against damage, deformation and lock breakage. SPC Ultra 600+ is recommended for underfloor heating due to its low thermal resistance. Properties: High thermal conductivitySound absorptionSound [&hellip;]<\/p>\n<\/p>\n\t\t\t\t\t\t\t\t\t\t\t\t\t\t\t\t\t<a class=\"read-more-posts\"  href=\"https:\/\/korner.eu\/en\/new-floor-underlay-spc-ultra-600\/\">more >>><\/a>\n\t\t\t\t\t\t\t\t\t\t\t\t\t\t\t<\/div>\n\t\t\t\t\t\t<\/article>\n\t\t\t\t\t\t\t\t\t\t\t<article class=\" post-type-list-item wow fadeInUp\">\n\t\t\t\t\t\t\t\t\t\t\t\t\t\t<div class=\"column post-image-column\">\n\t\t\t\t\t\t\t\t<a class=\"list-item-link \" href=\"https:\/\/korner.eu\/en\/member-of-mmfa\/\">\n\t\t\t\t\t\t\t\t\t<span class=\"list-item-image\" style=\"background-image: url(https:\/\/korner.eu\/wp-content\/uploads\/2023\/07\/9-767x643.png)\"><\/span>\n\t\t\t\t\t\t\t\t<\/a>\n\t\t\t\t\t\t\t<\/div>\n\t\t\t\t\t\t\t<div class=\"column post-info-column\">\n\t\t\t\t\t\t\t\t<h3 class=\"post-title\" ><a href=\"https:\/\/korner.eu\/en\/member-of-mmfa\/\">Member of MMFA\t\t\t\t\t\t\t\t    <span style =\"color: #555556;font-size: 15px;font-weight: 400;margn-left:5px;\">\n\t\t\t\t\t\t\t\t\t\t\t27.07.2023r<\/span><\/a><\/h3>\t\t\t\t\t\t\t\t\t\t\t\t\t\t\t\t\t\t\t\t\t\t\n\t\t\t\t\t\t\t\t<p><p>Poli-Eco Group joins the MMFA. We are pleased to announce that Poli-Eco Group, including Korner, has become a member of the MMFA ( Multilayer Modular Flooring Association ). This is a great development opportunity for our company and a great motivation for further action and expanding the company&#8217;s prospects. Thanks to our cooperation with the [&hellip;]<\/p>\n<\/p>\n\t\t\t\t\t\t\t\t\t\t\t\t\t\t\t\t\t<a class=\"read-more-posts\"  href=\"https:\/\/korner.eu\/en\/member-of-mmfa\/\">more >>><\/a>\n\t\t\t\t\t\t\t\t\t\t\t\t\t\t\t<\/div>\n\t\t\t\t\t\t<\/article>\n\t\t\t\t\t\t\t\t\t\t\t<article class=\" post-type-list-item wow fadeInUp\">\n\t\t\t\t\t\t\t\t\t\t\t\t\t\t<div class=\"column post-image-column\">\n\t\t\t\t\t\t\t\t<a class=\"list-item-link \" href=\"https:\/\/korner.eu\/en\/new-floor-colors-solid-floor-scandi\/\">\n\t\t\t\t\t\t\t\t\t<span class=\"list-item-image\" style=\"background-image: url(https:\/\/korner.eu\/wp-content\/uploads\/2023\/03\/Scandi-aktualnosci-ENG-767x643.jpg)\"><\/span>\n\t\t\t\t\t\t\t\t<\/a>\n\t\t\t\t\t\t\t<\/div>\n\t\t\t\t\t\t\t<div class=\"column post-info-column\">\n\t\t\t\t\t\t\t\t<h3 class=\"post-title\" ><a href=\"https:\/\/korner.eu\/en\/new-floor-colors-solid-floor-scandi\/\">New floor colors &#8211; Solid Floor Scandi\t\t\t\t\t\t\t\t    <span style =\"color: #555556;font-size: 15px;font-weight: 400;margn-left:5px;\">\n\t\t\t\t\t\t\t\t\t\t\t13.03.2023r<\/span><\/a><\/h3>\t\t\t\t\t\t\t\t\t\t\t\t\t\t\t\t\t\t\t\t\t\t\n\t\t\t\t\t\t\t\t<p><p>Check out the new colors of the Solid Floor &#8211; Scandi collection! Solid SPC vinyl floors based on a mineral core made of 80% rock &#8211; chalk. A collection of Scandi panels inspired by amazing Scandinavian landscapes. The structure of wood, expressive decor, cool colors and impressive, four-sided V-groove. The floor is fully eco-friendly and [&hellip;]<\/p>\n<\/p>\n\t\t\t\t\t\t\t\t\t\t\t\t\t\t\t\t\t<a class=\"read-more-posts\"  href=\"https:\/\/korner.eu\/en\/new-floor-colors-solid-floor-scandi\/\">more >>><\/a>\n\t\t\t\t\t\t\t\t\t\t\t\t\t\t\t<\/div>\n\t\t\t\t\t\t<\/article>\n\t\t\t\t\t\t\t\t\t\t\t<article class=\" post-type-list-item wow fadeInUp\">\n\t\t\t\t\t\t\t\t\t\t\t\t\t\t<div class=\"column post-image-column\">\n\t\t\t\t\t\t\t\t<a class=\"list-item-link \" href=\"https:\/\/korner.eu\/en\/new-flooring-collection-natural-floor\/\">\n\t\t\t\t\t\t\t\t\t<span class=\"list-item-image\" style=\"background-image: url(https:\/\/korner.eu\/wp-content\/uploads\/2023\/02\/Natural-aktualnosci-ENG-767x643.jpg)\"><\/span>\n\t\t\t\t\t\t\t\t<\/a>\n\t\t\t\t\t\t\t<\/div>\n\t\t\t\t\t\t\t<div class=\"column post-info-column\">\n\t\t\t\t\t\t\t\t<h3 class=\"post-title\" ><a href=\"https:\/\/korner.eu\/en\/new-flooring-collection-natural-floor\/\">New flooring collection &#8211; Natural Floor\t\t\t\t\t\t\t\t    <span style =\"color: #555556;font-size: 15px;font-weight: 400;margn-left:5px;\">\n\t\t\t\t\t\t\t\t\t\t\t20.02.2023r<\/span><\/a><\/h3>\t\t\t\t\t\t\t\t\t\t\t\t\t\t\t\t\t\t\t\t\t\t\n\t\t\t\t\t\t\t\t<p><p>Check out our new Natural Floor flooring collection! SPC vinyl floors with a mineral core ideal for any interior. Inspired by the natural beauty of the forest, with subdued colors and carefully reproduced wood structure. Fully ecological, environmentally friendly and safe to use for all household members. Waterproof panels, for underfloor heating, 4mm thick More [&hellip;]<\/p>\n<\/p>\n\t\t\t\t\t\t\t\t\t\t\t\t\t\t\t\t\t<a class=\"read-more-posts\"  href=\"https:\/\/korner.eu\/en\/new-flooring-collection-natural-floor\/\">more >>><\/a>\n\t\t\t\t\t\t\t\t\t\t\t\t\t\t\t<\/div>\n\t\t\t\t\t\t<\/article>\n\t\t\t\t\t\t\t\t\t\t\t<article class=\" post-type-list-item wow fadeInUp\">\n\t\t\t\t\t\t\t\t\t\t\t\t\t\t<div class=\"column post-image-column\">\n\t\t\t\t\t\t\t\t<a class=\"list-item-link \" href=\"https:\/\/korner.eu\/en\/something-new-about-venezia\/\">\n\t\t\t\t\t\t\t\t\t<span class=\"list-item-image\" style=\"background-image: url(https:\/\/korner.eu\/wp-content\/uploads\/2020\/03\/venezia-czarny-767x643.jpg)\"><\/span>\n\t\t\t\t\t\t\t\t<\/a>\n\t\t\t\t\t\t\t<\/div>\n\t\t\t\t\t\t\t<div class=\"column post-info-column\">\n\t\t\t\t\t\t\t\t<h3 class=\"post-title\" ><a href=\"https:\/\/korner.eu\/en\/something-new-about-venezia\/\">Something new about Venezia\t\t\t\t\t\t\t\t    <span style =\"color: #555556;font-size: 15px;font-weight: 400;margn-left:5px;\">\n\t\t\t\t\t\t\t\t\t\t\t13.12.2022r<\/span><\/a><\/h3>\t\t\t\t\t\t\t\t\t\t\t\t\t\t\t\t\t\t\t\t\t\t\n\t\t\t\t\t\t\t\t<p><p>A new color variant of the Venezia skirting board Classic and practical, and now also extremely elegant &#8211; black Venezia is now available for sale. The skirting board stands out because of high resistance to damage, water resistance and a modern shape. The optimal height of 75 mm and the use of elastic bands on [&hellip;]<\/p>\n<\/p>\n\t\t\t\t\t\t\t\t\t\t\t\t\t\t\t\t\t<a class=\"read-more-posts\"  href=\"https:\/\/korner.eu\/en\/something-new-about-venezia\/\">more >>><\/a>\n\t\t\t\t\t\t\t\t\t\t\t\t\t\t\t<\/div>\n\t\t\t\t\t\t<\/article>\n\t\t\t\t\t\t\t\t\t\t\t<article class=\" post-type-list-item wow fadeInUp\">\n\t\t\t\t\t\t\t\t\t\t\t\t\t\t<div class=\"column post-image-column\">\n\t\t\t\t\t\t\t\t<a class=\"list-item-link \" href=\"https:\/\/korner.eu\/en\/see-you-at-domotex\/\">\n\t\t\t\t\t\t\t\t\t<span class=\"list-item-image\" style=\"background-image: url(https:\/\/korner.eu\/wp-content\/uploads\/2022\/12\/Obrazki-kariera-1.jpg)\"><\/span>\n\t\t\t\t\t\t\t\t<\/a>\n\t\t\t\t\t\t\t<\/div>\n\t\t\t\t\t\t\t<div class=\"column post-info-column\">\n\t\t\t\t\t\t\t\t<h3 class=\"post-title\" ><a href=\"https:\/\/korner.eu\/en\/see-you-at-domotex\/\">See you at Domotex!\t\t\t\t\t\t\t\t    <span style =\"color: #555556;font-size: 15px;font-weight: 400;margn-left:5px;\">\n\t\t\t\t\t\t\t\t\t\t\tr<\/span><\/a><\/h3>\t\t\t\t\t\t\t\t\t\t\t\t\t\t\t\t\t\t\t\t\t\t\n\t\t\t\t\t\t\t\t<p><p>Floored by nature Up to this point, our leading products were skirting boards and floor underlays. Now, we are proud to present you with our newest innovation \u2013 SPC vinyl flooring with rigid core. All of the above will be displayed at our stand, alongside aromatic coffee and traditional Polish snacks, because we&#8217;re proud of [&hellip;]<\/p>\n<\/p>\n\t\t\t\t\t\t\t\t\t\t\t\t\t\t\t\t\t<a class=\"read-more-posts\"  href=\"https:\/\/korner.eu\/en\/see-you-at-domotex\/\">more >>><\/a>\n\t\t\t\t\t\t\t\t\t\t\t\t\t\t\t<\/div>\n\t\t\t\t\t\t<\/article>\n\t\t\t\t\t\t\t\t\t\t\t<article class=\" post-type-list-item wow fadeInUp\">\n\t\t\t\t\t\t\t\t\t\t\t\t\t\t<div class=\"column post-image-column\">\n\t\t\t\t\t\t\t\t<a class=\"list-item-link \" href=\"https:\/\/korner.eu\/en\/open-days-at-poli-eco\/\">\n\t\t\t\t\t\t\t\t\t<span class=\"list-item-image\" style=\"background-image: url(https:\/\/korner.eu\/wp-content\/uploads\/2023\/01\/Dni-pracy-w-poli-Eco-1-767x643.jpg)\"><\/span>\n\t\t\t\t\t\t\t\t<\/a>\n\t\t\t\t\t\t\t<\/div>\n\t\t\t\t\t\t\t<div class=\"column post-info-column\">\n\t\t\t\t\t\t\t\t<h3 class=\"post-title\" ><a href=\"https:\/\/korner.eu\/en\/open-days-at-poli-eco\/\">Open days at Poli-Eco!\t\t\t\t\t\t\t\t    <span style =\"color: #555556;font-size: 15px;font-weight: 400;margn-left:5px;\">\n\t\t\t\t\t\t\t\t\t\t\t27.01.2023r<\/span><\/a><\/h3>\t\t\t\t\t\t\t\t\t\t\t\t\t\t\t\t\t\t\t\t\t\t\n\t\t\t\t\t\t\t\t<p><p>27.01.2023 We are honored to boast of an event that took place in our company today &#8211; open days. We were visited by quite a large group of students with their attendants from the secondary school name Boleslaw Chrobry in Szprotawa. The purpose of their visit was to familiarize themselves with the functioning of the [&hellip;]<\/p>\n<\/p>\n\t\t\t\t\t\t\t\t\t\t\t\t\t\t\t\t\t<a class=\"read-more-posts\"  href=\"https:\/\/korner.eu\/en\/open-days-at-poli-eco\/\">more >>><\/a>\n\t\t\t\t\t\t\t\t\t\t\t\t\t\t\t<\/div>\n\t\t\t\t\t\t<\/article>\n\t\t\t\t\t\t\t\t\t\t\t<article class=\" post-type-list-item wow fadeInUp\">\n\t\t\t\t\t\t\t\t\t\t\t\t\t\t<div class=\"column post-image-column\">\n\t\t\t\t\t\t\t\t<a class=\"list-item-link \" href=\"https:\/\/korner.eu\/en\/domotex-2023\/\">\n\t\t\t\t\t\t\t\t\t<span class=\"list-item-image\" style=\"background-image: url(https:\/\/korner.eu\/wp-content\/uploads\/2023\/01\/324426909_6055600807836445_2555218051523312304_n-1.jpg)\"><\/span>\n\t\t\t\t\t\t\t\t<\/a>\n\t\t\t\t\t\t\t<\/div>\n\t\t\t\t\t\t\t<div class=\"column post-info-column\">\n\t\t\t\t\t\t\t\t<h3 class=\"post-title\" ><a href=\"https:\/\/korner.eu\/en\/domotex-2023\/\">Domotex 2023!\t\t\t\t\t\t\t\t    <span style =\"color: #555556;font-size: 15px;font-weight: 400;margn-left:5px;\">\n\t\t\t\t\t\t\t\t\t\t\t18.01.2023r<\/span><\/a><\/h3>\t\t\t\t\t\t\t\t\t\t\t\t\t\t\t\t\t\t\t\t\t\t\n\t\t\t\t\t\t\t\t<p><p>Domotex 2023! On January 12 &#8211; 15, 2023, we had a chance to show off and present 30 years of our company&#8217;s experience at the Domotex fair in Hannover! So far, our leading products have been skirting boards, worktop skirting boards, floor underlays and furniture edges. Now we are proud to present our latest innovation [&hellip;]<\/p>\n<\/p>\n\t\t\t\t\t\t\t\t\t\t\t\t\t\t\t\t\t<a class=\"read-more-posts\"  href=\"https:\/\/korner.eu\/en\/domotex-2023\/\">more >>><\/a>\n\t\t\t\t\t\t\t\t\t\t\t\t\t\t\t<\/div>\n\t\t\t\t\t\t<\/article>\n\t\t\t\t\t\t\t\t\t\t\t<article class=\" post-type-list-item wow fadeInUp\">\n\t\t\t\t\t\t\t\t\t\t\t\t\t\t<div class=\"column post-image-column\">\n\t\t\t\t\t\t\t\t<a class=\"list-item-link \" href=\"https:\/\/korner.eu\/en\/korners-on-instagram-now\/\">\n\t\t\t\t\t\t\t\t\t<span class=\"list-item-image\" style=\"background-image: url(https:\/\/korner.eu\/wp-content\/uploads\/2022\/10\/Projekt-bez-tytulu-2-767x643.jpg)\"><\/span>\n\t\t\t\t\t\t\t\t<\/a>\n\t\t\t\t\t\t\t<\/div>\n\t\t\t\t\t\t\t<div class=\"column post-info-column\">\n\t\t\t\t\t\t\t\t<h3 class=\"post-title\" ><a href=\"https:\/\/korner.eu\/en\/korners-on-instagram-now\/\">Korner&#8217;s on Instagram now\t\t\t\t\t\t\t\t    <span style =\"color: #555556;font-size: 15px;font-weight: 400;margn-left:5px;\">\n\t\t\t\t\t\t\t\t\t\t\t13.12.2022r<\/span><\/a><\/h3>\t\t\t\t\t\t\t\t\t\t\t\t\t\t\t\t\t\t\t\t\t\t\n\t\t\t\t\t\t\t\t<p><p>New XPS finishing posts We are constantly evolving &#8211; now also on social media! We cordially invite you to our official instagram profile. There you will find photos of the latest products, some interior design inspirations and lots of cute animals. We will also take a look at our new collection of SPC vinyl panels! [&hellip;]<\/p>\n<\/p>\n\t\t\t\t\t\t\t\t\t\t\t\t\t\t\t\t\t<a class=\"read-more-posts\"  href=\"https:\/\/korner.eu\/en\/korners-on-instagram-now\/\">more >>><\/a>\n\t\t\t\t\t\t\t\t\t\t\t\t\t\t\t<\/div>\n\t\t\t\t\t\t<\/article>\n\t\t\t\t\t\t\t\t\t\t\t<article class=\" post-type-list-item wow fadeInUp\">\n\t\t\t\t\t\t\t\t\t\t\t\t\t\t<div class=\"column post-image-column\">\n\t\t\t\t\t\t\t\t<a class=\"list-item-link \" href=\"https:\/\/korner.eu\/en\/fast-and-easy-way-to-finish-off-your-skirting-boards\/\">\n\t\t\t\t\t\t\t\t\t<span class=\"list-item-image\" style=\"background-image: url(https:\/\/korner.eu\/wp-content\/uploads\/2020\/03\/Projekt-bez-tytulu-1.png)\"><\/span>\n\t\t\t\t\t\t\t\t<\/a>\n\t\t\t\t\t\t\t<\/div>\n\t\t\t\t\t\t\t<div class=\"column post-info-column\">\n\t\t\t\t\t\t\t\t<h3 class=\"post-title\" ><a href=\"https:\/\/korner.eu\/en\/fast-and-easy-way-to-finish-off-your-skirting-boards\/\">Fast and easy way to finish off your skirting boards\t\t\t\t\t\t\t\t    <span style =\"color: #555556;font-size: 15px;font-weight: 400;margn-left:5px;\">\n\t\t\t\t\t\t\t\t\t\t\tr<\/span><\/a><\/h3>\t\t\t\t\t\t\t\t\t\t\t\t\t\t\t\t\t\t\t\t\t\t\n\t\t\t\t\t\t\t\t<p><p>New XPS finishing posts Finishing posts are very practical and effective when connecting strips in external and internal corners and at the ends. Optimum post heights match any skirting board size as they can be cut to any height and finished with a durable sticker included in the kit. The material used to make the [&hellip;]<\/p>\n<\/p>\n\t\t\t\t\t\t\t\t\t\t\t\t\t\t\t\t\t<a class=\"read-more-posts\"  href=\"https:\/\/korner.eu\/en\/fast-and-easy-way-to-finish-off-your-skirting-boards\/\">more >>><\/a>\n\t\t\t\t\t\t\t\t\t\t\t\t\t\t\t<\/div>\n\t\t\t\t\t\t<\/article>\n\t\t\t\t\t\t\t\t\t\t\t<article class=\" post-type-list-item wow fadeInUp\">\n\t\t\t\t\t\t\t\t\t\t\t\t\t\t<div class=\"column post-image-column\">\n\t\t\t\t\t\t\t\t<a class=\"list-item-link \" href=\"https:\/\/korner.eu\/en\/korner-is-now-on-facebook-check-it-out\/\">\n\t\t\t\t\t\t\t\t\t<span class=\"list-item-image\" style=\"background-image: url(https:\/\/korner.eu\/wp-content\/uploads\/2022\/09\/Projekt-bez-tytulu-2-min-767x643.jpg)\"><\/span>\n\t\t\t\t\t\t\t\t<\/a>\n\t\t\t\t\t\t\t<\/div>\n\t\t\t\t\t\t\t<div class=\"column post-info-column\">\n\t\t\t\t\t\t\t\t<h3 class=\"post-title\" ><a href=\"https:\/\/korner.eu\/en\/korner-is-now-on-facebook-check-it-out\/\">Korner is now on Facebook. Check it out!\t\t\t\t\t\t\t\t    <span style =\"color: #555556;font-size: 15px;font-weight: 400;margn-left:5px;\">\n\t\t\t\t\t\t\t\t\t\t\t29.09.2022r<\/span><\/a><\/h3>\t\t\t\t\t\t\t\t\t\t\t\t\t\t\t\t\t\t\t\t\t\t\n\t\t\t\t\t\t\t\t<p><p>Korner&#8217;s official Facebook profile The official profile of the Korner brand on Facebook has been launched. Follow us to be up to date with our newest products, titbits or tips on the finishing industry. You will also find there a few moments from the everyday life of the company, including training sessions and meetings of [&hellip;]<\/p>\n<\/p>\n\t\t\t\t\t\t\t\t\t\t\t\t\t\t\t\t\t<a class=\"read-more-posts\"  href=\"https:\/\/korner.eu\/en\/korner-is-now-on-facebook-check-it-out\/\">more >>><\/a>\n\t\t\t\t\t\t\t\t\t\t\t\t\t\t\t<\/div>\n\t\t\t\t\t\t<\/article>\n\t\t\t\t\t\t\t\t\t\t\t<article class=\" post-type-list-item wow fadeInUp\">\n\t\t\t\t\t\t\t\t\t\t\t\t\t\t<div class=\"column post-image-column\">\n\t\t\t\t\t\t\t\t<a class=\"list-item-link \" href=\"https:\/\/korner.eu\/en\/classic-in-a-new-version-black-evo-is-now-available\/\">\n\t\t\t\t\t\t\t\t\t<span class=\"list-item-image\" style=\"background-image: url(https:\/\/korner.eu\/wp-content\/uploads\/2020\/03\/Evo-czarna-040_-767x430.jpg)\"><\/span>\n\t\t\t\t\t\t\t\t<\/a>\n\t\t\t\t\t\t\t<\/div>\n\t\t\t\t\t\t\t<div class=\"column post-info-column\">\n\t\t\t\t\t\t\t\t<h3 class=\"post-title\" ><a href=\"https:\/\/korner.eu\/en\/classic-in-a-new-version-black-evo-is-now-available\/\">Classic in a new version. Black Evo is now available!\t\t\t\t\t\t\t\t    <span style =\"color: #555556;font-size: 15px;font-weight: 400;margn-left:5px;\">\n\t\t\t\t\t\t\t\t\t\t\t26.08.2022r<\/span><\/a><\/h3>\t\t\t\t\t\t\t\t\t\t\t\t\t\t\t\t\t\t\t\t\t\t\n\t\t\t\t\t\t\t\t<p><p>Evo baseboard in black Black Evo strip with Click-Fit system &#8211; height: 70mm We focus on minimalism and aesthetics. Evo strip is a combination of classic and modern design. Such a distinctive color will add character to any interior. The black Evo is now available for purchase. More on that at:https:\/\/korner.eu\/en\/products\/evo<\/p>\n<\/p>\n\t\t\t\t\t\t\t\t\t\t\t\t\t\t\t\t\t<a class=\"read-more-posts\"  href=\"https:\/\/korner.eu\/en\/classic-in-a-new-version-black-evo-is-now-available\/\">more >>><\/a>\n\t\t\t\t\t\t\t\t\t\t\t\t\t\t\t<\/div>\n\t\t\t\t\t\t<\/article>\n\t\t\t\t\t\t\t\t\t\t\t<article class=\" post-type-list-item wow fadeInUp\">\n\t\t\t\t\t\t\t\t\t\t\t\t\t\t<div class=\"column post-image-column\">\n\t\t\t\t\t\t\t\t<a class=\"list-item-link \" href=\"https:\/\/korner.eu\/en\/pcv-baseboard-strip\/\">\n\t\t\t\t\t\t\t\t\t<span class=\"list-item-image\" style=\"background-image: url(https:\/\/korner.eu\/wp-content\/uploads\/2017\/02\/500475_DAB_JASNY-767x511.jpg)\"><\/span>\n\t\t\t\t\t\t\t\t<\/a>\n\t\t\t\t\t\t\t<\/div>\n\t\t\t\t\t\t\t<div class=\"column post-info-column\">\n\t\t\t\t\t\t\t\t<h3 class=\"post-title\" ><a href=\"https:\/\/korner.eu\/en\/pcv-baseboard-strip\/\">Same baseboard strip, better photos\t\t\t\t\t\t\t\t    <span style =\"color: #555556;font-size: 15px;font-weight: 400;margn-left:5px;\">\n\t\t\t\t\t\t\t\t\t\t\t09.08.2022r<\/span><\/a><\/h3>\t\t\t\t\t\t\t\t\t\t\t\t\t\t\t\t\t\t\t\t\t\t\n\t\t\t\t\t\t\t\t<p><p>PCV Baseboard Strip PCV Baseboard Strip with glue 50&#215;15 &amp; 32&#215;23 New colors of PCV baseboard strip with glue have appeared on our website! Check the news on the website: https:\/\/korner.eu\/en\/products\/pcv-baseboard-strip\/<\/p>\n<\/p>\n\t\t\t\t\t\t\t\t\t\t\t\t\t\t\t\t\t<a class=\"read-more-posts\"  href=\"https:\/\/korner.eu\/en\/pcv-baseboard-strip\/\">more >>><\/a>\n\t\t\t\t\t\t\t\t\t\t\t\t\t\t\t<\/div>\n\t\t\t\t\t\t<\/article>\n\t\t\t\t\t\t\t\t\t\t\t<article class=\" post-type-list-item wow fadeInUp\">\n\t\t\t\t\t\t\t\t\t\t\t\t\t\t<div class=\"column post-image-column\">\n\t\t\t\t\t\t\t\t<a class=\"list-item-link \" href=\"https:\/\/korner.eu\/en\/solid-floor-vinyl-floor-spc\/\">\n\t\t\t\t\t\t\t\t\t<span class=\"list-item-image\" style=\"background-image: url(https:\/\/korner.eu\/wp-content\/uploads\/2022\/08\/Korner-Floor-Dab-Jasny-indeks-501629-2500x2500-min-1-767x767.png)\"><\/span>\n\t\t\t\t\t\t\t\t<\/a>\n\t\t\t\t\t\t\t<\/div>\n\t\t\t\t\t\t\t<div class=\"column post-info-column\">\n\t\t\t\t\t\t\t\t<h3 class=\"post-title\" ><a href=\"https:\/\/korner.eu\/en\/solid-floor-vinyl-floor-spc\/\">New SPC flooring collection\t\t\t\t\t\t\t\t    <span style =\"color: #555556;font-size: 15px;font-weight: 400;margn-left:5px;\">\n\t\t\t\t\t\t\t\t\t\t\t05.08.2022r<\/span><\/a><\/h3>\t\t\t\t\t\t\t\t\t\t\t\t\t\t\t\t\t\t\t\t\t\t\n\t\t\t\t\t\t\t\t<p><p>SOLID FLOOR SPC SOLID FLOOR &#8211; VINYL FLOORS SPC We have been operating on the market for over 30 years.This commitment and hard work led us to the point where we can boast of a product that is 100% produced in our company in Poland under the supervision of specialists. Coming soon. Don&#8217;t forget to [&hellip;]<\/p>\n<\/p>\n\t\t\t\t\t\t\t\t\t\t\t\t\t\t\t\t\t<a class=\"read-more-posts\"  href=\"https:\/\/korner.eu\/en\/solid-floor-vinyl-floor-spc\/\">more >>><\/a>\n\t\t\t\t\t\t\t\t\t\t\t\t\t\t\t<\/div>\n\t\t\t\t\t\t<\/article>\n\t\t\t\t\t\t\t\t\t\t\t<article class=\" post-type-list-item wow fadeInUp\">\n\t\t\t\t\t\t\t\t\t\t\t\t\t\t<div class=\"column post-image-column\">\n\t\t\t\t\t\t\t\t<a class=\"list-item-link \" href=\"https:\/\/korner.eu\/en\/new-in-floor-underlay-category\/\">\n\t\t\t\t\t\t\t\t\t<span class=\"list-item-image\" style=\"background-image: url(https:\/\/korner.eu\/wp-content\/uploads\/2020\/05\/glowne-767x482.jpg)\"><\/span>\n\t\t\t\t\t\t\t\t<\/a>\n\t\t\t\t\t\t\t<\/div>\n\t\t\t\t\t\t\t<div class=\"column post-info-column\">\n\t\t\t\t\t\t\t\t<h3 class=\"post-title\" ><a href=\"https:\/\/korner.eu\/en\/new-in-floor-underlay-category\/\">NEW in floor underlay category\t\t\t\t\t\t\t\t    <span style =\"color: #555556;font-size: 15px;font-weight: 400;margn-left:5px;\">\n\t\t\t\t\t\t\t\t\t\t\t29.01.2021r<\/span><\/a><\/h3>\t\t\t\t\t\t\t\t\t\t\t\t\t\t\t\t\t\t\t\t\t\t\n\t\t\t\t\t\t\t\t<p><p>NEW in floor underlay category In our offer of floor underlays you will find new specialist products with the highest parameters on the market. SPC1200 with very high density &#8211; to extend the life of SPC and LVT floors, HEAT PRO with high thermal conductivity &#8211; for heated floors, and ULTRA GRIP 1000 with an [&hellip;]<\/p>\n<\/p>\n\t\t\t\t\t\t\t\t\t\t\t\t\t\t\t\t\t<a class=\"read-more-posts\"  href=\"https:\/\/korner.eu\/en\/new-in-floor-underlay-category\/\">more >>><\/a>\n\t\t\t\t\t\t\t\t\t\t\t\t\t\t\t<\/div>\n\t\t\t\t\t\t<\/article>\n\t\t\t\t\t\t\t\t\t\t\t<article class=\" post-type-list-item wow fadeInUp\">\n\t\t\t\t\t\t\t\t\t\t\t\t\t\t<div class=\"column post-image-column\">\n\t\t\t\t\t\t\t\t<a class=\"list-item-link \" href=\"https:\/\/korner.eu\/en\/new-xps-verona-in-a-new-version\/\">\n\t\t\t\t\t\t\t\t\t<span class=\"list-item-image\" style=\"background-image: url(https:\/\/korner.eu\/wp-content\/uploads\/2020\/03\/KX14-767x602.jpg)\"><\/span>\n\t\t\t\t\t\t\t\t<\/a>\n\t\t\t\t\t\t\t<\/div>\n\t\t\t\t\t\t\t<div class=\"column post-info-column\">\n\t\t\t\t\t\t\t\t<h3 class=\"post-title\" ><a href=\"https:\/\/korner.eu\/en\/new-xps-verona-in-a-new-version\/\">NEW- XPS Verona in a new version\t\t\t\t\t\t\t\t    <span style =\"color: #555556;font-size: 15px;font-weight: 400;margn-left:5px;\">\n\t\t\t\t\t\t\t\t\t\t\t29.09.2020r<\/span><\/a><\/h3>\t\t\t\t\t\t\t\t\t\t\t\t\t\t\t\t\t\t\t\t\t\t\n\t\t\t\t\t\t\t\t<p><p>NEW- XPS Verona in a new version We are pleased to present you a new version of XPS Verona profiles. Thanks to the use of the latest achievements in the field of plastic processing we received a product with increased resistance to damage and refreshed design.We invite you to familiarize yourself with our offer: https:\/\/korner.eu\/en\/products\/xps-verona\/<\/p>\n<\/p>\n\t\t\t\t\t\t\t\t\t\t\t\t\t\t\t\t\t<a class=\"read-more-posts\"  href=\"https:\/\/korner.eu\/en\/new-xps-verona-in-a-new-version\/\">more >>><\/a>\n\t\t\t\t\t\t\t\t\t\t\t\t\t\t\t<\/div>\n\t\t\t\t\t\t<\/article>\n\t\t\t\t\t\t\t\t\t\t\t<article class=\" post-type-list-item wow fadeInUp\">\n\t\t\t\t\t\t\t\t\t\t\t\t\t\t<div class=\"column post-image-column\">\n\t\t\t\t\t\t\t\t<a class=\"list-item-link \" href=\"https:\/\/korner.eu\/en\/new-performa-3-underlays\/\">\n\t\t\t\t\t\t\t\t\t<span class=\"list-item-image\" style=\"background-image: url(https:\/\/korner.eu\/wp-content\/uploads\/2020\/05\/Performa-3-767x572.png)\"><\/span>\n\t\t\t\t\t\t\t\t<\/a>\n\t\t\t\t\t\t\t<\/div>\n\t\t\t\t\t\t\t<div class=\"column post-info-column\">\n\t\t\t\t\t\t\t\t<h3 class=\"post-title\" ><a href=\"https:\/\/korner.eu\/en\/new-performa-3-underlays\/\">NEW &#8211; PERFORMA 3 underlays\t\t\t\t\t\t\t\t    <span style =\"color: #555556;font-size: 15px;font-weight: 400;margn-left:5px;\">\n\t\t\t\t\t\t\t\t\t\t\t29.03.2020r<\/span><\/a><\/h3>\t\t\t\t\t\t\t\t\t\t\t\t\t\t\t\t\t\t\t\t\t\t\n\t\t\t\t\t\t\t\t<p><p>NEW &#8211; PERFORMA 3 underlays Excellent underlay with high technical parameters. Designed for the most demanding users. Also ideal for heated floors.Link: https:\/\/korner.eu\/en\/products\/performa-3\/<\/p>\n<\/p>\n\t\t\t\t\t\t\t\t\t\t\t\t\t\t\t\t\t<a class=\"read-more-posts\"  href=\"https:\/\/korner.eu\/en\/new-performa-3-underlays\/\">more >>><\/a>\n\t\t\t\t\t\t\t\t\t\t\t\t\t\t\t<\/div>\n\t\t\t\t\t\t<\/article>\n\t\t\t\t\t\t\t\t\t\t\t<article class=\" post-type-list-item wow fadeInUp\">\n\t\t\t\t\t\t\t\t\t\t\t\t\t\t<div class=\"column post-image-column\">\n\t\t\t\t\t\t\t\t<a class=\"list-item-link \" href=\"https:\/\/korner.eu\/en\/new-in-skirting-boards-category\/\">\n\t\t\t\t\t\t\t\t\t<span class=\"list-item-image\" style=\"background-image: url(https:\/\/korner.eu\/wp-content\/uploads\/2020\/03\/SIENA-ARANZ-767x452.png)\"><\/span>\n\t\t\t\t\t\t\t\t<\/a>\n\t\t\t\t\t\t\t<\/div>\n\t\t\t\t\t\t\t<div class=\"column post-info-column\">\n\t\t\t\t\t\t\t\t<h3 class=\"post-title\" ><a href=\"https:\/\/korner.eu\/en\/new-in-skirting-boards-category\/\">NEW in skirting boards category\t\t\t\t\t\t\t\t    <span style =\"color: #555556;font-size: 15px;font-weight: 400;margn-left:5px;\">\n\t\t\t\t\t\t\t\t\t\t\t29.12.2020r<\/span><\/a><\/h3>\t\t\t\t\t\t\t\t\t\t\t\t\t\t\t\t\t\t\t\t\t\t\n\t\t\t\t\t\t\t\t<p><p>NEW in skirting boards category Siena. Optimum height, flexible sealing and levelling edges, the most popular mounting system on the market and a complete set of mounting accessories are just some of the advantages of our new skirting board.Link: https:\/\/korner.eu\/en\/products\/siena\/<\/p>\n<\/p>\n\t\t\t\t\t\t\t\t\t\t\t\t\t\t\t\t\t<a class=\"read-more-posts\"  href=\"https:\/\/korner.eu\/en\/new-in-skirting-boards-category\/\">more >>><\/a>\n\t\t\t\t\t\t\t\t\t\t\t\t\t\t\t<\/div>\n\t\t\t\t\t\t<\/article>\n\t\t\t\t\t\t\t\t\t\t\t<article class=\" post-type-list-item wow fadeInUp\">\n\t\t\t\t\t\t\t\t\t\t\t\t\t\t<div class=\"column post-image-column\">\n\t\t\t\t\t\t\t\t<a class=\"list-item-link \" href=\"https:\/\/korner.eu\/en\/new-colours-of-spc-korner-floor\/\">\n\t\t\t\t\t\t\t\t\t<span class=\"list-item-image\" style=\"background-image: url(https:\/\/korner.eu\/wp-content\/uploads\/2020\/03\/korner_501682_aranz-767x431.jpg)\"><\/span>\n\t\t\t\t\t\t\t\t<\/a>\n\t\t\t\t\t\t\t<\/div>\n\t\t\t\t\t\t\t<div class=\"column post-info-column\">\n\t\t\t\t\t\t\t\t<h3 class=\"post-title\" ><a href=\"https:\/\/korner.eu\/en\/new-colours-of-spc-korner-floor\/\">NEW COLOURS OF SPC KORNER FLOOR\t\t\t\t\t\t\t\t    <span style =\"color: #555556;font-size: 15px;font-weight: 400;margn-left:5px;\">\n\t\t\t\t\t\t\t\t\t\t\t29.08.2020r<\/span><\/a><\/h3>\t\t\t\t\t\t\t\t\t\t\t\t\t\t\t\t\t\t\t\t\t\t\n\t\t\t\t\t\t\t\t<p><p>NEW COLOURS OF SPC KORNER FLOOR Baton Art \u2013 next d\u00e9cor in our offerLink: https:\/\/korner.eu\/en\/products\/vinyl-floor-with-rigid-core\/<\/p>\n<\/p>\n\t\t\t\t\t\t\t\t\t\t\t\t\t\t\t\t\t<a class=\"read-more-posts\"  href=\"https:\/\/korner.eu\/en\/new-colours-of-spc-korner-floor\/\">more >>><\/a>\n\t\t\t\t\t\t\t\t\t\t\t\t\t\t\t<\/div>\n\t\t\t\t\t\t<\/article>\n\t\t\t\t\t\t\t\t\t\t\t<article class=\" post-type-list-item wow fadeInUp\">\n\t\t\t\t\t\t\t\t\t\t\t\t\t\t<div class=\"column post-image-column\">\n\t\t\t\t\t\t\t\t<a class=\"list-item-link \" href=\"https:\/\/korner.eu\/en\/new-korner-floor-spc-synchronous-structure\/\">\n\t\t\t\t\t\t\t\t\t<span class=\"list-item-image\" style=\"background-image: url(https:\/\/korner.eu\/wp-content\/uploads\/2020\/03\/501660_podloga_3x2m_male-767x517.jpg)\"><\/span>\n\t\t\t\t\t\t\t\t<\/a>\n\t\t\t\t\t\t\t<\/div>\n\t\t\t\t\t\t\t<div class=\"column post-info-column\">\n\t\t\t\t\t\t\t\t<h3 class=\"post-title\" ><a href=\"https:\/\/korner.eu\/en\/new-korner-floor-spc-synchronous-structure\/\">NEW &#8211; KORNER FLOOR SPC synchronous structure\t\t\t\t\t\t\t\t    <span style =\"color: #555556;font-size: 15px;font-weight: 400;margn-left:5px;\">\n\t\t\t\t\t\t\t\t\t\t\t29.06.2020r<\/span><\/a><\/h3>\t\t\t\t\t\t\t\t\t\t\t\t\t\t\t\t\t\t\t\t\t\t\n\t\t\t\t\t\t\t\t<p><p>NEW &#8211; KORNER FLOOR SPC synchronous structure Oak Prestige is our newest pattern, perfectly imitating natural wood. The use of synchronous structure, realistic wood pattern and 4-sided V-groove, made the floor not only look extremely designer, but we can also feel its every knot and jar of wood. Link: https:\/\/korner.eu\/en\/products\/vinyl-floor-with-rigid-core\/<\/p>\n<\/p>\n\t\t\t\t\t\t\t\t\t\t\t\t\t\t\t\t\t<a class=\"read-more-posts\"  href=\"https:\/\/korner.eu\/en\/new-korner-floor-spc-synchronous-structure\/\">more >>><\/a>\n\t\t\t\t\t\t\t\t\t\t\t\t\t\t\t<\/div>\n\t\t\t\t\t\t<\/article>\n\t\t\t\t\t\t\t\t\t\t\t<article class=\" post-type-list-item wow fadeInUp\">\n\t\t\t\t\t\t\t\t\t\t\t\t\t\t<div class=\"column post-image-column\">\n\t\t\t\t\t\t\t\t<a class=\"list-item-link \" href=\"https:\/\/korner.eu\/en\/poli-eco-at-the-psb-fair\/\">\n\t\t\t\t\t\t\t\t\t<span class=\"list-item-image\" style=\"background-image: url(https:\/\/korner.eu\/wp-content\/uploads\/2018\/03\/Zaproszenie_PSB_2018_1-767x340.jpg)\"><\/span>\n\t\t\t\t\t\t\t\t<\/a>\n\t\t\t\t\t\t\t<\/div>\n\t\t\t\t\t\t\t<div class=\"column post-info-column\">\n\t\t\t\t\t\t\t\t<h3 class=\"post-title\" ><a href=\"https:\/\/korner.eu\/en\/poli-eco-at-the-psb-fair\/\">Poli-Eco at the PSB fair\t\t\t\t\t\t\t\t    <span style =\"color: #555556;font-size: 15px;font-weight: 400;margn-left:5px;\">\n\t\t\t\t\t\t\t\t\t\t\t28.02.2018r<\/span><\/a><\/h3>\t\t\t\t\t\t\t\t\t\t\t\t\t\t\t\t\t\t\t\t\t\t\n\t\t\t\t\t\t\t\t<p><p>Poli-Eco at the PSB fair We invite you to visit our stand at the PSB Group Construction Fair. This year&#8217;s meeting in Kielce will begin on 6 March and will last two days. Every year the firm&#8217;s Partners meet to establish and maintain business relationships.<\/p>\n<\/p>\n\t\t\t\t\t\t\t\t\t\t\t\t\t\t\t\t\t<a class=\"read-more-posts\"  href=\"https:\/\/korner.eu\/en\/poli-eco-at-the-psb-fair\/\">more >>><\/a>\n\t\t\t\t\t\t\t\t\t\t\t\t\t\t\t<\/div>\n\t\t\t\t\t\t<\/article>\n\t\t\t\t\t\t\t\t\t\t\t<article class=\" post-type-list-item wow fadeInUp\">\n\t\t\t\t\t\t\t\t\t\t\t\t\t\t<div class=\"column post-image-column\">\n\t\t\t\t\t\t\t\t<a class=\"list-item-link \" href=\"https:\/\/korner.eu\/en\/majster-construction-abc-trade-show\/\">\n\t\t\t\t\t\t\t\t\t<span class=\"list-item-image\" style=\"background-image: url(https:\/\/korner.eu\/wp-content\/uploads\/2019\/03\/majster-767x602.jpg)\"><\/span>\n\t\t\t\t\t\t\t\t<\/a>\n\t\t\t\t\t\t\t<\/div>\n\t\t\t\t\t\t\t<div class=\"column post-info-column\">\n\t\t\t\t\t\t\t\t<h3 class=\"post-title\" ><a href=\"https:\/\/korner.eu\/en\/majster-construction-abc-trade-show\/\">Majster Construction ABC Trade show\t\t\t\t\t\t\t\t    <span style =\"color: #555556;font-size: 15px;font-weight: 400;margn-left:5px;\">\n\t\t\t\t\t\t\t\t\t\t\t29.09.2018r<\/span><\/a><\/h3>\t\t\t\t\t\t\t\t\t\t\t\t\t\t\t\t\t\t\t\t\t\t\n\t\t\t\t\t\t\t\t<p><p>Majster Construction ABC Trade show We would like to invite you to visit our stand on construction fair of Majster group in Bydgoszcz! Sector C, stand no. 98<\/p>\n<\/p>\n\t\t\t\t\t\t\t\t\t\t\t\t\t\t\t\t\t<a class=\"read-more-posts\"  href=\"https:\/\/korner.eu\/en\/majster-construction-abc-trade-show\/\">more >>><\/a>\n\t\t\t\t\t\t\t\t\t\t\t\t\t\t\t<\/div>\n\t\t\t\t\t\t<\/article>\n\t\t\t\t\t\t\t\t\t\t\t<article class=\" post-type-list-item wow fadeInUp\">\n\t\t\t\t\t\t\t\t\t\t\t\t\t\t<div class=\"column post-image-column\">\n\t\t\t\t\t\t\t\t<a class=\"list-item-link \" href=\"https:\/\/korner.eu\/en\/merry-christmas\/\">\n\t\t\t\t\t\t\t\t\t<span class=\"list-item-image\" style=\"background-image: url(https:\/\/korner.eu\/wp-content\/uploads\/2021\/01\/Transparent_Santa_Hat_with_Mistletoe_PNG_Picture-767x574.png)\"><\/span>\n\t\t\t\t\t\t\t\t<\/a>\n\t\t\t\t\t\t\t<\/div>\n\t\t\t\t\t\t\t<div class=\"column post-info-column\">\n\t\t\t\t\t\t\t\t<h3 class=\"post-title\" ><a href=\"https:\/\/korner.eu\/en\/merry-christmas\/\">Merry Christmas\t\t\t\t\t\t\t\t    <span style =\"color: #555556;font-size: 15px;font-weight: 400;margn-left:5px;\">\n\t\t\t\t\t\t\t\t\t\t\t29.12.2018r<\/span><\/a><\/h3>\t\t\t\t\t\t\t\t\t\t\t\t\t\t\t\t\t\t\t\t\t\t\n\t\t\t\t\t\t\t\t<p><p>Merry Christmas We wish all our clients and partners a peaceful and joyful Christmas and also a lot of smiles and success in the coming New Year 2019.<\/p>\n<\/p>\n\t\t\t\t\t\t\t\t\t\t\t\t\t\t\t\t\t<a class=\"read-more-posts\"  href=\"https:\/\/korner.eu\/en\/merry-christmas\/\">more >>><\/a>\n\t\t\t\t\t\t\t\t\t\t\t\t\t\t\t<\/div>\n\t\t\t\t\t\t<\/article>\n\t\t\t\t\t\t\t\t\t\t\t<article class=\" post-type-list-item wow fadeInUp\">\n\t\t\t\t\t\t\t\t\t\t\t\t\t\t<div class=\"column post-image-column\">\n\t\t\t\t\t\t\t\t<a class=\"list-item-link \" href=\"https:\/\/korner.eu\/en\/novelties-in-our-offer-skirting-board-venezia\/\">\n\t\t\t\t\t\t\t\t\t<span class=\"list-item-image\" style=\"background-image: url(https:\/\/korner.eu\/wp-content\/uploads\/2021\/01\/Venezia-1b-767x585.png)\"><\/span>\n\t\t\t\t\t\t\t\t<\/a>\n\t\t\t\t\t\t\t<\/div>\n\t\t\t\t\t\t\t<div class=\"column post-info-column\">\n\t\t\t\t\t\t\t\t<h3 class=\"post-title\" ><a href=\"https:\/\/korner.eu\/en\/novelties-in-our-offer-skirting-board-venezia\/\">Novelties in our offer \u2013 Skirting board Venezia\t\t\t\t\t\t\t\t    <span style =\"color: #555556;font-size: 15px;font-weight: 400;margn-left:5px;\">\n\t\t\t\t\t\t\t\t\t\t\t10.12.2019r<\/span><\/a><\/h3>\t\t\t\t\t\t\t\t\t\t\t\t\t\t\t\t\t\t\t\t\t\t\n\t\t\t\t\t\t\t\t<p><p>Novelties in our offer \u2013 Skirting board Venezia Venezia is a new solution in the category of finishing all kinds of floor coverings. It is characterized by a durable, damage-resistant construction and the use of flexible trim edges. The modern shape and ease of installation makes this skirting board a practical and elegant interior design [&hellip;]<\/p>\n<\/p>\n\t\t\t\t\t\t\t\t\t\t\t\t\t\t\t\t\t<a class=\"read-more-posts\"  href=\"https:\/\/korner.eu\/en\/novelties-in-our-offer-skirting-board-venezia\/\">more >>><\/a>\n\t\t\t\t\t\t\t\t\t\t\t\t\t\t\t<\/div>\n\t\t\t\t\t\t<\/article>\n\t\t\t\t\t\t\t\t\t\t\t<article class=\" post-type-list-item wow fadeInUp\">\n\t\t\t\t\t\t\t\t\t\t\t\t\t\t<div class=\"column post-image-column\">\n\t\t\t\t\t\t\t\t<a class=\"list-item-link \" href=\"https:\/\/korner.eu\/en\/color-novelties-spc-korner-floor\/\">\n\t\t\t\t\t\t\t\t\t<span class=\"list-item-image\" style=\"background-image: url(https:\/\/korner.eu\/wp-content\/uploads\/2020\/03\/korner_501628_aranz_v3-767x511.jpg)\"><\/span>\n\t\t\t\t\t\t\t\t<\/a>\n\t\t\t\t\t\t\t<\/div>\n\t\t\t\t\t\t\t<div class=\"column post-info-column\">\n\t\t\t\t\t\t\t\t<h3 class=\"post-title\" ><a href=\"https:\/\/korner.eu\/en\/color-novelties-spc-korner-floor\/\">COLOR NOVELTIES SPC Korner Floor\t\t\t\t\t\t\t\t    <span style =\"color: #555556;font-size: 15px;font-weight: 400;margn-left:5px;\">\n\t\t\t\t\t\t\t\t\t\t\t29.12.2019r<\/span><\/a><\/h3>\t\t\t\t\t\t\t\t\t\t\t\t\t\t\t\t\t\t\t\t\t\t\n\t\t\t\t\t\t\t\t<p><p>COLOR NOVELTIES SPC Korner Floor The extremely characteristic pattern of Teak Tree and super trendy shades of gray of Alaska Oak are our novelties in the colour palette of SPC KORNER FLOOR panels.Learn more: https:\/\/korner.eu\/en\/products\/vinyl-floor-with-rigid-core\/<\/p>\n<\/p>\n\t\t\t\t\t\t\t\t\t\t\t\t\t\t\t\t\t<a class=\"read-more-posts\"  href=\"https:\/\/korner.eu\/en\/color-novelties-spc-korner-floor\/\">more >>><\/a>\n\t\t\t\t\t\t\t\t\t\t\t\t\t\t\t<\/div>\n\t\t\t\t\t\t<\/article>\n\t\t\t\t\t\t\t\t\t\t\t<article class=\" post-type-list-item wow fadeInUp\">\n\t\t\t\t\t\t\t\t\t\t\t\t\t\t<div class=\"column post-image-column\">\n\t\t\t\t\t\t\t\t<a class=\"list-item-link \" href=\"https:\/\/korner.eu\/en\/new-spc-korner-floor-decor\/\">\n\t\t\t\t\t\t\t\t\t<span class=\"list-item-image\" style=\"background-image: url(https:\/\/korner.eu\/wp-content\/uploads\/2020\/03\/korner_501629_aranz-767x575.jpg)\"><\/span>\n\t\t\t\t\t\t\t\t<\/a>\n\t\t\t\t\t\t\t<\/div>\n\t\t\t\t\t\t\t<div class=\"column post-info-column\">\n\t\t\t\t\t\t\t\t<h3 class=\"post-title\" ><a href=\"https:\/\/korner.eu\/en\/new-spc-korner-floor-decor\/\">New SPC Korner Floor d\u00e9cor\t\t\t\t\t\t\t\t    <span style =\"color: #555556;font-size: 15px;font-weight: 400;margn-left:5px;\">\n\t\t\t\t\t\t\t\t\t\t\t29.11.2019r<\/span><\/a><\/h3>\t\t\t\t\t\t\t\t\t\t\t\t\t\t\t\t\t\t\t\t\t\t\n\t\t\t\t\t\t\t\t<p><p>New SPC Korner Floor d\u00e9cor A classic, warm wood d\u00e9cor and a beautiful and natural raw board pattern are our two proposals in the SPC KORNER FLOOR flooring collection. We invite you to get acquainted with the latest offer. Learn more: https:\/\/korner.eu\/en\/products\/vinyl-floor-with-rigid-core\/<\/p>\n<\/p>\n\t\t\t\t\t\t\t\t\t\t\t\t\t\t\t\t\t<a class=\"read-more-posts\"  href=\"https:\/\/korner.eu\/en\/new-spc-korner-floor-decor\/\">more >>><\/a>\n\t\t\t\t\t\t\t\t\t\t\t\t\t\t\t<\/div>\n\t\t\t\t\t\t<\/article>\n\t\t\t\t\t\t\t\t\t\t\t<article class=\" post-type-list-item wow fadeInUp\">\n\t\t\t\t\t\t\t\t\t\t\t\t\t\t<div class=\"column post-image-column\">\n\t\t\t\t\t\t\t\t<a class=\"list-item-link \" href=\"https:\/\/korner.eu\/en\/we-expend-our-spc-korner-floor-flooring-collection\/\">\n\t\t\t\t\t\t\t\t\t<span class=\"list-item-image\" style=\"background-image: url(https:\/\/korner.eu\/wp-content\/uploads\/2020\/03\/korner_501584_aranz-767x511.jpg)\"><\/span>\n\t\t\t\t\t\t\t\t<\/a>\n\t\t\t\t\t\t\t<\/div>\n\t\t\t\t\t\t\t<div class=\"column post-info-column\">\n\t\t\t\t\t\t\t\t<h3 class=\"post-title\" ><a href=\"https:\/\/korner.eu\/en\/we-expend-our-spc-korner-floor-flooring-collection\/\">We expend our SPC Korner Floor flooring collection\t\t\t\t\t\t\t\t    <span style =\"color: #555556;font-size: 15px;font-weight: 400;margn-left:5px;\">\n\t\t\t\t\t\t\t\t\t\t\t29.07.2019r<\/span><\/a><\/h3>\t\t\t\t\t\t\t\t\t\t\t\t\t\t\t\t\t\t\t\t\t\t\n\t\t\t\t\t\t\t\t<p><p>We expend our SPC Korner Floor flooring collection Learn new, unique decors with V-Fugue Learn more: https:\/\/korner.eu\/en\/products\/vinyl-floor-with-rigid-core\/<\/p>\n<\/p>\n\t\t\t\t\t\t\t\t\t\t\t\t\t\t\t\t\t<a class=\"read-more-posts\"  href=\"https:\/\/korner.eu\/en\/we-expend-our-spc-korner-floor-flooring-collection\/\">more >>><\/a>\n\t\t\t\t\t\t\t\t\t\t\t\t\t\t\t<\/div>\n\t\t\t\t\t\t<\/article>\n\t\t\t\t\t\t\t\t\t\t\t<article class=\" post-type-list-item wow fadeInUp\">\n\t\t\t\t\t\t\t\t\t\t\t\t\t\t<div class=\"column post-image-column\">\n\t\t\t\t\t\t\t\t<a class=\"list-item-link \" href=\"https:\/\/korner.eu\/en\/novelties-in-our-offer-korner-spc-flooring\/\">\n\t\t\t\t\t\t\t\t\t<span class=\"list-item-image\" style=\"background-image: url(https:\/\/korner.eu\/wp-content\/uploads\/2021\/01\/korner_501557_aranz-767x575.jpg)\"><\/span>\n\t\t\t\t\t\t\t\t<\/a>\n\t\t\t\t\t\t\t<\/div>\n\t\t\t\t\t\t\t<div class=\"column post-info-column\">\n\t\t\t\t\t\t\t\t<h3 class=\"post-title\" ><a href=\"https:\/\/korner.eu\/en\/novelties-in-our-offer-korner-spc-flooring\/\">Novelties in our offer \u2013 Korner SPC flooring\t\t\t\t\t\t\t\t    <span style =\"color: #555556;font-size: 15px;font-weight: 400;margn-left:5px;\">\n\t\t\t\t\t\t\t\t\t\t\t29.04.2019r<\/span><\/a><\/h3>\t\t\t\t\t\t\t\t\t\t\t\t\t\t\t\t\t\t\t\t\t\t\n\t\t\t\t\t\t\t\t<p><p>Novelties in our offer \u2013 Korner SPC flooring We are pleased to present a new product in our offer, KORNER FLOOR flooring. Thanks to the use of the latest achievements in the field of plastics processing, we have obtained a product that combines the most important advantages of floor coverings available on the market. Korner [&hellip;]<\/p>\n<\/p>\n\t\t\t\t\t\t\t\t\t\t\t\t\t\t\t\t\t<a class=\"read-more-posts\"  href=\"https:\/\/korner.eu\/en\/novelties-in-our-offer-korner-spc-flooring\/\">more >>><\/a>\n\t\t\t\t\t\t\t\t\t\t\t\t\t\t\t<\/div>\n\t\t\t\t\t\t<\/article>\n\t\t\t\t\t\t\t\t\t\t\t<article class=\" post-type-list-item wow fadeInUp\">\n\t\t\t\t\t\t\t\t\t\t\t\t\t\t<div class=\"column post-image-column\">\n\t\t\t\t\t\t\t\t<a class=\"list-item-link \" href=\"https:\/\/korner.eu\/en\/nowosc-w-naszej-ofercie-panele-podlogowe-spc-korner-floor\/\">\n\t\t\t\t\t\t\t\t\t<span class=\"list-item-image\" style=\"background-image: url(https:\/\/korner.eu\/wp-content\/uploads\/2020\/03\/korner_501557_aranz-767x575.jpg)\"><\/span>\n\t\t\t\t\t\t\t\t<\/a>\n\t\t\t\t\t\t\t<\/div>\n\t\t\t\t\t\t\t<div class=\"column post-info-column\">\n\t\t\t\t\t\t\t\t<h3 class=\"post-title\" ><a href=\"https:\/\/korner.eu\/en\/nowosc-w-naszej-ofercie-panele-podlogowe-spc-korner-floor\/\">Nowo\u015b\u0107 w naszej ofercie &#8211; Panele pod\u0142ogowe SPC Korner Floor\t\t\t\t\t\t\t\t    <span style =\"color: #555556;font-size: 15px;font-weight: 400;margn-left:5px;\">\n\t\t\t\t\t\t\t\t\t\t\t15.04.2019r<\/span><\/a><\/h3>\t\t\t\t\t\t\t\t\t\t\t\t\t\t\t\t\t\t\t\t\t\t\n\t\t\t\t\t\t\t\t<p><p>Nowo\u015b\u0107 w naszej ofercie &#8211; Panele pod\u0142ogowe SPC Korner Floor Mamy przyjemno\u015b\u0107 zaprezentowa\u0107 Pa\u0144stwu nowo\u015b\u0107 w naszej ofercie, pod\u0142ogi Korner Floor. Dzi\u0119ki wykorzystaniu najnowszych osi\u0105gni\u0119\u0107 w dziedzinie przetw\u00f3rstwa tworzyw sztucznych, uzyskali\u015bmy produkt \u0142\u0105cz\u0105cy w sobie najwa\u017cniejsze zalety pokry\u0107 pod\u0142ogowych dost\u0119pnych na rynku. Korner Floor to po\u0142\u0105czenie niezwyk\u0142ej funkcjonalno\u015bci i odporno\u015bci zastosowanych materia\u0142\u00f3w oraz pi\u0119kna klasycznych [&hellip;]<\/p>\n<\/p>\n\t\t\t\t\t\t\t\t\t\t\t\t\t\t\t\t\t<a class=\"read-more-posts\"  href=\"https:\/\/korner.eu\/en\/nowosc-w-naszej-ofercie-panele-podlogowe-spc-korner-floor\/\">more >>><\/a>\n\t\t\t\t\t\t\t\t\t\t\t\t\t\t\t<\/div>\n\t\t\t\t\t\t<\/article>\n\t\t\t\t\t\t\t\t\t\t\t<article class=\" post-type-list-item wow fadeInUp\">\n\t\t\t\t\t\t\t\t\t\t\t\t\t\t<div class=\"column post-image-column\">\n\t\t\t\t\t\t\t\t<a class=\"list-item-link \" href=\"https:\/\/korner.eu\/en\/new-colours-of-worktop-profiles-korner\/\">\n\t\t\t\t\t\t\t\t\t<span class=\"list-item-image\" style=\"background-image: url(https:\/\/korner.eu\/wp-content\/uploads\/2020\/05\/Screenshot_4-767x484.png)\"><\/span>\n\t\t\t\t\t\t\t\t<\/a>\n\t\t\t\t\t\t\t<\/div>\n\t\t\t\t\t\t\t<div class=\"column post-info-column\">\n\t\t\t\t\t\t\t\t<h3 class=\"post-title\" ><a href=\"https:\/\/korner.eu\/en\/new-colours-of-worktop-profiles-korner\/\">New colours of worktop profiles Korner\t\t\t\t\t\t\t\t    <span style =\"color: #555556;font-size: 15px;font-weight: 400;margn-left:5px;\">\n\t\t\t\t\t\t\t\t\t\t\t02.01.2017r<\/span><\/a><\/h3>\t\t\t\t\t\t\t\t\t\t\t\t\t\t\t\t\t\t\t\t\t\t\n\t\t\t\t\t\t\t\t<p><p>According to new market trends and constantly changing preferences of our customers we prepared the new collection for our two worktop profiles: LB23 and LB37. <\/p>\n<\/p>\n\t\t\t\t\t\t\t\t\t\t\t\t\t\t\t\t\t<a class=\"read-more-posts\"  href=\"https:\/\/korner.eu\/en\/new-colours-of-worktop-profiles-korner\/\">more >>><\/a>\n\t\t\t\t\t\t\t\t\t\t\t\t\t\t\t<\/div>\n\t\t\t\t\t\t<\/article>\n\t\t\t\t\t\t\t\t\t\t\t<article class=\" post-type-list-item wow fadeInUp\">\n\t\t\t\t\t\t\t\t\t\t\t\t\t\t<div class=\"column post-image-column\">\n\t\t\t\t\t\t\t\t<a class=\"list-item-link \" href=\"https:\/\/korner.eu\/en\/listwy-przypodlogowe-mdf-modena\/\">\n\t\t\t\t\t\t\t\t\t<span class=\"list-item-image\" style=\"background-image: url(https:\/\/korner.eu\/wp-content\/uploads\/2020\/05\/Dollarphotoclub_41801082-767x511.jpg)\"><\/span>\n\t\t\t\t\t\t\t\t<\/a>\n\t\t\t\t\t\t\t<\/div>\n\t\t\t\t\t\t\t<div class=\"column post-info-column\">\n\t\t\t\t\t\t\t\t<h3 class=\"post-title\" ><a href=\"https:\/\/korner.eu\/en\/listwy-przypodlogowe-mdf-modena\/\">MDF skirting boards &#8220;MODENA&#8221;\t\t\t\t\t\t\t\t    <span style =\"color: #555556;font-size: 15px;font-weight: 400;margn-left:5px;\">\n\t\t\t\t\t\t\t\t\t\t\t01.02.2017r<\/span><\/a><\/h3>\t\t\t\t\t\t\t\t\t\t\t\t\t\t\t\t\t\t\t\t\t\t\n\t\t\t\t\t\t\t\t<p><p>We honoured to present you our new skirting board made of MDF called \u201eModena&#8221;. Skirting boards from this collection are truly beautiful and made of really good quality materials, hard to destroy and with possibility to paint it.<\/p>\n<\/p>\n\t\t\t\t\t\t\t\t\t\t\t\t\t\t\t\t\t<a class=\"read-more-posts\"  href=\"https:\/\/korner.eu\/en\/listwy-przypodlogowe-mdf-modena\/\">more >>><\/a>\n\t\t\t\t\t\t\t\t\t\t\t\t\t\t\t<\/div>\n\t\t\t\t\t\t<\/article>\n\t\t\t\t\t\t\t\t\t\t\t<article class=\" post-type-list-item wow fadeInUp\">\n\t\t\t\t\t\t\t\t\t\t\t\t\t\t<div class=\"column post-image-column\">\n\t\t\t\t\t\t\t\t<a class=\"list-item-link \" href=\"https:\/\/korner.eu\/en\/functionality-squared-lpk-55-quadro\/\">\n\t\t\t\t\t\t\t\t\t<span class=\"list-item-image\" style=\"background-image: url(https:\/\/korner.eu\/wp-content\/uploads\/2020\/05\/Screenshot_3-1.png)\"><\/span>\n\t\t\t\t\t\t\t\t<\/a>\n\t\t\t\t\t\t\t<\/div>\n\t\t\t\t\t\t\t<div class=\"column post-info-column\">\n\t\t\t\t\t\t\t\t<h3 class=\"post-title\" ><a href=\"https:\/\/korner.eu\/en\/functionality-squared-lpk-55-quadro\/\">Functionality squared LPK 55 Quadro\t\t\t\t\t\t\t\t    <span style =\"color: #555556;font-size: 15px;font-weight: 400;margn-left:5px;\">\n\t\t\t\t\t\t\t\t\t\t\t14.07.2017r<\/span><\/a><\/h3>\t\t\t\t\t\t\t\t\t\t\t\t\t\t\t\t\t\t\t\t\t\t\n\t\t\t\t\t\t\t\t<p><p>We are delight to present you our newest skirting board \u2013 Quadro. The optimum height and its minimalist shape is perfectly fit to any interior. <\/p>\n<\/p>\n\t\t\t\t\t\t\t\t\t\t\t\t\t\t\t\t\t<a class=\"read-more-posts\"  href=\"https:\/\/korner.eu\/en\/functionality-squared-lpk-55-quadro\/\">more >>><\/a>\n\t\t\t\t\t\t\t\t\t\t\t\t\t\t\t<\/div>\n\t\t\t\t\t\t<\/article>\n\t\t\t\t\t\t\t\t\t\t\t<article class=\" post-type-list-item wow fadeInUp\">\n\t\t\t\t\t\t\t\t\t\t\t\t\t\t<div class=\"column post-image-column\">\n\t\t\t\t\t\t\t\t<a class=\"list-item-link \" href=\"https:\/\/korner.eu\/en\/xps-verona-new\/\">\n\t\t\t\t\t\t\t\t\t<span class=\"list-item-image\" style=\"background-image: url(https:\/\/korner.eu\/wp-content\/uploads\/2020\/05\/XPS_aktualnoci-767x490.jpg)\"><\/span>\n\t\t\t\t\t\t\t\t<\/a>\n\t\t\t\t\t\t\t<\/div>\n\t\t\t\t\t\t\t<div class=\"column post-info-column\">\n\t\t\t\t\t\t\t\t<h3 class=\"post-title\" ><a href=\"https:\/\/korner.eu\/en\/xps-verona-new\/\">XPS Verona NEW\t\t\t\t\t\t\t\t    <span style =\"color: #555556;font-size: 15px;font-weight: 400;margn-left:5px;\">\n\t\t\t\t\t\t\t\t\t\t\t13.09.2017r<\/span><\/a><\/h3>\t\t\t\t\t\t\t\t\t\t\t\t\t\t\t\t\t\t\t\t\t\t\n\t\t\t\t\t\t\t\t<p><p>We have the honor to present you new product in our offer &#8211; XPS Verona finishing profiles. These exceptionally elegant and durable profiles are available in a variety of shapes and sizes and the ability to paint allows you to personalize this product to your expectations. <\/p>\n<\/p>\n\t\t\t\t\t\t\t\t\t\t\t\t\t\t\t\t\t<a class=\"read-more-posts\"  href=\"https:\/\/korner.eu\/en\/xps-verona-new\/\">more >>><\/a>\n\t\t\t\t\t\t\t\t\t\t\t\t\t\t\t<\/div>\n\t\t\t\t\t\t<\/article>\n\t\t\t\t\t\t\t\t\t\t\t<article class=\" post-type-list-item wow fadeInUp\">\n\t\t\t\t\t\t\t\t\t\t\t\t\t\t<div class=\"column post-image-column\">\n\t\t\t\t\t\t\t\t<a class=\"list-item-link \" href=\"https:\/\/korner.eu\/en\/wielofunkcyjna-tasma-aluminiowa-korner\/\">\n\t\t\t\t\t\t\t\t\t<span class=\"list-item-image\" style=\"background-image: url(https:\/\/korner.eu\/wp-content\/uploads\/2020\/03\/img-22-1.jpg)\"><\/span>\n\t\t\t\t\t\t\t\t<\/a>\n\t\t\t\t\t\t\t<\/div>\n\t\t\t\t\t\t\t<div class=\"column post-info-column\">\n\t\t\t\t\t\t\t\t<h3 class=\"post-title\" ><a href=\"https:\/\/korner.eu\/en\/wielofunkcyjna-tasma-aluminiowa-korner\/\">Korner multifunctional aluminium tape\t\t\t\t\t\t\t\t    <span style =\"color: #555556;font-size: 15px;font-weight: 400;margn-left:5px;\">\n\t\t\t\t\t\t\t\t\t\t\t24.11.2017r<\/span><\/a><\/h3>\t\t\t\t\t\t\t\t\t\t\t\t\t\t\t\t\t\t\t\t\t\t\n\t\t\t\t\t\t\t\t<p><p>New in our offer! Self &#8211; adhesive aluminum tape. Is recommended to join\/connect floor underlays, aluminum foil, air conditioning and heating systems.<\/p>\n<\/p>\n\t\t\t\t\t\t\t\t\t\t\t\t\t\t\t\t\t<a class=\"read-more-posts\"  href=\"https:\/\/korner.eu\/en\/wielofunkcyjna-tasma-aluminiowa-korner\/\">more >>><\/a>\n\t\t\t\t\t\t\t\t\t\t\t\t\t\t\t<\/div>\n\t\t\t\t\t\t<\/article>\n\t\t\t\t\t\t\t\t\t\t\t<article class=\" post-type-list-item wow fadeInUp\">\n\t\t\t\t\t\t\t\t\t\t\t\t\t\t<div class=\"column post-image-column\">\n\t\t\t\t\t\t\t\t<a class=\"list-item-link \" href=\"https:\/\/korner.eu\/en\/nowa-kolorystyka-listwy-przypodlogowej-evo\/\">\n\t\t\t\t\t\t\t\t\t<span class=\"list-item-image\" style=\"background-image: url(https:\/\/korner.eu\/wp-content\/uploads\/2020\/03\/img-26-1.jpg)\"><\/span>\n\t\t\t\t\t\t\t\t<\/a>\n\t\t\t\t\t\t\t<\/div>\n\t\t\t\t\t\t\t<div class=\"column post-info-column\">\n\t\t\t\t\t\t\t\t<h3 class=\"post-title\" ><a href=\"https:\/\/korner.eu\/en\/nowa-kolorystyka-listwy-przypodlogowej-evo\/\">New colors of EVO skirting boards\t\t\t\t\t\t\t\t    <span style =\"color: #555556;font-size: 15px;font-weight: 400;margn-left:5px;\">\n\t\t\t\t\t\t\t\t\t\t\t22.11.2017r<\/span><\/a><\/h3>\t\t\t\t\t\t\t\t\t\t\t\t\t\t\t\t\t\t\t\t\t\t\n\t\t\t\t\t\t\t\t<p><p>Following new market trends we introduced new decors in EVO skirting boards. All news you can find under website Colors .<br \/>\nWe welcome you to see our offer. <\/p>\n<\/p>\n\t\t\t\t\t\t\t\t\t\t\t\t\t\t\t\t\t<a class=\"read-more-posts\"  href=\"https:\/\/korner.eu\/en\/nowa-kolorystyka-listwy-przypodlogowej-evo\/\">more >>><\/a>\n\t\t\t\t\t\t\t\t\t\t\t\t\t\t\t<\/div>\n\t\t\t\t\t\t<\/article>\n\t\t\t\t\t\t\t\t\t\t\t<article class=\" post-type-list-item wow fadeInUp\">\n\t\t\t\t\t\t\t\t\t\t\t\t\t\t<div class=\"column post-image-column\">\n\t\t\t\t\t\t\t\t<a class=\"list-item-link \" href=\"https:\/\/korner.eu\/en\/korner-wood-wpc-w-zgodzie-z-natura-2\/\">\n\t\t\t\t\t\t\t\t\t<span class=\"list-item-image\" style=\"background-image: url(https:\/\/korner.eu\/wp-content\/uploads\/2020\/03\/wpcmain1-767x392.jpg)\"><\/span>\n\t\t\t\t\t\t\t\t<\/a>\n\t\t\t\t\t\t\t<\/div>\n\t\t\t\t\t\t\t<div class=\"column post-info-column\">\n\t\t\t\t\t\t\t\t<h3 class=\"post-title\" ><a href=\"https:\/\/korner.eu\/en\/korner-wood-wpc-w-zgodzie-z-natura-2\/\">\u201eKorner Wood WPC &#8211; in accord with nature\u201d\t\t\t\t\t\t\t\t    <span style =\"color: #555556;font-size: 15px;font-weight: 400;margn-left:5px;\">\n\t\t\t\t\t\t\t\t\t\t\t26.10.2017r<\/span><\/a><\/h3>\t\t\t\t\t\t\t\t\t\t\t\t\t\t\t\t\t\t\t\t\t\t\n\t\t\t\t\t\t\t\t<p><p>We are pleased to present you another novelty in our offer &#8211; composite decking system &#8220;WPC Korner Wood&#8221;. The combination of the latest technology and nature allows for getting unusual parameters and properties. Our complete range of terraces includes installation and finishing elements.<\/p>\n<\/p>\n\t\t\t\t\t\t\t\t\t\t\t\t\t\t\t\t\t<a class=\"read-more-posts\"  href=\"https:\/\/korner.eu\/en\/korner-wood-wpc-w-zgodzie-z-natura-2\/\">more >>><\/a>\n\t\t\t\t\t\t\t\t\t\t\t\t\t\t\t<\/div>\n\t\t\t\t\t\t<\/article>\n\t\t\t\t\t\t\t\t\t<\/div>\n\t\t\t\t\t\t\t\t\t<div class=\"post-list-sidebar\">\n\t\t\t\t\t\t\t\t\t\t\t\t\t<span class=\"post-list-sidebar-title\" >KALENDARIUM<\/span>\n\t\t\t\t\t\t\t\t\t\t\t\t<div class=\"post-list-sidebar-content\">\n\t\t\t\t\t\t\t\t\t\t\t\t\t\t\t\t\t\t\t\t\t\t\t\t\t\t\t\t\t\t\t\t\t\t\t\t\t\t\t\t\t\t\t\t\t\t\t<div class=\"accordion-item\">\n\t\t\t\t\t\t\t<div class=\"archive-year accordion-item-title\">2026<\/div>\n\t\t\t\t\t\t\t<div class=\"accordion-item-content\">\n\t\t\t\t\t\t\t\t<ul class=\"archive-list\" >\n\t\t\t\t\t\t\t\t\t<li class=\"all-year-link\" >\t\t\t\t\t\t\t\t\t<a rel=\"nofollow\"  href=\"https:\/\/korner.eu\/en\/\/2026\/\"><span>All year<\/span><\/a><\/li> \n\t\t\t\t\t\t\t\t\t\t\t\t\t\t\t\t<li  ><a rel=\"nofollow\"  href=\"https:\/\/korner.eu\/en\/\/2026\/02\"><span class=\"archive-month\">February<\/span>\t\t\t\t\t\t\t\t<\/a><\/li>\n\t\t\t\t\t\t\t\t\n\t\t\t\t\t\t\t\t\n\t\t\t\t\t\t\t\t\t\t\t\t\t\t\t\t\t\t\t\t\t\t\t\t\t\t\t\t\t\t\t\t\t\t\t\t<li  ><a rel=\"nofollow\"  href=\"https:\/\/korner.eu\/en\/\/2026\/01\"><span class=\"archive-month\">January<\/span>\t\t\t\t\t\t\t\t<\/a><\/li>\n\t\t\t\t\t\t\t\t\n\t\t\t\t\t\t\t\t\n\t\t\t\t\t\t\t\t\t\t\t\t\t\t\t\t\t\t\t\t\t\t\t\t\t\t\t\t\t\t\t<\/ul>\n\t\t\t\t\t\t\t<\/div>\n\t\t\t\t\t\t<\/div>\n\t\t\t\t\t\t\t\t\t\t\t\t\t\t\t\t\n\t\t\t\t\t\t\t\t\t\t\t\t<div class=\"accordion-item\">\n\t\t\t\t\t\t\t<div class=\"archive-year accordion-item-title\">2025<\/div>\n\t\t\t\t\t\t\t<div class=\"accordion-item-content\">\n\t\t\t\t\t\t\t\t<ul class=\"archive-list\" >\n\t\t\t\t\t\t\t\t\t<li class=\"all-year-link\" >\t\t\t\t\t\t\t\t\t<a rel=\"nofollow\"  href=\"https:\/\/korner.eu\/en\/\/2025\/\"><span>All year<\/span><\/a><\/li> \n\t\t\t\t\t\t\t\t\t\t\t\t\t\t\t\t<li  ><a rel=\"nofollow\"  href=\"https:\/\/korner.eu\/en\/\/2025\/12\"><span class=\"archive-month\">December<\/span>\t\t\t\t\t\t\t\t<\/a><\/li>\n\t\t\t\t\t\t\t\t\n\t\t\t\t\t\t\t\t\n\t\t\t\t\t\t\t\t\t\t\t\t\t\t\t\t\t\t\t\t\t\t\t\t\t\t\t\t\t\t\t\t\t\t\t\t<li  ><a rel=\"nofollow\"  href=\"https:\/\/korner.eu\/en\/\/2025\/09\"><span class=\"archive-month\">September<\/span>\t\t\t\t\t\t\t\t<\/a><\/li>\n\t\t\t\t\t\t\t\t\n\t\t\t\t\t\t\t\t\n\t\t\t\t\t\t\t\t\t\t\t\t\t\t\t\t\t\t\t\t\t\t\t\t\t\t\t\t\t\t\t\t\t\t\t\t<li  ><a rel=\"nofollow\"  href=\"https:\/\/korner.eu\/en\/\/2025\/08\"><span class=\"archive-month\">August<\/span>\t\t\t\t\t\t\t\t<\/a><\/li>\n\t\t\t\t\t\t\t\t\n\t\t\t\t\t\t\t\t\n\t\t\t\t\t\t\t\t\t\t\t\t\t\t\t\t\t\t\t\t\t\t\t\t\t\t\t\t\t\t\t\t\t\t\t\t<li  ><a rel=\"nofollow\"  href=\"https:\/\/korner.eu\/en\/\/2025\/07\"><span class=\"archive-month\">July<\/span>\t\t\t\t\t\t\t\t<\/a><\/li>\n\t\t\t\t\t\t\t\t\n\t\t\t\t\t\t\t\t\n\t\t\t\t\t\t\t\t\t\t\t\t\t\t\t\t\t\t\t\t\t\t\t\t\t\t\t\t\t\t\t\t\t\t\t\t<li  ><a rel=\"nofollow\"  href=\"https:\/\/korner.eu\/en\/\/2025\/06\"><span class=\"archive-month\">June<\/span>\t\t\t\t\t\t\t\t<\/a><\/li>\n\t\t\t\t\t\t\t\t\n\t\t\t\t\t\t\t\t\n\t\t\t\t\t\t\t\t\t\t\t\t\t\t\t\t\t\t\t\t\t\t\t\t\t\t\t\t\t\t\t\t\t\t\t\t<li  ><a rel=\"nofollow\"  href=\"https:\/\/korner.eu\/en\/\/2025\/04\"><span class=\"archive-month\">April<\/span>\t\t\t\t\t\t\t\t<\/a><\/li>\n\t\t\t\t\t\t\t\t\n\t\t\t\t\t\t\t\t\n\t\t\t\t\t\t\t\t\t\t\t\t\t\t\t\t\t\t\t\t\t\t\t\t\t\t\t\t\t\t\t\t\t\t\t\t<li  ><a rel=\"nofollow\"  href=\"https:\/\/korner.eu\/en\/\/2025\/03\"><span class=\"archive-month\">March<\/span>\t\t\t\t\t\t\t\t<\/a><\/li>\n\t\t\t\t\t\t\t\t\n\t\t\t\t\t\t\t\t\n\t\t\t\t\t\t\t\t\t\t\t\t\t\t\t\t\t\t\t\t\t\t\t\t\t\t\t\t\t\t\t<\/ul>\n\t\t\t\t\t\t\t<\/div>\n\t\t\t\t\t\t<\/div>\n\t\t\t\t\t\t\t\t\t\t\t\t\t\t\t\t\n\t\t\t\t\t\t\t\t\t\t\t\t<div class=\"accordion-item\">\n\t\t\t\t\t\t\t<div class=\"archive-year accordion-item-title\">2024<\/div>\n\t\t\t\t\t\t\t<div class=\"accordion-item-content\">\n\t\t\t\t\t\t\t\t<ul class=\"archive-list\" >\n\t\t\t\t\t\t\t\t\t<li class=\"all-year-link\" >\t\t\t\t\t\t\t\t\t<a rel=\"nofollow\"  href=\"https:\/\/korner.eu\/en\/\/2024\/\"><span>All year<\/span><\/a><\/li> \n\t\t\t\t\t\t\t\t\t\t\t\t\t\t\t\t<li  ><a rel=\"nofollow\"  href=\"https:\/\/korner.eu\/en\/\/2024\/12\"><span class=\"archive-month\">December<\/span>\t\t\t\t\t\t\t\t<\/a><\/li>\n\t\t\t\t\t\t\t\t\n\t\t\t\t\t\t\t\t\n\t\t\t\t\t\t\t\t\t\t\t\t\t\t\t\t\t\t\t\t\t\t\t\t\t\t\t\t\t\t\t\t\t\t\t\t<li  ><a rel=\"nofollow\"  href=\"https:\/\/korner.eu\/en\/\/2024\/11\"><span class=\"archive-month\">November<\/span>\t\t\t\t\t\t\t\t<\/a><\/li>\n\t\t\t\t\t\t\t\t\n\t\t\t\t\t\t\t\t\n\t\t\t\t\t\t\t\t\t\t\t\t\t\t\t\t\t\t\t\t\t\t\t\t\t\t\t\t\t\t\t\t\t\t\t\t<li  ><a rel=\"nofollow\"  href=\"https:\/\/korner.eu\/en\/\/2024\/08\"><span class=\"archive-month\">August<\/span>\t\t\t\t\t\t\t\t<\/a><\/li>\n\t\t\t\t\t\t\t\t\n\t\t\t\t\t\t\t\t\n\t\t\t\t\t\t\t\t\t\t\t\t\t\t\t\t\t\t\t\t\t\t\t\t\t\t\t\t\t\t\t\t\t\t\t\t<li  ><a rel=\"nofollow\"  href=\"https:\/\/korner.eu\/en\/\/2024\/07\"><span class=\"archive-month\">July<\/span>\t\t\t\t\t\t\t\t<\/a><\/li>\n\t\t\t\t\t\t\t\t\n\t\t\t\t\t\t\t\t\n\t\t\t\t\t\t\t\t\t\t\t\t\t\t\t\t\t\t\t\t\t\t\t\t\t\t\t\t\t\t\t\t\t\t\t\t<li  ><a rel=\"nofollow\"  href=\"https:\/\/korner.eu\/en\/\/2024\/02\"><span class=\"archive-month\">February<\/span>\t\t\t\t\t\t\t\t<\/a><\/li>\n\t\t\t\t\t\t\t\t\n\t\t\t\t\t\t\t\t\n\t\t\t\t\t\t\t\t\t\t\t\t\t\t\t\t\t\t\t\t\t\t\t\t\t\t\t\t\t\t\t\t\t\t\t\t<li  ><a rel=\"nofollow\"  href=\"https:\/\/korner.eu\/en\/\/2024\/01\"><span class=\"archive-month\">January<\/span>\t\t\t\t\t\t\t\t<\/a><\/li>\n\t\t\t\t\t\t\t\t\n\t\t\t\t\t\t\t\t\n\t\t\t\t\t\t\t\t\t\t\t\t\t\t\t\t\t\t\t\t\t\t\t\t\t\t\t\t\t\t\t<\/ul>\n\t\t\t\t\t\t\t<\/div>\n\t\t\t\t\t\t<\/div>\n\t\t\t\t\t\t\t\t\t\t\t\t\t\t\t\t\n\t\t\t\t\t\t\t\t\t\t\t\t<div class=\"accordion-item\">\n\t\t\t\t\t\t\t<div class=\"archive-year accordion-item-title\">2023<\/div>\n\t\t\t\t\t\t\t<div class=\"accordion-item-content\">\n\t\t\t\t\t\t\t\t<ul class=\"archive-list\" >\n\t\t\t\t\t\t\t\t\t<li class=\"all-year-link\" >\t\t\t\t\t\t\t\t\t<a rel=\"nofollow\"  href=\"https:\/\/korner.eu\/en\/\/2023\/\"><span>All year<\/span><\/a><\/li> \n\t\t\t\t\t\t\t\t\t\t\t\t\t\t\t\t<li  ><a rel=\"nofollow\"  href=\"https:\/\/korner.eu\/en\/\/2023\/12\"><span class=\"archive-month\">December<\/span>\t\t\t\t\t\t\t\t<\/a><\/li>\n\t\t\t\t\t\t\t\t\n\t\t\t\t\t\t\t\t\n\t\t\t\t\t\t\t\t\t\t\t\t\t\t\t\t\t\t\t\t\t\t\t\t\t\t\t\t\t\t\t\t\t\t\t\t<li  ><a rel=\"nofollow\"  href=\"https:\/\/korner.eu\/en\/\/2023\/10\"><span class=\"archive-month\">October<\/span>\t\t\t\t\t\t\t\t<\/a><\/li>\n\t\t\t\t\t\t\t\t\n\t\t\t\t\t\t\t\t\n\t\t\t\t\t\t\t\t\t\t\t\t\t\t\t\t\t\t\t\t\t\t\t\t\t\t\t\t\t\t\t\t\t\t\t\t<li  ><a rel=\"nofollow\"  href=\"https:\/\/korner.eu\/en\/\/2023\/08\"><span class=\"archive-month\">August<\/span>\t\t\t\t\t\t\t\t<\/a><\/li>\n\t\t\t\t\t\t\t\t\n\t\t\t\t\t\t\t\t\n\t\t\t\t\t\t\t\t\t\t\t\t\t\t\t\t\t\t\t\t\t\t\t\t\t\t\t\t\t\t\t\t\t\t\t\t<li  ><a rel=\"nofollow\"  href=\"https:\/\/korner.eu\/en\/\/2023\/07\"><span class=\"archive-month\">July<\/span>\t\t\t\t\t\t\t\t<\/a><\/li>\n\t\t\t\t\t\t\t\t\n\t\t\t\t\t\t\t\t\n\t\t\t\t\t\t\t\t\t\t\t\t\t\t\t\t\t\t\t\t\t\t\t\t\t\t\t\t\t\t\t\t\t\t\t\t<li  ><a rel=\"nofollow\"  href=\"https:\/\/korner.eu\/en\/\/2023\/05\"><span class=\"archive-month\">May<\/span>\t\t\t\t\t\t\t\t<\/a><\/li>\n\t\t\t\t\t\t\t\t\n\t\t\t\t\t\t\t\t\n\t\t\t\t\t\t\t\t\t\t\t\t\t\t\t\t\t\t\t\t\t\t\t\t\t\t\t\t\t\t\t\t\t\t\t\t<li  ><a rel=\"nofollow\"  href=\"https:\/\/korner.eu\/en\/\/2023\/03\"><span class=\"archive-month\">March<\/span>\t\t\t\t\t\t\t\t<\/a><\/li>\n\t\t\t\t\t\t\t\t\n\t\t\t\t\t\t\t\t\n\t\t\t\t\t\t\t\t\t\t\t\t\t\t\t\t\t\t\t\t\t\t\t\t\t\t\t\t\t\t\t\t\t\t\t\t<li  ><a rel=\"nofollow\"  href=\"https:\/\/korner.eu\/en\/\/2023\/02\"><span class=\"archive-month\">February<\/span>\t\t\t\t\t\t\t\t<\/a><\/li>\n\t\t\t\t\t\t\t\t\n\t\t\t\t\t\t\t\t\n\t\t\t\t\t\t\t\t\t\t\t\t\t\t\t\t\t\t\t\t\t\t\t\t\t\t\t\t\t\t\t\t\t\t\t\t<li  ><a rel=\"nofollow\"  href=\"https:\/\/korner.eu\/en\/\/2023\/01\"><span class=\"archive-month\">January<\/span>\t\t\t\t\t\t\t\t<\/a><\/li>\n\t\t\t\t\t\t\t\t\n\t\t\t\t\t\t\t\t\n\t\t\t\t\t\t\t\t\t\t\t\t\t\t\t\t\t\t\t\t\t\t\t\t\t\t\t\t\t\t\t<\/ul>\n\t\t\t\t\t\t\t<\/div>\n\t\t\t\t\t\t<\/div>\n\t\t\t\t\t\t\t\t\t\t\t\t\t\t\t\t\n\t\t\t\t\t\t\t\t\t\t\t\t<div class=\"accordion-item\">\n\t\t\t\t\t\t\t<div class=\"archive-year accordion-item-title\">2022<\/div>\n\t\t\t\t\t\t\t<div class=\"accordion-item-content\">\n\t\t\t\t\t\t\t\t<ul class=\"archive-list\" >\n\t\t\t\t\t\t\t\t\t<li class=\"all-year-link\" >\t\t\t\t\t\t\t\t\t<a rel=\"nofollow\"  href=\"https:\/\/korner.eu\/en\/\/2022\/\"><span>All year<\/span><\/a><\/li> \n\t\t\t\t\t\t\t\t\t\t\t\t\t\t\t\t<li  ><a rel=\"nofollow\"  href=\"https:\/\/korner.eu\/en\/\/2022\/12\"><span class=\"archive-month\">December<\/span>\t\t\t\t\t\t\t\t<\/a><\/li>\n\t\t\t\t\t\t\t\t\n\t\t\t\t\t\t\t\t\n\t\t\t\t\t\t\t\t\t\t\t\t\t\t\t\t\t\t\t\t\t\t\t\t\t\t\t\t\t\t\t\t\t\t\t\t<li  ><a rel=\"nofollow\"  href=\"https:\/\/korner.eu\/en\/\/2022\/10\"><span class=\"archive-month\">October<\/span>\t\t\t\t\t\t\t\t<\/a><\/li>\n\t\t\t\t\t\t\t\t\n\t\t\t\t\t\t\t\t\n\t\t\t\t\t\t\t\t\t\t\t\t\t\t\t\t\t\t\t\t\t\t\t\t\t\t\t\t\t\t\t\t\t\t\t\t<li  ><a rel=\"nofollow\"  href=\"https:\/\/korner.eu\/en\/\/2022\/09\"><span class=\"archive-month\">September<\/span>\t\t\t\t\t\t\t\t<\/a><\/li>\n\t\t\t\t\t\t\t\t\n\t\t\t\t\t\t\t\t\n\t\t\t\t\t\t\t\t\t\t\t\t\t\t\t\t\t\t\t\t\t\t\t\t\t\t\t\t\t\t\t\t\t\t\t\t<li  ><a rel=\"nofollow\"  href=\"https:\/\/korner.eu\/en\/\/2022\/08\"><span class=\"archive-month\">August<\/span>\t\t\t\t\t\t\t\t<\/a><\/li>\n\t\t\t\t\t\t\t\t\n\t\t\t\t\t\t\t\t\n\t\t\t\t\t\t\t\t\t\t\t\t\t\t\t\t\t\t\t\t\t\t\t\t\t\t\t\t\t\t\t\t\t\t\t\t<li  ><a rel=\"nofollow\"  href=\"https:\/\/korner.eu\/en\/\/2022\/01\"><span class=\"archive-month\">January<\/span>\t\t\t\t\t\t\t\t<\/a><\/li>\n\t\t\t\t\t\t\t\t\n\t\t\t\t\t\t\t\t\n\t\t\t\t\t\t\t\t\t\t\t\t\t\t\t\t\t\t\t\t\t\t\t\t\t\t\t\t\t\t\t<\/ul>\n\t\t\t\t\t\t\t<\/div>\n\t\t\t\t\t\t<\/div>\n\t\t\t\t\t\t\t\t\t\t\t\t\t\t\t\t\n\t\t\t\t\t\t\t\t\t\t\t\t<div class=\"accordion-item\">\n\t\t\t\t\t\t\t<div class=\"archive-year accordion-item-title\">2021<\/div>\n\t\t\t\t\t\t\t<div class=\"accordion-item-content\">\n\t\t\t\t\t\t\t\t<ul class=\"archive-list\" >\n\t\t\t\t\t\t\t\t\t<li class=\"all-year-link\" >\t\t\t\t\t\t\t\t\t<a rel=\"nofollow\"  href=\"https:\/\/korner.eu\/en\/\/2021\/\"><span>All year<\/span><\/a><\/li> \n\t\t\t\t\t\t\t\t\t\t\t\t\t\t\t\t<li  ><a rel=\"nofollow\"  href=\"https:\/\/korner.eu\/en\/\/2021\/12\"><span class=\"archive-month\">December<\/span>\t\t\t\t\t\t\t\t<\/a><\/li>\n\t\t\t\t\t\t\t\t\n\t\t\t\t\t\t\t\t\n\t\t\t\t\t\t\t\t\t\t\t\t\t\t\t\t\t\t\t\t\t\t\t\t\t\t\t\t\t\t\t\t\t\t\t\t<li  ><a rel=\"nofollow\"  href=\"https:\/\/korner.eu\/en\/\/2021\/04\"><span class=\"archive-month\">April<\/span>\t\t\t\t\t\t\t\t<\/a><\/li>\n\t\t\t\t\t\t\t\t\n\t\t\t\t\t\t\t\t\n\t\t\t\t\t\t\t\t\t\t\t\t\t\t\t\t\t\t\t\t\t\t\t\t\t\t\t\t\t\t\t\t\t\t\t\t<li  ><a rel=\"nofollow\"  href=\"https:\/\/korner.eu\/en\/\/2021\/02\"><span class=\"archive-month\">February<\/span>\t\t\t\t\t\t\t\t<\/a><\/li>\n\t\t\t\t\t\t\t\t\n\t\t\t\t\t\t\t\t\n\t\t\t\t\t\t\t\t\t\t\t\t\t\t\t\t\t\t\t\t\t\t\t\t\t\t\t\t\t\t\t\t\t\t\t\t<li  ><a rel=\"nofollow\"  href=\"https:\/\/korner.eu\/en\/\/2021\/01\"><span class=\"archive-month\">January<\/span>\t\t\t\t\t\t\t\t<\/a><\/li>\n\t\t\t\t\t\t\t\t\n\t\t\t\t\t\t\t\t\n\t\t\t\t\t\t\t\t\t\t\t\t\t\t\t\t\t\t\t\t\t\t\t\t\t\t\t\t\t\t\t<\/ul>\n\t\t\t\t\t\t\t<\/div>\n\t\t\t\t\t\t<\/div>\n\t\t\t\t\t\t\t\t\t\t\t\t\t\t\t\t\n\t\t\t\t\t\t\t\t\t\t\t\t<div class=\"accordion-item\">\n\t\t\t\t\t\t\t<div class=\"archive-year accordion-item-title\">2020<\/div>\n\t\t\t\t\t\t\t<div class=\"accordion-item-content\">\n\t\t\t\t\t\t\t\t<ul class=\"archive-list\" >\n\t\t\t\t\t\t\t\t\t<li class=\"all-year-link\" >\t\t\t\t\t\t\t\t\t<a rel=\"nofollow\"  href=\"https:\/\/korner.eu\/en\/\/2020\/\"><span>All year<\/span><\/a><\/li> \n\t\t\t\t\t\t\t\t\t\t\t\t\t\t\t\t<li  ><a rel=\"nofollow\"  href=\"https:\/\/korner.eu\/en\/\/2020\/12\"><span class=\"archive-month\">December<\/span>\t\t\t\t\t\t\t\t<\/a><\/li>\n\t\t\t\t\t\t\t\t\n\t\t\t\t\t\t\t\t\n\t\t\t\t\t\t\t\t\t\t\t\t\t\t\t\t\t\t\t\t\t\t\t\t\t\t\t\t\t\t\t\t\t\t\t\t<li  ><a rel=\"nofollow\"  href=\"https:\/\/korner.eu\/en\/\/2020\/09\"><span class=\"archive-month\">September<\/span>\t\t\t\t\t\t\t\t<\/a><\/li>\n\t\t\t\t\t\t\t\t\n\t\t\t\t\t\t\t\t\n\t\t\t\t\t\t\t\t\t\t\t\t\t\t\t\t\t\t\t\t\t\t\t\t\t\t\t\t\t\t\t\t\t\t\t\t<li  ><a rel=\"nofollow\"  href=\"https:\/\/korner.eu\/en\/\/2020\/08\"><span class=\"archive-month\">August<\/span>\t\t\t\t\t\t\t\t<\/a><\/li>\n\t\t\t\t\t\t\t\t\n\t\t\t\t\t\t\t\t\n\t\t\t\t\t\t\t\t\t\t\t\t\t\t\t\t\t\t\t\t\t\t\t\t\t\t\t\t\t\t\t\t\t\t\t\t<li  ><a rel=\"nofollow\"  href=\"https:\/\/korner.eu\/en\/\/2020\/06\"><span class=\"archive-month\">June<\/span>\t\t\t\t\t\t\t\t<\/a><\/li>\n\t\t\t\t\t\t\t\t\n\t\t\t\t\t\t\t\t\n\t\t\t\t\t\t\t\t\t\t\t\t\t\t\t\t\t\t\t\t\t\t\t\t\t\t\t\t\t\t\t\t\t\t\t\t<li  ><a rel=\"nofollow\"  href=\"https:\/\/korner.eu\/en\/\/2020\/03\"><span class=\"archive-month\">March<\/span>\t\t\t\t\t\t\t\t<\/a><\/li>\n\t\t\t\t\t\t\t\t\n\t\t\t\t\t\t\t\t\n\t\t\t\t\t\t\t\t\t\t\t\t\t\t\t\t\t\t\t\t\t\t\t\t\t\t\t\t\t\t\t<\/ul>\n\t\t\t\t\t\t\t<\/div>\n\t\t\t\t\t\t<\/div>\n\t\t\t\t\t\t\t\t\t\t\t\t\t\t\t\t\n\t\t\t\t\t\t\t\t\t\t\t\t<div class=\"accordion-item\">\n\t\t\t\t\t\t\t<div class=\"archive-year accordion-item-title\">2019<\/div>\n\t\t\t\t\t\t\t<div class=\"accordion-item-content\">\n\t\t\t\t\t\t\t\t<ul class=\"archive-list\" >\n\t\t\t\t\t\t\t\t\t<li class=\"all-year-link\" >\t\t\t\t\t\t\t\t\t<a rel=\"nofollow\"  href=\"https:\/\/korner.eu\/en\/\/2019\/\"><span>All year<\/span><\/a><\/li> \n\t\t\t\t\t\t\t\t\t\t\t\t\t\t\t\t<li  ><a rel=\"nofollow\"  href=\"https:\/\/korner.eu\/en\/\/2019\/12\"><span class=\"archive-month\">December<\/span>\t\t\t\t\t\t\t\t<\/a><\/li>\n\t\t\t\t\t\t\t\t\n\t\t\t\t\t\t\t\t\n\t\t\t\t\t\t\t\t\t\t\t\t\t\t\t\t\t\t\t\t\t\t\t\t\t\t\t\t\t\t\t\t\t\t\t\t<li  ><a rel=\"nofollow\"  href=\"https:\/\/korner.eu\/en\/\/2019\/11\"><span class=\"archive-month\">November<\/span>\t\t\t\t\t\t\t\t<\/a><\/li>\n\t\t\t\t\t\t\t\t\n\t\t\t\t\t\t\t\t\n\t\t\t\t\t\t\t\t\t\t\t\t\t\t\t\t\t\t\t\t\t\t\t\t\t\t\t\t\t\t\t\t\t\t\t\t<li  ><a rel=\"nofollow\"  href=\"https:\/\/korner.eu\/en\/\/2019\/07\"><span class=\"archive-month\">July<\/span>\t\t\t\t\t\t\t\t<\/a><\/li>\n\t\t\t\t\t\t\t\t\n\t\t\t\t\t\t\t\t\n\t\t\t\t\t\t\t\t\t\t\t\t\t\t\t\t\t\t\t\t\t\t\t\t\t\t\t\t\t\t\t\t\t\t\t\t<li  ><a rel=\"nofollow\"  href=\"https:\/\/korner.eu\/en\/\/2019\/04\"><span class=\"archive-month\">April<\/span>\t\t\t\t\t\t\t\t<\/a><\/li>\n\t\t\t\t\t\t\t\t\n\t\t\t\t\t\t\t\t\n\t\t\t\t\t\t\t\t\t\t\t\t\t\t\t\t\t\t\t\t\t\t\t\t\t\t\t\t\t\t\t<\/ul>\n\t\t\t\t\t\t\t<\/div>\n\t\t\t\t\t\t<\/div>\n\t\t\t\t\t\t\t\t\t\t\t\t\t\t\t\t\n\t\t\t\t\t\t\t\t\t\t\t\t<div class=\"accordion-item\">\n\t\t\t\t\t\t\t<div class=\"archive-year accordion-item-title\">2018<\/div>\n\t\t\t\t\t\t\t<div class=\"accordion-item-content\">\n\t\t\t\t\t\t\t\t<ul class=\"archive-list\" >\n\t\t\t\t\t\t\t\t\t<li class=\"all-year-link\" >\t\t\t\t\t\t\t\t\t<a rel=\"nofollow\"  href=\"https:\/\/korner.eu\/en\/\/2018\/\"><span>All year<\/span><\/a><\/li> \n\t\t\t\t\t\t\t\t\t\t\t\t\t\t\t\t<li  ><a rel=\"nofollow\"  href=\"https:\/\/korner.eu\/en\/\/2018\/12\"><span class=\"archive-month\">December<\/span>\t\t\t\t\t\t\t\t<\/a><\/li>\n\t\t\t\t\t\t\t\t\n\t\t\t\t\t\t\t\t\n\t\t\t\t\t\t\t\t\t\t\t\t\t\t\t\t\t\t\t\t\t\t\t\t\t\t\t\t\t\t\t\t\t\t\t\t<li  ><a rel=\"nofollow\"  href=\"https:\/\/korner.eu\/en\/\/2018\/09\"><span class=\"archive-month\">September<\/span>\t\t\t\t\t\t\t\t<\/a><\/li>\n\t\t\t\t\t\t\t\t\n\t\t\t\t\t\t\t\t\n\t\t\t\t\t\t\t\t\t\t\t\t\t\t\t\t\t\t\t\t\t\t\t\t\t\t\t\t\t\t\t\t\t\t\t\t<li  ><a rel=\"nofollow\"  href=\"https:\/\/korner.eu\/en\/\/2018\/02\"><span class=\"archive-month\">February<\/span>\t\t\t\t\t\t\t\t<\/a><\/li>\n\t\t\t\t\t\t\t\t\n\t\t\t\t\t\t\t\t\n\t\t\t\t\t\t\t\t\t\t\t\t\t\t\t\t\t\t\t\t\t\t\t\t\t\t\t\t\t\t\t<\/ul>\n\t\t\t\t\t\t\t<\/div>\n\t\t\t\t\t\t<\/div>\n\t\t\t\t\t\t\t\t\t\t\t\t\t\t\t\t\n\t\t\t\t\t\t\t\t\t\t\t\t<div class=\"accordion-item\">\n\t\t\t\t\t\t\t<div class=\"archive-year accordion-item-title\">2017<\/div>\n\t\t\t\t\t\t\t<div class=\"accordion-item-content\">\n\t\t\t\t\t\t\t\t<ul class=\"archive-list\" >\n\t\t\t\t\t\t\t\t\t<li class=\"all-year-link\" >\t\t\t\t\t\t\t\t\t<a rel=\"nofollow\"  href=\"https:\/\/korner.eu\/en\/\/2017\/\"><span>All year<\/span><\/a><\/li> \n\t\t\t\t\t\t\t\t\t\t\t\t\t\t\t\t<li  ><a rel=\"nofollow\"  href=\"https:\/\/korner.eu\/en\/\/2017\/11\"><span class=\"archive-month\">November<\/span>\t\t\t\t\t\t\t\t<\/a><\/li>\n\t\t\t\t\t\t\t\t\n\t\t\t\t\t\t\t\t\n\t\t\t\t\t\t\t\t\t\t\t\t\t\t\t\t\t\t\t\t\t\t\t\t\t\t\t\t\t\t\t\t\t\t\t\t<li  ><a rel=\"nofollow\"  href=\"https:\/\/korner.eu\/en\/\/2017\/10\"><span class=\"archive-month\">October<\/span>\t\t\t\t\t\t\t\t<\/a><\/li>\n\t\t\t\t\t\t\t\t\n\t\t\t\t\t\t\t\t\n\t\t\t\t\t\t\t\t\t\t\t\t\t\t\t\t\t\t\t\t\t\t\t\t\t\t\t\t\t\t\t\t\t\t\t\t<li  ><a rel=\"nofollow\"  href=\"https:\/\/korner.eu\/en\/\/2017\/09\"><span class=\"archive-month\">September<\/span>\t\t\t\t\t\t\t\t<\/a><\/li>\n\t\t\t\t\t\t\t\t\n\t\t\t\t\t\t\t\t\n\t\t\t\t\t\t\t\t\t\t\t\t\t\t\t\t\t\t\t\t\t\t\t\t\t\t\t\t\t\t\t\t\t\t\t\t<li  ><a rel=\"nofollow\"  href=\"https:\/\/korner.eu\/en\/\/2017\/08\"><span class=\"archive-month\">August<\/span>\t\t\t\t\t\t\t\t<\/a><\/li>\n\t\t\t\t\t\t\t\t\n\t\t\t\t\t\t\t\t\n\t\t\t\t\t\t\t\t\t\t\t\t\t\t\t\t\t\t\t\t\t\t\t\t\t\t\t\t\t\t\t\t\t\t\t\t<li  ><a rel=\"nofollow\"  href=\"https:\/\/korner.eu\/en\/\/2017\/07\"><span class=\"archive-month\">July<\/span>\t\t\t\t\t\t\t\t<\/a><\/li>\n\t\t\t\t\t\t\t\t\n\t\t\t\t\t\t\t\t\n\t\t\t\t\t\t\t\t\t\t\t\t\t\t\t\t\t\t\t\t\t\t\t\t\t\t\t\t\t\t\t\t\t\t\t\t<li  ><a rel=\"nofollow\"  href=\"https:\/\/korner.eu\/en\/\/2017\/02\"><span class=\"archive-month\">February<\/span>\t\t\t\t\t\t\t\t<\/a><\/li>\n\t\t\t\t\t\t\t\t\n\t\t\t\t\t\t\t\t\n\t\t\t\t\t\t\t\t\t\t\t\t\t\t\t\t\t\t\t\t\t\t\t\t\t\t\t\t\t\t\t\t\t\t\t\t<li  ><a rel=\"nofollow\"  href=\"https:\/\/korner.eu\/en\/\/2017\/01\"><span class=\"archive-month\">January<\/span>\t\t\t\t\t\t\t\t<\/a><\/li>\n\t\t\t\t\t\t\t\t\n\t\t\t\t\t\t\t\t\n\t\t\t\t\t\t\t\t\t\t\t\t\t\t\t\t\t\t\t\t\t\t\t\t\t\t\t\t\t\t\t<\/ul>\n\t\t\t\t\t\t\t<\/div>\n\t\t\t\t\t\t<\/div>\n\t\t\t\t\t\t\t\t\t\t\t\t\t\t\t\t\n\t\t\t\t\t\t\t\t\t\t\t\t<div class=\"accordion-item\">\n\t\t\t\t\t\t\t<div class=\"archive-year accordion-item-title\">2016<\/div>\n\t\t\t\t\t\t\t<div class=\"accordion-item-content\">\n\t\t\t\t\t\t\t\t<ul class=\"archive-list\" >\n\t\t\t\t\t\t\t\t\t<li class=\"all-year-link\" >\t\t\t\t\t\t\t\t\t<a rel=\"nofollow\"  href=\"https:\/\/korner.eu\/en\/\/2016\/\"><span>All year<\/span><\/a><\/li> \n\t\t\t\t\t\t\t\t\t\t\t\t\t\t\t\t<li  ><a rel=\"nofollow\"  href=\"https:\/\/korner.eu\/en\/\/2016\/09\"><span class=\"archive-month\">September<\/span>\t\t\t\t\t\t\t\t<\/a><\/li>\n\t\t\t\t\t\t\t\t\n\t\t\t\t\t\t\t\t\n\t\t\t\t\t\t\t\t\t\t\t\t\t\t\t\t\t\t\t\t\t\t\t\t\t\t\t\t\t\t\t\t\t\t\t\t<li  ><a rel=\"nofollow\"  href=\"https:\/\/korner.eu\/en\/\/2016\/04\"><span class=\"archive-month\">April<\/span>\t\t\t\t\t\t\t\t<\/a><\/li>\n\t\t\t\t\t\t\t\t\n\t\t\t\t\t\t\t\t\n\t\t\t\t\t\t\t\t\t\t\t\t\t\t\t\t\t\t\t\t\t\t\t\t\t\t\t\t\t\t\t<\/ul>\n\t\t\t\t\t\t\t<\/div>\n\t\t\t\t\t\t<\/div>\n\t\t\t\t\t\t\t\t\t\t\t\t\t\t\t\t\n\t\t\t\t\t\t\t\t\t\t\t\t<div class=\"accordion-item\">\n\t\t\t\t\t\t\t<div class=\"archive-year accordion-item-title\">2015<\/div>\n\t\t\t\t\t\t\t<div class=\"accordion-item-content\">\n\t\t\t\t\t\t\t\t<ul class=\"archive-list\" >\n\t\t\t\t\t\t\t\t\t<li class=\"all-year-link\" >\t\t\t\t\t\t\t\t\t<a rel=\"nofollow\"  href=\"https:\/\/korner.eu\/en\/\/2015\/\"><span>All year<\/span><\/a><\/li> \n\t\t\t\t\t\t\t\t\t\t\t\t\t\t\t\t<li  ><a rel=\"nofollow\"  href=\"https:\/\/korner.eu\/en\/\/2015\/04\"><span class=\"archive-month\">April<\/span>\t\t\t\t\t\t\t\t<\/a><\/li>\n\t\t\t\t\t\t\t\t\n\t\t\t\t\t\t\t\t\n\t\t\t\t\t\t\t\t\t\t\t\t\t\t\t\t\t\t\t\t\t\t\t\t\t\t\t\t\t\t\t\t\t\t\t\t<li  ><a rel=\"nofollow\"  href=\"https:\/\/korner.eu\/en\/\/2015\/02\"><span class=\"archive-month\">February<\/span>\t\t\t\t\t\t\t\t<\/a><\/li>\n\t\t\t\t\t\t\t\t\n\t\t\t\t\t\t\t\t\n\t\t\t\t\t\t\t\t\t\t\t\t\t\t\t\t\t\t\t\t\t\t\t\t\t\t\t\t\t\t\t<\/ul>\n\t\t\t\t\t\t\t<\/div>\n\t\t\t\t\t\t<\/div>\n\t\t\t\t\t\t\t\t\t\t\t\t\t\t\t\t\n\t\t\t\t\t\t\t\t\t\t\t\t<div class=\"accordion-item\">\n\t\t\t\t\t\t\t<div class=\"archive-year accordion-item-title\">2014<\/div>\n\t\t\t\t\t\t\t<div class=\"accordion-item-content\">\n\t\t\t\t\t\t\t\t<ul class=\"archive-list\" >\n\t\t\t\t\t\t\t\t\t<li class=\"all-year-link\" >\t\t\t\t\t\t\t\t\t<a rel=\"nofollow\"  href=\"https:\/\/korner.eu\/en\/\/2014\/\"><span>All year<\/span><\/a><\/li> \n\t\t\t\t\t\t\t\t\t\t\t\t\t\t\t\t<li  ><a rel=\"nofollow\"  href=\"https:\/\/korner.eu\/en\/\/2014\/07\"><span class=\"archive-month\">July<\/span>\t\t\t\t\t\t\t\t<\/a><\/li>\n\t\t\t\t\t\t\t\t\n\t\t\t\t\t\t\t\t\n\t\t\t\t\t\t\t\t\t\t\t\t\t\t\t\t\t\t\t\t\t\t\t\t\t\t\t\t\t\t\t\t\t\t\t\t<li  ><a rel=\"nofollow\"  href=\"https:\/\/korner.eu\/en\/\/2014\/04\"><span class=\"archive-month\">April<\/span>\t\t\t\t\t\t\t\t<\/a><\/li>\n\t\t\t\t\t\t\t\t\n\t\t\t\t\t\t\t\t\n\t\t\t\t\t\t\t\t\t\t\t\t\t<\/div>\n\t\t\t\t\t<\/div>\n\t\t\t\t\t\t\t<\/div>\n\t\t\n\t\n<\/section>\n\n\n\n\n\n\n<div class=\"row column default-GB clearfix\">\n\n<\/div>\n<section id=\"korner-block_5e7ddc1c8c9df\" class=\"space-section   \" >\n\t<div class=\"space-block hide-for-small\" style=\"background-color:#FFFFFF; height: 60px;\" ><\/div>\n\t<div class=\"space-block show-for-small\" style=\"background-color:#FFFFFF; height: 30px;\" ><\/div>\n<\/section><div class=\"row column default-GB clearfix\">\n\n<\/div><div class=\"row column default-GB clearfix\">\n<p><\/p>\n<\/div>","protected":false},"excerpt":{"rendered":"","protected":false},"author":1,"featured_media":0,"parent":0,"menu_order":23,"comment_status":"closed","ping_status":"closed","template":"","meta":{"_acf_changed":false,"footnotes":""},"class_list":["post-11231","page","type-page","status-publish","hentry"],"acf":[],"yoast_head":"<!-- This site is optimized with the Yoast SEO plugin v24.3 - https:\/\/yoast.com\/wordpress\/plugins\/seo\/ -->\n<title>News - Korner<\/title>\n<meta name=\"robots\" content=\"index, follow, max-snippet:-1, max-image-preview:large, max-video-preview:-1\" \/>\n<link rel=\"canonical\" href=\"https:\/\/korner.eu\/en\/news\/\" \/>\n<meta property=\"og:locale\" content=\"en_US\" \/>\n<meta property=\"og:type\" content=\"article\" \/>\n<meta property=\"og:title\" content=\"News - Korner\" \/>\n<meta property=\"og:url\" content=\"https:\/\/korner.eu\/en\/news\/\" \/>\n<meta property=\"og:site_name\" content=\"Korner\" \/>\n<meta property=\"article:publisher\" content=\"https:\/\/www.facebook.com\/korner.producent\/\" \/>\n<meta property=\"article:modified_time\" content=\"2025-04-01T07:52:34+00:00\" \/>\n<meta name=\"twitter:card\" content=\"summary_large_image\" \/>\n<script type=\"application\/ld+json\" class=\"yoast-schema-graph\">{\"@context\":\"https:\/\/schema.org\",\"@graph\":[{\"@type\":\"WebPage\",\"@id\":\"https:\/\/korner.eu\/en\/news\/\",\"url\":\"https:\/\/korner.eu\/en\/news\/\",\"name\":\"News - Korner\",\"isPartOf\":{\"@id\":\"https:\/\/korner.eu\/en\/#website\"},\"datePublished\":\"2020-03-26T18:42:08+00:00\",\"dateModified\":\"2025-04-01T07:52:34+00:00\",\"breadcrumb\":{\"@id\":\"https:\/\/korner.eu\/en\/news\/#breadcrumb\"},\"inLanguage\":\"en-US\",\"potentialAction\":[{\"@type\":\"ReadAction\",\"target\":[\"https:\/\/korner.eu\/en\/news\/\"]}]},{\"@type\":\"BreadcrumbList\",\"@id\":\"https:\/\/korner.eu\/en\/news\/#breadcrumb\",\"itemListElement\":[{\"@type\":\"ListItem\",\"position\":1,\"name\":\"Strona g\u0142\u00f3wna\",\"item\":\"https:\/\/korner.eu\/en\/\"},{\"@type\":\"ListItem\",\"position\":2,\"name\":\"News\"}]},{\"@type\":\"WebSite\",\"@id\":\"https:\/\/korner.eu\/en\/#website\",\"url\":\"https:\/\/korner.eu\/en\/\",\"name\":\"Korner\",\"description\":\"\",\"publisher\":{\"@id\":\"https:\/\/korner.eu\/en\/#organization\"},\"potentialAction\":[{\"@type\":\"SearchAction\",\"target\":{\"@type\":\"EntryPoint\",\"urlTemplate\":\"https:\/\/korner.eu\/en\/?s={search_term_string}\"},\"query-input\":{\"@type\":\"PropertyValueSpecification\",\"valueRequired\":true,\"valueName\":\"search_term_string\"}}],\"inLanguage\":\"en-US\"},{\"@type\":\"Organization\",\"@id\":\"https:\/\/korner.eu\/en\/#organization\",\"name\":\"Poli-Eco Tworzywa Sztuczne Sp. z o.o.\",\"url\":\"https:\/\/korner.eu\/en\/\",\"logo\":{\"@type\":\"ImageObject\",\"inLanguage\":\"en-US\",\"@id\":\"https:\/\/korner.eu\/en\/#\/schema\/logo\/image\/\",\"url\":\"https:\/\/korner.eu\/wp-content\/uploads\/2020\/03\/logo.png\",\"contentUrl\":\"https:\/\/korner.eu\/wp-content\/uploads\/2020\/03\/logo.png\",\"width\":180,\"height\":48,\"caption\":\"Poli-Eco Tworzywa Sztuczne Sp. z o.o.\"},\"image\":{\"@id\":\"https:\/\/korner.eu\/en\/#\/schema\/logo\/image\/\"},\"sameAs\":[\"https:\/\/www.facebook.com\/korner.producent\/\",\"https:\/\/www.instagram.com\/korner.producer\/\",\"https:\/\/www.linkedin.com\/in\/korner-producer\/\"]}]}<\/script>\n<!-- \/ Yoast SEO plugin. -->","yoast_head_json":{"title":"News - Korner","robots":{"index":"index","follow":"follow","max-snippet":"max-snippet:-1","max-image-preview":"max-image-preview:large","max-video-preview":"max-video-preview:-1"},"canonical":"https:\/\/korner.eu\/en\/news\/","og_locale":"en_US","og_type":"article","og_title":"News - Korner","og_url":"https:\/\/korner.eu\/en\/news\/","og_site_name":"Korner","article_publisher":"https:\/\/www.facebook.com\/korner.producent\/","article_modified_time":"2025-04-01T07:52:34+00:00","twitter_card":"summary_large_image","schema":{"@context":"https:\/\/schema.org","@graph":[{"@type":"WebPage","@id":"https:\/\/korner.eu\/en\/news\/","url":"https:\/\/korner.eu\/en\/news\/","name":"News - Korner","isPartOf":{"@id":"https:\/\/korner.eu\/en\/#website"},"datePublished":"2020-03-26T18:42:08+00:00","dateModified":"2025-04-01T07:52:34+00:00","breadcrumb":{"@id":"https:\/\/korner.eu\/en\/news\/#breadcrumb"},"inLanguage":"en-US","potentialAction":[{"@type":"ReadAction","target":["https:\/\/korner.eu\/en\/news\/"]}]},{"@type":"BreadcrumbList","@id":"https:\/\/korner.eu\/en\/news\/#breadcrumb","itemListElement":[{"@type":"ListItem","position":1,"name":"Strona g\u0142\u00f3wna","item":"https:\/\/korner.eu\/en\/"},{"@type":"ListItem","position":2,"name":"News"}]},{"@type":"WebSite","@id":"https:\/\/korner.eu\/en\/#website","url":"https:\/\/korner.eu\/en\/","name":"Korner","description":"","publisher":{"@id":"https:\/\/korner.eu\/en\/#organization"},"potentialAction":[{"@type":"SearchAction","target":{"@type":"EntryPoint","urlTemplate":"https:\/\/korner.eu\/en\/?s={search_term_string}"},"query-input":{"@type":"PropertyValueSpecification","valueRequired":true,"valueName":"search_term_string"}}],"inLanguage":"en-US"},{"@type":"Organization","@id":"https:\/\/korner.eu\/en\/#organization","name":"Poli-Eco Tworzywa Sztuczne Sp. z o.o.","url":"https:\/\/korner.eu\/en\/","logo":{"@type":"ImageObject","inLanguage":"en-US","@id":"https:\/\/korner.eu\/en\/#\/schema\/logo\/image\/","url":"https:\/\/korner.eu\/wp-content\/uploads\/2020\/03\/logo.png","contentUrl":"https:\/\/korner.eu\/wp-content\/uploads\/2020\/03\/logo.png","width":180,"height":48,"caption":"Poli-Eco Tworzywa Sztuczne Sp. z o.o."},"image":{"@id":"https:\/\/korner.eu\/en\/#\/schema\/logo\/image\/"},"sameAs":["https:\/\/www.facebook.com\/korner.producent\/","https:\/\/www.instagram.com\/korner.producer\/","https:\/\/www.linkedin.com\/in\/korner-producer\/"]}]}},"_links":{"self":[{"href":"https:\/\/korner.eu\/en\/wp-json\/wp\/v2\/pages\/11231","targetHints":{"allow":["GET"]}}],"collection":[{"href":"https:\/\/korner.eu\/en\/wp-json\/wp\/v2\/pages"}],"about":[{"href":"https:\/\/korner.eu\/en\/wp-json\/wp\/v2\/types\/page"}],"author":[{"embeddable":true,"href":"https:\/\/korner.eu\/en\/wp-json\/wp\/v2\/users\/1"}],"replies":[{"embeddable":true,"href":"https:\/\/korner.eu\/en\/wp-json\/wp\/v2\/comments?post=11231"}],"version-history":[{"count":5,"href":"https:\/\/korner.eu\/en\/wp-json\/wp\/v2\/pages\/11231\/revisions"}],"predecessor-version":[{"id":28673,"href":"https:\/\/korner.eu\/en\/wp-json\/wp\/v2\/pages\/11231\/revisions\/28673"}],"wp:attachment":[{"href":"https:\/\/korner.eu\/en\/wp-json\/wp\/v2\/media?parent=11231"}],"curies":[{"name":"wp","href":"https:\/\/api.w.org\/{rel}","templated":true}]}}