{"id":11174,"date":"2020-03-17T20:39:43","date_gmt":"2020-03-17T20:39:43","guid":{"rendered":"https:\/\/korner.eu\/produkty\/ultima-idea\/"},"modified":"2023-04-03T12:01:15","modified_gmt":"2023-04-03T10:01:15","slug":"ultima-idea","status":"publish","type":"products","link":"https:\/\/korner.eu\/de\/produkte\/ultima-idea\/","title":{"rendered":"Ultima \/ Idea"},"content":{"rendered":"<div class=\"row column default-GB clearfix\">\n<h2 class=\"wp-block-heading\">Ultima 80<\/h2>\n<\/div><div class=\"row column default-GB clearfix\">\n\n<\/div><div class=\"row column default-GB clearfix\">\n<p>Die Sockelleiste Ultima zeichnet sich durch die beste Holznachbildung mit Maserung aus. Genauigkeit und Klarheit der Maserung tragen dazu bei, dass diese Leiste perfekt mit verschiedenen Typen Holzb\u00f6den kombiniert werden kann und den Charakter des Raumes betont. Durch Verwendung vom gesch\u00e4umten PVC h\u00f6chster Qualit\u00e4t werden Wasserfestigkeit, Flexibilit\u00e4t und Robustheit der Leiste erzielt. Ihre schlichte Form wird alle begeistern, die moderne und elegante L\u00f6sungen lieben.<br><\/p>\n<\/div><div class=\"row column default-GB clearfix\">\n\n<\/div><div class=\"row column default-GB clearfix\">\n<p>Wir empfehlen den speziellen Montagekleber Korner G-FIX f\u00fcr Abschlussprofile der Marke Korner und Produkte anderer Hersteller. <a href=\"https:\/\/korner.eu\/produkty\/klej-montazowy\/?lang=de\">Mehr Infos<\/a><\/p>\n<\/div><div class=\"row column default-GB clearfix\">\n\n<\/div>\n\n<section id=\"korner-block_e90f09a753273949d1881c770e0c155e\" class=\"gallery-images-auto-width-section  \" >\n\t<div class=\"row column\">\n\t\t\t\t\t\t\t<ul class=\"gallery-size-auto\" >\n\t\t\t\t\t\t\t\t\t<li class=\"gallery-size-auto-item\" >\n\t\t\t\t\t\t<picture class=\"cover-bg-image\" >\n\t\t\t\t\t\t\t<source media='(max-width: 400px)'\n\t\t\t\t\t\t\tsrcset='https:\/\/korner.eu\/wp-content\/uploads\/2020\/03\/ultima80_main-e1585137407574.jpg'\/>\n\t\t\t\t\t\t\t<source media='(max-width: 767px)'\n\t\t\t\t\t\t\tsrcset='https:\/\/korner.eu\/wp-content\/uploads\/2020\/03\/ultima80_main-e1585137407574.jpg'\/>\n\t\t\t\t\t\t\t<img src='https:\/\/korner.eu\/wp-content\/uploads\/2020\/03\/ultima80_main-e1585137407574.jpg'\/>\n\t\t\t\t\t\t<\/picture>\n\t\t\t\t\t<\/li>\n\t\t\t\t\t\t\t\t\t<li class=\"gallery-size-auto-item\" >\n\t\t\t\t\t\t<picture class=\"cover-bg-image\" >\n\t\t\t\t\t\t\t<source media='(max-width: 400px)'\n\t\t\t\t\t\t\tsrcset='https:\/\/korner.eu\/wp-content\/uploads\/2020\/03\/ultima_wymiary-e1585136632807.png'\/>\n\t\t\t\t\t\t\t<source media='(max-width: 767px)'\n\t\t\t\t\t\t\tsrcset='https:\/\/korner.eu\/wp-content\/uploads\/2020\/03\/ultima_wymiary-e1585136632807.png'\/>\n\t\t\t\t\t\t\t<img src='https:\/\/korner.eu\/wp-content\/uploads\/2020\/03\/ultima_wymiary-e1585136632807.png'\/>\n\t\t\t\t\t\t<\/picture>\n\t\t\t\t\t<\/li>\n\t\t\t\t\t\t\t<\/ul>\n\t\t\t<\/div>\n<\/section>\n\n<div class=\"row column default-GB clearfix\">\n\n<\/div>\n<section id=\"korner-block_9e3767b3519857fb3f77bb799f004764\" class=\"space-section   \" >\n\t<div class=\"space-block hide-for-small\" style=\"background-color:#FFFFFF; height: 20px;\" ><\/div>\n\t<div class=\"space-block show-for-small\" style=\"background-color:#FFFFFF; height: 50px;\" ><\/div>\n<\/section><div class=\"row column default-GB clearfix\">\n\n<\/div>\n\n\n<section id=\"korner-block_ae982a098e02bd49ce8f4b3c6355eee3\" class=\"acordion-list-section  \" >\n\t<div class=\"row column\">\n\t\t\t\t\t\t\t\t\t<div class=\"accordion-item\">\n\t\t\t\t<h3 class=\"accordion-item-title\">Vorteile der Leiste<svg xmlns=\"http:\/\/www.w3.org\/2000\/svg\" viewBox=\"0 0 24 24\"><path d=\"M0 7.33l2.829-2.83 9.175 9.339 9.167-9.339 2.829 2.83-11.996 12.17z\"\/><\/svg><\/h3>\n\t\t\t\t<div class=\"accordion-item-content\">\n\t\t\t\t\t\t\t\t\t\t\t<ul class=\"list-with-icon instruction-list\" >\n\t\t\t\t\t\t\t\t\t\t\t\t\t\t\t<li>\n\t\t\t\t\t\t\t\t\t<span class=\"list-icon\" >\n\t\t\t\t\t\t\t\t\t\t\t\t\t\t\t\t\t\t\t\t\t<img decoding=\"async\" src=\"https:\/\/korner.eu\/wp-content\/uploads\/2020\/03\/ultima_zalety4-400x213.jpg\" alt=\"\">\n\t\t\t\t\t\t\t\t\t\t\t\t\t\t\t\t\t\t\t<\/span>\n\t\t\t\t\t\t\t\t\t\t\t\t\t\t\t\t\t\t\t<span class=\"list-text\" >Die perfekte Holznachbildung &#8211; Mit genauer und deutlicher Nachbildung der Holzmaserung passt sich die Leiste perfekt jedem Fu\u00dfboden.<\/span>\n\t\t\t\t\t\t\t\t\t\t\t\t\t\t\t\t\t<\/li>\n\t\t\t\t\t\t\t\t\t\t\t\t\t\t\t<li>\n\t\t\t\t\t\t\t\t\t<span class=\"list-icon\" >\n\t\t\t\t\t\t\t\t\t\t\t\t\t\t\t\t\t\t\t\t\t<img decoding=\"async\" src=\"https:\/\/korner.eu\/wp-content\/uploads\/2020\/03\/ultima_zalety1-400x213.jpg\" alt=\"\">\n\t\t\t\t\t\t\t\t\t\t\t\t\t\t\t\t\t\t\t<\/span>\n\t\t\t\t\t\t\t\t\t\t\t\t\t\t\t\t\t\t\t<span class=\"list-text\" >Flexibilit\u00e4t der Sockelleiste -Passt sich ideal ovalen und gebogenen Wandverl\u00e4ufen an, der obere und untere Teile sorgen f\u00fcr die dauerhafte Formstabilit\u00e4t.<\/span>\n\t\t\t\t\t\t\t\t\t\t\t\t\t\t\t\t\t<\/li>\n\t\t\t\t\t\t\t\t\t\t\t\t\t\t\t<li>\n\t\t\t\t\t\t\t\t\t<span class=\"list-icon\" >\n\t\t\t\t\t\t\t\t\t\t\t\t\t\t\t\t\t\t\t\t\t<img decoding=\"async\" src=\"https:\/\/korner.eu\/wp-content\/uploads\/2020\/03\/ultima_zalety2-400x213.jpg\" alt=\"\">\n\t\t\t\t\t\t\t\t\t\t\t\t\t\t\t\t\t\t\t<\/span>\n\t\t\t\t\t\t\t\t\t\t\t\t\t\t\t\t\t\t\t<span class=\"list-text\" >100%-ig wasserfest &#8211; So k\u00f6nnen die Sockelleisten auch in Nassr\u00e4umen problemlos verlegt werden.<\/span>\n\t\t\t\t\t\t\t\t\t\t\t\t\t\t\t\t\t<\/li>\n\t\t\t\t\t\t\t\t\t\t\t\t\t\t\t<li>\n\t\t\t\t\t\t\t\t\t<span class=\"list-icon\" >\n\t\t\t\t\t\t\t\t\t\t\t\t\t\t\t\t\t\t\t\t\t<img decoding=\"async\" src=\"https:\/\/korner.eu\/wp-content\/uploads\/2020\/03\/ultima_zalety3-400x213.jpg\" alt=\"\">\n\t\t\t\t\t\t\t\t\t\t\t\t\t\t\t\t\t\t\t<\/span>\n\t\t\t\t\t\t\t\t\t\t\t\t\t\t\t\t\t\t\t<span class=\"list-text\" >Solide Bearbeitung &#8211; Die h\u00f6chste Qualit\u00e4t von PVC-Rohstoff sorgt f\u00fcr die Robustheit, einfache Verlegung und Best\u00e4ndigkeit.<\/span>\n\t\t\t\t\t\t\t\t\t\t\t\t\t\t\t\t\t<\/li>\n\t\t\t\t\t\t\t\t\t\t\t\t\t<\/ul>\n\t\t\t\t\t\t\t\t\t<\/div>\n\t\t\t<\/div>\n\t\t\t<\/div>\n<\/section><div class=\"row column default-GB clearfix\">\n\n<\/div>\n\n<section id=\"korner-block_2bf1f74e5a9cee32b95585789e869972\" class=\"acordion-text-section  \" >\n\t<div class=\"row column\">\n\t\t\t\t\t\t\t\t\t<div class=\"accordion-item\">\n\t\t\t\t<h3 class=\"accordion-item-title\">Beispiele der Anschl\u00fcsse<svg xmlns=\"http:\/\/www.w3.org\/2000\/svg\" viewBox=\"0 0 24 24\"><path d=\"M0 7.33l2.829-2.83 9.175 9.339 9.167-9.339 2.829 2.83-11.996 12.17z\"\/><\/svg><\/h3>\n\t\t\t\t<div class=\"accordion-item-content\"><p>Ideale Anpassung der Sockelleisten in Innen- und Au\u00dfenecken der W\u00e4nde f\u00fcr einen optisch ansprechbaren und fast unsichtbaren Anschluss.<\/p>\n<p><img decoding=\"async\" class=\"alignnone size-full wp-image-1045\" src=\"http:\/\/korner.eu\/wp-content\/uploads\/2020\/03\/ultima_laczenie1.jpg\" alt=\"\" width=\"300\" height=\"300\" srcset=\"https:\/\/korner.eu\/wp-content\/uploads\/2020\/03\/ultima_laczenie1.jpg 300w, https:\/\/korner.eu\/wp-content\/uploads\/2020\/03\/ultima_laczenie1-150x150.jpg 150w, https:\/\/korner.eu\/wp-content\/uploads\/2020\/03\/ultima_laczenie1-200x200.jpg 200w\" sizes=\"(max-width: 300px) 100vw, 300px\" \/> <img decoding=\"async\" class=\"alignnone size-full wp-image-1046\" src=\"http:\/\/korner.eu\/wp-content\/uploads\/2020\/03\/ultima_laczenie2.jpg\" alt=\"\" width=\"300\" height=\"300\" srcset=\"https:\/\/korner.eu\/wp-content\/uploads\/2020\/03\/ultima_laczenie2.jpg 300w, https:\/\/korner.eu\/wp-content\/uploads\/2020\/03\/ultima_laczenie2-150x150.jpg 150w, https:\/\/korner.eu\/wp-content\/uploads\/2020\/03\/ultima_laczenie2-200x200.jpg 200w\" sizes=\"(max-width: 300px) 100vw, 300px\" \/><\/p>\n<p>Die Sockelleiste passt dank zwei optimalen Zuschnitt-Techniken (schr\u00e4g und senkrecht) ideal an die T\u00fcrzarge.<\/p>\n<p><img decoding=\"async\" class=\"alignnone size-full wp-image-1047\" src=\"http:\/\/korner.eu\/wp-content\/uploads\/2020\/03\/ultima_laczenie3.jpg\" alt=\"\" width=\"300\" height=\"300\" srcset=\"https:\/\/korner.eu\/wp-content\/uploads\/2020\/03\/ultima_laczenie3.jpg 300w, https:\/\/korner.eu\/wp-content\/uploads\/2020\/03\/ultima_laczenie3-150x150.jpg 150w, https:\/\/korner.eu\/wp-content\/uploads\/2020\/03\/ultima_laczenie3-200x200.jpg 200w\" sizes=\"(max-width: 300px) 100vw, 300px\" \/> <img decoding=\"async\" class=\"alignnone size-full wp-image-1048\" src=\"http:\/\/korner.eu\/wp-content\/uploads\/2020\/03\/ultima_laczenie4.jpg\" alt=\"\" width=\"300\" height=\"300\" srcset=\"https:\/\/korner.eu\/wp-content\/uploads\/2020\/03\/ultima_laczenie4.jpg 300w, https:\/\/korner.eu\/wp-content\/uploads\/2020\/03\/ultima_laczenie4-150x150.jpg 150w, https:\/\/korner.eu\/wp-content\/uploads\/2020\/03\/ultima_laczenie4-200x200.jpg 200w\" sizes=\"(max-width: 300px) 100vw, 300px\" \/><\/p>\n<p><img decoding=\"async\" class=\"alignnone size-full wp-image-1049\" src=\"http:\/\/korner.eu\/wp-content\/uploads\/2020\/03\/ultima_laczenie5.jpg\" alt=\"\" width=\"300\" height=\"300\" srcset=\"https:\/\/korner.eu\/wp-content\/uploads\/2020\/03\/ultima_laczenie5.jpg 300w, https:\/\/korner.eu\/wp-content\/uploads\/2020\/03\/ultima_laczenie5-150x150.jpg 150w, https:\/\/korner.eu\/wp-content\/uploads\/2020\/03\/ultima_laczenie5-200x200.jpg 200w\" sizes=\"(max-width: 300px) 100vw, 300px\" \/> <img decoding=\"async\" class=\"alignnone size-full wp-image-1050\" src=\"http:\/\/korner.eu\/wp-content\/uploads\/2020\/03\/ultima_laczenie6.jpg\" alt=\"\" width=\"300\" height=\"300\" srcset=\"https:\/\/korner.eu\/wp-content\/uploads\/2020\/03\/ultima_laczenie6.jpg 300w, https:\/\/korner.eu\/wp-content\/uploads\/2020\/03\/ultima_laczenie6-150x150.jpg 150w, https:\/\/korner.eu\/wp-content\/uploads\/2020\/03\/ultima_laczenie6-200x200.jpg 200w\" sizes=\"(max-width: 300px) 100vw, 300px\" \/><\/p>\n<p>Zwei Zuschnitt-Techniken (schr\u00e4g und senkrecht) tarnen perfekt die Anschl\u00fcsse, die Sockelleisten lassen sich beliebig zuschneiden.<\/p>\n<p><img decoding=\"async\" class=\"alignnone size-full wp-image-1051\" src=\"http:\/\/korner.eu\/wp-content\/uploads\/2020\/03\/ultima_laczenie7.jpg\" alt=\"\" width=\"300\" height=\"300\" srcset=\"https:\/\/korner.eu\/wp-content\/uploads\/2020\/03\/ultima_laczenie7.jpg 300w, https:\/\/korner.eu\/wp-content\/uploads\/2020\/03\/ultima_laczenie7-150x150.jpg 150w, https:\/\/korner.eu\/wp-content\/uploads\/2020\/03\/ultima_laczenie7-200x200.jpg 200w\" sizes=\"(max-width: 300px) 100vw, 300px\" \/> <img decoding=\"async\" class=\"alignnone size-full wp-image-1052\" src=\"http:\/\/korner.eu\/wp-content\/uploads\/2020\/03\/ultima_laczenie8.jpg\" alt=\"\" width=\"300\" height=\"300\" srcset=\"https:\/\/korner.eu\/wp-content\/uploads\/2020\/03\/ultima_laczenie8.jpg 300w, https:\/\/korner.eu\/wp-content\/uploads\/2020\/03\/ultima_laczenie8-150x150.jpg 150w, https:\/\/korner.eu\/wp-content\/uploads\/2020\/03\/ultima_laczenie8-200x200.jpg 200w\" sizes=\"(max-width: 300px) 100vw, 300px\" \/><\/p>\n<\/div>\n\t\t\t<\/div>\n\t\t\t<\/div>\n<\/section>\n\n<div class=\"row column default-GB clearfix\">\n\n<\/div>\n\n\n<section id=\"korner-block_1c0a8e7f0bdc36aa3ec5ca793ae17e25\" class=\"acordion-list-section  \" >\n\t<div class=\"row column\">\n\t\t\t\t\t\t\t\t\t<div class=\"accordion-item\">\n\t\t\t\t<h3 class=\"accordion-item-title\">Montagesystem<svg xmlns=\"http:\/\/www.w3.org\/2000\/svg\" viewBox=\"0 0 24 24\"><path d=\"M0 7.33l2.829-2.83 9.175 9.339 9.167-9.339 2.829 2.83-11.996 12.17z\"\/><\/svg><\/h3>\n\t\t\t\t<div class=\"accordion-item-content\">\n\t\t\t\t\t\t\t\t\t\t\t<ul class=\"list-with-icon instruction-list\" >\n\t\t\t\t\t\t\t\t\t\t\t\t\t\t\t<li>\n\t\t\t\t\t\t\t\t\t<span class=\"list-icon\" >\n\t\t\t\t\t\t\t\t\t\t\t\t\t\t\t\t\t\t\t\t\t<img decoding=\"async\" src=\"https:\/\/korner.eu\/wp-content\/uploads\/2020\/03\/ultima80_montaz1-400x213.jpg\" alt=\"\">\n\t\t\t\t\t\t\t\t\t\t\t\t\t\t\t\t\t\t\t<\/span>\n\t\t\t\t\t\t\t\t\t\t\t\t\t\t\t\t\t\t\t<span class=\"list-text\" >1. Passgenau Vermessung sowie Zuschnitt unter Ber\u00fccksichtigung der Eckanschl\u00fcsse ohne Zubeh\u00f6r.<\/span>\n\t\t\t\t\t\t\t\t\t\t\t\t\t\t\t\t\t<\/li>\n\t\t\t\t\t\t\t\t\t\t\t\t\t\t\t<li>\n\t\t\t\t\t\t\t\t\t<span class=\"list-icon\" >\n\t\t\t\t\t\t\t\t\t\t\t\t\t\t\t\t\t\t\t\t\t<img decoding=\"async\" src=\"https:\/\/korner.eu\/wp-content\/uploads\/2020\/03\/ultima80_montaz2-400x213.jpg\" alt=\"\">\n\t\t\t\t\t\t\t\t\t\t\t\t\t\t\t\t\t\t\t<\/span>\n\t\t\t\t\t\t\t\t\t\t\t\t\t\t\t\t\t\t\t<span class=\"list-text\" >2. Vermessung und Zuschnitt von Abschluss- und Anschlussteilen.<\/span>\n\t\t\t\t\t\t\t\t\t\t\t\t\t\t\t\t\t<\/li>\n\t\t\t\t\t\t\t\t\t\t\t\t\t\t\t<li>\n\t\t\t\t\t\t\t\t\t<span class=\"list-icon\" >\n\t\t\t\t\t\t\t\t\t\t\t\t\t\t\t\t\t\t\t\t\t<img decoding=\"async\" src=\"https:\/\/korner.eu\/wp-content\/uploads\/2020\/03\/ultima80_montaz3-400x213.jpg\" alt=\"\">\n\t\t\t\t\t\t\t\t\t\t\t\t\t\t\t\t\t\t\t<\/span>\n\t\t\t\t\t\t\t\t\t\t\t\t\t\t\t\t\t\t\t<span class=\"list-text\" >3. Einbau der Verschlussstopfen mit Kleber.<\/span>\n\t\t\t\t\t\t\t\t\t\t\t\t\t\t\t\t\t<\/li>\n\t\t\t\t\t\t\t\t\t\t\t\t\t\t\t<li>\n\t\t\t\t\t\t\t\t\t<span class=\"list-icon\" >\n\t\t\t\t\t\t\t\t\t\t\t\t\t\t\t\t\t\t\t\t\t<img decoding=\"async\" src=\"https:\/\/korner.eu\/wp-content\/uploads\/2020\/03\/ultima80_montaz4-400x213.jpg\" alt=\"\">\n\t\t\t\t\t\t\t\t\t\t\t\t\t\t\t\t\t\t\t<\/span>\n\t\t\t\t\t\t\t\t\t\t\t\t\t\t\t\t\t\t\t<span class=\"list-text\" >4. Kleber auf der R\u00fcckwand der Sockelleiste auftragen.<\/span>\n\t\t\t\t\t\t\t\t\t\t\t\t\t\t\t\t\t<\/li>\n\t\t\t\t\t\t\t\t\t\t\t\t\t\t\t<li>\n\t\t\t\t\t\t\t\t\t<span class=\"list-icon\" >\n\t\t\t\t\t\t\t\t\t\t\t\t\t\t\t\t\t\t\t\t\t<img decoding=\"async\" src=\"https:\/\/korner.eu\/wp-content\/uploads\/2020\/03\/ultima80_montaz5-400x213.jpg\" alt=\"\">\n\t\t\t\t\t\t\t\t\t\t\t\t\t\t\t\t\t\t\t<\/span>\n\t\t\t\t\t\t\t\t\t\t\t\t\t\t\t\t\t\t\t<span class=\"list-text\" >5. Montage weiterer Sockelleisten an der Wand.<\/span>\n\t\t\t\t\t\t\t\t\t\t\t\t\t\t\t\t\t<\/li>\n\t\t\t\t\t\t\t\t\t\t\t\t\t\t\t<li>\n\t\t\t\t\t\t\t\t\t<span class=\"list-icon\" >\n\t\t\t\t\t\t\t\t\t\t\t\t\t\t\t\t\t\t\t\t\t<img decoding=\"async\" src=\"https:\/\/korner.eu\/wp-content\/uploads\/2020\/03\/ultima80_montaz6-400x213.jpg\" alt=\"\">\n\t\t\t\t\t\t\t\t\t\t\t\t\t\t\t\t\t\t\t<\/span>\n\t\t\t\t\t\t\t\t\t\t\t\t\t\t\t\t\t\t\t<span class=\"list-text\" >6. Montage der Sockelleiste an der Zarge.<\/span>\n\t\t\t\t\t\t\t\t\t\t\t\t\t\t\t\t\t<\/li>\n\t\t\t\t\t\t\t\t\t\t\t\t\t\t\t<li>\n\t\t\t\t\t\t\t\t\t<span class=\"list-icon\" >\n\t\t\t\t\t\t\t\t\t\t\t\t\t\t\t\t\t\t\t\t\t<img decoding=\"async\" src=\"https:\/\/korner.eu\/wp-content\/uploads\/2020\/03\/ultima80_montaz7-400x213.jpg\" alt=\"\">\n\t\t\t\t\t\t\t\t\t\t\t\t\t\t\t\t\t\t\t<\/span>\n\t\t\t\t\t\t\t\t\t\t\t\t\t\t\t\t\t\t\t<span class=\"list-text\" >7. Die Spalten zwischen der Wand und der Sockelleiste mit Silikon im angepassten Farbton verf\u00fcllen.<\/span>\n\t\t\t\t\t\t\t\t\t\t\t\t\t\t\t\t\t<\/li>\n\t\t\t\t\t\t\t\t\t\t\t\t\t\t\t<li>\n\t\t\t\t\t\t\t\t\t<span class=\"list-icon\" >\n\t\t\t\t\t\t\t\t\t\t\t\t\t\t\t\t\t\t\t\t\t<img decoding=\"async\" src=\"https:\/\/korner.eu\/wp-content\/uploads\/2020\/03\/ultima80_montaz8-400x213.jpg\" alt=\"\">\n\t\t\t\t\t\t\t\t\t\t\t\t\t\t\t\t\t\t\t<\/span>\n\t\t\t\t\t\t\t\t\t\t\t\t\t\t\t\t\t\t\t<span class=\"list-text\" >Zweite Montagevariante an der Wand &#8211; mit einem Befestigungshalter.<\/span>\n\t\t\t\t\t\t\t\t\t\t\t\t\t\t\t\t\t<\/li>\n\t\t\t\t\t\t\t\t\t\t\t\t\t<\/ul>\n\t\t\t\t\t\t\t\t\t<\/div>\n\t\t\t<\/div>\n\t\t\t<\/div>\n<\/section><div class=\"row column default-GB clearfix\">\n\n<\/div>\r\n<section id=\"korner-block_690aa656b9ae9b8cc7edfc8ba735a186\" class=\"acordion-gallery-section \" >\r\n\t<div class=\"row column\">\r\n\t\t\t\t\r\n\t\t\t\t\t<div class=\"accordion-item\">\r\n\t\t\t\t<h3 class=\"accordion-item-title   \" >Farbpalette<svg xmlns=\"http:\/\/www.w3.org\/2000\/svg\" viewBox=\"0 0 24 24\"><path d=\"M0 7.33l2.829-2.83 9.175 9.339 9.167-9.339 2.829 2.83-11.996 12.17z\"\/><\/svg><\/h3>\r\n\t\t\t\t<div class=\"accordion-item-content\"  >\r\n\t\t\t\t\t\t\t\t\t\t\t\t\t\t\t\t\t\t<div class=\"acordion-gallery\">\r\n\t\t\t\t\t\t\t\t\t\t\t\t\t\t\t\t\t<div class=\"acordion-gallery-item\">\r\n\t\t\t\t\t\t\t\t\t\t\t\t\t\t\t\t\t\t\t\t\t\t\t\t\t\t\t\t\t\t\t\t\t\t\t\t\t\t\t\t\t\t\t\t\t\t\t\t\t\t\t\t\t\t\t\t\t\t\t\t\t\t\t\t\t\t\t\t\t\t\t\t\t\t\t<a data-fancybox=\"gallery\" data-code=\"25-80-0-005\" data-caption=\"Eiche labrador\" href=\"https:\/\/korner.eu\/wp-content\/uploads\/2020\/03\/ult80_labrador.png\">\r\n\t\t\t\t\t\t\t\t\t\t\t\t<span class=\"acordion-gallery-image \" style=\"background-image: url(https:\/\/korner.eu\/wp-content\/uploads\/2020\/03\/ult80_labrador.png)\">\r\n\t\t\t\t\t\t\t\t\t\t\t\t\t\t\t\t\t\t\t\t\t\t\t\t\t\t<img decoding=\"async\" class=\"hidde\" src=\"https:\/\/korner.eu\/wp-content\/uploads\/2020\/03\/ult80_labrador.png\" alt=\"\">\r\n\t\t\t\t\t\t\t\t\t\t\t\t<\/span>\r\n\t\t\t\t\t\t\t\t\t\t\t<\/a>\r\n\t\t\t\t\t\t\t\t\t\t\t\t\t\t\t\t\t\t\t\t\r\n\t\t\t\t\t\t\t\t\t\t\t\t\t\t\t\t\t\t\t\t\t<span class=\"acordion-gallery-title\" >Eiche labrador<\/span>\r\n\t\t\t\t\t\t\t\t\t\t\t\t\t\t\t\t\t\t\t\t\t\t\t\t\t\t\t\t\t\t\t<span class=\"acordion-gallery-description \" >25-80-0-005<\/span>\r\n\t\t\t\t\t\t\t\t\t\t\t\t\t\t\t\t\t\t\t<\/div>\r\n\t\t\t\t\t\t\t\t\t\t\t\t\t\t\t\t\t<div class=\"acordion-gallery-item\">\r\n\t\t\t\t\t\t\t\t\t\t\t\t\t\t\t\t\t\t\t\t\t\t\t\t\t\t\t\t\t\t\t\t\t\t\t\t\t\t\t\t\t\t\t\t\t\t\t\t\t\t\t\t\t\t\t\t\t\t\t\t\t\t\t\t\t\t\t\t\t\t\t\t\t\t\t<a data-fancybox=\"gallery\" data-code=\"25-80-0-006\" data-caption=\"Eiche Ardennen-AUSVERKAUF\" href=\"https:\/\/korner.eu\/wp-content\/uploads\/2020\/03\/ult80_ardenski.png\">\r\n\t\t\t\t\t\t\t\t\t\t\t\t<span class=\"acordion-gallery-image \" style=\"background-image: url(https:\/\/korner.eu\/wp-content\/uploads\/2020\/03\/ult80_ardenski.png)\">\r\n\t\t\t\t\t\t\t\t\t\t\t\t\t\t\t\t\t\t\t\t\t\t\t\t\t\t\t<span class=\"acordion-gallery-image-title\" >AUSVERKAUF<\/span>\r\n\t\t\t\t\t\t\t\t\t\t\t\t\t\t\t\t\t\t\t\t\t\t\t\t\t\t<img decoding=\"async\" class=\"hidde\" src=\"https:\/\/korner.eu\/wp-content\/uploads\/2020\/03\/ult80_ardenski.png\" alt=\"\">\r\n\t\t\t\t\t\t\t\t\t\t\t\t<\/span>\r\n\t\t\t\t\t\t\t\t\t\t\t<\/a>\r\n\t\t\t\t\t\t\t\t\t\t\t\t\t\t\t\t\t\t\t\t\r\n\t\t\t\t\t\t\t\t\t\t\t\t\t\t\t\t\t\t\t\t\t<span class=\"acordion-gallery-title\" >Eiche Ardennen-AUSVERKAUF<\/span>\r\n\t\t\t\t\t\t\t\t\t\t\t\t\t\t\t\t\t\t\t\t\t\t\t\t\t\t\t\t\t\t\t<span class=\"acordion-gallery-description \" >25-80-0-006<\/span>\r\n\t\t\t\t\t\t\t\t\t\t\t\t\t\t\t\t\t\t\t<\/div>\r\n\t\t\t\t\t\t\t\t\t\t\t\t\t\t\t\t\t<div class=\"acordion-gallery-item\">\r\n\t\t\t\t\t\t\t\t\t\t\t\t\t\t\t\t\t\t\t\t\t\t\t\t\t\t\t\t\t\t\t\t\t\t\t\t\t\t\t\t\t\t\t\t\t\t\t\t\t\t\t\t\t\t\t\t\t\t\t\t\t\t\t\t\t\t\t\t\t\t\t\t\t\t\t<a data-fancybox=\"gallery\" data-code=\"25-80-0-007\" data-caption=\"Skandinavischen Eiche\" href=\"https:\/\/korner.eu\/wp-content\/uploads\/2020\/03\/ult80_skandynawski.png\">\r\n\t\t\t\t\t\t\t\t\t\t\t\t<span class=\"acordion-gallery-image \" style=\"background-image: url(https:\/\/korner.eu\/wp-content\/uploads\/2020\/03\/ult80_skandynawski.png)\">\r\n\t\t\t\t\t\t\t\t\t\t\t\t\t\t\t\t\t\t\t\t\t\t\t\t\t\t<img decoding=\"async\" class=\"hidde\" src=\"https:\/\/korner.eu\/wp-content\/uploads\/2020\/03\/ult80_skandynawski.png\" alt=\"\">\r\n\t\t\t\t\t\t\t\t\t\t\t\t<\/span>\r\n\t\t\t\t\t\t\t\t\t\t\t<\/a>\r\n\t\t\t\t\t\t\t\t\t\t\t\t\t\t\t\t\t\t\t\t\r\n\t\t\t\t\t\t\t\t\t\t\t\t\t\t\t\t\t\t\t\t\t<span class=\"acordion-gallery-title\" >Skandinavischen Eiche<\/span>\r\n\t\t\t\t\t\t\t\t\t\t\t\t\t\t\t\t\t\t\t\t\t\t\t\t\t\t\t\t\t\t\t<span class=\"acordion-gallery-description \" >25-80-0-007<\/span>\r\n\t\t\t\t\t\t\t\t\t\t\t\t\t\t\t\t\t\t\t<\/div>\r\n\t\t\t\t\t\t\t\t\t\t\t\t\t\t\t\t\t<div class=\"acordion-gallery-item\">\r\n\t\t\t\t\t\t\t\t\t\t\t\t\t\t\t\t\t\t\t\t\t\t\t\t\t\t\t\t\t\t\t\t\t\t\t\t\t\t\t\t\t\t\t\t\t\t\t\t\t\t\t\t\t\t\t\t\t\t\t\t\t\t\t\t\t\t\t\t\t\t\t\t\t\t\t<a data-fancybox=\"gallery\" data-code=\"25-80-0-008\" data-caption=\"Franz\u00f6sisch Eiche\" href=\"https:\/\/korner.eu\/wp-content\/uploads\/2020\/03\/ult80_francuski.png\">\r\n\t\t\t\t\t\t\t\t\t\t\t\t<span class=\"acordion-gallery-image \" style=\"background-image: url(https:\/\/korner.eu\/wp-content\/uploads\/2020\/03\/ult80_francuski.png)\">\r\n\t\t\t\t\t\t\t\t\t\t\t\t\t\t\t\t\t\t\t\t\t\t\t\t\t\t<img decoding=\"async\" class=\"hidde\" src=\"https:\/\/korner.eu\/wp-content\/uploads\/2020\/03\/ult80_francuski.png\" alt=\"\">\r\n\t\t\t\t\t\t\t\t\t\t\t\t<\/span>\r\n\t\t\t\t\t\t\t\t\t\t\t<\/a>\r\n\t\t\t\t\t\t\t\t\t\t\t\t\t\t\t\t\t\t\t\t\r\n\t\t\t\t\t\t\t\t\t\t\t\t\t\t\t\t\t\t\t\t\t<span class=\"acordion-gallery-title\" >Franz\u00f6sisch Eiche<\/span>\r\n\t\t\t\t\t\t\t\t\t\t\t\t\t\t\t\t\t\t\t\t\t\t\t\t\t\t\t\t\t\t\t<span class=\"acordion-gallery-description \" >25-80-0-008<\/span>\r\n\t\t\t\t\t\t\t\t\t\t\t\t\t\t\t\t\t\t\t<\/div>\r\n\t\t\t\t\t\t\t\t\t\t\t\t\t\t\t\t\t<div class=\"acordion-gallery-item\">\r\n\t\t\t\t\t\t\t\t\t\t\t\t\t\t\t\t\t\t\t\t\t\t\t\t\t\t\t\t\t\t\t\t\t\t\t\t\t\t\t\t\t\t\t\t\t\t\t\t\t\t\t\t\t\t\t\t\t\t\t\t\t\t\t\t\t\t\t\t\t\t\t\t\t\t\t<a data-fancybox=\"gallery\" data-code=\"25-80-0-014\" data-caption=\"Olympus Hicory-AUSVERKAUF\" href=\"https:\/\/korner.eu\/wp-content\/uploads\/2020\/03\/ult80_hicory.png\">\r\n\t\t\t\t\t\t\t\t\t\t\t\t<span class=\"acordion-gallery-image \" style=\"background-image: url(https:\/\/korner.eu\/wp-content\/uploads\/2020\/03\/ult80_hicory.png)\">\r\n\t\t\t\t\t\t\t\t\t\t\t\t\t\t\t\t\t\t\t\t\t\t\t\t\t\t\t<span class=\"acordion-gallery-image-title\" >AUSVERKAUF<\/span>\r\n\t\t\t\t\t\t\t\t\t\t\t\t\t\t\t\t\t\t\t\t\t\t\t\t\t\t<img decoding=\"async\" class=\"hidde\" src=\"https:\/\/korner.eu\/wp-content\/uploads\/2020\/03\/ult80_hicory.png\" alt=\"\">\r\n\t\t\t\t\t\t\t\t\t\t\t\t<\/span>\r\n\t\t\t\t\t\t\t\t\t\t\t<\/a>\r\n\t\t\t\t\t\t\t\t\t\t\t\t\t\t\t\t\t\t\t\t\r\n\t\t\t\t\t\t\t\t\t\t\t\t\t\t\t\t\t\t\t\t\t<span class=\"acordion-gallery-title\" >Olympus Hicory-AUSVERKAUF<\/span>\r\n\t\t\t\t\t\t\t\t\t\t\t\t\t\t\t\t\t\t\t\t\t\t\t\t\t\t\t\t\t\t\t<span class=\"acordion-gallery-description \" >25-80-0-014<\/span>\r\n\t\t\t\t\t\t\t\t\t\t\t\t\t\t\t\t\t\t\t<\/div>\r\n\t\t\t\t\t\t\t\t\t\t\t\t\t\t\t\t\t<div class=\"acordion-gallery-item\">\r\n\t\t\t\t\t\t\t\t\t\t\t\t\t\t\t\t\t\t\t\t\t\t\t\t\t\t\t\t\t\t\t\t\t\t\t\t\t\t\t\t\t\t\t\t\t\t\t\t\t\t\t\t\t\t\t\t\t\t\t\t\t\t\t\t\t\t\t\t\t\t\t\t\t\t\t<a data-fancybox=\"gallery\" data-code=\"25-80-0-015\" data-caption=\"Eiche cottage-AUSVERKAUF\" href=\"https:\/\/korner.eu\/wp-content\/uploads\/2020\/03\/ult80_cottage.png\">\r\n\t\t\t\t\t\t\t\t\t\t\t\t<span class=\"acordion-gallery-image \" style=\"background-image: url(https:\/\/korner.eu\/wp-content\/uploads\/2020\/03\/ult80_cottage.png)\">\r\n\t\t\t\t\t\t\t\t\t\t\t\t\t\t\t\t\t\t\t\t\t\t\t\t\t\t\t<span class=\"acordion-gallery-image-title\" >AUSVERKAUF<\/span>\r\n\t\t\t\t\t\t\t\t\t\t\t\t\t\t\t\t\t\t\t\t\t\t\t\t\t\t<img decoding=\"async\" class=\"hidde\" src=\"https:\/\/korner.eu\/wp-content\/uploads\/2020\/03\/ult80_cottage.png\" alt=\"\">\r\n\t\t\t\t\t\t\t\t\t\t\t\t<\/span>\r\n\t\t\t\t\t\t\t\t\t\t\t<\/a>\r\n\t\t\t\t\t\t\t\t\t\t\t\t\t\t\t\t\t\t\t\t\r\n\t\t\t\t\t\t\t\t\t\t\t\t\t\t\t\t\t\t\t\t\t<span class=\"acordion-gallery-title\" >Eiche cottage-AUSVERKAUF<\/span>\r\n\t\t\t\t\t\t\t\t\t\t\t\t\t\t\t\t\t\t\t\t\t\t\t\t\t\t\t\t\t\t\t<span class=\"acordion-gallery-description \" >25-80-0-015<\/span>\r\n\t\t\t\t\t\t\t\t\t\t\t\t\t\t\t\t\t\t\t<\/div>\r\n\t\t\t\t\t\t\t\t\t\t\t\t\t\t\t\t\t<div class=\"acordion-gallery-item\">\r\n\t\t\t\t\t\t\t\t\t\t\t\t\t\t\t\t\t\t\t\t\t\t\t\t\t\t\t\t\t\t\t\t\t\t\t\t\t\t\t\t\t\t\t\t\t\t\t\t\t\t\t\t\t\t\t\t\t\t\t\t\t\t\t\t\t\t\t\t\t\t\t\t\t\t\t<a data-fancybox=\"gallery\" data-code=\"25-80-0-017\" data-caption=\"Red River Hicory-AUSVERKAUF\" href=\"https:\/\/korner.eu\/wp-content\/uploads\/2020\/03\/ult80_rhicory.png\">\r\n\t\t\t\t\t\t\t\t\t\t\t\t<span class=\"acordion-gallery-image \" style=\"background-image: url(https:\/\/korner.eu\/wp-content\/uploads\/2020\/03\/ult80_rhicory.png)\">\r\n\t\t\t\t\t\t\t\t\t\t\t\t\t\t\t\t\t\t\t\t\t\t\t\t\t\t\t<span class=\"acordion-gallery-image-title\" >AUSVERKAUF<\/span>\r\n\t\t\t\t\t\t\t\t\t\t\t\t\t\t\t\t\t\t\t\t\t\t\t\t\t\t<img decoding=\"async\" class=\"hidde\" src=\"https:\/\/korner.eu\/wp-content\/uploads\/2020\/03\/ult80_rhicory.png\" alt=\"\">\r\n\t\t\t\t\t\t\t\t\t\t\t\t<\/span>\r\n\t\t\t\t\t\t\t\t\t\t\t<\/a>\r\n\t\t\t\t\t\t\t\t\t\t\t\t\t\t\t\t\t\t\t\t\r\n\t\t\t\t\t\t\t\t\t\t\t\t\t\t\t\t\t\t\t\t\t<span class=\"acordion-gallery-title\" >Red River Hicory-AUSVERKAUF<\/span>\r\n\t\t\t\t\t\t\t\t\t\t\t\t\t\t\t\t\t\t\t\t\t\t\t\t\t\t\t\t\t\t\t<span class=\"acordion-gallery-description \" >25-80-0-017<\/span>\r\n\t\t\t\t\t\t\t\t\t\t\t\t\t\t\t\t\t\t\t<\/div>\r\n\t\t\t\t\t\t\t\t\t\t\t\t\t\t\t\t\t<div class=\"acordion-gallery-item\">\r\n\t\t\t\t\t\t\t\t\t\t\t\t\t\t\t\t\t\t\t\t\t\t\t\t\t\t\t\t\t\t\t\t\t\t\t\t\t\t\t\t\t\t\t\t\t\t\t\t\t\t\t\t\t\t\t\t\t\t\t\t\t\t\t\t\t\t\t\t\t\t\t\t\t\t\t<a data-fancybox=\"gallery\" data-code=\"25-80-0-016\" data-caption=\"edle Eiche-AUSVERKAUF\" href=\"https:\/\/korner.eu\/wp-content\/uploads\/2020\/03\/ult80_noble.png\">\r\n\t\t\t\t\t\t\t\t\t\t\t\t<span class=\"acordion-gallery-image \" style=\"background-image: url(https:\/\/korner.eu\/wp-content\/uploads\/2020\/03\/ult80_noble.png)\">\r\n\t\t\t\t\t\t\t\t\t\t\t\t\t\t\t\t\t\t\t\t\t\t\t\t\t\t\t<span class=\"acordion-gallery-image-title\" >AUSVERKAUF<\/span>\r\n\t\t\t\t\t\t\t\t\t\t\t\t\t\t\t\t\t\t\t\t\t\t\t\t\t\t<img decoding=\"async\" class=\"hidde\" src=\"https:\/\/korner.eu\/wp-content\/uploads\/2020\/03\/ult80_noble.png\" alt=\"\">\r\n\t\t\t\t\t\t\t\t\t\t\t\t<\/span>\r\n\t\t\t\t\t\t\t\t\t\t\t<\/a>\r\n\t\t\t\t\t\t\t\t\t\t\t\t\t\t\t\t\t\t\t\t\r\n\t\t\t\t\t\t\t\t\t\t\t\t\t\t\t\t\t\t\t\t\t<span class=\"acordion-gallery-title\" >edle Eiche-AUSVERKAUF<\/span>\r\n\t\t\t\t\t\t\t\t\t\t\t\t\t\t\t\t\t\t\t\t\t\t\t\t\t\t\t\t\t\t\t<span class=\"acordion-gallery-description \" >25-80-0-016<\/span>\r\n\t\t\t\t\t\t\t\t\t\t\t\t\t\t\t\t\t\t\t<\/div>\r\n\t\t\t\t\t\t\t\t\t\t\t\t\t\t\t\t\t<div class=\"acordion-gallery-item\">\r\n\t\t\t\t\t\t\t\t\t\t\t\t\t\t\t\t\t\t\t\t\t\t\t\t\t\t\t\t\t\t\t\t\t\t\t\t\t\t\t\t\t\t\t\t\t\t\t\t\t\t\t\t\t\t\t\t\t\t\t\t\t\t\t\t\t\t\t\t\t\t\t\t\t\t\t<a data-fancybox=\"gallery\" data-code=\"25-80-0-116\" data-caption=\"edle Eiche Wood- AUSVERKAUF\" href=\"https:\/\/korner.eu\/wp-content\/uploads\/2020\/03\/ult80_nwood.png\">\r\n\t\t\t\t\t\t\t\t\t\t\t\t<span class=\"acordion-gallery-image \" style=\"background-image: url(https:\/\/korner.eu\/wp-content\/uploads\/2020\/03\/ult80_nwood.png)\">\r\n\t\t\t\t\t\t\t\t\t\t\t\t\t\t\t\t\t\t\t\t\t\t\t\t\t\t\t<span class=\"acordion-gallery-image-title\" >AUSVERKAUF<\/span>\r\n\t\t\t\t\t\t\t\t\t\t\t\t\t\t\t\t\t\t\t\t\t\t\t\t\t\t<img decoding=\"async\" class=\"hidde\" src=\"https:\/\/korner.eu\/wp-content\/uploads\/2020\/03\/ult80_nwood.png\" alt=\"\">\r\n\t\t\t\t\t\t\t\t\t\t\t\t<\/span>\r\n\t\t\t\t\t\t\t\t\t\t\t<\/a>\r\n\t\t\t\t\t\t\t\t\t\t\t\t\t\t\t\t\t\t\t\t\r\n\t\t\t\t\t\t\t\t\t\t\t\t\t\t\t\t\t\t\t\t\t<span class=\"acordion-gallery-title\" >edle Eiche Wood- AUSVERKAUF<\/span>\r\n\t\t\t\t\t\t\t\t\t\t\t\t\t\t\t\t\t\t\t\t\t\t\t\t\t\t\t\t\t\t\t<span class=\"acordion-gallery-description \" >25-80-0-116<\/span>\r\n\t\t\t\t\t\t\t\t\t\t\t\t\t\t\t\t\t\t\t<\/div>\r\n\t\t\t\t\t\t\t\t\t\t\t\t\t\t\t\t\t<div class=\"acordion-gallery-item\">\r\n\t\t\t\t\t\t\t\t\t\t\t\t\t\t\t\t\t\t\t\t\t\t\t\t\t\t\t\t\t\t\t\t\t\t\t\t\t\t\t\t\t\t\t\t\t\t\t\t\t\t\t\t\t\t\t\t\t\t\t\t\t\t\t\t\t\t\t\t\t\t\t\t\t\t\t<a data-fancybox=\"gallery\" data-code=\"25-80-0-120\" data-caption=\"Eiche gebleicht Wood- AUSVERKAUF\" href=\"https:\/\/korner.eu\/wp-content\/uploads\/2020\/03\/ult80_bwood.png\">\r\n\t\t\t\t\t\t\t\t\t\t\t\t<span class=\"acordion-gallery-image \" style=\"background-image: url(https:\/\/korner.eu\/wp-content\/uploads\/2020\/03\/ult80_bwood.png)\">\r\n\t\t\t\t\t\t\t\t\t\t\t\t\t\t\t\t\t\t\t\t\t\t\t\t\t\t<img decoding=\"async\" class=\"hidde\" src=\"https:\/\/korner.eu\/wp-content\/uploads\/2020\/03\/ult80_bwood.png\" alt=\"\">\r\n\t\t\t\t\t\t\t\t\t\t\t\t<\/span>\r\n\t\t\t\t\t\t\t\t\t\t\t<\/a>\r\n\t\t\t\t\t\t\t\t\t\t\t\t\t\t\t\t\t\t\t\t\r\n\t\t\t\t\t\t\t\t\t\t\t\t\t\t\t\t\t\t\t\t\t<span class=\"acordion-gallery-title\" >Eiche gebleicht Wood- AUSVERKAUF<\/span>\r\n\t\t\t\t\t\t\t\t\t\t\t\t\t\t\t\t\t\t\t\t\t\t\t\t\t\t\t\t\t\t\t<span class=\"acordion-gallery-description \" >25-80-0-120<\/span>\r\n\t\t\t\t\t\t\t\t\t\t\t\t\t\t\t\t\t\t\t<\/div>\r\n\t\t\t\t\t\t\t\t\t\t\t\t\t\t\t\t<div class=\"acordion-gallery-item empty\"><\/div>\r\n\t\t\t\t\t\t\t<\/div>\r\n\t\t\t\t\t\t\t\t\t\t\t\t\t\t\t<\/div>\r\n\t\t\t<\/div>\r\n\t\t\t<\/div>\r\n<\/section>\r\n\r\n<div class=\"row column default-GB clearfix\">\n\n<\/div>\r\n<section id=\"korner-block_032fa8746d0840325fb316df33a9631c\" class=\"acordion-gallery-section \" >\r\n\t<div class=\"row column\">\r\n\t\t\t\t\r\n\t\t\t\t\t<div class=\"accordion-item\">\r\n\t\t\t\t<h3 class=\"accordion-item-title   \" >Die passende farbpalette SPC-AUSVERKAUF<svg xmlns=\"http:\/\/www.w3.org\/2000\/svg\" viewBox=\"0 0 24 24\"><path d=\"M0 7.33l2.829-2.83 9.175 9.339 9.167-9.339 2.829 2.83-11.996 12.17z\"\/><\/svg><\/h3>\r\n\t\t\t\t<div class=\"accordion-item-content\"  >\r\n\t\t\t\t\t\t\t\t\t\t\t\t\t\t\t\t\t\t<div class=\"acordion-gallery\">\r\n\t\t\t\t\t\t\t\t\t\t\t\t\t\t\t\t\t<div class=\"acordion-gallery-item\">\r\n\t\t\t\t\t\t\t\t\t\t\t\t\t\t\t\t\t\t\t\t\t\t\t\t\t\t\t\t\t\t\t\t\t\t\t\t\t\t\t\t\t\t\t\t\t\t\t\t\t\t\t\t\t\t\t\t\t\t\t\t\t\t\t\t\t\t\t\t\t\t\t\t\t\t\t<a data-fancybox=\"gallery\" data-code=\"25-80-0-023\" data-caption=\"Felsige Eiche -AUSVERKAUF\" href=\"https:\/\/korner.eu\/wp-content\/uploads\/2020\/03\/ult80_skalisty.png\">\r\n\t\t\t\t\t\t\t\t\t\t\t\t<span class=\"acordion-gallery-image \" style=\"background-image: url(https:\/\/korner.eu\/wp-content\/uploads\/2020\/03\/ult80_skalisty.png)\">\r\n\t\t\t\t\t\t\t\t\t\t\t\t\t\t\t\t\t\t\t\t\t\t\t\t\t\t<img decoding=\"async\" class=\"hidde\" src=\"https:\/\/korner.eu\/wp-content\/uploads\/2020\/03\/ult80_skalisty.png\" alt=\"\">\r\n\t\t\t\t\t\t\t\t\t\t\t\t<\/span>\r\n\t\t\t\t\t\t\t\t\t\t\t<\/a>\r\n\t\t\t\t\t\t\t\t\t\t\t\t\t\t\t\t\t\t\t\t\r\n\t\t\t\t\t\t\t\t\t\t\t\t\t\t\t\t\t\t\t\t\t<span class=\"acordion-gallery-title\" >Felsige Eiche -AUSVERKAUF<\/span>\r\n\t\t\t\t\t\t\t\t\t\t\t\t\t\t\t\t\t\t\t\t\t\t\t\t\t\t\t\t\t\t\t<span class=\"acordion-gallery-description \" >25-80-0-023<\/span>\r\n\t\t\t\t\t\t\t\t\t\t\t\t\t\t\t\t\t\t\t<\/div>\r\n\t\t\t\t\t\t\t\t\t\t\t\t\t\t\t\t\t<div class=\"acordion-gallery-item\">\r\n\t\t\t\t\t\t\t\t\t\t\t\t\t\t\t\t\t\t\t\t\t\t\t\t\t\t\t\t\t\t\t\t\t\t\t\t\t\t\t\t\t\t\t\t\t\t\t\t\t\t\t\t\t\t\t\t\t\t\t\t\t\t\t\t\t\t\t\t\t\t\t\t\t\t\t<a data-fancybox=\"gallery\" data-code=\"25-80-0-025\" data-caption=\"Eiche Vintage-AUSVERKAUF\" href=\"https:\/\/korner.eu\/wp-content\/uploads\/2020\/03\/ult80_vintage.png\">\r\n\t\t\t\t\t\t\t\t\t\t\t\t<span class=\"acordion-gallery-image \" style=\"background-image: url(https:\/\/korner.eu\/wp-content\/uploads\/2020\/03\/ult80_vintage.png)\">\r\n\t\t\t\t\t\t\t\t\t\t\t\t\t\t\t\t\t\t\t\t\t\t\t\t\t\t<img decoding=\"async\" class=\"hidde\" src=\"https:\/\/korner.eu\/wp-content\/uploads\/2020\/03\/ult80_vintage.png\" alt=\"\">\r\n\t\t\t\t\t\t\t\t\t\t\t\t<\/span>\r\n\t\t\t\t\t\t\t\t\t\t\t<\/a>\r\n\t\t\t\t\t\t\t\t\t\t\t\t\t\t\t\t\t\t\t\t\r\n\t\t\t\t\t\t\t\t\t\t\t\t\t\t\t\t\t\t\t\t\t<span class=\"acordion-gallery-title\" >Eiche Vintage-AUSVERKAUF<\/span>\r\n\t\t\t\t\t\t\t\t\t\t\t\t\t\t\t\t\t\t\t\t\t\t\t\t\t\t\t\t\t\t\t<span class=\"acordion-gallery-description \" >25-80-0-025<\/span>\r\n\t\t\t\t\t\t\t\t\t\t\t\t\t\t\t\t\t\t\t<\/div>\r\n\t\t\t\t\t\t\t\t\t\t\t\t\t\t\t\t\t<div class=\"acordion-gallery-item\">\r\n\t\t\t\t\t\t\t\t\t\t\t\t\t\t\t\t\t\t\t\t\t\t\t\t\t\t\t\t\t\t\t\t\t\t\t\t\t\t\t\t\t\t\t\t\t\t\t\t\t\t\t\t\t\t\t\t\t\t\t\t\t\t\t\t\t\t\t\t\t\t\t\t\t\t\t<a data-fancybox=\"gallery\" data-code=\"25-80-0-027\" data-caption=\"Schwedische Eiche-AUSVERKAUF\" href=\"https:\/\/korner.eu\/wp-content\/uploads\/2020\/03\/ult80_szwedzki.png\">\r\n\t\t\t\t\t\t\t\t\t\t\t\t<span class=\"acordion-gallery-image \" style=\"background-image: url(https:\/\/korner.eu\/wp-content\/uploads\/2020\/03\/ult80_szwedzki.png)\">\r\n\t\t\t\t\t\t\t\t\t\t\t\t\t\t\t\t\t\t\t\t\t\t\t\t\t\t<img decoding=\"async\" class=\"hidde\" src=\"https:\/\/korner.eu\/wp-content\/uploads\/2020\/03\/ult80_szwedzki.png\" alt=\"\">\r\n\t\t\t\t\t\t\t\t\t\t\t\t<\/span>\r\n\t\t\t\t\t\t\t\t\t\t\t<\/a>\r\n\t\t\t\t\t\t\t\t\t\t\t\t\t\t\t\t\t\t\t\t\r\n\t\t\t\t\t\t\t\t\t\t\t\t\t\t\t\t\t\t\t\t\t<span class=\"acordion-gallery-title\" >Schwedische Eiche-AUSVERKAUF<\/span>\r\n\t\t\t\t\t\t\t\t\t\t\t\t\t\t\t\t\t\t\t\t\t\t\t\t\t\t\t\t\t\t\t<span class=\"acordion-gallery-description \" >25-80-0-027<\/span>\r\n\t\t\t\t\t\t\t\t\t\t\t\t\t\t\t\t\t\t\t<\/div>\r\n\t\t\t\t\t\t\t\t\t\t\t\t\t\t\t\t<div class=\"acordion-gallery-item empty\"><\/div>\r\n\t\t\t\t\t\t\t<\/div>\r\n\t\t\t\t\t\t\t\t\t\t\t\t\t\t\t<\/div>\r\n\t\t\t<\/div>\r\n\t\t\t<\/div>\r\n<\/section>\r\n\r\n<div class=\"row column default-GB clearfix\">\n\n<\/div>\n\n<section id=\"korner-block_b58f30e51113555269f362c8b1d3420f\" class=\"acordion-two-column-images-section  \" >\n\t<div class=\"row column\">\n\t\t\t\t\t\t\t\t\t<div class=\"accordion-item\">\n\t\t\t\t<h3 class=\"accordion-item-title\">Einrichtungsbeispiele<svg xmlns=\"http:\/\/www.w3.org\/2000\/svg\" viewBox=\"0 0 24 24\"><path d=\"M0 7.33l2.829-2.83 9.175 9.339 9.167-9.339 2.829 2.83-11.996 12.17z\"\/><\/svg><\/h3>\n\t\t\t\t<div class=\"accordion-item-content\">\n\t\t\t\t\t\t\t\t\t\t\t\t\t\t\t\t<ul class=\"two-column-gallery\" >\n\t\t\t\t\t\t\t\t\t\t\t\t\t\t\t<li class=\"cover-bg two-column-gallery-item cover-bg-img\" >\n\t\t\t\t\t\t\t\t\t<a data-fancybox=\"gallery-block_b58f30e51113555269f362c8b1d3420f\" href=\"https:\/\/korner.eu\/wp-content\/uploads\/2020\/03\/ultima80_main-e1585137407574.jpg\">\n\t\t\t\t\t\t\t\t\t\t<picture class=\"cover-bg-image\" >\n\t\t\t\t\t\t\t\t\t\t\t<source media='(max-width: 400px)'\n\t\t\t\t\t\t\t\t\t\t\tsrcset='https:\/\/korner.eu\/wp-content\/uploads\/2020\/03\/ultima80_main-e1585137407574.jpg'\/>\n\t\t\t\t\t\t\t\t\t\t\t<img src='https:\/\/korner.eu\/wp-content\/uploads\/2020\/03\/ultima80_main-e1585137407574.jpg'\/>\n\t\t\t\t\t\t\t\t\t\t<\/picture>\n\t\t\t\t\t\t\t\t\t<\/a>\n\t\t\t\t\t\t\t\t<\/li>\n\t\t\t\t\t\t\t\t\t\t\t\t\t\t\t<li class=\"cover-bg two-column-gallery-item cover-bg-img\" >\n\t\t\t\t\t\t\t\t\t<a data-fancybox=\"gallery-block_b58f30e51113555269f362c8b1d3420f\" href=\"https:\/\/korner.eu\/wp-content\/uploads\/2020\/03\/ultima80-aranz.jpg\">\n\t\t\t\t\t\t\t\t\t\t<picture class=\"cover-bg-image\" >\n\t\t\t\t\t\t\t\t\t\t\t<source media='(max-width: 400px)'\n\t\t\t\t\t\t\t\t\t\t\tsrcset='https:\/\/korner.eu\/wp-content\/uploads\/2020\/03\/ultima80-aranz-400x213.jpg'\/>\n\t\t\t\t\t\t\t\t\t\t\t<img src='https:\/\/korner.eu\/wp-content\/uploads\/2020\/03\/ultima80-aranz-767x409.jpg'\/>\n\t\t\t\t\t\t\t\t\t\t<\/picture>\n\t\t\t\t\t\t\t\t\t<\/a>\n\t\t\t\t\t\t\t\t<\/li>\n\t\t\t\t\t\t\t\t\t\t\t\t\t<\/ul>\n\t\t\t\t\t\t\t\t\t<\/div>\n\t\t\t<\/div>\n\t\t\t<\/div>\n<\/section>\n\n<div class=\"row column default-GB clearfix\">\n\n<\/div>\n\n<section id=\"korner-block_9f048fb80a46b343cfeb7a0a7e58e391\" class=\"acordion-images-auto-width-section  \" >\n\t<div class=\"row column\">\n\t\t\t\t\t\t\t\t\t<div class=\"accordion-item\">\n\t\t\t\t<h3 class=\"accordion-item-title\">Verpackungsweise<svg xmlns=\"http:\/\/www.w3.org\/2000\/svg\" viewBox=\"0 0 24 24\"><path d=\"M0 7.33l2.829-2.83 9.175 9.339 9.167-9.339 2.829 2.83-11.996 12.17z\"\/><\/svg><\/h3>\n\t\t\t\t<div class=\"accordion-item-content\">\n\t\t\t\t\t\t\t\t\t\t\t\t\t\t\t\t<ul class=\"gallery-size-auto\" >\n\t\t\t\t\t\t\t\t\t\t\t\t\t\t\t<li class=\"gallery-size-auto-item\" >\n\t\t\t\t\t\t\t\t\t<picture class=\"cover-bg-image\" >\n\t\t\t\t\t\t\t\t\t\t<source media='(max-width: 400px)'\n\t\t\t\t\t\t\t\t\t\tsrcset='https:\/\/korner.eu\/wp-content\/uploads\/2020\/03\/sposob_pakowania-400x197.png'\/>\n\t\t\t\t\t\t\t\t\t\t<source media='(max-width: 767px)'\n\t\t\t\t\t\t\t\t\t\tsrcset='https:\/\/korner.eu\/wp-content\/uploads\/2020\/03\/sposob_pakowania-767x379.png'\/>\n\t\t\t\t\t\t\t\t\t\t<img src='https:\/\/korner.eu\/wp-content\/uploads\/2020\/03\/sposob_pakowania.png'\/>\n\t\t\t\t\t\t\t\t\t<\/picture>\n\t\t\t\t\t\t\t\t<\/li>\n\t\t\t\t\t\t\t\t\t\t\t\t\t<\/ul>\n\t\t\t\t\t\t\t\t\t<\/div>\n\t\t\t<\/div>\n\t\t\t<\/div>\n<\/section>\n\n<div class=\"row column default-GB clearfix\">\n\n<\/div><div class=\"row column default-GB clearfix\">\n<h2 class=\"wp-block-heading\"> Idea 80 \/ Idea 120 <\/h2>\n<\/div><div class=\"row column default-GB clearfix\">\n\n<\/div><div class=\"row column default-GB clearfix\">\n<p>Die hohe Sockelleiste Idea ist aus dem hochwertigen Schaum-PVC ausgef\u00fchrt. Sie ist 100% wasserfest, best\u00e4ndiger und wesentlich flexibler als herk\u00f6mmliche Sockelleisten aus MDF. Sie kann beliebig angestrichen und an alle Farben der W\u00e4nde und B\u00f6den optimal angepasst werden. Auch in wei\u00df lackierter Ausf\u00fchrung erh\u00e4ltlich, f\u00fcr alle, die nach purer Form und klassischer Eleganz suchen. Die Sockelleiste ist in zwei H\u00f6hen\u2013 80 und 120 mm erh\u00e4ltlich\u2013 sie wird zu einem neuen Hingucker im Innenraum im Gegensatz zu den herk\u00f6mmlichen Sockelleisten.<\/p>\n<\/div><div class=\"row column default-GB clearfix\">\n\n<\/div><div class=\"row column default-GB clearfix\">\n<p>Wir empfehlen den speziellen Montagekleber Korner G-FIX f\u00fcr Abschlussprofile der Marke Korner und Produkte anderer Hersteller.  <a href=\"https:\/\/korner.eu\/produkty\/klej-montazowy\/?lang=de\">Mehr Infos<\/a><\/p>\n<\/div><div class=\"row column default-GB clearfix\">\n\n<\/div>\n\n<section id=\"korner-block_ad5854bf325163671710e0dd6364617c\" class=\"gallery-images-auto-width-section  \" >\n\t<div class=\"row column\">\n\t\t\t\t\t\t\t<ul class=\"gallery-size-auto\" >\n\t\t\t\t\t\t\t\t\t<li class=\"gallery-size-auto-item\" >\n\t\t\t\t\t\t<picture class=\"cover-bg-image\" >\n\t\t\t\t\t\t\t<source media='(max-width: 400px)'\n\t\t\t\t\t\t\tsrcset='https:\/\/korner.eu\/wp-content\/uploads\/2020\/03\/ide-main-400x205.jpg'\/>\n\t\t\t\t\t\t\t<source media='(max-width: 767px)'\n\t\t\t\t\t\t\tsrcset='https:\/\/korner.eu\/wp-content\/uploads\/2020\/03\/ide-main-767x392.jpg'\/>\n\t\t\t\t\t\t\t<img src='https:\/\/korner.eu\/wp-content\/uploads\/2020\/03\/ide-main-e1585139639135.jpg'\/>\n\t\t\t\t\t\t<\/picture>\n\t\t\t\t\t<\/li>\n\t\t\t\t\t\t\t\t\t<li class=\"gallery-size-auto-item\" >\n\t\t\t\t\t\t<picture class=\"cover-bg-image\" >\n\t\t\t\t\t\t\t<source media='(max-width: 400px)'\n\t\t\t\t\t\t\tsrcset='https:\/\/korner.eu\/wp-content\/uploads\/2020\/03\/idea_wymiary-e1585140043520.png'\/>\n\t\t\t\t\t\t\t<source media='(max-width: 767px)'\n\t\t\t\t\t\t\tsrcset='https:\/\/korner.eu\/wp-content\/uploads\/2020\/03\/idea_wymiary-e1585140043520.png'\/>\n\t\t\t\t\t\t\t<img src='https:\/\/korner.eu\/wp-content\/uploads\/2020\/03\/idea_wymiary-e1585140043520.png'\/>\n\t\t\t\t\t\t<\/picture>\n\t\t\t\t\t<\/li>\n\t\t\t\t\t\t\t<\/ul>\n\t\t\t<\/div>\n<\/section>\n\n<div class=\"row column default-GB clearfix\">\n\n<\/div>\n\n\n<section id=\"korner-block_e9a7c72960052a300698c73240314f06\" class=\"acordion-list-section  \" >\n\t<div class=\"row column\">\n\t\t\t\t\t\t\t\t\t<div class=\"accordion-item\">\n\t\t\t\t<h3 class=\"accordion-item-title\">Vorteile der Leiste<svg xmlns=\"http:\/\/www.w3.org\/2000\/svg\" viewBox=\"0 0 24 24\"><path d=\"M0 7.33l2.829-2.83 9.175 9.339 9.167-9.339 2.829 2.83-11.996 12.17z\"\/><\/svg><\/h3>\n\t\t\t\t<div class=\"accordion-item-content\">\n\t\t\t\t\t\t\t\t\t\t\t<ul class=\"list-with-icon instruction-list\" >\n\t\t\t\t\t\t\t\t\t\t\t\t\t\t\t<li>\n\t\t\t\t\t\t\t\t\t<span class=\"list-icon\" >\n\t\t\t\t\t\t\t\t\t\t\t\t\t\t\t\t\t\t\t\t\t<img decoding=\"async\" src=\"https:\/\/korner.eu\/wp-content\/uploads\/2020\/03\/ide_zalety1-400x213.jpg\" alt=\"\">\n\t\t\t\t\t\t\t\t\t\t\t\t\t\t\t\t\t\t\t<\/span>\n\t\t\t\t\t\t\t\t\t\t\t\t\t\t\t\t\t\t\t<span class=\"list-text\" >Ein perfekter Untergrund f\u00fcr den neuen Anstrich Die grundierte Oberfl\u00e4che der Leiste sorgt f\u00fcr ideale Farbdeckung.<\/span>\n\t\t\t\t\t\t\t\t\t\t\t\t\t\t\t\t\t<\/li>\n\t\t\t\t\t\t\t\t\t\t\t\t\t\t\t<li>\n\t\t\t\t\t\t\t\t\t<span class=\"list-icon\" >\n\t\t\t\t\t\t\t\t\t\t\t\t\t\t\t\t\t\t\t\t\t<img decoding=\"async\" src=\"https:\/\/korner.eu\/wp-content\/uploads\/2020\/03\/ide_zalety2-400x213.jpg\" alt=\"\">\n\t\t\t\t\t\t\t\t\t\t\t\t\t\t\t\t\t\t\t<\/span>\n\t\t\t\t\t\t\t\t\t\t\t\t\t\t\t\t\t\t\t<span class=\"list-text\" >Besonders robuste Beschichtung  &#8211; Vergilbt nicht aufgrund der Zeitwirkung und UV-Strahlung.<\/span>\n\t\t\t\t\t\t\t\t\t\t\t\t\t\t\t\t\t<\/li>\n\t\t\t\t\t\t\t\t\t\t\t\t\t\t\t<li>\n\t\t\t\t\t\t\t\t\t<span class=\"list-icon\" >\n\t\t\t\t\t\t\t\t\t\t\t\t\t\t\t\t\t\t\t\t\t<img decoding=\"async\" src=\"https:\/\/korner.eu\/wp-content\/uploads\/2020\/03\/ide_zalety3-400x213.jpg\" alt=\"\">\n\t\t\t\t\t\t\t\t\t\t\t\t\t\t\t\t\t\t\t<\/span>\n\t\t\t\t\t\t\t\t\t\t\t\t\t\t\t\t\t\t\t<span class=\"list-text\" >100%-ig wasserfest -So k\u00f6nnen die Sockelleisten auch in Nassr\u00e4umen problemlos verlegt werden<\/span>\n\t\t\t\t\t\t\t\t\t\t\t\t\t\t\t\t\t<\/li>\n\t\t\t\t\t\t\t\t\t\t\t\t\t\t\t<li>\n\t\t\t\t\t\t\t\t\t<span class=\"list-icon\" >\n\t\t\t\t\t\t\t\t\t\t\t\t\t\t\t\t\t\t\t\t\t<img decoding=\"async\" src=\"https:\/\/korner.eu\/wp-content\/uploads\/2020\/03\/ide_zalety4-400x213.jpg\" alt=\"\">\n\t\t\t\t\t\t\t\t\t\t\t\t\t\t\t\t\t\t\t<\/span>\n\t\t\t\t\t\t\t\t\t\t\t\t\t\t\t\t\t\t\t<span class=\"list-text\" >Zwei H\u00f6hen erh\u00e4ltlich &#8211; 80 und 120 mm &#8211; perfekt f\u00fcr elegante Innenr\u00e4ume<\/span>\n\t\t\t\t\t\t\t\t\t\t\t\t\t\t\t\t\t<\/li>\n\t\t\t\t\t\t\t\t\t\t\t\t\t<\/ul>\n\t\t\t\t\t\t\t\t\t<\/div>\n\t\t\t<\/div>\n\t\t\t<\/div>\n<\/section><div class=\"row column default-GB clearfix\">\n\n<\/div>\n\n<section id=\"korner-block_d48f1ba2c55b2c79cd37b69afcd77bc4\" class=\"acordion-text-section  \" >\n\t<div class=\"row column\">\n\t\t\t\t\t\t\t\t\t<div class=\"accordion-item\">\n\t\t\t\t<h3 class=\"accordion-item-title\">Beispiele der Anschl\u00fcsse<svg xmlns=\"http:\/\/www.w3.org\/2000\/svg\" viewBox=\"0 0 24 24\"><path d=\"M0 7.33l2.829-2.83 9.175 9.339 9.167-9.339 2.829 2.83-11.996 12.17z\"\/><\/svg><\/h3>\n\t\t\t\t<div class=\"accordion-item-content\"><p>Ideale Anpassung der Sockelleisten in Innen- und Au\u00dfenecken der W\u00e4nde f\u00fcr einen optisch ansprechbaren und fast unsichtbaren Anschluss.<\/p>\n<p><img decoding=\"async\" class=\"alignnone size-full wp-image-1101\" src=\"http:\/\/korner.eu\/wp-content\/uploads\/2020\/03\/ide_laczenia2.jpg\" alt=\"\" width=\"300\" height=\"300\" srcset=\"https:\/\/korner.eu\/wp-content\/uploads\/2020\/03\/ide_laczenia2.jpg 300w, https:\/\/korner.eu\/wp-content\/uploads\/2020\/03\/ide_laczenia2-150x150.jpg 150w, https:\/\/korner.eu\/wp-content\/uploads\/2020\/03\/ide_laczenia2-200x200.jpg 200w\" sizes=\"(max-width: 300px) 100vw, 300px\" \/> <img decoding=\"async\" class=\"alignnone size-full wp-image-1100\" src=\"http:\/\/korner.eu\/wp-content\/uploads\/2020\/03\/ide_laczenia1.jpg\" alt=\"\" width=\"300\" height=\"300\" srcset=\"https:\/\/korner.eu\/wp-content\/uploads\/2020\/03\/ide_laczenia1.jpg 300w, https:\/\/korner.eu\/wp-content\/uploads\/2020\/03\/ide_laczenia1-150x150.jpg 150w, https:\/\/korner.eu\/wp-content\/uploads\/2020\/03\/ide_laczenia1-200x200.jpg 200w\" sizes=\"(max-width: 300px) 100vw, 300px\" \/><\/p>\n<p>Die Sockelleiste passt dank zwei optimalen Zuschnitt-Techniken (schr\u00e4g und senkrecht) ideal an die T\u00fcrzarge.<\/p>\n<p><img decoding=\"async\" class=\"alignnone size-full wp-image-1102\" src=\"http:\/\/korner.eu\/wp-content\/uploads\/2020\/03\/ide_laczenia3.jpg\" alt=\"\" width=\"300\" height=\"300\" srcset=\"https:\/\/korner.eu\/wp-content\/uploads\/2020\/03\/ide_laczenia3.jpg 300w, https:\/\/korner.eu\/wp-content\/uploads\/2020\/03\/ide_laczenia3-150x150.jpg 150w, https:\/\/korner.eu\/wp-content\/uploads\/2020\/03\/ide_laczenia3-200x200.jpg 200w\" sizes=\"(max-width: 300px) 100vw, 300px\" \/> <img decoding=\"async\" class=\"alignnone size-full wp-image-1103\" src=\"http:\/\/korner.eu\/wp-content\/uploads\/2020\/03\/ide_laczenia4.jpg\" alt=\"\" width=\"300\" height=\"300\" srcset=\"https:\/\/korner.eu\/wp-content\/uploads\/2020\/03\/ide_laczenia4.jpg 300w, https:\/\/korner.eu\/wp-content\/uploads\/2020\/03\/ide_laczenia4-150x150.jpg 150w, https:\/\/korner.eu\/wp-content\/uploads\/2020\/03\/ide_laczenia4-200x200.jpg 200w\" sizes=\"(max-width: 300px) 100vw, 300px\" \/><\/p>\n<p><img decoding=\"async\" class=\"alignnone size-full wp-image-1104\" src=\"http:\/\/korner.eu\/wp-content\/uploads\/2020\/03\/ide_laczenia5.jpg\" alt=\"\" width=\"300\" height=\"300\" srcset=\"https:\/\/korner.eu\/wp-content\/uploads\/2020\/03\/ide_laczenia5.jpg 300w, https:\/\/korner.eu\/wp-content\/uploads\/2020\/03\/ide_laczenia5-150x150.jpg 150w, https:\/\/korner.eu\/wp-content\/uploads\/2020\/03\/ide_laczenia5-200x200.jpg 200w\" sizes=\"(max-width: 300px) 100vw, 300px\" \/> <img decoding=\"async\" class=\"alignnone size-full wp-image-1105\" src=\"http:\/\/korner.eu\/wp-content\/uploads\/2020\/03\/ide_laczenia6.jpg\" alt=\"\" width=\"300\" height=\"300\" srcset=\"https:\/\/korner.eu\/wp-content\/uploads\/2020\/03\/ide_laczenia6.jpg 300w, https:\/\/korner.eu\/wp-content\/uploads\/2020\/03\/ide_laczenia6-150x150.jpg 150w, https:\/\/korner.eu\/wp-content\/uploads\/2020\/03\/ide_laczenia6-200x200.jpg 200w\" sizes=\"(max-width: 300px) 100vw, 300px\" \/><\/p>\n<p>&nbsp;<\/p>\n<p>Zwei Zuschnitt-Techniken (schr\u00e4g und senkrecht) tarnen perfekt die Anschl\u00fcsse, die Sockelleisten lassen sich beliebig zuschneiden.<\/p>\n<p><img decoding=\"async\" class=\"alignnone size-full wp-image-1106\" src=\"http:\/\/korner.eu\/wp-content\/uploads\/2020\/03\/ide_laczenia7.jpg\" alt=\"\" width=\"300\" height=\"300\" srcset=\"https:\/\/korner.eu\/wp-content\/uploads\/2020\/03\/ide_laczenia7.jpg 300w, https:\/\/korner.eu\/wp-content\/uploads\/2020\/03\/ide_laczenia7-150x150.jpg 150w, https:\/\/korner.eu\/wp-content\/uploads\/2020\/03\/ide_laczenia7-200x200.jpg 200w\" sizes=\"(max-width: 300px) 100vw, 300px\" \/> <img decoding=\"async\" class=\"alignnone size-full wp-image-1107\" src=\"http:\/\/korner.eu\/wp-content\/uploads\/2020\/03\/ide_laczenia8.jpg\" alt=\"\" width=\"300\" height=\"300\" srcset=\"https:\/\/korner.eu\/wp-content\/uploads\/2020\/03\/ide_laczenia8.jpg 300w, https:\/\/korner.eu\/wp-content\/uploads\/2020\/03\/ide_laczenia8-150x150.jpg 150w, https:\/\/korner.eu\/wp-content\/uploads\/2020\/03\/ide_laczenia8-200x200.jpg 200w\" sizes=\"(max-width: 300px) 100vw, 300px\" \/><\/p>\n<p>Idea Paint kann auf eigene Hand angestrichen werden und kann entweder \u00e4hnlich wie die Wand gestaltet oder kontrastvoll abgesetzt werden.<\/p>\n<p><img decoding=\"async\" class=\"alignnone size-full wp-image-1108\" src=\"http:\/\/korner.eu\/wp-content\/uploads\/2020\/03\/ide_laczenia9.jpg\" alt=\"\" width=\"300\" height=\"300\" srcset=\"https:\/\/korner.eu\/wp-content\/uploads\/2020\/03\/ide_laczenia9.jpg 300w, https:\/\/korner.eu\/wp-content\/uploads\/2020\/03\/ide_laczenia9-150x150.jpg 150w, https:\/\/korner.eu\/wp-content\/uploads\/2020\/03\/ide_laczenia9-200x200.jpg 200w\" sizes=\"(max-width: 300px) 100vw, 300px\" \/> <img decoding=\"async\" class=\"alignnone size-full wp-image-1109\" src=\"http:\/\/korner.eu\/wp-content\/uploads\/2020\/03\/ide_laczenia10.jpg\" alt=\"\" width=\"300\" height=\"300\" srcset=\"https:\/\/korner.eu\/wp-content\/uploads\/2020\/03\/ide_laczenia10.jpg 300w, https:\/\/korner.eu\/wp-content\/uploads\/2020\/03\/ide_laczenia10-150x150.jpg 150w, https:\/\/korner.eu\/wp-content\/uploads\/2020\/03\/ide_laczenia10-200x200.jpg 200w\" sizes=\"(max-width: 300px) 100vw, 300px\" \/><\/p>\n<\/div>\n\t\t\t<\/div>\n\t\t\t<\/div>\n<\/section>\n\n<div class=\"row column default-GB clearfix\">\n\n<\/div>\n\n\n<section id=\"korner-block_cd5db6e6224273aed2f4a7345e958ac9\" class=\"acordion-list-section  \" >\n\t<div class=\"row column\">\n\t\t\t\t\t\t\t\t\t<div class=\"accordion-item\">\n\t\t\t\t<h3 class=\"accordion-item-title\">Montagesystem<svg xmlns=\"http:\/\/www.w3.org\/2000\/svg\" viewBox=\"0 0 24 24\"><path d=\"M0 7.33l2.829-2.83 9.175 9.339 9.167-9.339 2.829 2.83-11.996 12.17z\"\/><\/svg><\/h3>\n\t\t\t\t<div class=\"accordion-item-content\">\n\t\t\t\t\t\t\t\t\t\t\t<ul class=\"list-with-icon instruction-list\" >\n\t\t\t\t\t\t\t\t\t\t\t\t\t\t\t<li>\n\t\t\t\t\t\t\t\t\t<span class=\"list-icon\" >\n\t\t\t\t\t\t\t\t\t\t\t\t\t\t\t\t\t\t\t\t\t<img decoding=\"async\" src=\"https:\/\/korner.eu\/wp-content\/uploads\/2020\/03\/01installation_idea_01-400x213.jpg\" alt=\"\">\n\t\t\t\t\t\t\t\t\t\t\t\t\t\t\t\t\t\t\t<\/span>\n\t\t\t\t\t\t\t\t\t\t\t\t\t\t\t\t\t\t\t<span class=\"list-text\" >1. Passgenau Vermessung sowie Zuschnitt unter Ber\u00fccksichtigung der Eckanschl\u00fcsse ohne Zubeh\u00f6r.<\/span>\n\t\t\t\t\t\t\t\t\t\t\t\t\t\t\t\t\t<\/li>\n\t\t\t\t\t\t\t\t\t\t\t\t\t\t\t<li>\n\t\t\t\t\t\t\t\t\t<span class=\"list-icon\" >\n\t\t\t\t\t\t\t\t\t\t\t\t\t\t\t\t\t\t\t\t\t<img decoding=\"async\" src=\"https:\/\/korner.eu\/wp-content\/uploads\/2020\/03\/01installation_idea_02-400x213.jpg\" alt=\"\">\n\t\t\t\t\t\t\t\t\t\t\t\t\t\t\t\t\t\t\t<\/span>\n\t\t\t\t\t\t\t\t\t\t\t\t\t\t\t\t\t\t\t<span class=\"list-text\" >2. Vermessung und Zuschnitt von Abschluss- und Anschlussteilen.<\/span>\n\t\t\t\t\t\t\t\t\t\t\t\t\t\t\t\t\t<\/li>\n\t\t\t\t\t\t\t\t\t\t\t\t\t\t\t<li>\n\t\t\t\t\t\t\t\t\t<span class=\"list-icon\" >\n\t\t\t\t\t\t\t\t\t\t\t\t\t\t\t\t\t\t\t\t\t<img decoding=\"async\" src=\"https:\/\/korner.eu\/wp-content\/uploads\/2020\/03\/01installation_idea_03-400x213.jpg\" alt=\"\">\n\t\t\t\t\t\t\t\t\t\t\t\t\t\t\t\t\t\t\t<\/span>\n\t\t\t\t\t\t\t\t\t\t\t\t\t\t\t\t\t\t\t<span class=\"list-text\" >3. Einbau der Verschlussstopfen mit Kleber.<\/span>\n\t\t\t\t\t\t\t\t\t\t\t\t\t\t\t\t\t<\/li>\n\t\t\t\t\t\t\t\t\t\t\t\t\t\t\t<li>\n\t\t\t\t\t\t\t\t\t<span class=\"list-icon\" >\n\t\t\t\t\t\t\t\t\t\t\t\t\t\t\t\t\t\t\t\t\t<img decoding=\"async\" src=\"https:\/\/korner.eu\/wp-content\/uploads\/2020\/03\/01installation_idea_04-400x213.jpg\" alt=\"\">\n\t\t\t\t\t\t\t\t\t\t\t\t\t\t\t\t\t\t\t<\/span>\n\t\t\t\t\t\t\t\t\t\t\t\t\t\t\t\t\t\t\t<span class=\"list-text\" >4. Kleber auf der R\u00fcckwand der Sockelleiste auftragen.<\/span>\n\t\t\t\t\t\t\t\t\t\t\t\t\t\t\t\t\t<\/li>\n\t\t\t\t\t\t\t\t\t\t\t\t\t\t\t<li>\n\t\t\t\t\t\t\t\t\t<span class=\"list-icon\" >\n\t\t\t\t\t\t\t\t\t\t\t\t\t\t\t\t\t\t\t\t\t<img decoding=\"async\" src=\"https:\/\/korner.eu\/wp-content\/uploads\/2020\/03\/01installation_idea_05-400x213.jpg\" alt=\"\">\n\t\t\t\t\t\t\t\t\t\t\t\t\t\t\t\t\t\t\t<\/span>\n\t\t\t\t\t\t\t\t\t\t\t\t\t\t\t\t\t\t\t<span class=\"list-text\" >5. Montage weiterer Sockelleisten an der Wand.<\/span>\n\t\t\t\t\t\t\t\t\t\t\t\t\t\t\t\t\t<\/li>\n\t\t\t\t\t\t\t\t\t\t\t\t\t\t\t<li>\n\t\t\t\t\t\t\t\t\t<span class=\"list-icon\" >\n\t\t\t\t\t\t\t\t\t\t\t\t\t\t\t\t\t\t\t\t\t<img decoding=\"async\" src=\"https:\/\/korner.eu\/wp-content\/uploads\/2020\/03\/01installation_idea_06-400x213.jpg\" alt=\"\">\n\t\t\t\t\t\t\t\t\t\t\t\t\t\t\t\t\t\t\t<\/span>\n\t\t\t\t\t\t\t\t\t\t\t\t\t\t\t\t\t\t\t<span class=\"list-text\" >6. Montage der Sockelleiste an der Zarge.<\/span>\n\t\t\t\t\t\t\t\t\t\t\t\t\t\t\t\t\t<\/li>\n\t\t\t\t\t\t\t\t\t\t\t\t\t\t\t<li>\n\t\t\t\t\t\t\t\t\t<span class=\"list-icon\" >\n\t\t\t\t\t\t\t\t\t\t\t\t\t\t\t\t\t\t\t\t\t<img decoding=\"async\" src=\"https:\/\/korner.eu\/wp-content\/uploads\/2020\/03\/01installation_idea_071-400x213.jpg\" alt=\"\">\n\t\t\t\t\t\t\t\t\t\t\t\t\t\t\t\t\t\t\t<\/span>\n\t\t\t\t\t\t\t\t\t\t\t\t\t\t\t\t\t\t\t<span class=\"list-text\" >7. Die Spalten zwischen der Wand und der Sockelleiste mit Acryl verf\u00fcllen.<\/span>\n\t\t\t\t\t\t\t\t\t\t\t\t\t\t\t\t\t<\/li>\n\t\t\t\t\t\t\t\t\t\t\t\t\t\t\t<li>\n\t\t\t\t\t\t\t\t\t<span class=\"list-icon\" >\n\t\t\t\t\t\t\t\t\t\t\t\t\t\t\t\t\t\t\t\t\t<img decoding=\"async\" src=\"https:\/\/korner.eu\/wp-content\/uploads\/2020\/03\/01installation_idea_08-400x213.jpg\" alt=\"\">\n\t\t\t\t\t\t\t\t\t\t\t\t\t\t\t\t\t\t\t<\/span>\n\t\t\t\t\t\t\t\t\t\t\t\t\t\t\t\t\t\t\t<span class=\"list-text\" >Zweite Montagevariante an der Wand: mit einem Befestigungshalter.<\/span>\n\t\t\t\t\t\t\t\t\t\t\t\t\t\t\t\t\t<\/li>\n\t\t\t\t\t\t\t\t\t\t\t\t\t<\/ul>\n\t\t\t\t\t\t\t\t\t<\/div>\n\t\t\t<\/div>\n\t\t\t<\/div>\n<\/section><div class=\"row column default-GB clearfix\">\n\n<\/div>\r\n<section id=\"korner-block_16e7e48f76ed0fce32dff3a262e6f399\" class=\"acordion-gallery-section \" >\r\n\t<div class=\"row column\">\r\n\t\t\t\t\r\n\t\t\t\t\t<div class=\"accordion-item\">\r\n\t\t\t\t<h3 class=\"accordion-item-title   \" >Oberfl\u00e4chenart<svg xmlns=\"http:\/\/www.w3.org\/2000\/svg\" viewBox=\"0 0 24 24\"><path d=\"M0 7.33l2.829-2.83 9.175 9.339 9.167-9.339 2.829 2.83-11.996 12.17z\"\/><\/svg><\/h3>\r\n\t\t\t\t<div class=\"accordion-item-content\"  >\r\n\t\t\t\t\t\t\t\t\t\t\t\t\t\t\t\t\t\t<div class=\"acordion-gallery\">\r\n\t\t\t\t\t\t\t\t\t\t\t\t\t\t\t\t\t<div class=\"acordion-gallery-item\">\r\n\t\t\t\t\t\t\t\t\t\t\t\t\t\t\t\t\t\t\t\t\t\t\t\t\t\t\t\t\t\t\t\t\t\t\t\t\t\t\t\t\t\t\t\t\t\t\t\t\t\t\t\t\t\t\t\t\t\t\t\t\t\t\t\t\t\t\t\t\t\t\t\t\t\t\t<a data-fancybox=\"gallery\" data-code=\"25-80-0-001\" data-caption=\"Idea 80 wei\u00df zum malen (AUSVERKAUF)\" href=\"https:\/\/korner.eu\/wp-content\/uploads\/2020\/03\/idea1.png\">\r\n\t\t\t\t\t\t\t\t\t\t\t\t<span class=\"acordion-gallery-image \" style=\"background-image: url(https:\/\/korner.eu\/wp-content\/uploads\/2020\/03\/idea1.png)\">\r\n\t\t\t\t\t\t\t\t\t\t\t\t\t\t\t\t\t\t\t\t\t\t\t\t\t\t\t<span class=\"acordion-gallery-image-title\" >AUSVERKAUF<\/span>\r\n\t\t\t\t\t\t\t\t\t\t\t\t\t\t\t\t\t\t\t\t\t\t\t\t\t\t<img decoding=\"async\" class=\"hidde\" src=\"https:\/\/korner.eu\/wp-content\/uploads\/2020\/03\/idea1.png\" alt=\"\">\r\n\t\t\t\t\t\t\t\t\t\t\t\t<\/span>\r\n\t\t\t\t\t\t\t\t\t\t\t<\/a>\r\n\t\t\t\t\t\t\t\t\t\t\t\t\t\t\t\t\t\t\t\t\r\n\t\t\t\t\t\t\t\t\t\t\t\t\t\t\t\t\t\t\t\t\t<span class=\"acordion-gallery-title\" >Idea 80 wei\u00df zum malen (AUSVERKAUF)<\/span>\r\n\t\t\t\t\t\t\t\t\t\t\t\t\t\t\t\t\t\t\t\t\t\t\t\t\t\t\t\t\t\t\t<span class=\"acordion-gallery-description \" >25-80-0-001<\/span>\r\n\t\t\t\t\t\t\t\t\t\t\t\t\t\t\t\t\t\t\t<\/div>\r\n\t\t\t\t\t\t\t\t\t\t\t\t\t\t\t\t\t<div class=\"acordion-gallery-item\">\r\n\t\t\t\t\t\t\t\t\t\t\t\t\t\t\t\t\t\t\t\t\t\t\t\t\t\t\t\t\t\t\t\t\t\t\t\t\t\t\t\t\t\t\t\t\t\t\t\t\t\t\t\t\t\t\t\t\t\t\t\t\t\t\t\t\t\t\t\t\t\t\t\t\t\t\t<a data-fancybox=\"gallery\" data-code=\"25-80-0-004\" data-caption=\"Idea 80 wei\u00df \" href=\"https:\/\/korner.eu\/wp-content\/uploads\/2020\/03\/idea2.png\">\r\n\t\t\t\t\t\t\t\t\t\t\t\t<span class=\"acordion-gallery-image \" style=\"background-image: url(https:\/\/korner.eu\/wp-content\/uploads\/2020\/03\/idea2.png)\">\r\n\t\t\t\t\t\t\t\t\t\t\t\t\t\t\t\t\t\t\t\t\t\t\t\t\t\t<img decoding=\"async\" class=\"hidde\" src=\"https:\/\/korner.eu\/wp-content\/uploads\/2020\/03\/idea2.png\" alt=\"\">\r\n\t\t\t\t\t\t\t\t\t\t\t\t<\/span>\r\n\t\t\t\t\t\t\t\t\t\t\t<\/a>\r\n\t\t\t\t\t\t\t\t\t\t\t\t\t\t\t\t\t\t\t\t\r\n\t\t\t\t\t\t\t\t\t\t\t\t\t\t\t\t\t\t\t\t\t<span class=\"acordion-gallery-title\" >Idea 80 wei\u00df <\/span>\r\n\t\t\t\t\t\t\t\t\t\t\t\t\t\t\t\t\t\t\t\t\t\t\t\t\t\t\t\t\t\t\t<span class=\"acordion-gallery-description \" >25-80-0-004<\/span>\r\n\t\t\t\t\t\t\t\t\t\t\t\t\t\t\t\t\t\t\t<\/div>\r\n\t\t\t\t\t\t\t\t\t\t\t\t\t\t\t\t\t<div class=\"acordion-gallery-item\">\r\n\t\t\t\t\t\t\t\t\t\t\t\t\t\t\t\t\t\t\t\t\t\t\t\t\t\t\t\t\t\t\t\t\t\t\t\t\t\t\t\t\t\t\t\t\t\t\t\t\t\t\t\t\t\t\t\t\t\t\t\t\t\t\t\t\t\t\t\t\t\t\t\t\t\t\t<a data-fancybox=\"gallery\" data-code=\"25-80-0-002\" data-caption=\"Idea 80 gloss (AUSVERKAUF)\" href=\"https:\/\/korner.eu\/wp-content\/uploads\/2020\/03\/idea3.png\">\r\n\t\t\t\t\t\t\t\t\t\t\t\t<span class=\"acordion-gallery-image \" style=\"background-image: url(https:\/\/korner.eu\/wp-content\/uploads\/2020\/03\/idea3.png)\">\r\n\t\t\t\t\t\t\t\t\t\t\t\t\t\t\t\t\t\t\t\t\t\t\t\t\t\t\t<span class=\"acordion-gallery-image-title\" >AUSVERKAUF<\/span>\r\n\t\t\t\t\t\t\t\t\t\t\t\t\t\t\t\t\t\t\t\t\t\t\t\t\t\t<img decoding=\"async\" class=\"hidde\" src=\"https:\/\/korner.eu\/wp-content\/uploads\/2020\/03\/idea3.png\" alt=\"\">\r\n\t\t\t\t\t\t\t\t\t\t\t\t<\/span>\r\n\t\t\t\t\t\t\t\t\t\t\t<\/a>\r\n\t\t\t\t\t\t\t\t\t\t\t\t\t\t\t\t\t\t\t\t\r\n\t\t\t\t\t\t\t\t\t\t\t\t\t\t\t\t\t\t\t\t\t<span class=\"acordion-gallery-title\" >Idea 80 gloss (AUSVERKAUF)<\/span>\r\n\t\t\t\t\t\t\t\t\t\t\t\t\t\t\t\t\t\t\t\t\t\t\t\t\t\t\t\t\t\t\t<span class=\"acordion-gallery-description \" >25-80-0-002<\/span>\r\n\t\t\t\t\t\t\t\t\t\t\t\t\t\t\t\t\t\t\t<\/div>\r\n\t\t\t\t\t\t\t\t\t\t\t\t\t\t\t\t\t<div class=\"acordion-gallery-item\">\r\n\t\t\t\t\t\t\t\t\t\t\t\t\t\t\t\t\t\t\t\t\t\t\t\t\t\t\t\t\t\t\t\t\t\t\t\t\t\t\t\t\t\t\t\t\t\t\t\t\t\t\t\t\t\t\t\t\t\t\t\t\t\t\t\t\t\t\t\t\t\t\t\t\t\t\t<a data-fancybox=\"gallery\" data-code=\"25-80-0-003\" data-caption=\"Idea 80 alluminium (AUSVERKAUF)\" href=\"https:\/\/korner.eu\/wp-content\/uploads\/2020\/03\/idea4.png\">\r\n\t\t\t\t\t\t\t\t\t\t\t\t<span class=\"acordion-gallery-image \" style=\"background-image: url(https:\/\/korner.eu\/wp-content\/uploads\/2020\/03\/idea4.png)\">\r\n\t\t\t\t\t\t\t\t\t\t\t\t\t\t\t\t\t\t\t\t\t\t\t\t\t\t\t<span class=\"acordion-gallery-image-title\" >AUSVERKAUF<\/span>\r\n\t\t\t\t\t\t\t\t\t\t\t\t\t\t\t\t\t\t\t\t\t\t\t\t\t\t<img decoding=\"async\" class=\"hidde\" src=\"https:\/\/korner.eu\/wp-content\/uploads\/2020\/03\/idea4.png\" alt=\"\">\r\n\t\t\t\t\t\t\t\t\t\t\t\t<\/span>\r\n\t\t\t\t\t\t\t\t\t\t\t<\/a>\r\n\t\t\t\t\t\t\t\t\t\t\t\t\t\t\t\t\t\t\t\t\r\n\t\t\t\t\t\t\t\t\t\t\t\t\t\t\t\t\t\t\t\t\t<span class=\"acordion-gallery-title\" >Idea 80 alluminium (AUSVERKAUF)<\/span>\r\n\t\t\t\t\t\t\t\t\t\t\t\t\t\t\t\t\t\t\t\t\t\t\t\t\t\t\t\t\t\t\t<span class=\"acordion-gallery-description \" >25-80-0-003<\/span>\r\n\t\t\t\t\t\t\t\t\t\t\t\t\t\t\t\t\t\t\t<\/div>\r\n\t\t\t\t\t\t\t\t\t\t\t\t\t\t\t\t\t<div class=\"acordion-gallery-item\">\r\n\t\t\t\t\t\t\t\t\t\t\t\t\t\t\t\t\t\t\t\t\t\t\t\t\t\t\t\t\t\t\t\t\t\t\t\t\t\t\t\t\t\t\t\t\t\t\t\t\t\t\t\t\t\t\t\t\t\t\t\t\t\t\t\t\t\t\t\t\t\t\t\t\t\t\t<a data-fancybox=\"gallery\" data-code=\"25-120-0-001\" data-caption=\"Idea 120 wei\u00df zum malen (AUSVERKAUF)\" href=\"https:\/\/korner.eu\/wp-content\/uploads\/2020\/03\/idea5.png\">\r\n\t\t\t\t\t\t\t\t\t\t\t\t<span class=\"acordion-gallery-image \" style=\"background-image: url(https:\/\/korner.eu\/wp-content\/uploads\/2020\/03\/idea5.png)\">\r\n\t\t\t\t\t\t\t\t\t\t\t\t\t\t\t\t\t\t\t\t\t\t\t\t\t\t\t<span class=\"acordion-gallery-image-title\" >AUSVERKAUF<\/span>\r\n\t\t\t\t\t\t\t\t\t\t\t\t\t\t\t\t\t\t\t\t\t\t\t\t\t\t<img decoding=\"async\" class=\"hidde\" src=\"https:\/\/korner.eu\/wp-content\/uploads\/2020\/03\/idea5.png\" alt=\"\">\r\n\t\t\t\t\t\t\t\t\t\t\t\t<\/span>\r\n\t\t\t\t\t\t\t\t\t\t\t<\/a>\r\n\t\t\t\t\t\t\t\t\t\t\t\t\t\t\t\t\t\t\t\t\r\n\t\t\t\t\t\t\t\t\t\t\t\t\t\t\t\t\t\t\t\t\t<span class=\"acordion-gallery-title\" >Idea 120 wei\u00df zum malen (AUSVERKAUF)<\/span>\r\n\t\t\t\t\t\t\t\t\t\t\t\t\t\t\t\t\t\t\t\t\t\t\t\t\t\t\t\t\t\t\t<span class=\"acordion-gallery-description \" >25-120-0-001<\/span>\r\n\t\t\t\t\t\t\t\t\t\t\t\t\t\t\t\t\t\t\t<\/div>\r\n\t\t\t\t\t\t\t\t\t\t\t\t\t\t\t\t\t<div class=\"acordion-gallery-item\">\r\n\t\t\t\t\t\t\t\t\t\t\t\t\t\t\t\t\t\t\t\t\t\t\t\t\t\t\t\t\t\t\t\t\t\t\t\t\t\t\t\t\t\t\t\t\t\t\t\t\t\t\t\t\t\t\t\t\t\t\t\t\t\t\t\t\t\t\t\t\t\t\t\t\t\t\t<a data-fancybox=\"gallery\" data-code=\"25-120-0-003\" data-caption=\"Idea 80 wei\u00df (AUSVERKAUF)\" href=\"https:\/\/korner.eu\/wp-content\/uploads\/2020\/03\/idea6.png\">\r\n\t\t\t\t\t\t\t\t\t\t\t\t<span class=\"acordion-gallery-image \" style=\"background-image: url(https:\/\/korner.eu\/wp-content\/uploads\/2020\/03\/idea6.png)\">\r\n\t\t\t\t\t\t\t\t\t\t\t\t\t\t\t\t\t\t\t\t\t\t\t\t\t\t\t<span class=\"acordion-gallery-image-title\" >AUSVERKAUF<\/span>\r\n\t\t\t\t\t\t\t\t\t\t\t\t\t\t\t\t\t\t\t\t\t\t\t\t\t\t<img decoding=\"async\" class=\"hidde\" src=\"https:\/\/korner.eu\/wp-content\/uploads\/2020\/03\/idea6.png\" alt=\"\">\r\n\t\t\t\t\t\t\t\t\t\t\t\t<\/span>\r\n\t\t\t\t\t\t\t\t\t\t\t<\/a>\r\n\t\t\t\t\t\t\t\t\t\t\t\t\t\t\t\t\t\t\t\t\r\n\t\t\t\t\t\t\t\t\t\t\t\t\t\t\t\t\t\t\t\t\t<span class=\"acordion-gallery-title\" >Idea 80 wei\u00df (AUSVERKAUF)<\/span>\r\n\t\t\t\t\t\t\t\t\t\t\t\t\t\t\t\t\t\t\t\t\t\t\t\t\t\t\t\t\t\t\t<span class=\"acordion-gallery-description \" >25-120-0-003<\/span>\r\n\t\t\t\t\t\t\t\t\t\t\t\t\t\t\t\t\t\t\t<\/div>\r\n\t\t\t\t\t\t\t\t\t\t\t\t\t\t\t\t\t<div class=\"acordion-gallery-item\">\r\n\t\t\t\t\t\t\t\t\t\t\t\t\t\t\t\t\t\t\t\t\t\t\t\t\t\t\t\t\t\t\t\t\t\t\t\t\t\t\t\t\t\t\t\t\t\t\t\t\t\t\t\t\t\t\t\t\t\t\t\t\t\t\t\t\t\t\t\t\t\t\t\t\t\t\t<a data-fancybox=\"gallery\" data-code=\"25-120-0-002\" data-caption=\"Idea 80 gloss (AUSVERKAUF)\" href=\"https:\/\/korner.eu\/wp-content\/uploads\/2020\/03\/idea7.png\">\r\n\t\t\t\t\t\t\t\t\t\t\t\t<span class=\"acordion-gallery-image \" style=\"background-image: url(https:\/\/korner.eu\/wp-content\/uploads\/2020\/03\/idea7.png)\">\r\n\t\t\t\t\t\t\t\t\t\t\t\t\t\t\t\t\t\t\t\t\t\t\t\t\t\t\t<span class=\"acordion-gallery-image-title\" >AUSVERKAUF<\/span>\r\n\t\t\t\t\t\t\t\t\t\t\t\t\t\t\t\t\t\t\t\t\t\t\t\t\t\t<img decoding=\"async\" class=\"hidde\" src=\"https:\/\/korner.eu\/wp-content\/uploads\/2020\/03\/idea7.png\" alt=\"\">\r\n\t\t\t\t\t\t\t\t\t\t\t\t<\/span>\r\n\t\t\t\t\t\t\t\t\t\t\t<\/a>\r\n\t\t\t\t\t\t\t\t\t\t\t\t\t\t\t\t\t\t\t\t\r\n\t\t\t\t\t\t\t\t\t\t\t\t\t\t\t\t\t\t\t\t\t<span class=\"acordion-gallery-title\" >Idea 80 gloss (AUSVERKAUF)<\/span>\r\n\t\t\t\t\t\t\t\t\t\t\t\t\t\t\t\t\t\t\t\t\t\t\t\t\t\t\t\t\t\t\t<span class=\"acordion-gallery-description \" >25-120-0-002<\/span>\r\n\t\t\t\t\t\t\t\t\t\t\t\t\t\t\t\t\t\t\t<\/div>\r\n\t\t\t\t\t\t\t\t\t\t\t\t\t\t\t\t<div class=\"acordion-gallery-item empty\"><\/div>\r\n\t\t\t\t\t\t\t<\/div>\r\n\t\t\t\t\t\t\t\t\t\t\t\t\t\t\t<\/div>\r\n\t\t\t<\/div>\r\n\t\t\t<\/div>\r\n<\/section>\r\n\r\n<div class=\"row column default-GB clearfix\">\n\n<\/div>\n\n<section id=\"korner-block_26f9ae6bbdf97fb4af3271b6b1f4d5e6\" class=\"acordion-images-auto-width-section  \" >\n\t<div class=\"row column\">\n\t\t\t\t\t\t\t\t\t<div class=\"accordion-item\">\n\t\t\t\t<h3 class=\"accordion-item-title\">Einrichtungsbeispiele<svg xmlns=\"http:\/\/www.w3.org\/2000\/svg\" viewBox=\"0 0 24 24\"><path d=\"M0 7.33l2.829-2.83 9.175 9.339 9.167-9.339 2.829 2.83-11.996 12.17z\"\/><\/svg><\/h3>\n\t\t\t\t<div class=\"accordion-item-content\">\n\t\t\t\t\t\t\t\t\t\t\t\t\t\t\t\t<ul class=\"gallery-size-auto\" >\n\t\t\t\t\t\t\t\t\t\t\t\t\t\t\t<li class=\"gallery-size-auto-item\" >\n\t\t\t\t\t\t\t\t\t<picture class=\"cover-bg-image\" >\n\t\t\t\t\t\t\t\t\t\t<source media='(max-width: 400px)'\n\t\t\t\t\t\t\t\t\t\tsrcset='https:\/\/korner.eu\/wp-content\/uploads\/2020\/03\/ide-main-400x205.jpg'\/>\n\t\t\t\t\t\t\t\t\t\t<source media='(max-width: 767px)'\n\t\t\t\t\t\t\t\t\t\tsrcset='https:\/\/korner.eu\/wp-content\/uploads\/2020\/03\/ide-main-767x392.jpg'\/>\n\t\t\t\t\t\t\t\t\t\t<img src='https:\/\/korner.eu\/wp-content\/uploads\/2020\/03\/ide-main-e1585139639135.jpg'\/>\n\t\t\t\t\t\t\t\t\t<\/picture>\n\t\t\t\t\t\t\t\t<\/li>\n\t\t\t\t\t\t\t\t\t\t\t\t\t<\/ul>\n\t\t\t\t\t\t\t\t\t<\/div>\n\t\t\t<\/div>\n\t\t\t<\/div>\n<\/section>\n\n<div class=\"row column default-GB clearfix\">\n\n<\/div>\n\n<section id=\"korner-block_edfea62d9c78dff5cf41da5c99cec774\" class=\"acordion-images-auto-width-section  \" >\n\t<div class=\"row column\">\n\t\t\t\t\t\t\t\t\t<div class=\"accordion-item\">\n\t\t\t\t<h3 class=\"accordion-item-title\">Verpackungsweise<svg xmlns=\"http:\/\/www.w3.org\/2000\/svg\" viewBox=\"0 0 24 24\"><path d=\"M0 7.33l2.829-2.83 9.175 9.339 9.167-9.339 2.829 2.83-11.996 12.17z\"\/><\/svg><\/h3>\n\t\t\t\t<div class=\"accordion-item-content\">\n\t\t\t\t\t\t\t\t\t\t\t\t\t\t\t\t<ul class=\"gallery-size-auto\" >\n\t\t\t\t\t\t\t\t\t\t\t\t\t\t\t<li class=\"gallery-size-auto-item\" >\n\t\t\t\t\t\t\t\t\t<picture class=\"cover-bg-image\" >\n\t\t\t\t\t\t\t\t\t\t<source media='(max-width: 400px)'\n\t\t\t\t\t\t\t\t\t\tsrcset='https:\/\/korner.eu\/wp-content\/uploads\/2020\/03\/idea_pakowanie-400x198.png'\/>\n\t\t\t\t\t\t\t\t\t\t<source media='(max-width: 767px)'\n\t\t\t\t\t\t\t\t\t\tsrcset='https:\/\/korner.eu\/wp-content\/uploads\/2020\/03\/idea_pakowanie-767x379.png'\/>\n\t\t\t\t\t\t\t\t\t\t<img src='https:\/\/korner.eu\/wp-content\/uploads\/2020\/03\/idea_pakowanie.png'\/>\n\t\t\t\t\t\t\t\t\t<\/picture>\n\t\t\t\t\t\t\t\t<\/li>\n\t\t\t\t\t\t\t\t\t\t\t\t\t<\/ul>\n\t\t\t\t\t\t\t\t\t<\/div>\n\t\t\t<\/div>\n\t\t\t<\/div>\n<\/section>\n\n","protected":false},"excerpt":{"rendered":"<p>Ultima 80 Die Sockelleiste Ultima zeichnet sich durch die beste Holznachbildung mit Maserung aus. Genauigkeit und Klarheit der Maserung tragen dazu bei, dass diese Leiste perfekt mit verschiedenen Typen Holzb\u00f6den kombiniert werden kann und den Charakter des Raumes betont. Durch Verwendung vom gesch\u00e4umten PVC h\u00f6chster Qualit\u00e4t werden Wasserfestigkeit, Flexibilit\u00e4t und Robustheit der Leiste erzielt. Ihre [&hellip;]<\/p>\n","protected":false},"featured_media":5065,"parent":0,"menu_order":359,"template":"","format":"standard","product_category":[68],"class_list":["post-11174","products","type-products","status-publish","format-standard","has-post-thumbnail","hentry","product_category-sockelleisten"],"acf":[],"yoast_head":"<!-- This site is optimized with the Yoast SEO plugin v24.3 - https:\/\/yoast.com\/wordpress\/plugins\/seo\/ -->\n<title>Ultima \/ Idea - Korner<\/title>\n<meta name=\"robots\" content=\"index, follow, max-snippet:-1, max-image-preview:large, max-video-preview:-1\" \/>\n<link rel=\"canonical\" href=\"https:\/\/korner.eu\/de\/produkte\/ultima-idea\/\" \/>\n<meta property=\"og:locale\" content=\"de_DE\" \/>\n<meta property=\"og:type\" content=\"article\" \/>\n<meta property=\"og:title\" content=\"Ultima \/ Idea - Korner\" \/>\n<meta property=\"og:description\" content=\"Ultima 80 Die Sockelleiste Ultima zeichnet sich durch die beste Holznachbildung mit Maserung aus. Genauigkeit und Klarheit der Maserung tragen dazu bei, dass diese Leiste perfekt mit verschiedenen Typen Holzb\u00f6den kombiniert werden kann und den Charakter des Raumes betont. Durch Verwendung vom gesch\u00e4umten PVC h\u00f6chster Qualit\u00e4t werden Wasserfestigkeit, Flexibilit\u00e4t und Robustheit der Leiste erzielt. Ihre [&hellip;]\" \/>\n<meta property=\"og:url\" content=\"https:\/\/korner.eu\/de\/produkte\/ultima-idea\/\" \/>\n<meta property=\"og:site_name\" content=\"Korner\" \/>\n<meta property=\"article:publisher\" content=\"https:\/\/www.facebook.com\/korner.producent\/\" \/>\n<meta property=\"article:modified_time\" content=\"2023-04-03T10:01:15+00:00\" \/>\n<meta property=\"og:image\" content=\"https:\/\/korner.eu\/wp-content\/uploads\/2020\/03\/img-34.jpg\" \/>\n\t<meta property=\"og:image:width\" content=\"481\" \/>\n\t<meta property=\"og:image:height\" content=\"431\" \/>\n\t<meta property=\"og:image:type\" content=\"image\/jpeg\" \/>\n<meta name=\"twitter:card\" content=\"summary_large_image\" \/>\n<meta name=\"twitter:label1\" content=\"Gesch\u00e4tzte Lesezeit\" \/>\n\t<meta name=\"twitter:data1\" content=\"2\u00a0Minuten\" \/>\n<script type=\"application\/ld+json\" class=\"yoast-schema-graph\">{\"@context\":\"https:\/\/schema.org\",\"@graph\":[{\"@type\":\"WebPage\",\"@id\":\"https:\/\/korner.eu\/de\/produkte\/ultima-idea\/\",\"url\":\"https:\/\/korner.eu\/de\/produkte\/ultima-idea\/\",\"name\":\"Ultima \/ Idea - Korner\",\"isPartOf\":{\"@id\":\"https:\/\/korner.eu\/de\/#website\"},\"primaryImageOfPage\":{\"@id\":\"https:\/\/korner.eu\/de\/produkte\/ultima-idea\/#primaryimage\"},\"image\":{\"@id\":\"https:\/\/korner.eu\/de\/produkte\/ultima-idea\/#primaryimage\"},\"thumbnailUrl\":\"https:\/\/korner.eu\/wp-content\/uploads\/2020\/03\/img-34.jpg\",\"datePublished\":\"2020-03-17T20:39:43+00:00\",\"dateModified\":\"2023-04-03T10:01:15+00:00\",\"breadcrumb\":{\"@id\":\"https:\/\/korner.eu\/de\/produkte\/ultima-idea\/#breadcrumb\"},\"inLanguage\":\"de\",\"potentialAction\":[{\"@type\":\"ReadAction\",\"target\":[\"https:\/\/korner.eu\/de\/produkte\/ultima-idea\/\"]}]},{\"@type\":\"ImageObject\",\"inLanguage\":\"de\",\"@id\":\"https:\/\/korner.eu\/de\/produkte\/ultima-idea\/#primaryimage\",\"url\":\"https:\/\/korner.eu\/wp-content\/uploads\/2020\/03\/img-34.jpg\",\"contentUrl\":\"https:\/\/korner.eu\/wp-content\/uploads\/2020\/03\/img-34.jpg\",\"width\":481,\"height\":431},{\"@type\":\"BreadcrumbList\",\"@id\":\"https:\/\/korner.eu\/de\/produkte\/ultima-idea\/#breadcrumb\",\"itemListElement\":[{\"@type\":\"ListItem\",\"position\":1,\"name\":\"Strona g\u0142\u00f3wna\",\"item\":\"https:\/\/korner.eu\/de\/\"},{\"@type\":\"ListItem\",\"position\":2,\"name\":\"Ultima \/ Idea\"}]},{\"@type\":\"WebSite\",\"@id\":\"https:\/\/korner.eu\/de\/#website\",\"url\":\"https:\/\/korner.eu\/de\/\",\"name\":\"Korner\",\"description\":\"\",\"publisher\":{\"@id\":\"https:\/\/korner.eu\/de\/#organization\"},\"potentialAction\":[{\"@type\":\"SearchAction\",\"target\":{\"@type\":\"EntryPoint\",\"urlTemplate\":\"https:\/\/korner.eu\/de\/?s={search_term_string}\"},\"query-input\":{\"@type\":\"PropertyValueSpecification\",\"valueRequired\":true,\"valueName\":\"search_term_string\"}}],\"inLanguage\":\"de\"},{\"@type\":\"Organization\",\"@id\":\"https:\/\/korner.eu\/de\/#organization\",\"name\":\"Poli-Eco Tworzywa Sztuczne Sp. z o.o.\",\"url\":\"https:\/\/korner.eu\/de\/\",\"logo\":{\"@type\":\"ImageObject\",\"inLanguage\":\"de\",\"@id\":\"https:\/\/korner.eu\/de\/#\/schema\/logo\/image\/\",\"url\":\"https:\/\/korner.eu\/wp-content\/uploads\/2020\/03\/logo.png\",\"contentUrl\":\"https:\/\/korner.eu\/wp-content\/uploads\/2020\/03\/logo.png\",\"width\":180,\"height\":48,\"caption\":\"Poli-Eco Tworzywa Sztuczne Sp. z o.o.\"},\"image\":{\"@id\":\"https:\/\/korner.eu\/de\/#\/schema\/logo\/image\/\"},\"sameAs\":[\"https:\/\/www.facebook.com\/korner.producent\/\",\"https:\/\/www.instagram.com\/korner.producer\/\",\"https:\/\/www.linkedin.com\/in\/korner-producer\/\"]}]}<\/script>\n<!-- \/ Yoast SEO plugin. -->","yoast_head_json":{"title":"Ultima \/ Idea - Korner","robots":{"index":"index","follow":"follow","max-snippet":"max-snippet:-1","max-image-preview":"max-image-preview:large","max-video-preview":"max-video-preview:-1"},"canonical":"https:\/\/korner.eu\/de\/produkte\/ultima-idea\/","og_locale":"de_DE","og_type":"article","og_title":"Ultima \/ Idea - Korner","og_description":"Ultima 80 Die Sockelleiste Ultima zeichnet sich durch die beste Holznachbildung mit Maserung aus. Genauigkeit und Klarheit der Maserung tragen dazu bei, dass diese Leiste perfekt mit verschiedenen Typen Holzb\u00f6den kombiniert werden kann und den Charakter des Raumes betont. Durch Verwendung vom gesch\u00e4umten PVC h\u00f6chster Qualit\u00e4t werden Wasserfestigkeit, Flexibilit\u00e4t und Robustheit der Leiste erzielt. Ihre [&hellip;]","og_url":"https:\/\/korner.eu\/de\/produkte\/ultima-idea\/","og_site_name":"Korner","article_publisher":"https:\/\/www.facebook.com\/korner.producent\/","article_modified_time":"2023-04-03T10:01:15+00:00","og_image":[{"width":481,"height":431,"url":"https:\/\/korner.eu\/wp-content\/uploads\/2020\/03\/img-34.jpg","type":"image\/jpeg"}],"twitter_card":"summary_large_image","twitter_misc":{"Gesch\u00e4tzte Lesezeit":"2\u00a0Minuten"},"schema":{"@context":"https:\/\/schema.org","@graph":[{"@type":"WebPage","@id":"https:\/\/korner.eu\/de\/produkte\/ultima-idea\/","url":"https:\/\/korner.eu\/de\/produkte\/ultima-idea\/","name":"Ultima \/ Idea - Korner","isPartOf":{"@id":"https:\/\/korner.eu\/de\/#website"},"primaryImageOfPage":{"@id":"https:\/\/korner.eu\/de\/produkte\/ultima-idea\/#primaryimage"},"image":{"@id":"https:\/\/korner.eu\/de\/produkte\/ultima-idea\/#primaryimage"},"thumbnailUrl":"https:\/\/korner.eu\/wp-content\/uploads\/2020\/03\/img-34.jpg","datePublished":"2020-03-17T20:39:43+00:00","dateModified":"2023-04-03T10:01:15+00:00","breadcrumb":{"@id":"https:\/\/korner.eu\/de\/produkte\/ultima-idea\/#breadcrumb"},"inLanguage":"de","potentialAction":[{"@type":"ReadAction","target":["https:\/\/korner.eu\/de\/produkte\/ultima-idea\/"]}]},{"@type":"ImageObject","inLanguage":"de","@id":"https:\/\/korner.eu\/de\/produkte\/ultima-idea\/#primaryimage","url":"https:\/\/korner.eu\/wp-content\/uploads\/2020\/03\/img-34.jpg","contentUrl":"https:\/\/korner.eu\/wp-content\/uploads\/2020\/03\/img-34.jpg","width":481,"height":431},{"@type":"BreadcrumbList","@id":"https:\/\/korner.eu\/de\/produkte\/ultima-idea\/#breadcrumb","itemListElement":[{"@type":"ListItem","position":1,"name":"Strona g\u0142\u00f3wna","item":"https:\/\/korner.eu\/de\/"},{"@type":"ListItem","position":2,"name":"Ultima \/ Idea"}]},{"@type":"WebSite","@id":"https:\/\/korner.eu\/de\/#website","url":"https:\/\/korner.eu\/de\/","name":"Korner","description":"","publisher":{"@id":"https:\/\/korner.eu\/de\/#organization"},"potentialAction":[{"@type":"SearchAction","target":{"@type":"EntryPoint","urlTemplate":"https:\/\/korner.eu\/de\/?s={search_term_string}"},"query-input":{"@type":"PropertyValueSpecification","valueRequired":true,"valueName":"search_term_string"}}],"inLanguage":"de"},{"@type":"Organization","@id":"https:\/\/korner.eu\/de\/#organization","name":"Poli-Eco Tworzywa Sztuczne Sp. z o.o.","url":"https:\/\/korner.eu\/de\/","logo":{"@type":"ImageObject","inLanguage":"de","@id":"https:\/\/korner.eu\/de\/#\/schema\/logo\/image\/","url":"https:\/\/korner.eu\/wp-content\/uploads\/2020\/03\/logo.png","contentUrl":"https:\/\/korner.eu\/wp-content\/uploads\/2020\/03\/logo.png","width":180,"height":48,"caption":"Poli-Eco Tworzywa Sztuczne Sp. z o.o."},"image":{"@id":"https:\/\/korner.eu\/de\/#\/schema\/logo\/image\/"},"sameAs":["https:\/\/www.facebook.com\/korner.producent\/","https:\/\/www.instagram.com\/korner.producer\/","https:\/\/www.linkedin.com\/in\/korner-producer\/"]}]}},"_links":{"self":[{"href":"https:\/\/korner.eu\/de\/wp-json\/wp\/v2\/products\/11174","targetHints":{"allow":["GET"]}}],"collection":[{"href":"https:\/\/korner.eu\/de\/wp-json\/wp\/v2\/products"}],"about":[{"href":"https:\/\/korner.eu\/de\/wp-json\/wp\/v2\/types\/products"}],"wp:featuredmedia":[{"embeddable":true,"href":"https:\/\/korner.eu\/de\/wp-json\/wp\/v2\/media\/5065"}],"wp:attachment":[{"href":"https:\/\/korner.eu\/de\/wp-json\/wp\/v2\/media?parent=11174"}],"wp:term":[{"taxonomy":"product_category","embeddable":true,"href":"https:\/\/korner.eu\/de\/wp-json\/wp\/v2\/product_category?post=11174"}],"curies":[{"name":"wp","href":"https:\/\/api.w.org\/{rel}","templated":true}]}}