{"id":11232,"date":"2020-03-26T18:42:08","date_gmt":"2020-03-26T18:42:08","guid":{"rendered":"https:\/\/korner.eu\/aktualnosci\/"},"modified":"2022-08-05T11:42:35","modified_gmt":"2022-08-05T09:42:35","slug":"aktuelles","status":"publish","type":"page","link":"https:\/\/korner.eu\/de\/aktuelles\/","title":{"rendered":"Aktuelles"},"content":{"rendered":"\n<section id=\"korner-block_5e7ddc0b8c9de\" class=\"space-section   \" >\n\t<div class=\"space-block hide-for-small\" style=\"background-color:#FFFFFF; height: 60px;\" ><\/div>\n\t<div class=\"space-block show-for-small\" style=\"background-color:#FFFFFF; height: 30px;\" ><\/div>\n<\/section><div class=\"row column default-GB clearfix\">\n\n<\/div>\n\n\n<section id=\"korner-block_5e7cfd2d16f2a\" class=\"section-post-list   \" >\n\t<div class=\"row column default-GB clearfix\">\n\t\t<h1>Aktualno\u015bci<\/h1>\n\t<\/div>\n\t\t\t\t\t\t\t\t\t\t<div class=\"row has-sidebar\">\n\t\t\t\t<div id=\"post-type-post\" class=\"post-list \">\n\t\t\t\t\t\t\t\t\t\t\t<article class=\" post-type-list-item wow fadeInUp\">\n\t\t\t\t\t\t\t\t\t\t\t\t\t\t<div class=\"column post-image-column\">\n\t\t\t\t\t\t\t\t<a class=\"list-item-link \" href=\"https:\/\/korner.eu\/de\/teilnahme-an-der-warsaw-floor-expo-2025\/\">\n\t\t\t\t\t\t\t\t\t<span class=\"list-item-image\" style=\"background-image: url(https:\/\/korner.eu\/wp-content\/uploads\/2025\/06\/Multimedia-16-767x1023.jpg)\"><\/span>\n\t\t\t\t\t\t\t\t<\/a>\n\t\t\t\t\t\t\t<\/div>\n\t\t\t\t\t\t\t<div class=\"column post-info-column\">\n\t\t\t\t\t\t\t\t<h3 class=\"post-title\" ><a href=\"https:\/\/korner.eu\/de\/teilnahme-an-der-warsaw-floor-expo-2025\/\">Teilnahme an der WARSAW FLOOR EXPO 2025\t\t\t\t\t\t\t\t    <span style =\"color: #555556;font-size: 15px;font-weight: 400;margn-left:5px;\">\n\t\t\t\t\t\t\t\t\t\t\t06.06.2025r<\/span><\/a><\/h3>\t\t\t\t\t\t\t\t\t\t\t\t\t\t\t\t\t\t\t\t\t\t\n\t\t\t\t\t\t\t\t<p><p>Wir freuen uns, bekannt geben zu k\u00f6nnen, dass wir dank der freundlichen Unterst\u00fctzung der Firma Kelot die M\u00f6glichkeit hatten, unsere Produkte auf der WARSAW FLOOR EXPO 2025 zu pr\u00e4sentieren. Vom 3. bis 5. Juni 2025 waren wir an ihrem Stand zu finden, wo wir mit Stolz unser Produktangebot vorgestellt haben. Wir sind begeistert, an einem [&hellip;]<\/p>\n<\/p>\n\t\t\t\t\t\t\t\t\t\t\t\t\t\t\t\t\t<a class=\"read-more-posts\"  href=\"https:\/\/korner.eu\/de\/teilnahme-an-der-warsaw-floor-expo-2025\/\">Mehr >>><\/a>\n\t\t\t\t\t\t\t\t\t\t\t\t\t\t\t<\/div>\n\t\t\t\t\t\t<\/article>\n\t\t\t\t\t\t\t\t\t\t\t<article class=\" post-type-list-item wow fadeInUp\">\n\t\t\t\t\t\t\t\t\t\t\t\t\t\t<div class=\"column post-image-column\">\n\t\t\t\t\t\t\t\t<a class=\"list-item-link \" href=\"https:\/\/korner.eu\/de\/besuch-der-arbeitgeberorganisation-der-region-lebus-bei-poli-eco\/\">\n\t\t\t\t\t\t\t\t\t<span class=\"list-item-image\" style=\"background-image: url(https:\/\/korner.eu\/wp-content\/uploads\/2024\/12\/469699238_558002793674235_5991250948246594320_n-767x959.jpg)\"><\/span>\n\t\t\t\t\t\t\t\t<\/a>\n\t\t\t\t\t\t\t<\/div>\n\t\t\t\t\t\t\t<div class=\"column post-info-column\">\n\t\t\t\t\t\t\t\t<h3 class=\"post-title\" ><a href=\"https:\/\/korner.eu\/de\/besuch-der-arbeitgeberorganisation-der-region-lebus-bei-poli-eco\/\">Der Wettbewerb, organisiert vom Amt des Marschalls der Woiwodschaft Lebus\t\t\t\t\t\t\t\t    <span style =\"color: #555556;font-size: 15px;font-weight: 400;margn-left:5px;\">\n\t\t\t\t\t\t\t\t\t\t\t01.04.2025r<\/span><\/a><\/h3>\t\t\t\t\t\t\t\t\t\t\t\t\t\t\t\t\t\t\t\t\t\t\n\t\t\t\t\t\t\t\t<p><p>Wir freuen uns, Ihnen mitteilen zu k\u00f6nnen, dass unser Unternehmen zu den 12 Gewinnern des vom Lubuski Urz\u0105d Marsza\u0142kowski (Amt des Marschalls der Woiwodschaft Lebus) organisierten Wettbewerbs geh\u00f6rt und den 3. Platz belegt hat! Der Wirtschaftspreis des Marschalls der Woiwodschaft Lebus f\u00fcr den Zeitraum 2021-2023 wurde in der Kategorie &#8222;Innovatives mittelst\u00e4ndisches Unternehmen&#8220; verliehen. Die letzten [&hellip;]<\/p>\n<\/p>\n\t\t\t\t\t\t\t\t\t\t\t\t\t\t\t\t\t<a class=\"read-more-posts\"  href=\"https:\/\/korner.eu\/de\/besuch-der-arbeitgeberorganisation-der-region-lebus-bei-poli-eco\/\">Mehr >>><\/a>\n\t\t\t\t\t\t\t\t\t\t\t\t\t\t\t<\/div>\n\t\t\t\t\t\t<\/article>\n\t\t\t\t\t\t\t\t\t\t\t<article class=\" post-type-list-item wow fadeInUp\">\n\t\t\t\t\t\t\t\t\t\t\t\t\t\t<div class=\"column post-image-column\">\n\t\t\t\t\t\t\t\t<a class=\"list-item-link \" href=\"https:\/\/korner.eu\/de\/spectra-neue-kollektion\/\">\n\t\t\t\t\t\t\t\t\t<span class=\"list-item-image\" style=\"background-image: url(https:\/\/korner.eu\/wp-content\/uploads\/2024\/02\/19-767x643.jpg)\"><\/span>\n\t\t\t\t\t\t\t\t<\/a>\n\t\t\t\t\t\t\t<\/div>\n\t\t\t\t\t\t\t<div class=\"column post-info-column\">\n\t\t\t\t\t\t\t\t<h3 class=\"post-title\" ><a href=\"https:\/\/korner.eu\/de\/spectra-neue-kollektion\/\">SPeCtra &#8211; Neue Kollektion\t\t\t\t\t\t\t\t    <span style =\"color: #555556;font-size: 15px;font-weight: 400;margn-left:5px;\">\n\t\t\t\t\t\t\t\t\t\t\t02.02.2024r<\/span><\/a><\/h3>\t\t\t\t\t\t\t\t\t\t\t\t\t\t\t\t\t\t\t\t\t\t\n\t\t\t\t\t\t\t\t<p><p>SPeCtra &#8211; W\u00e4nde und B\u00f6den Entdecken Sie eine Revolution in der Innenraumgestaltung mit unseren innovativen SPC-Fliesen, die herk\u00f6mmliche Keramikfliesen problemlos ersetzen k\u00f6nnen. Sie sehen nicht nur gut aus, sondern sind auch 100 % wasserbest\u00e4ndig und langlebig und damit ideal f\u00fcr den t\u00e4glichen Gebrauch. SPC Spectra-Fliesen lassen sich perfekt mit Fu\u00dfbodenheizungen kombinieren und sorgen f\u00fcr warmen [&hellip;]<\/p>\n<\/p>\n\t\t\t\t\t\t\t\t\t\t\t\t\t\t\t\t\t<a class=\"read-more-posts\"  href=\"https:\/\/korner.eu\/de\/spectra-neue-kollektion\/\">Mehr >>><\/a>\n\t\t\t\t\t\t\t\t\t\t\t\t\t\t\t<\/div>\n\t\t\t\t\t\t<\/article>\n\t\t\t\t\t\t\t\t\t\t\t<article class=\" post-type-list-item wow fadeInUp\">\n\t\t\t\t\t\t\t\t\t\t\t\t\t\t<div class=\"column post-image-column\">\n\t\t\t\t\t\t\t\t<a class=\"list-item-link \" href=\"https:\/\/korner.eu\/de\/sehen-sie-die-staerke-unserer-bodenplatten\/\">\n\t\t\t\t\t\t\t\t\t<span class=\"list-item-image\" style=\"background-image: url(https:\/\/korner.eu\/wp-content\/uploads\/2023\/10\/Vintage-Film-Projector-Wall-Mural_095a2d97-41ba-4205-8a0b-9b1311205f0d-767x516.webp)\"><\/span>\n\t\t\t\t\t\t\t\t<\/a>\n\t\t\t\t\t\t\t<\/div>\n\t\t\t\t\t\t\t<div class=\"column post-info-column\">\n\t\t\t\t\t\t\t\t<h3 class=\"post-title\" ><a href=\"https:\/\/korner.eu\/de\/sehen-sie-die-staerke-unserer-bodenplatten\/\">Sehen Sie die St\u00e4rke unserer Bodenplatten\t\t\t\t\t\t\t\t    <span style =\"color: #555556;font-size: 15px;font-weight: 400;margn-left:5px;\">\n\t\t\t\t\t\t\t\t\t\t\t23.10.2023r<\/span><\/a><\/h3>\t\t\t\t\t\t\t\t\t\t\t\t\t\t\t\t\t\t\t\t\t\t\n\t\t\t\t\t\t\t\t<p><p>Crash-Test Einer unserer H\u00e4ndler im Ausland hat einen Haltbarkeitstest unserer B\u00f6den durchgef\u00fchrt. Schauen Sie mal rein!<\/p>\n<\/p>\n\t\t\t\t\t\t\t\t\t\t\t\t\t\t\t\t\t<a class=\"read-more-posts\"  href=\"https:\/\/korner.eu\/de\/sehen-sie-die-staerke-unserer-bodenplatten\/\">Mehr >>><\/a>\n\t\t\t\t\t\t\t\t\t\t\t\t\t\t\t<\/div>\n\t\t\t\t\t\t<\/article>\n\t\t\t\t\t\t\t\t\t\t\t<article class=\" post-type-list-item wow fadeInUp\">\n\t\t\t\t\t\t\t\t\t\t\t\t\t\t<div class=\"column post-image-column\">\n\t\t\t\t\t\t\t\t<a class=\"list-item-link \" href=\"https:\/\/korner.eu\/de\/spectra-neue-kollektion-in-kurze\/\">\n\t\t\t\t\t\t\t\t\t<span class=\"list-item-image\" style=\"background-image: url(https:\/\/korner.eu\/wp-content\/uploads\/2023\/08\/Projekt-bez-nazwy-2-767x643.png)\"><\/span>\n\t\t\t\t\t\t\t\t<\/a>\n\t\t\t\t\t\t\t<\/div>\n\t\t\t\t\t\t\t<div class=\"column post-info-column\">\n\t\t\t\t\t\t\t\t<h3 class=\"post-title\" ><a href=\"https:\/\/korner.eu\/de\/spectra-neue-kollektion-in-kurze\/\">Spectra &#8211; Neue Kollektion in K\u00fcrze\t\t\t\t\t\t\t\t    <span style =\"color: #555556;font-size: 15px;font-weight: 400;margn-left:5px;\">\n\t\t\t\t\t\t\t\t\t\t\t31.08.2023r<\/span><\/a><\/h3>\t\t\t\t\t\t\t\t\t\t\t\t\t\t\t\t\t\t\t\t\t\t\n\t\t\t\t\t\t\t\t<p><p>Demn\u00e4chst: eine neue Kollektion von SPC-Fliesen. Demn\u00e4chst eine neue Erg\u00e4nzung unseres Sortiments! Wir freuen uns, Ihnen die SPC Spectra Fliesenkollektion vorstellen zu k\u00f6nnen &#8211; eine revolution\u00e4re Kombination aus keramischer Sch\u00f6nheit und au\u00dfergew\u00f6hnlicher Haltbarkeit. Die Spectra-Fliesen sind kratzfest, feuchtigkeitsresistent und widerstandsf\u00e4hig gegen den t\u00e4glichen Gebrauch und eignen sich perfekt f\u00fcr jeden Raum. Entdecken Sie einzigartige Muster [&hellip;]<\/p>\n<\/p>\n\t\t\t\t\t\t\t\t\t\t\t\t\t\t\t\t\t<a class=\"read-more-posts\"  href=\"https:\/\/korner.eu\/de\/spectra-neue-kollektion-in-kurze\/\">Mehr >>><\/a>\n\t\t\t\t\t\t\t\t\t\t\t\t\t\t\t<\/div>\n\t\t\t\t\t\t<\/article>\n\t\t\t\t\t\t\t\t\t\t\t<article class=\" post-type-list-item wow fadeInUp\">\n\t\t\t\t\t\t\t\t\t\t\t\t\t\t<div class=\"column post-image-column\">\n\t\t\t\t\t\t\t\t<a class=\"list-item-link \" href=\"https:\/\/korner.eu\/de\/neue-bodenbelagskollektion-luxury-floor-fischgrat\/\">\n\t\t\t\t\t\t\t\t\t<span class=\"list-item-image\" style=\"background-image: url(https:\/\/korner.eu\/wp-content\/uploads\/2023\/08\/Gory-3-767x643.jpg)\"><\/span>\n\t\t\t\t\t\t\t\t<\/a>\n\t\t\t\t\t\t\t<\/div>\n\t\t\t\t\t\t\t<div class=\"column post-info-column\">\n\t\t\t\t\t\t\t\t<h3 class=\"post-title\" ><a href=\"https:\/\/korner.eu\/de\/neue-bodenbelagskollektion-luxury-floor-fischgrat\/\">Neue Bodenbelagskollektion &#8211; Luxury Floor &#8211; Fischgr\u00e4t\t\t\t\t\t\t\t\t    <span style =\"color: #555556;font-size: 15px;font-weight: 400;margn-left:5px;\">\n\t\t\t\t\t\t\t\t\t\t\t22.08.2023r<\/span><\/a><\/h3>\t\t\t\t\t\t\t\t\t\t\t\t\t\t\t\t\t\t\t\t\t\t\n\t\t\t\t\t\t\t\t<p><p>Luxury Floor Dies ist eine zeitlose Kollektion, der begehrteste holz\u00e4hnliche Bodenbelag auf dem Markt. Aufgrund ihrer universellen Form, der Anordnung des klassischen Fischgr\u00e4tmusters, ist sie sowohl f\u00fcr traditionelle als auch f\u00fcr moderne, ger\u00e4umige Innenr\u00e4ume geeignet, so dass jeder Raum viele Jahre lang seine \u00fcberraschende Originalit\u00e4t genie\u00dfen kann. Bildung hier.<\/p>\n<\/p>\n\t\t\t\t\t\t\t\t\t\t\t\t\t\t\t\t\t<a class=\"read-more-posts\"  href=\"https:\/\/korner.eu\/de\/neue-bodenbelagskollektion-luxury-floor-fischgrat\/\">Mehr >>><\/a>\n\t\t\t\t\t\t\t\t\t\t\t\t\t\t\t<\/div>\n\t\t\t\t\t\t<\/article>\n\t\t\t\t\t\t\t\t\t\t\t<article class=\" post-type-list-item wow fadeInUp\">\n\t\t\t\t\t\t\t\t\t\t\t\t\t\t<div class=\"column post-image-column\">\n\t\t\t\t\t\t\t\t<a class=\"list-item-link \" href=\"https:\/\/korner.eu\/de\/visualiser-jetzt-verfugbar\/\">\n\t\t\t\t\t\t\t\t\t<span class=\"list-item-image\" style=\"background-image: url(https:\/\/korner.eu\/wp-content\/uploads\/2023\/08\/Nowa-kolekcja-940-x-588-px-767x480.png)\"><\/span>\n\t\t\t\t\t\t\t\t<\/a>\n\t\t\t\t\t\t\t<\/div>\n\t\t\t\t\t\t\t<div class=\"column post-info-column\">\n\t\t\t\t\t\t\t\t<h3 class=\"post-title\" ><a href=\"https:\/\/korner.eu\/de\/visualiser-jetzt-verfugbar\/\">Visualiser jetzt verf\u00fcgbar\t\t\t\t\t\t\t\t    <span style =\"color: #555556;font-size: 15px;font-weight: 400;margn-left:5px;\">\n\t\t\t\t\t\t\t\t\t\t\t21.08.2023r<\/span><\/a><\/h3>\t\t\t\t\t\t\t\t\t\t\t\t\t\t\t\t\t\t\t\t\t\t\n\t\t\t\t\t\t\t\t<p><p>Floori Bodenvisualisierer Jetzt k\u00f6nnen Sie unsere B\u00f6den in Ihrem Zimmer sehen, bevor Sie sie verlegen! Mit dem Floori-Visualisierer k\u00f6nnen Sie jede unserer Bodenbelagskollektionen in Ihrem Zimmer verlegen. Sie k\u00f6nnen vorgefertigte Arrangements verwenden oder Ihr eigenes Foto hochladen, um zu sehen, ob das Dekor zu Ihrer Einrichtung passt. Siehe dort.<\/p>\n<\/p>\n\t\t\t\t\t\t\t\t\t\t\t\t\t\t\t\t\t<a class=\"read-more-posts\"  href=\"https:\/\/korner.eu\/de\/visualiser-jetzt-verfugbar\/\">Mehr >>><\/a>\n\t\t\t\t\t\t\t\t\t\t\t\t\t\t\t<\/div>\n\t\t\t\t\t\t<\/article>\n\t\t\t\t\t\t\t\t\t\t\t<article class=\" post-type-list-item wow fadeInUp\">\n\t\t\t\t\t\t\t\t\t\t\t\t\t\t<div class=\"column post-image-column\">\n\t\t\t\t\t\t\t\t<a class=\"list-item-link \" href=\"https:\/\/korner.eu\/de\/neue-bodenunterlage-spc-ultra-600\/\">\n\t\t\t\t\t\t\t\t\t<span class=\"list-item-image\" style=\"background-image: url(https:\/\/korner.eu\/wp-content\/uploads\/2023\/06\/czerwony-podklad_zmniejszony-zdjecie-2-767x432.jpg)\"><\/span>\n\t\t\t\t\t\t\t\t<\/a>\n\t\t\t\t\t\t\t<\/div>\n\t\t\t\t\t\t\t<div class=\"column post-info-column\">\n\t\t\t\t\t\t\t\t<h3 class=\"post-title\" ><a href=\"https:\/\/korner.eu\/de\/neue-bodenunterlage-spc-ultra-600\/\">Neue Bodenunterlage SPC ULTRA 600+\t\t\t\t\t\t\t\t    <span style =\"color: #555556;font-size: 15px;font-weight: 400;margn-left:5px;\">\n\t\t\t\t\t\t\t\t\t\t\t20.08.2023r<\/span><\/a><\/h3>\t\t\t\t\t\t\t\t\t\t\t\t\t\t\t\t\t\t\t\t\t\t\n\t\t\t\t\t\t\t\t<p><p>SPC ULTRA 600+ Die neueste Bodenbelagsunterlage f\u00fcr SPC- und LVT-Klickkernb\u00f6den. Die hohe Schaumdichte und die ausgezeichneten CS-Parameter bieten dem Boden einen sehr hohen Schutz gegen Besch\u00e4digung, Verformung und Schlossbruch. SPC Ultra 600+ wird aufgrund seines geringen W\u00e4rmewiderstands f\u00fcr Fu\u00dfbodenheizungen empfohlen. Eigenschaften: Hohe W\u00e4rmeleitf\u00e4higkeitSchallabsorptionSchalld\u00e4mmungHohe Belastbarkeit<\/p>\n<\/p>\n\t\t\t\t\t\t\t\t\t\t\t\t\t\t\t\t\t<a class=\"read-more-posts\"  href=\"https:\/\/korner.eu\/de\/neue-bodenunterlage-spc-ultra-600\/\">Mehr >>><\/a>\n\t\t\t\t\t\t\t\t\t\t\t\t\t\t\t<\/div>\n\t\t\t\t\t\t<\/article>\n\t\t\t\t\t\t\t\t\t\t\t<article class=\" post-type-list-item wow fadeInUp\">\n\t\t\t\t\t\t\t\t\t\t\t\t\t\t<div class=\"column post-image-column\">\n\t\t\t\t\t\t\t\t<a class=\"list-item-link \" href=\"https:\/\/korner.eu\/de\/mitglied-des-mmfa\/\">\n\t\t\t\t\t\t\t\t\t<span class=\"list-item-image\" style=\"background-image: url(https:\/\/korner.eu\/wp-content\/uploads\/2023\/07\/9-767x643.png)\"><\/span>\n\t\t\t\t\t\t\t\t<\/a>\n\t\t\t\t\t\t\t<\/div>\n\t\t\t\t\t\t\t<div class=\"column post-info-column\">\n\t\t\t\t\t\t\t\t<h3 class=\"post-title\" ><a href=\"https:\/\/korner.eu\/de\/mitglied-des-mmfa\/\">Mitglied des MMFA\t\t\t\t\t\t\t\t    <span style =\"color: #555556;font-size: 15px;font-weight: 400;margn-left:5px;\">\n\t\t\t\t\t\t\t\t\t\t\t27.07.2023r<\/span><\/a><\/h3>\t\t\t\t\t\t\t\t\t\t\t\t\t\t\t\t\t\t\t\t\t\t\n\t\t\t\t\t\t\t\t<p><p>Poli-Eco Gruppe tritt dem MMFA bei. Wir freuen uns, Ihnen mitteilen zu k\u00f6nnen, dass die Poli-Eco Gruppe, zu der auch Korner geh\u00f6rt, Mitglied der MMFA (Multilayer Modular Flooring Association) geworden ist. Dies ist eine gro\u00dfe Entwicklungschance f\u00fcr unser Unternehmen und eine gro\u00dfe Motivation f\u00fcr weitere Ma\u00dfnahmen und die Erweiterung der Perspektiven des Unternehmens. Dank der [&hellip;]<\/p>\n<\/p>\n\t\t\t\t\t\t\t\t\t\t\t\t\t\t\t\t\t<a class=\"read-more-posts\"  href=\"https:\/\/korner.eu\/de\/mitglied-des-mmfa\/\">Mehr >>><\/a>\n\t\t\t\t\t\t\t\t\t\t\t\t\t\t\t<\/div>\n\t\t\t\t\t\t<\/article>\n\t\t\t\t\t\t\t\t\t\t\t<article class=\" post-type-list-item wow fadeInUp\">\n\t\t\t\t\t\t\t\t\t\t\t\t\t\t<div class=\"column post-image-column\">\n\t\t\t\t\t\t\t\t<a class=\"list-item-link \" href=\"https:\/\/korner.eu\/de\/neue-bodefarben-solid-floor-scandi\/\">\n\t\t\t\t\t\t\t\t\t<span class=\"list-item-image\" style=\"background-image: url(https:\/\/korner.eu\/wp-content\/uploads\/2023\/03\/Scandi-aktualnosci-DE-767x643.jpg)\"><\/span>\n\t\t\t\t\t\t\t\t<\/a>\n\t\t\t\t\t\t\t<\/div>\n\t\t\t\t\t\t\t<div class=\"column post-info-column\">\n\t\t\t\t\t\t\t\t<h3 class=\"post-title\" ><a href=\"https:\/\/korner.eu\/de\/neue-bodefarben-solid-floor-scandi\/\">Neue Bodefarben &#8211; Solid Floor Scandi\t\t\t\t\t\t\t\t    <span style =\"color: #555556;font-size: 15px;font-weight: 400;margn-left:5px;\">\n\t\t\t\t\t\t\t\t\t\t\t13.03.2023r<\/span><\/a><\/h3>\t\t\t\t\t\t\t\t\t\t\t\t\t\t\t\t\t\t\t\t\t\t\n\t\t\t\t\t\t\t\t<p><p>Entdecken Sie die neuen Farben der Kollektion Solid Floor &#8211; Scandi! Solide SPC-Vinylb\u00f6den auf Basis eines mineralischen Kerns aus 80 % Kalkstein. Eine Kollektion von Scandi-Paneelen, inspiriert von erstaunlichen skandinavischen Landschaften. Die Struktur aus Holz, ausdrucksstarkes Dekor, k\u00fchle Farben und eindrucksvolle, vierseitige V-Fuge. Der Boden ist vollst\u00e4ndig umweltfreundlich und sicher f\u00fcr die Umwelt. Wasserdichte Paneele [&hellip;]<\/p>\n<\/p>\n\t\t\t\t\t\t\t\t\t\t\t\t\t\t\t\t\t<a class=\"read-more-posts\"  href=\"https:\/\/korner.eu\/de\/neue-bodefarben-solid-floor-scandi\/\">Mehr >>><\/a>\n\t\t\t\t\t\t\t\t\t\t\t\t\t\t\t<\/div>\n\t\t\t\t\t\t<\/article>\n\t\t\t\t\t\t\t\t\t\t\t<article class=\" post-type-list-item wow fadeInUp\">\n\t\t\t\t\t\t\t\t\t\t\t\t\t\t<div class=\"column post-image-column\">\n\t\t\t\t\t\t\t\t<a class=\"list-item-link \" href=\"https:\/\/korner.eu\/de\/neue-bodenkollektion-natural-floor\/\">\n\t\t\t\t\t\t\t\t\t<span class=\"list-item-image\" style=\"background-image: url(https:\/\/korner.eu\/wp-content\/uploads\/2023\/02\/Natural-aktualnosci-DE-767x643.jpg)\"><\/span>\n\t\t\t\t\t\t\t\t<\/a>\n\t\t\t\t\t\t\t<\/div>\n\t\t\t\t\t\t\t<div class=\"column post-info-column\">\n\t\t\t\t\t\t\t\t<h3 class=\"post-title\" ><a href=\"https:\/\/korner.eu\/de\/neue-bodenkollektion-natural-floor\/\">Neue Bodenkollektion &#8211; Natural Floor\t\t\t\t\t\t\t\t    <span style =\"color: #555556;font-size: 15px;font-weight: 400;margn-left:5px;\">\n\t\t\t\t\t\t\t\t\t\t\t20.02.2023r<\/span><\/a><\/h3>\t\t\t\t\t\t\t\t\t\t\t\t\t\t\t\t\t\t\t\t\t\t\n\t\t\t\t\t\t\t\t<p><p>Sehen Sie sich unsere neue Bodenkollektion Natural Floor an! SPC-Vinylb\u00f6den mit mineralischem Kern, ideal f\u00fcr jedes Interieur. Inspiriert von der nat\u00fcrlichen Sch\u00f6nheit des Waldes, mit ged\u00e4mpften Farben und sorgf\u00e4ltig reproduzierter Holzstruktur. V\u00f6llig \u00f6kologisch, umweltfreundlich und sicher in der Anwendung f\u00fcr alle Haushaltsmitglieder. Wasserdichte Paneele f\u00fcr Fu\u00dfbodenheizung, 4 mm dick. Mehr Informationen &#8211;> https:\/\/korner.eu\/de\/produkte\/natural-floor\/<\/p>\n<\/p>\n\t\t\t\t\t\t\t\t\t\t\t\t\t\t\t\t\t<a class=\"read-more-posts\"  href=\"https:\/\/korner.eu\/de\/neue-bodenkollektion-natural-floor\/\">Mehr >>><\/a>\n\t\t\t\t\t\t\t\t\t\t\t\t\t\t\t<\/div>\n\t\t\t\t\t\t<\/article>\n\t\t\t\t\t\t\t\t\t\t\t<article class=\" post-type-list-item wow fadeInUp\">\n\t\t\t\t\t\t\t\t\t\t\t\t\t\t<div class=\"column post-image-column\">\n\t\t\t\t\t\t\t\t<a class=\"list-item-link \" href=\"https:\/\/korner.eu\/de\/korner-ist-bei-facebook\/\">\n\t\t\t\t\t\t\t\t\t<span class=\"list-item-image\" style=\"background-image: url(https:\/\/korner.eu\/wp-content\/uploads\/2022\/09\/Projekt-bez-tytulu-2-min-767x643.jpg)\"><\/span>\n\t\t\t\t\t\t\t\t<\/a>\n\t\t\t\t\t\t\t<\/div>\n\t\t\t\t\t\t\t<div class=\"column post-info-column\">\n\t\t\t\t\t\t\t\t<h3 class=\"post-title\" ><a href=\"https:\/\/korner.eu\/de\/korner-ist-bei-facebook\/\">Korner ist bei Facebook.\t\t\t\t\t\t\t\t    <span style =\"color: #555556;font-size: 15px;font-weight: 400;margn-left:5px;\">\n\t\t\t\t\t\t\t\t\t\t\t29.09.2022r<\/span><\/a><\/h3>\t\t\t\t\t\t\t\t\t\t\t\t\t\t\t\t\t\t\t\t\t\t\n\t\t\t\t\t\t\t\t<p><p>Korners offizielles Facebook Das offizielle Profil der Marke Korner auf Facebook wurde bereits gelauncht. Folgen Sie uns, um \u00fcber unsere neuesten Produkte, Kuriosit\u00e4ten oder Ratschl\u00e4ge zur Veredelungsindustrie auf dem Laufenden zu bleiben. Dort finden Sie auch einige Momente aus dem Unternehmensalltag, darunter Schulungen und Meetings unserer Mitarbeiter. Wir laden Sie ein, sich mit unserem Profil [&hellip;]<\/p>\n<\/p>\n\t\t\t\t\t\t\t\t\t\t\t\t\t\t\t\t\t<a class=\"read-more-posts\"  href=\"https:\/\/korner.eu\/de\/korner-ist-bei-facebook\/\">Mehr >>><\/a>\n\t\t\t\t\t\t\t\t\t\t\t\t\t\t\t<\/div>\n\t\t\t\t\t\t<\/article>\n\t\t\t\t\t\t\t\t\t\t\t<article class=\" post-type-list-item wow fadeInUp\">\n\t\t\t\t\t\t\t\t\t\t\t\t\t\t<div class=\"column post-image-column\">\n\t\t\t\t\t\t\t\t<a class=\"list-item-link \" href=\"https:\/\/korner.eu\/de\/domotex-2023\/\">\n\t\t\t\t\t\t\t\t\t<span class=\"list-item-image\" style=\"background-image: url(https:\/\/korner.eu\/wp-content\/uploads\/2023\/01\/324426909_6055600807836445_2555218051523312304_n-1.jpg)\"><\/span>\n\t\t\t\t\t\t\t\t<\/a>\n\t\t\t\t\t\t\t<\/div>\n\t\t\t\t\t\t\t<div class=\"column post-info-column\">\n\t\t\t\t\t\t\t\t<h3 class=\"post-title\" ><a href=\"https:\/\/korner.eu\/de\/domotex-2023\/\">Domotex 2023!\t\t\t\t\t\t\t\t    <span style =\"color: #555556;font-size: 15px;font-weight: 400;margn-left:5px;\">\n\t\t\t\t\t\t\t\t\t\t\t18.01.2023r<\/span><\/a><\/h3>\t\t\t\t\t\t\t\t\t\t\t\t\t\t\t\t\t\t\t\t\t\t\n\t\t\t\t\t\t\t\t<p><p>Domotex 2023! Vom 12. bis 15. Januar 2023 hatten wir die Gelegenheit, 30 Jahre Erfahrung unseres Unternehmens auf der Messe Domotex in Hannover zu zeigen und zu pr\u00e4sentieren! Unsere f\u00fchrenden Produkte waren bisher Sockelleisten, Arbeitsplattensockelleisten, Bodenunterlagen und M\u00f6belkanten. Jetzt sind wir stolz darauf, unsere neueste Innovation zu pr\u00e4sentieren &#8211; SPC-Vinylboden mit starrem Kern. Wir entwickeln [&hellip;]<\/p>\n<\/p>\n\t\t\t\t\t\t\t\t\t\t\t\t\t\t\t\t\t<a class=\"read-more-posts\"  href=\"https:\/\/korner.eu\/de\/domotex-2023\/\">Mehr >>><\/a>\n\t\t\t\t\t\t\t\t\t\t\t\t\t\t\t<\/div>\n\t\t\t\t\t\t<\/article>\n\t\t\t\t\t\t\t\t\t\t\t<article class=\" post-type-list-item wow fadeInUp\">\n\t\t\t\t\t\t\t\t\t\t\t\t\t\t<div class=\"column post-image-column\">\n\t\t\t\t\t\t\t\t<a class=\"list-item-link \" href=\"https:\/\/korner.eu\/de\/tage-der-offenen-tuer-bei-poli-eco\/\">\n\t\t\t\t\t\t\t\t\t<span class=\"list-item-image\" style=\"background-image: url(https:\/\/korner.eu\/wp-content\/uploads\/2023\/01\/Dni-pracy-w-poli-Eco-3-767x643.jpg)\"><\/span>\n\t\t\t\t\t\t\t\t<\/a>\n\t\t\t\t\t\t\t<\/div>\n\t\t\t\t\t\t\t<div class=\"column post-info-column\">\n\t\t\t\t\t\t\t\t<h3 class=\"post-title\" ><a href=\"https:\/\/korner.eu\/de\/tage-der-offenen-tuer-bei-poli-eco\/\">Tage der offenen T\u00fcr bei Poli-Eco\t\t\t\t\t\t\t\t    <span style =\"color: #555556;font-size: 15px;font-weight: 400;margn-left:5px;\">\n\t\t\t\t\t\t\t\t\t\t\t27.01.2023r<\/span><\/a><\/h3>\t\t\t\t\t\t\t\t\t\t\t\t\t\t\t\t\t\t\t\t\t\t\n\t\t\t\t\t\t\t\t<p><p>27.01.2023 Es ist uns eine Ehre, uns einer Veranstaltung r\u00fchmen zu k\u00f6nnen, die heute in unserem Unternehmen stattgefunden hat &#8211; Tage der offenen T\u00fcr. Wir wurden n\u00e4mlich von einer ziemlich gro\u00dfen Gruppe von Studenten mit ihren Betreuern aus der Sekundarschule &#8211; Boleslaw Chrobry in Szprotawa besucht. Ziel des Besuchs war es, sich mit der Funktionsweise [&hellip;]<\/p>\n<\/p>\n\t\t\t\t\t\t\t\t\t\t\t\t\t\t\t\t\t<a class=\"read-more-posts\"  href=\"https:\/\/korner.eu\/de\/tage-der-offenen-tuer-bei-poli-eco\/\">Mehr >>><\/a>\n\t\t\t\t\t\t\t\t\t\t\t\t\t\t\t<\/div>\n\t\t\t\t\t\t<\/article>\n\t\t\t\t\t\t\t\t\t\t\t<article class=\" post-type-list-item wow fadeInUp\">\n\t\t\t\t\t\t\t\t\t\t\t\t\t\t<div class=\"column post-image-column\">\n\t\t\t\t\t\t\t\t<a class=\"list-item-link \" href=\"https:\/\/korner.eu\/de\/solid-floor-vinylbodem-mit-hartem-kerm\/\">\n\t\t\t\t\t\t\t\t\t<span class=\"list-item-image\" style=\"background-image: url(https:\/\/korner.eu\/wp-content\/uploads\/2017\/02\/500475_DAB_JASNY-767x511.jpg)\"><\/span>\n\t\t\t\t\t\t\t\t<\/a>\n\t\t\t\t\t\t\t<\/div>\n\t\t\t\t\t\t\t<div class=\"column post-info-column\">\n\t\t\t\t\t\t\t\t<h3 class=\"post-title\" ><a href=\"https:\/\/korner.eu\/de\/solid-floor-vinylbodem-mit-hartem-kerm\/\">PVC Bodenleiste weich mit Kleber\t\t\t\t\t\t\t\t    <span style =\"color: #555556;font-size: 15px;font-weight: 400;margn-left:5px;\">\n\t\t\t\t\t\t\t\t\t\t\t05.08.2022r<\/span><\/a><\/h3>\t\t\t\t\t\t\t\t\t\t\t\t\t\t\t\t\t\t\t\t\t\t\n\t\t\t\t\t\t\t\t<p><p>PVC Bodenleiste weich mit Kleber PVC Bodenleiste weich mit Kleber Neue Farben von PVC Bodenleiste weich mit Kleber sind auf unserer Website erschienen! \u00dcberpr\u00fcfen Sie die Nachrichten auf der Website: https:\/\/korner.eu\/de\/produkte\/artikel-30-31-32\/<\/p>\n<\/p>\n\t\t\t\t\t\t\t\t\t\t\t\t\t\t\t\t\t<a class=\"read-more-posts\"  href=\"https:\/\/korner.eu\/de\/solid-floor-vinylbodem-mit-hartem-kerm\/\">Mehr >>><\/a>\n\t\t\t\t\t\t\t\t\t\t\t\t\t\t\t<\/div>\n\t\t\t\t\t\t<\/article>\n\t\t\t\t\t\t\t\t\t\t\t<article class=\" post-type-list-item wow fadeInUp\">\n\t\t\t\t\t\t\t\t\t\t\t\t\t\t<div class=\"column post-image-column\">\n\t\t\t\t\t\t\t\t<a class=\"list-item-link \" href=\"https:\/\/korner.eu\/de\/klassiker-in-einer-neuen-version-schwarze-evo-jetzt-verfuegbar\/\">\n\t\t\t\t\t\t\t\t\t<span class=\"list-item-image\" style=\"background-image: url(https:\/\/korner.eu\/wp-content\/uploads\/2020\/03\/Evo-czarna-040_-767x430.jpg)\"><\/span>\n\t\t\t\t\t\t\t\t<\/a>\n\t\t\t\t\t\t\t<\/div>\n\t\t\t\t\t\t\t<div class=\"column post-info-column\">\n\t\t\t\t\t\t\t\t<h3 class=\"post-title\" ><a href=\"https:\/\/korner.eu\/de\/klassiker-in-einer-neuen-version-schwarze-evo-jetzt-verfuegbar\/\">Klassiker in einer neuen Version. Schwarze Evo jetzt verf\u00fcgbar!\t\t\t\t\t\t\t\t    <span style =\"color: #555556;font-size: 15px;font-weight: 400;margn-left:5px;\">\n\t\t\t\t\t\t\t\t\t\t\t29.08.2022r<\/span><\/a><\/h3>\t\t\t\t\t\t\t\t\t\t\t\t\t\t\t\t\t\t\t\t\t\t\n\t\t\t\t\t\t\t\t<p><p>Sockelleiste Evo \u2013 schwarz Evo-Leiste schwarz mit Click-fit-System \u2013 H\u00f6he 70 mm Wir setzen auf Minimalismus und \u00c4sthetik. Die Leiste Evo ist eine Kombination aus Klassik und modernem Design. Solch eine ausdrucksstarke Farbe verleiht jedem Interieur Charakter. Schwarze Evo jetzt erh\u00e4ltlich. Wir laden Sie ein, sich mit den Neuheiten auf der Website vertraut: https:\/\/korner.eu\/de\/produkte\/evo\/<\/p>\n<\/p>\n\t\t\t\t\t\t\t\t\t\t\t\t\t\t\t\t\t<a class=\"read-more-posts\"  href=\"https:\/\/korner.eu\/de\/klassiker-in-einer-neuen-version-schwarze-evo-jetzt-verfuegbar\/\">Mehr >>><\/a>\n\t\t\t\t\t\t\t\t\t\t\t\t\t\t\t<\/div>\n\t\t\t\t\t\t<\/article>\n\t\t\t\t\t\t\t\t\t\t\t<article class=\" post-type-list-item wow fadeInUp\">\n\t\t\t\t\t\t\t\t\t\t\t\t\t\t<div class=\"column post-image-column\">\n\t\t\t\t\t\t\t\t<a class=\"list-item-link \" href=\"https:\/\/korner.eu\/de\/solid-floor-vinylboden-mit-hartem-kerm\/\">\n\t\t\t\t\t\t\t\t\t<span class=\"list-item-image\" style=\"background-image: url(https:\/\/korner.eu\/wp-content\/uploads\/2022\/08\/Korner-Floor-Dab-Jasny-indeks-501629-2500x2500-min-1-767x767.png)\"><\/span>\n\t\t\t\t\t\t\t\t<\/a>\n\t\t\t\t\t\t\t<\/div>\n\t\t\t\t\t\t\t<div class=\"column post-info-column\">\n\t\t\t\t\t\t\t\t<h3 class=\"post-title\" ><a href=\"https:\/\/korner.eu\/de\/solid-floor-vinylboden-mit-hartem-kerm\/\">SOLID FLOOR &#8211; Vinylboden mit hartem Kerm\t\t\t\t\t\t\t\t    <span style =\"color: #555556;font-size: 15px;font-weight: 400;margn-left:5px;\">\n\t\t\t\t\t\t\t\t\t\t\t09.08.2022r<\/span><\/a><\/h3>\t\t\t\t\t\t\t\t\t\t\t\t\t\t\t\t\t\t\t\t\t\t\n\t\t\t\t\t\t\t\t<p><p>SOLID FLOOR &#8211; Vinylbodem mit hartem Kerm SOLID FLOOR Aus Liebe und Leidenschaft f\u00fcr unsere Produkte sind wir seit \u00fcber 30 Jahren auf dem Markt t\u00e4tig! Dieses Engagement und die harte Arbeit haben uns zu dem Punkt gef\u00fchrt, an dem wir uns eines Produkts r\u00fchmen k\u00f6nnen, das hundertprozentig unter der Aufsicht unserer Spezialisten hergestellt wird.<\/p>\n<\/p>\n\t\t\t\t\t\t\t\t\t\t\t\t\t\t\t\t\t<a class=\"read-more-posts\"  href=\"https:\/\/korner.eu\/de\/solid-floor-vinylboden-mit-hartem-kerm\/\">Mehr >>><\/a>\n\t\t\t\t\t\t\t\t\t\t\t\t\t\t\t<\/div>\n\t\t\t\t\t\t<\/article>\n\t\t\t\t\t\t\t\t\t\t\t<article class=\" post-type-list-item wow fadeInUp\">\n\t\t\t\t\t\t\t\t\t\t\t\t\t\t<div class=\"column post-image-column\">\n\t\t\t\t\t\t\t\t<a class=\"list-item-link \" href=\"https:\/\/korner.eu\/de\/neu-in-der-kategorie-fussbodenunterlage-2\/\">\n\t\t\t\t\t\t\t\t\t<span class=\"list-item-image\" style=\"background-image: url(https:\/\/korner.eu\/wp-content\/uploads\/2020\/05\/glowne-767x482.jpg)\"><\/span>\n\t\t\t\t\t\t\t\t<\/a>\n\t\t\t\t\t\t\t<\/div>\n\t\t\t\t\t\t\t<div class=\"column post-info-column\">\n\t\t\t\t\t\t\t\t<h3 class=\"post-title\" ><a href=\"https:\/\/korner.eu\/de\/neu-in-der-kategorie-fussbodenunterlage-2\/\">NEU in der Kategorie Fu\u00dfbodenunterlage\t\t\t\t\t\t\t\t    <span style =\"color: #555556;font-size: 15px;font-weight: 400;margn-left:5px;\">\n\t\t\t\t\t\t\t\t\t\t\t01.02.2021r<\/span><\/a><\/h3>\t\t\t\t\t\t\t\t\t\t\t\t\t\t\t\t\t\t\t\t\t\t\n\t\t\t\t\t\t\t\t<p><p>NEU in der Kategorie Fu\u00dfbodenunterlage In unserem Angebot an Bodenunterlagen finden Sie neue Spezialprodukte mit den h\u00f6chsten Parametern auf dem Markt. SPC1200 mit sehr hoher Dichte &#8211; zur Verl\u00e4ngerung der Lebensdauer von SPC- und LVT-B\u00f6den, HEAT PRO mit hoher W\u00e4rmeleitf\u00e4higkeit &#8211; f\u00fcr beheizte B\u00f6den, und ULTRA GRIP 1000 mit einer zus\u00e4tzlichen Selbstklebeschicht &#8211; f\u00fcr bessere [&hellip;]<\/p>\n<\/p>\n\t\t\t\t\t\t\t\t\t\t\t\t\t\t\t\t\t<a class=\"read-more-posts\"  href=\"https:\/\/korner.eu\/de\/neu-in-der-kategorie-fussbodenunterlage-2\/\">Mehr >>><\/a>\n\t\t\t\t\t\t\t\t\t\t\t\t\t\t\t<\/div>\n\t\t\t\t\t\t<\/article>\n\t\t\t\t\t\t\t\t\t\t\t<article class=\" post-type-list-item wow fadeInUp\">\n\t\t\t\t\t\t\t\t\t\t\t\t\t\t<div class=\"column post-image-column\">\n\t\t\t\t\t\t\t\t<a class=\"list-item-link \" href=\"https:\/\/korner.eu\/de\/neu-xps-verona-in-neuen-farben\/\">\n\t\t\t\t\t\t\t\t\t<span class=\"list-item-image\" style=\"background-image: url(https:\/\/korner.eu\/wp-content\/uploads\/2020\/03\/Listwa-przypodlogowa-501707_2D_0001-767x767.png)\"><\/span>\n\t\t\t\t\t\t\t\t<\/a>\n\t\t\t\t\t\t\t<\/div>\n\t\t\t\t\t\t\t<div class=\"column post-info-column\">\n\t\t\t\t\t\t\t\t<h3 class=\"post-title\" ><a href=\"https:\/\/korner.eu\/de\/neu-xps-verona-in-neuen-farben\/\">NEU- XPS Verona in neuen Farben\t\t\t\t\t\t\t\t    <span style =\"color: #555556;font-size: 15px;font-weight: 400;margn-left:5px;\">\n\t\t\t\t\t\t\t\t\t\t\t26.04.2021r<\/span><\/a><\/h3>\t\t\t\t\t\t\t\t\t\t\t\t\t\t\t\t\t\t\t\t\t\t\n\t\t\t\t\t\t\t\t<p><p>NEU- XPS Verona in neuen Farben Neue Farben des XPS Verona! Schauen Sie sich die neue Palette der KX05-Profile an und w\u00e4hlen Sie die richtige Farbe f\u00fcr Ihr Interieur. Link: https:\/\/korner.eu\/de\/produkte\/xps-verona\/<\/p>\n<\/p>\n\t\t\t\t\t\t\t\t\t\t\t\t\t\t\t\t\t<a class=\"read-more-posts\"  href=\"https:\/\/korner.eu\/de\/neu-xps-verona-in-neuen-farben\/\">Mehr >>><\/a>\n\t\t\t\t\t\t\t\t\t\t\t\t\t\t\t<\/div>\n\t\t\t\t\t\t<\/article>\n\t\t\t\t\t\t\t\t\t\t\t<article class=\" post-type-list-item wow fadeInUp\">\n\t\t\t\t\t\t\t\t\t\t\t\t\t\t<div class=\"column post-image-column\">\n\t\t\t\t\t\t\t\t<a class=\"list-item-link \" href=\"https:\/\/korner.eu\/de\/neu-xps-verona-in-einer-neuen-version\/\">\n\t\t\t\t\t\t\t\t\t<span class=\"list-item-image\" style=\"background-image: url(https:\/\/korner.eu\/wp-content\/uploads\/2020\/03\/KX14-767x602.jpg)\"><\/span>\n\t\t\t\t\t\t\t\t<\/a>\n\t\t\t\t\t\t\t<\/div>\n\t\t\t\t\t\t\t<div class=\"column post-info-column\">\n\t\t\t\t\t\t\t\t<h3 class=\"post-title\" ><a href=\"https:\/\/korner.eu\/de\/neu-xps-verona-in-einer-neuen-version\/\">NEU- XPS Verona in einer neuen Version\t\t\t\t\t\t\t\t    <span style =\"color: #555556;font-size: 15px;font-weight: 400;margn-left:5px;\">\n\t\t\t\t\t\t\t\t\t\t\t29.09.2020r<\/span><\/a><\/h3>\t\t\t\t\t\t\t\t\t\t\t\t\t\t\t\t\t\t\t\t\t\t\n\t\t\t\t\t\t\t\t<p><p>NEU- XPS Verona in einer neuen Version Wir freuen uns, Ihnen eine neue Version der XPS Verona-Profile pr\u00e4sentieren zu k\u00f6nnen. Dank der Verwendung der neuesten Errungenschaften auf dem Gebiet der Kunststoffverarbeitung erhielten wir ein Produkt mit erh\u00f6hter Best\u00e4ndigkeit gegen Besch\u00e4digungen und aufgefrischtem Design.Wir laden Sie ein, sich mit unserem Angebot vertraut zu machen: https:\/\/korner.eu\/de\/produkte\/xps-verona\/<\/p>\n<\/p>\n\t\t\t\t\t\t\t\t\t\t\t\t\t\t\t\t\t<a class=\"read-more-posts\"  href=\"https:\/\/korner.eu\/de\/neu-xps-verona-in-einer-neuen-version\/\">Mehr >>><\/a>\n\t\t\t\t\t\t\t\t\t\t\t\t\t\t\t<\/div>\n\t\t\t\t\t\t<\/article>\n\t\t\t\t\t\t\t\t\t\t\t<article class=\" post-type-list-item wow fadeInUp\">\n\t\t\t\t\t\t\t\t\t\t\t\t\t\t<div class=\"column post-image-column\">\n\t\t\t\t\t\t\t\t<a class=\"list-item-link \" href=\"https:\/\/korner.eu\/de\/neu-performa-3-fussbodenunterlagen\/\">\n\t\t\t\t\t\t\t\t\t<span class=\"list-item-image\" style=\"background-image: url(https:\/\/korner.eu\/wp-content\/uploads\/2020\/05\/Performa-3-767x572.png)\"><\/span>\n\t\t\t\t\t\t\t\t<\/a>\n\t\t\t\t\t\t\t<\/div>\n\t\t\t\t\t\t\t<div class=\"column post-info-column\">\n\t\t\t\t\t\t\t\t<h3 class=\"post-title\" ><a href=\"https:\/\/korner.eu\/de\/neu-performa-3-fussbodenunterlagen\/\">NEU &#8211; PERFORMA 3 Fu\u00dfbodenunterlagen\t\t\t\t\t\t\t\t    <span style =\"color: #555556;font-size: 15px;font-weight: 400;margn-left:5px;\">\n\t\t\t\t\t\t\t\t\t\t\t29.03.2020r<\/span><\/a><\/h3>\t\t\t\t\t\t\t\t\t\t\t\t\t\t\t\t\t\t\t\t\t\t\n\t\t\t\t\t\t\t\t<p><p>NEU &#8211; PERFORMA 3 Fu\u00dfbodenunterlagen Ausgezeichnete Unterlage mit hohen technischen Parametern. Entwickelt f\u00fcr die anspruchsvollsten Anwender. Ideal auch f\u00fcr beheizte Fu\u00dfb\u00f6den.Link: https:\/\/korner.eu\/de\/produkte\/performa-3\/<\/p>\n<\/p>\n\t\t\t\t\t\t\t\t\t\t\t\t\t\t\t\t\t<a class=\"read-more-posts\"  href=\"https:\/\/korner.eu\/de\/neu-performa-3-fussbodenunterlagen\/\">Mehr >>><\/a>\n\t\t\t\t\t\t\t\t\t\t\t\t\t\t\t<\/div>\n\t\t\t\t\t\t<\/article>\n\t\t\t\t\t\t\t\t\t\t\t<article class=\" post-type-list-item wow fadeInUp\">\n\t\t\t\t\t\t\t\t\t\t\t\t\t\t<div class=\"column post-image-column\">\n\t\t\t\t\t\t\t\t<a class=\"list-item-link \" href=\"https:\/\/korner.eu\/de\/neu-in-der-kategorie-fussleisten\/\">\n\t\t\t\t\t\t\t\t\t<span class=\"list-item-image\" style=\"background-image: url(https:\/\/korner.eu\/wp-content\/uploads\/2020\/03\/SIENA-ARANZ-767x452.png)\"><\/span>\n\t\t\t\t\t\t\t\t<\/a>\n\t\t\t\t\t\t\t<\/div>\n\t\t\t\t\t\t\t<div class=\"column post-info-column\">\n\t\t\t\t\t\t\t\t<h3 class=\"post-title\" ><a href=\"https:\/\/korner.eu\/de\/neu-in-der-kategorie-fussleisten\/\">NEU in der Kategorie Fu\u00dfleisten\t\t\t\t\t\t\t\t    <span style =\"color: #555556;font-size: 15px;font-weight: 400;margn-left:5px;\">\n\t\t\t\t\t\t\t\t\t\t\t29.12.2020r<\/span><\/a><\/h3>\t\t\t\t\t\t\t\t\t\t\t\t\t\t\t\t\t\t\t\t\t\t\n\t\t\t\t\t\t\t\t<p><p>NEU in der Kategorie Fu\u00dfleiste Siena. Optimale H\u00f6he, flexible Dicht- und Nivellierkanten, das beliebteste Montagesystem auf dem Markt und ein komplettes Set an Montagezubeh\u00f6r sind nur einige der Vorteile unserer neuen Sockelleiste.Link: https:\/\/korner.eu\/de\/produkte\/siena\/<\/p>\n<\/p>\n\t\t\t\t\t\t\t\t\t\t\t\t\t\t\t\t\t<a class=\"read-more-posts\"  href=\"https:\/\/korner.eu\/de\/neu-in-der-kategorie-fussleisten\/\">Mehr >>><\/a>\n\t\t\t\t\t\t\t\t\t\t\t\t\t\t\t<\/div>\n\t\t\t\t\t\t<\/article>\n\t\t\t\t\t\t\t\t\t\t\t<article class=\" post-type-list-item wow fadeInUp\">\n\t\t\t\t\t\t\t\t\t\t\t\t\t\t<div class=\"column post-image-column\">\n\t\t\t\t\t\t\t\t<a class=\"list-item-link \" href=\"https:\/\/korner.eu\/de\/neue-farben-des-bodens-von-spc-korner\/\">\n\t\t\t\t\t\t\t\t\t<span class=\"list-item-image\" style=\"background-image: url(https:\/\/korner.eu\/wp-content\/uploads\/2020\/03\/korner_501682_aranz-767x431.jpg)\"><\/span>\n\t\t\t\t\t\t\t\t<\/a>\n\t\t\t\t\t\t\t<\/div>\n\t\t\t\t\t\t\t<div class=\"column post-info-column\">\n\t\t\t\t\t\t\t\t<h3 class=\"post-title\" ><a href=\"https:\/\/korner.eu\/de\/neue-farben-des-bodens-von-spc-korner\/\">NEUE FARBEN DES BODENS VON SPC KORNER\t\t\t\t\t\t\t\t    <span style =\"color: #555556;font-size: 15px;font-weight: 400;margn-left:5px;\">\n\t\t\t\t\t\t\t\t\t\t\t29.08.2020r<\/span><\/a><\/h3>\t\t\t\t\t\t\t\t\t\t\t\t\t\t\t\t\t\t\t\t\t\t\n\t\t\t\t\t\t\t\t<p><p>NEUE FARBEN DES BODENS VON SPC KORNER Baton Art \u2013 der n\u00e4chste dekor in unserem AngebotLink: https:\/\/korner.eu\/de\/produkte\/vinylboden-mit-hartem-kern\/<\/p>\n<\/p>\n\t\t\t\t\t\t\t\t\t\t\t\t\t\t\t\t\t<a class=\"read-more-posts\"  href=\"https:\/\/korner.eu\/de\/neue-farben-des-bodens-von-spc-korner\/\">Mehr >>><\/a>\n\t\t\t\t\t\t\t\t\t\t\t\t\t\t\t<\/div>\n\t\t\t\t\t\t<\/article>\n\t\t\t\t\t\t\t\t\t\t\t<article class=\" post-type-list-item wow fadeInUp\">\n\t\t\t\t\t\t\t\t\t\t\t\t\t\t<div class=\"column post-image-column\">\n\t\t\t\t\t\t\t\t<a class=\"list-item-link \" href=\"https:\/\/korner.eu\/de\/neu-korner-floor-spc-synchronstruktur\/\">\n\t\t\t\t\t\t\t\t\t<span class=\"list-item-image\" style=\"background-image: url(https:\/\/korner.eu\/wp-content\/themes\/korner\/img\/placeholder.jpg)\"><\/span>\n\t\t\t\t\t\t\t\t<\/a>\n\t\t\t\t\t\t\t<\/div>\n\t\t\t\t\t\t\t<div class=\"column post-info-column\">\n\t\t\t\t\t\t\t\t<h3 class=\"post-title\" ><a href=\"https:\/\/korner.eu\/de\/neu-korner-floor-spc-synchronstruktur\/\">NEU &#8211; KORNER FLOOR SPC Synchronstruktur\t\t\t\t\t\t\t\t    <span style =\"color: #555556;font-size: 15px;font-weight: 400;margn-left:5px;\">\n\t\t\t\t\t\t\t\t\t\t\t29.06.2020r<\/span><\/a><\/h3>\t\t\t\t\t\t\t\t\t\t\t\t\t\t\t\t\t\t\t\t\t\t\n\t\t\t\t\t\t\t\t<p><p>NEU &#8211; KORNER FLOOR SPC Synchronstruktur Eiche Prestige ist unser neuestes Muster, das perfekt nat\u00fcrliches Holz imitiert. Durch die Verwendung der Synchronstruktur, des realistischen Holzmusters und der 4-seitigen V-Nut sieht der Boden nicht nur extrem designorientiert aus, sondern wir k\u00f6nnen auch jeden Ast und jedes St\u00fcck Holz sp\u00fcren.<\/p>\n<\/p>\n\t\t\t\t\t\t\t\t\t\t\t\t\t\t\t\t\t<a class=\"read-more-posts\"  href=\"https:\/\/korner.eu\/de\/neu-korner-floor-spc-synchronstruktur\/\">Mehr >>><\/a>\n\t\t\t\t\t\t\t\t\t\t\t\t\t\t\t<\/div>\n\t\t\t\t\t\t<\/article>\n\t\t\t\t\t\t\t\t\t\t\t<article class=\" post-type-list-item wow fadeInUp\">\n\t\t\t\t\t\t\t\t\t\t\t\t\t\t<div class=\"column post-image-column\">\n\t\t\t\t\t\t\t\t<a class=\"list-item-link \" href=\"https:\/\/korner.eu\/de\/poli-eco-auf-der-psb-messe\/\">\n\t\t\t\t\t\t\t\t\t<span class=\"list-item-image\" style=\"background-image: url(https:\/\/korner.eu\/wp-content\/uploads\/2018\/03\/Zaproszenie_PSB_2018_1-767x340.jpg)\"><\/span>\n\t\t\t\t\t\t\t\t<\/a>\n\t\t\t\t\t\t\t<\/div>\n\t\t\t\t\t\t\t<div class=\"column post-info-column\">\n\t\t\t\t\t\t\t\t<h3 class=\"post-title\" ><a href=\"https:\/\/korner.eu\/de\/poli-eco-auf-der-psb-messe\/\">Poli-Eco auf der PSB Messe\t\t\t\t\t\t\t\t    <span style =\"color: #555556;font-size: 15px;font-weight: 400;margn-left:5px;\">\n\t\t\t\t\t\t\t\t\t\t\t28.02.2018r<\/span><\/a><\/h3>\t\t\t\t\t\t\t\t\t\t\t\t\t\t\t\t\t\t\t\t\t\t\n\t\t\t\t\t\t\t\t<p><p>Poli-Eco auf der PSB Messe Wir laden Sie ein, unseren Stand auf der Baumesse der PSB Group zu besuchen. Das diesj\u00e4hrige Treffen in Kielce beginnt am 6. M\u00e4rz und wird zwei Tage dauern. Jedes Jahr treffen sich die Partner der Kanzlei, um Gesch\u00e4ftsbeziehungen aufzubauen und zu pflegen. . .<\/p>\n<\/p>\n\t\t\t\t\t\t\t\t\t\t\t\t\t\t\t\t\t<a class=\"read-more-posts\"  href=\"https:\/\/korner.eu\/de\/poli-eco-auf-der-psb-messe\/\">Mehr >>><\/a>\n\t\t\t\t\t\t\t\t\t\t\t\t\t\t\t<\/div>\n\t\t\t\t\t\t<\/article>\n\t\t\t\t\t\t\t\t\t\t\t<article class=\" post-type-list-item wow fadeInUp\">\n\t\t\t\t\t\t\t\t\t\t\t\t\t\t<div class=\"column post-image-column\">\n\t\t\t\t\t\t\t\t<a class=\"list-item-link \" href=\"https:\/\/korner.eu\/de\/baumesse-der-majster-gruppe-abc\/\">\n\t\t\t\t\t\t\t\t\t<span class=\"list-item-image\" style=\"background-image: url(https:\/\/korner.eu\/wp-content\/uploads\/2019\/03\/majster-767x602.jpg)\"><\/span>\n\t\t\t\t\t\t\t\t<\/a>\n\t\t\t\t\t\t\t<\/div>\n\t\t\t\t\t\t\t<div class=\"column post-info-column\">\n\t\t\t\t\t\t\t\t<h3 class=\"post-title\" ><a href=\"https:\/\/korner.eu\/de\/baumesse-der-majster-gruppe-abc\/\">Baumesse der Majster-Gruppe ABC\t\t\t\t\t\t\t\t    <span style =\"color: #555556;font-size: 15px;font-weight: 400;margn-left:5px;\">\n\t\t\t\t\t\t\t\t\t\t\t29.09.2018r<\/span><\/a><\/h3>\t\t\t\t\t\t\t\t\t\t\t\t\t\t\t\t\t\t\t\t\t\t\n\t\t\t\t\t\t\t\t<p><p>Baumesse der Majster-Gruppe ABC Wir laden Sie herzlich ein, unseren Stand auf der Baumesse der Majster-Gruppe in Bydgoszcz zu besuchen! Sektor C, Stand-Nr. 98<\/p>\n<\/p>\n\t\t\t\t\t\t\t\t\t\t\t\t\t\t\t\t\t<a class=\"read-more-posts\"  href=\"https:\/\/korner.eu\/de\/baumesse-der-majster-gruppe-abc\/\">Mehr >>><\/a>\n\t\t\t\t\t\t\t\t\t\t\t\t\t\t\t<\/div>\n\t\t\t\t\t\t<\/article>\n\t\t\t\t\t\t\t\t\t\t\t<article class=\" post-type-list-item wow fadeInUp\">\n\t\t\t\t\t\t\t\t\t\t\t\t\t\t<div class=\"column post-image-column\">\n\t\t\t\t\t\t\t\t<a class=\"list-item-link \" href=\"https:\/\/korner.eu\/de\/frohe-weihnachten\/\">\n\t\t\t\t\t\t\t\t\t<span class=\"list-item-image\" style=\"background-image: url(https:\/\/korner.eu\/wp-content\/uploads\/2021\/01\/Transparent_Santa_Hat_with_Mistletoe_PNG_Picture-767x574.png)\"><\/span>\n\t\t\t\t\t\t\t\t<\/a>\n\t\t\t\t\t\t\t<\/div>\n\t\t\t\t\t\t\t<div class=\"column post-info-column\">\n\t\t\t\t\t\t\t\t<h3 class=\"post-title\" ><a href=\"https:\/\/korner.eu\/de\/frohe-weihnachten\/\">Frohe Weihnachten\t\t\t\t\t\t\t\t    <span style =\"color: #555556;font-size: 15px;font-weight: 400;margn-left:5px;\">\n\t\t\t\t\t\t\t\t\t\t\t20.12.2018r<\/span><\/a><\/h3>\t\t\t\t\t\t\t\t\t\t\t\t\t\t\t\t\t\t\t\t\t\t\n\t\t\t\t\t\t\t\t<p><p>Frohe Weihnachten Wir w\u00fcnschen unseren allen Kunden und Partnern ein friedliches und freudiges Weihnachtsfest und auch im kommenden neuen Jahr 2019 viel Freude und Erfolg.<\/p>\n<\/p>\n\t\t\t\t\t\t\t\t\t\t\t\t\t\t\t\t\t<a class=\"read-more-posts\"  href=\"https:\/\/korner.eu\/de\/frohe-weihnachten\/\">Mehr >>><\/a>\n\t\t\t\t\t\t\t\t\t\t\t\t\t\t\t<\/div>\n\t\t\t\t\t\t<\/article>\n\t\t\t\t\t\t\t\t\t\t\t<article class=\" post-type-list-item wow fadeInUp\">\n\t\t\t\t\t\t\t\t\t\t\t\t\t\t<div class=\"column post-image-column\">\n\t\t\t\t\t\t\t\t<a class=\"list-item-link \" href=\"https:\/\/korner.eu\/de\/neuigkeiten-in-unserem-angebot-fussleiste-venezia\/\">\n\t\t\t\t\t\t\t\t\t<span class=\"list-item-image\" style=\"background-image: url(https:\/\/korner.eu\/wp-content\/uploads\/2021\/01\/Venezia-1b-767x585.png)\"><\/span>\n\t\t\t\t\t\t\t\t<\/a>\n\t\t\t\t\t\t\t<\/div>\n\t\t\t\t\t\t\t<div class=\"column post-info-column\">\n\t\t\t\t\t\t\t\t<h3 class=\"post-title\" ><a href=\"https:\/\/korner.eu\/de\/neuigkeiten-in-unserem-angebot-fussleiste-venezia\/\">Neuigkeiten in unserem Angebot \u2013 Fu\u00dfleiste Venezia\t\t\t\t\t\t\t\t    <span style =\"color: #555556;font-size: 15px;font-weight: 400;margn-left:5px;\">\n\t\t\t\t\t\t\t\t\t\t\t29.12.2019r<\/span><\/a><\/h3>\t\t\t\t\t\t\t\t\t\t\t\t\t\t\t\t\t\t\t\t\t\t\n\t\t\t\t\t\t\t\t<p><p>Neuigkeiten in unserem Angebot \u2013 Fu\u00dfleiste Venezia Venezia ist eine neue L\u00f6sung in der Kategorie der Endbearbeitung aller Arten von Bodenbel\u00e4gen. Er zeichnet sich durch eine langlebige, besch\u00e4digungssichere Konstruktion und die Verwendung von flexiblen Schnittkanten aus. Die moderne Form und die einfache Montage machen diese Fu\u00dfleiste zu einem praktischen und eleganten Inneneinrichtungselement. Die Fu\u00dfleiste ist [&hellip;]<\/p>\n<\/p>\n\t\t\t\t\t\t\t\t\t\t\t\t\t\t\t\t\t<a class=\"read-more-posts\"  href=\"https:\/\/korner.eu\/de\/neuigkeiten-in-unserem-angebot-fussleiste-venezia\/\">Mehr >>><\/a>\n\t\t\t\t\t\t\t\t\t\t\t\t\t\t\t<\/div>\n\t\t\t\t\t\t<\/article>\n\t\t\t\t\t\t\t\t\t\t\t<article class=\" post-type-list-item wow fadeInUp\">\n\t\t\t\t\t\t\t\t\t\t\t\t\t\t<div class=\"column post-image-column\">\n\t\t\t\t\t\t\t\t<a class=\"list-item-link \" href=\"https:\/\/korner.eu\/de\/farbe-neue-produkte-spc-korner-floor-2\/\">\n\t\t\t\t\t\t\t\t\t<span class=\"list-item-image\" style=\"background-image: url(https:\/\/korner.eu\/wp-content\/uploads\/2020\/03\/korner_501628_aranz_v2-767x511.jpg)\"><\/span>\n\t\t\t\t\t\t\t\t<\/a>\n\t\t\t\t\t\t\t<\/div>\n\t\t\t\t\t\t\t<div class=\"column post-info-column\">\n\t\t\t\t\t\t\t\t<h3 class=\"post-title\" ><a href=\"https:\/\/korner.eu\/de\/farbe-neue-produkte-spc-korner-floor-2\/\">FARBE NEUE PRODUKTE SPC Korner Floor\t\t\t\t\t\t\t\t    <span style =\"color: #555556;font-size: 15px;font-weight: 400;margn-left:5px;\">\n\t\t\t\t\t\t\t\t\t\t\tr<\/span><\/a><\/h3>\t\t\t\t\t\t\t\t\t\t\t\t\t\t\t\t\t\t\t\t\t\t\n\t\t\t\t\t\t\t\t<p><p>FARBE NEUE PRODUKTE SPC Korner Floor Das \u00e4u\u00dferst charakteristische Muster von Teak Tree und die super trendigen Graut\u00f6ne von Alaska Oak sind unsere Neuheiten in der Farbpalette der SPC KORNER FLOOR Paneele.Mehr erfahren: https:\/\/korner.eu\/de\/produkte\/vinylboden-mit-hartem-kern\/<\/p>\n<\/p>\n\t\t\t\t\t\t\t\t\t\t\t\t\t\t\t\t\t<a class=\"read-more-posts\"  href=\"https:\/\/korner.eu\/de\/farbe-neue-produkte-spc-korner-floor-2\/\">Mehr >>><\/a>\n\t\t\t\t\t\t\t\t\t\t\t\t\t\t\t<\/div>\n\t\t\t\t\t\t<\/article>\n\t\t\t\t\t\t\t\t\t\t\t<article class=\" post-type-list-item wow fadeInUp\">\n\t\t\t\t\t\t\t\t\t\t\t\t\t\t<div class=\"column post-image-column\">\n\t\t\t\t\t\t\t\t<a class=\"list-item-link \" href=\"https:\/\/korner.eu\/de\/farbe-neue-produkte-spc-korner-floor\/\">\n\t\t\t\t\t\t\t\t\t<span class=\"list-item-image\" style=\"background-image: url(https:\/\/korner.eu\/wp-content\/uploads\/2020\/03\/korner_501627_aranz-767x455.jpg)\"><\/span>\n\t\t\t\t\t\t\t\t<\/a>\n\t\t\t\t\t\t\t<\/div>\n\t\t\t\t\t\t\t<div class=\"column post-info-column\">\n\t\t\t\t\t\t\t\t<h3 class=\"post-title\" ><a href=\"https:\/\/korner.eu\/de\/farbe-neue-produkte-spc-korner-floor\/\">FARBE NEUE PRODUKTE SPC Korner Floor\t\t\t\t\t\t\t\t    <span style =\"color: #555556;font-size: 15px;font-weight: 400;margn-left:5px;\">\n\t\t\t\t\t\t\t\t\t\t\tr<\/span><\/a><\/h3>\t\t\t\t\t\t\t\t\t\t\t\t\t\t\t\t\t\t\t\t\t\t\n\t\t\t\t\t\t\t\t<p><p>FARBE NEUE PRODUKTE SPC Korner Floor Das \u00e4u\u00dferst charakteristische Muster von Teak Tree und die super trendigen Graut\u00f6ne von Alaska Oak sind unsere Neuheiten in der Farbpalette der SPC KORNER FLOOR Paneele.Mehr erfahren: https:\/\/korner.eu\/de\/produkte\/vinylboden-mit-hartem-kern\/<\/p>\n<\/p>\n\t\t\t\t\t\t\t\t\t\t\t\t\t\t\t\t\t<a class=\"read-more-posts\"  href=\"https:\/\/korner.eu\/de\/farbe-neue-produkte-spc-korner-floor\/\">Mehr >>><\/a>\n\t\t\t\t\t\t\t\t\t\t\t\t\t\t\t<\/div>\n\t\t\t\t\t\t<\/article>\n\t\t\t\t\t\t\t\t\t\t\t<article class=\" post-type-list-item wow fadeInUp\">\n\t\t\t\t\t\t\t\t\t\t\t\t\t\t<div class=\"column post-image-column\">\n\t\t\t\t\t\t\t\t<a class=\"list-item-link \" href=\"https:\/\/korner.eu\/de\/neuer-spc-korner-floor-dekor\/\">\n\t\t\t\t\t\t\t\t\t<span class=\"list-item-image\" style=\"background-image: url(https:\/\/korner.eu\/wp-content\/uploads\/2020\/03\/korner_501629_aranz-767x575.jpg)\"><\/span>\n\t\t\t\t\t\t\t\t<\/a>\n\t\t\t\t\t\t\t<\/div>\n\t\t\t\t\t\t\t<div class=\"column post-info-column\">\n\t\t\t\t\t\t\t\t<h3 class=\"post-title\" ><a href=\"https:\/\/korner.eu\/de\/neuer-spc-korner-floor-dekor\/\">Neuer SPC Korner Floor Dekor\t\t\t\t\t\t\t\t    <span style =\"color: #555556;font-size: 15px;font-weight: 400;margn-left:5px;\">\n\t\t\t\t\t\t\t\t\t\t\t29.11.2019r<\/span><\/a><\/h3>\t\t\t\t\t\t\t\t\t\t\t\t\t\t\t\t\t\t\t\t\t\t\n\t\t\t\t\t\t\t\t<p><p>Neuer SPC Korner Floor Dekor Klassischer, warmer Holzdekor und eine sch\u04e7ne, naturale rohplatten Vorlage,\u00a0 das sind unsere zwei Vorschl\u00e4ge in der SPC KORNER FLOOR Fu\u00dfb\u04e7den Kollektion. Wir laden Sie ein, einen Blick auf unser aktuelles Angebot zu werfen. Mehr erfahren: https:\/\/korner.eu\/de\/produkte\/vinylboden-mit-hartem-kern\/<\/p>\n<\/p>\n\t\t\t\t\t\t\t\t\t\t\t\t\t\t\t\t\t<a class=\"read-more-posts\"  href=\"https:\/\/korner.eu\/de\/neuer-spc-korner-floor-dekor\/\">Mehr >>><\/a>\n\t\t\t\t\t\t\t\t\t\t\t\t\t\t\t<\/div>\n\t\t\t\t\t\t<\/article>\n\t\t\t\t\t\t\t\t\t\t\t<article class=\" post-type-list-item wow fadeInUp\">\n\t\t\t\t\t\t\t\t\t\t\t\t\t\t<div class=\"column post-image-column\">\n\t\t\t\t\t\t\t\t<a class=\"list-item-link \" href=\"https:\/\/korner.eu\/de\/wir-erweitern-unsere-spc-korner-floor-fussb%d3%a7den-kollektion\/\">\n\t\t\t\t\t\t\t\t\t<span class=\"list-item-image\" style=\"background-image: url(https:\/\/korner.eu\/wp-content\/uploads\/2020\/03\/korner_501584_aranz-767x511.jpg)\"><\/span>\n\t\t\t\t\t\t\t\t<\/a>\n\t\t\t\t\t\t\t<\/div>\n\t\t\t\t\t\t\t<div class=\"column post-info-column\">\n\t\t\t\t\t\t\t\t<h3 class=\"post-title\" ><a href=\"https:\/\/korner.eu\/de\/wir-erweitern-unsere-spc-korner-floor-fussb%d3%a7den-kollektion\/\">Wir erweitern unsere SPC Korner Floor Fu\u00dfb\u04e7den Kollektion\t\t\t\t\t\t\t\t    <span style =\"color: #555556;font-size: 15px;font-weight: 400;margn-left:5px;\">\n\t\t\t\t\t\t\t\t\t\t\t29.07.2019r<\/span><\/a><\/h3>\t\t\t\t\t\t\t\t\t\t\t\t\t\t\t\t\t\t\t\t\t\t\n\t\t\t\t\t\t\t\t<p><p>Wir erweitern unsere SPC Korner Floor Fu\u00dfb\u04e7den Kollektion Lerne neue, einzigartige Dekore mit V-Fuge kennenErfahre mehr: https:\/\/korner.eu\/de\/produkte\/vinylboden-mit-hartem-kern\/<\/p>\n<\/p>\n\t\t\t\t\t\t\t\t\t\t\t\t\t\t\t\t\t<a class=\"read-more-posts\"  href=\"https:\/\/korner.eu\/de\/wir-erweitern-unsere-spc-korner-floor-fussb%d3%a7den-kollektion\/\">Mehr >>><\/a>\n\t\t\t\t\t\t\t\t\t\t\t\t\t\t\t<\/div>\n\t\t\t\t\t\t<\/article>\n\t\t\t\t\t\t\t\t\t\t\t<article class=\" post-type-list-item wow fadeInUp\">\n\t\t\t\t\t\t\t\t\t\t\t\t\t\t<div class=\"column post-image-column\">\n\t\t\t\t\t\t\t\t<a class=\"list-item-link \" href=\"https:\/\/korner.eu\/de\/nowosc-w-naszej-ofercie-panele-podlogowe-spc-korner-floor\/\">\n\t\t\t\t\t\t\t\t\t<span class=\"list-item-image\" style=\"background-image: url(https:\/\/korner.eu\/wp-content\/uploads\/2020\/03\/korner_501557_aranz-767x575.jpg)\"><\/span>\n\t\t\t\t\t\t\t\t<\/a>\n\t\t\t\t\t\t\t<\/div>\n\t\t\t\t\t\t\t<div class=\"column post-info-column\">\n\t\t\t\t\t\t\t\t<h3 class=\"post-title\" ><a href=\"https:\/\/korner.eu\/de\/nowosc-w-naszej-ofercie-panele-podlogowe-spc-korner-floor\/\">Die Neuigkeiten in unserem Angebot \u2013 Korner SPC Fu\u00dfb\u04e7den\t\t\t\t\t\t\t\t    <span style =\"color: #555556;font-size: 15px;font-weight: 400;margn-left:5px;\">\n\t\t\t\t\t\t\t\t\t\t\t15.04.2019r<\/span><\/a><\/h3>\t\t\t\t\t\t\t\t\t\t\t\t\t\t\t\t\t\t\t\t\t\t\n\t\t\t\t\t\t\t\t<p><p>Die Neuigkeiten in unserem Angebot \u2013 Korner SPC Fu\u00dfb\u04e7den Wir haben das Vergn\u00fcgen, Ihnen eine Neuheit in unserem Angebot, n\u00e4mlich die Fu\u00dfb\u04e7den KORNER FLOOR zu pr\u00e4sentieren. Dank dem Einsatz der neusten Entwicklungen auf dem Gebiet der Verarbeitung von Kunststoffen gewannen wir ein Erzeugnis, in dem die wichtigsten Vorteile der am Markt zur Verf\u00fcgung stehenden Bodenbel\u00e4ge [&hellip;]<\/p>\n<\/p>\n\t\t\t\t\t\t\t\t\t\t\t\t\t\t\t\t\t<a class=\"read-more-posts\"  href=\"https:\/\/korner.eu\/de\/nowosc-w-naszej-ofercie-panele-podlogowe-spc-korner-floor\/\">Mehr >>><\/a>\n\t\t\t\t\t\t\t\t\t\t\t\t\t\t\t<\/div>\n\t\t\t\t\t\t<\/article>\n\t\t\t\t\t\t\t\t\t\t\t<article class=\" post-type-list-item wow fadeInUp\">\n\t\t\t\t\t\t\t\t\t\t\t\t\t\t<div class=\"column post-image-column\">\n\t\t\t\t\t\t\t\t<a class=\"list-item-link \" href=\"https:\/\/korner.eu\/de\/nowa-kolorystyka-listew-przyblatowych-korner\/\">\n\t\t\t\t\t\t\t\t\t<span class=\"list-item-image\" style=\"background-image: url(https:\/\/korner.eu\/wp-content\/uploads\/2020\/05\/Screenshot_4-767x484.png)\"><\/span>\n\t\t\t\t\t\t\t\t<\/a>\n\t\t\t\t\t\t\t<\/div>\n\t\t\t\t\t\t\t<div class=\"column post-info-column\">\n\t\t\t\t\t\t\t\t<h3 class=\"post-title\" ><a href=\"https:\/\/korner.eu\/de\/nowa-kolorystyka-listew-przyblatowych-korner\/\">Neue Farbpalette der Wandabschlussprofile Korner\t\t\t\t\t\t\t\t    <span style =\"color: #555556;font-size: 15px;font-weight: 400;margn-left:5px;\">\n\t\t\t\t\t\t\t\t\t\t\t02.01.2017r<\/span><\/a><\/h3>\t\t\t\t\t\t\t\t\t\t\t\t\t\t\t\t\t\t\t\t\t\t\n\t\t\t\t\t\t\t\t<p><p>Auf der Suche nach den neuen Trends er\u00f6ffnen wir das neue Jahr mit der Erweiterung der Kollektion unserer Abschlussleisten LB 23 und LB 37 um neue Farben. F\u00fcr die Abschlussleisten LB 23 bieten wir jetzt 19 neue Designs an, die Kollektion LB 37 ist sogar um 39 neue Designs gr\u00f6\u00dfer. <\/p>\n<\/p>\n\t\t\t\t\t\t\t\t\t\t\t\t\t\t\t\t\t<a class=\"read-more-posts\"  href=\"https:\/\/korner.eu\/de\/nowa-kolorystyka-listew-przyblatowych-korner\/\">Mehr >>><\/a>\n\t\t\t\t\t\t\t\t\t\t\t\t\t\t\t<\/div>\n\t\t\t\t\t\t<\/article>\n\t\t\t\t\t\t\t\t\t\t\t<article class=\" post-type-list-item wow fadeInUp\">\n\t\t\t\t\t\t\t\t\t\t\t\t\t\t<div class=\"column post-image-column\">\n\t\t\t\t\t\t\t\t<a class=\"list-item-link \" href=\"https:\/\/korner.eu\/de\/listwy-przypodlogowe-mdf-modena\/\">\n\t\t\t\t\t\t\t\t\t<span class=\"list-item-image\" style=\"background-image: url(https:\/\/korner.eu\/wp-content\/uploads\/2020\/05\/Dollarphotoclub_41801082-767x511.jpg)\"><\/span>\n\t\t\t\t\t\t\t\t<\/a>\n\t\t\t\t\t\t\t<\/div>\n\t\t\t\t\t\t\t<div class=\"column post-info-column\">\n\t\t\t\t\t\t\t\t<h3 class=\"post-title\" ><a href=\"https:\/\/korner.eu\/de\/listwy-przypodlogowe-mdf-modena\/\">Sockelleisten MDF \u201eModena\u201d\t\t\t\t\t\t\t\t    <span style =\"color: #555556;font-size: 15px;font-weight: 400;margn-left:5px;\">\n\t\t\t\t\t\t\t\t\t\t\t01.02.2017r<\/span><\/a><\/h3>\t\t\t\t\t\t\t\t\t\t\t\t\t\t\t\t\t\t\t\t\t\t\n\t\t\t\t\t\t\t\t<p><p>Wir stellen Ihnen unsere neueste Kollektion von Sockelleisten MDF MODENA (der Marke KORNER) vor. Den Trends folgend, haben wir Sockelleisten mit H\u00f6hen von 70 mm, 80 mm, 90 mm und 100 mm entwickelt. Die Leisten aus dieser Kollektion sehen nicht nur gut aus, sie sind auch sehr robust und best\u00e4ndig gegen Besch\u00e4digungen infolge der Benutzung.<\/p>\n<\/p>\n\t\t\t\t\t\t\t\t\t\t\t\t\t\t\t\t\t<a class=\"read-more-posts\"  href=\"https:\/\/korner.eu\/de\/listwy-przypodlogowe-mdf-modena\/\">Mehr >>><\/a>\n\t\t\t\t\t\t\t\t\t\t\t\t\t\t\t<\/div>\n\t\t\t\t\t\t<\/article>\n\t\t\t\t\t\t\t\t\t\t\t<article class=\" post-type-list-item wow fadeInUp\">\n\t\t\t\t\t\t\t\t\t\t\t\t\t\t<div class=\"column post-image-column\">\n\t\t\t\t\t\t\t\t<a class=\"list-item-link \" href=\"https:\/\/korner.eu\/de\/listwa-przypodlogowa-quadro\/\">\n\t\t\t\t\t\t\t\t\t<span class=\"list-item-image\" style=\"background-image: url(https:\/\/korner.eu\/wp-content\/uploads\/2020\/05\/Screenshot_3-1.png)\"><\/span>\n\t\t\t\t\t\t\t\t<\/a>\n\t\t\t\t\t\t\t<\/div>\n\t\t\t\t\t\t\t<div class=\"column post-info-column\">\n\t\t\t\t\t\t\t\t<h3 class=\"post-title\" ><a href=\"https:\/\/korner.eu\/de\/listwa-przypodlogowa-quadro\/\">Sockelleiste Quadro\t\t\t\t\t\t\t\t    <span style =\"color: #555556;font-size: 15px;font-weight: 400;margn-left:5px;\">\n\t\t\t\t\t\t\t\t\t\t\t14.07.2017r<\/span><\/a><\/h3>\t\t\t\t\t\t\t\t\t\t\t\t\t\t\t\t\t\t\t\t\t\t\n\t\t\t\t\t\t\t\t<p><p>Wir freuen uns, Ihnen unsere neuste Sockelleiste Quadro pr\u00e4sentieren zu d\u00fcrfen. Die optimale H\u00f6he der Sockelleiste sowie ihre schlichte Form passen perfekt zu jedem Innenraum. Mit elastischen R\u00e4ndern kann die Leiste an allen W\u00e4nden und B\u00f6den befestigt werden, mehrschichtige Griffe machen die Befestigung \u00e4u\u00dferst robust.<\/p>\n<\/p>\n\t\t\t\t\t\t\t\t\t\t\t\t\t\t\t\t\t<a class=\"read-more-posts\"  href=\"https:\/\/korner.eu\/de\/listwa-przypodlogowa-quadro\/\">Mehr >>><\/a>\n\t\t\t\t\t\t\t\t\t\t\t\t\t\t\t<\/div>\n\t\t\t\t\t\t<\/article>\n\t\t\t\t\t\t\t\t\t\t\t<article class=\" post-type-list-item wow fadeInUp\">\n\t\t\t\t\t\t\t\t\t\t\t\t\t\t<div class=\"column post-image-column\">\n\t\t\t\t\t\t\t\t<a class=\"list-item-link \" href=\"https:\/\/korner.eu\/de\/praktika-und-ausbildung\/\">\n\t\t\t\t\t\t\t\t\t<span class=\"list-item-image\" style=\"background-image: url(https:\/\/korner.eu\/wp-content\/uploads\/2020\/05\/projekt_m_klnl-767x573.png)\"><\/span>\n\t\t\t\t\t\t\t\t<\/a>\n\t\t\t\t\t\t\t<\/div>\n\t\t\t\t\t\t\t<div class=\"column post-info-column\">\n\t\t\t\t\t\t\t\t<h3 class=\"post-title\" ><a href=\"https:\/\/korner.eu\/de\/praktika-und-ausbildung\/\">Praktika und Ausbildung\t\t\t\t\t\t\t\t    <span style =\"color: #555556;font-size: 15px;font-weight: 400;margn-left:5px;\">\n\t\t\t\t\t\t\t\t\t\t\t07.08.2017r<\/span><\/a><\/h3>\t\t\t\t\t\t\t\t\t\t\t\t\t\t\t\t\t\t\t\t\t\t\n\t\t\t\t\t\t\t\t<p><p>Die Gruppe Poli-Eco nimmt am Projekt des Kreisamtes \u017bary \u201eNeue Berufsausbildungschancen im Kreis \u017bary\u201c teil, das berufliche Praktika und Ausbildungen f\u00fcr Sch\u00fcler und Lehrer bietet.<\/p>\n<\/p>\n\t\t\t\t\t\t\t\t\t\t\t\t\t\t\t\t\t<a class=\"read-more-posts\"  href=\"https:\/\/korner.eu\/de\/praktika-und-ausbildung\/\">Mehr >>><\/a>\n\t\t\t\t\t\t\t\t\t\t\t\t\t\t\t<\/div>\n\t\t\t\t\t\t<\/article>\n\t\t\t\t\t\t\t\t\t\t\t<article class=\" post-type-list-item wow fadeInUp\">\n\t\t\t\t\t\t\t\t\t\t\t\t\t\t<div class=\"column post-image-column\">\n\t\t\t\t\t\t\t\t<a class=\"list-item-link \" href=\"https:\/\/korner.eu\/de\/montagekleber\/\">\n\t\t\t\t\t\t\t\t\t<span class=\"list-item-image\" style=\"background-image: url(https:\/\/korner.eu\/wp-content\/uploads\/2020\/05\/na_www.jpg)\"><\/span>\n\t\t\t\t\t\t\t\t<\/a>\n\t\t\t\t\t\t\t<\/div>\n\t\t\t\t\t\t\t<div class=\"column post-info-column\">\n\t\t\t\t\t\t\t\t<h3 class=\"post-title\" ><a href=\"https:\/\/korner.eu\/de\/montagekleber\/\">Montagekleber\t\t\t\t\t\t\t\t    <span style =\"color: #555556;font-size: 15px;font-weight: 400;margn-left:5px;\">\n\t\t\t\t\t\t\t\t\t\t\t25.10.2017r<\/span><\/a><\/h3>\t\t\t\t\t\t\t\t\t\t\t\t\t\t\t\t\t\t\t\t\t\t\n\t\t\t\t\t\t\t\t<p><p>Schauen Sie sich unsere Neuheiten an: der neue professionelle Montagekleber Korner G-FIX. Besonders gut geeignet f\u00fcr Montage und Verklebung von Abschlussprofilen, darunter Sockelleisten, Zierleisten, Stuck, Zubeh\u00f6r usw. Hohe Klebkraft und ausreichende Elastizit\u00e4t tragen dazu bei, dass der Kleber perfekt zum Kleben von PVC, MDF, XPS, Holz, Metall, Keramik und WPC geeignet ist.<\/p>\n<\/p>\n\t\t\t\t\t\t\t\t\t\t\t\t\t\t\t\t\t<a class=\"read-more-posts\"  href=\"https:\/\/korner.eu\/de\/montagekleber\/\">Mehr >>><\/a>\n\t\t\t\t\t\t\t\t\t\t\t\t\t\t\t<\/div>\n\t\t\t\t\t\t<\/article>\n\t\t\t\t\t\t\t\t\t\t\t<article class=\" post-type-list-item wow fadeInUp\">\n\t\t\t\t\t\t\t\t\t\t\t\t\t\t<div class=\"column post-image-column\">\n\t\t\t\t\t\t\t\t<a class=\"list-item-link \" href=\"https:\/\/korner.eu\/de\/xps-verona-new\/\">\n\t\t\t\t\t\t\t\t\t<span class=\"list-item-image\" style=\"background-image: url(https:\/\/korner.eu\/wp-content\/uploads\/2020\/05\/XPS_aktualnoci-767x490.jpg)\"><\/span>\n\t\t\t\t\t\t\t\t<\/a>\n\t\t\t\t\t\t\t<\/div>\n\t\t\t\t\t\t\t<div class=\"column post-info-column\">\n\t\t\t\t\t\t\t\t<h3 class=\"post-title\" ><a href=\"https:\/\/korner.eu\/de\/xps-verona-new\/\">XPS Verona NEW\t\t\t\t\t\t\t\t    <span style =\"color: #555556;font-size: 15px;font-weight: 400;margn-left:5px;\">\n\t\t\t\t\t\t\t\t\t\t\t13.09.2017r<\/span><\/a><\/h3>\t\t\t\t\t\t\t\t\t\t\t\t\t\t\t\t\t\t\t\t\t\t\n\t\t\t\t\t\t\t\t<p><p>Schauen Sie sich unbedingt unsere Neuheiten an: Das Abschlussprofile der Serie XPS Verona. Das sind au\u00dfergew\u00f6hnlich elegante und robuste Profile, die in vielen Farben und Formen erh\u00e4ltlich sind, durch den optionalen Anstrich kann das Produkt individualisiert werden und alle W\u00fcnsche erf\u00fcllen.<\/p>\n<\/p>\n\t\t\t\t\t\t\t\t\t\t\t\t\t\t\t\t\t<a class=\"read-more-posts\"  href=\"https:\/\/korner.eu\/de\/xps-verona-new\/\">Mehr >>><\/a>\n\t\t\t\t\t\t\t\t\t\t\t\t\t\t\t<\/div>\n\t\t\t\t\t\t<\/article>\n\t\t\t\t\t\t\t\t\t\t\t<article class=\" post-type-list-item wow fadeInUp\">\n\t\t\t\t\t\t\t\t\t\t\t\t\t\t<div class=\"column post-image-column\">\n\t\t\t\t\t\t\t\t<a class=\"list-item-link \" href=\"https:\/\/korner.eu\/de\/mehrzweck-aluband-korner\/\">\n\t\t\t\t\t\t\t\t\t<span class=\"list-item-image\" style=\"background-image: url(https:\/\/korner.eu\/wp-content\/uploads\/2020\/03\/img-22-1.jpg)\"><\/span>\n\t\t\t\t\t\t\t\t<\/a>\n\t\t\t\t\t\t\t<\/div>\n\t\t\t\t\t\t\t<div class=\"column post-info-column\">\n\t\t\t\t\t\t\t\t<h3 class=\"post-title\" ><a href=\"https:\/\/korner.eu\/de\/mehrzweck-aluband-korner\/\">Mehrzweck-Aluband Korner\t\t\t\t\t\t\t\t    <span style =\"color: #555556;font-size: 15px;font-weight: 400;margn-left:5px;\">\n\t\t\t\t\t\t\t\t\t\t\t24.11.2017r<\/span><\/a><\/h3>\t\t\t\t\t\t\t\t\t\t\t\t\t\t\t\t\t\t\t\t\t\t\n\t\t\t\t\t\t\t\t<p><p>Neuheit: selbstklebendes Aluminiumband. Perfekt geeignet f\u00fcr die Verklebung von Bodenunterlagen, Aluminiumfolien, Klima- und Heizungsleitungen<\/p>\n<\/p>\n\t\t\t\t\t\t\t\t\t\t\t\t\t\t\t\t\t<a class=\"read-more-posts\"  href=\"https:\/\/korner.eu\/de\/mehrzweck-aluband-korner\/\">Mehr >>><\/a>\n\t\t\t\t\t\t\t\t\t\t\t\t\t\t\t<\/div>\n\t\t\t\t\t\t<\/article>\n\t\t\t\t\t\t\t\t\t\t\t<article class=\" post-type-list-item wow fadeInUp\">\n\t\t\t\t\t\t\t\t\t\t\t\t\t\t<div class=\"column post-image-column\">\n\t\t\t\t\t\t\t\t<a class=\"list-item-link \" href=\"https:\/\/korner.eu\/de\/neue-farbpalette-der-sockelleisten-evo\/\">\n\t\t\t\t\t\t\t\t\t<span class=\"list-item-image\" style=\"background-image: url(https:\/\/korner.eu\/wp-content\/uploads\/2017\/11\/Screenshot_7.png)\"><\/span>\n\t\t\t\t\t\t\t\t<\/a>\n\t\t\t\t\t\t\t<\/div>\n\t\t\t\t\t\t\t<div class=\"column post-info-column\">\n\t\t\t\t\t\t\t\t<h3 class=\"post-title\" ><a href=\"https:\/\/korner.eu\/de\/neue-farbpalette-der-sockelleisten-evo\/\">Neue Farbpalette der Sockelleisten Evo\t\t\t\t\t\t\t\t    <span style =\"color: #555556;font-size: 15px;font-weight: 400;margn-left:5px;\">\n\t\t\t\t\t\t\t\t\t\t\t22.11.2017r<\/span><\/a><\/h3>\t\t\t\t\t\t\t\t\t\t\t\t\t\t\t\t\t\t\t\t\t\t\n\t\t\t\t\t\t\t\t<p><p>Den neuesten Markttrends folgend haben wir die Kollektion von Sockelleisten Evo erweitert. Alle Neuheiten finden Sie jetzt unter dem Reiter Farbpalette.<br \/>\nWir laden Sie ein, sich mit unserem Angebot bekannt zu machen.<\/p>\n<\/p>\n\t\t\t\t\t\t\t\t\t\t\t\t\t\t\t\t\t<a class=\"read-more-posts\"  href=\"https:\/\/korner.eu\/de\/neue-farbpalette-der-sockelleisten-evo\/\">Mehr >>><\/a>\n\t\t\t\t\t\t\t\t\t\t\t\t\t\t\t<\/div>\n\t\t\t\t\t\t<\/article>\n\t\t\t\t\t\t\t\t\t\t\t<article class=\" post-type-list-item wow fadeInUp\">\n\t\t\t\t\t\t\t\t\t\t\t\t\t\t<div class=\"column post-image-column\">\n\t\t\t\t\t\t\t\t<a class=\"list-item-link \" href=\"https:\/\/korner.eu\/de\/korner-wood-wpc-w-zgodzie-z-natura-2\/\">\n\t\t\t\t\t\t\t\t\t<span class=\"list-item-image\" style=\"background-image: url(https:\/\/korner.eu\/wp-content\/uploads\/2020\/03\/wpcmain1-767x392.jpg)\"><\/span>\n\t\t\t\t\t\t\t\t<\/a>\n\t\t\t\t\t\t\t<\/div>\n\t\t\t\t\t\t\t<div class=\"column post-info-column\">\n\t\t\t\t\t\t\t\t<h3 class=\"post-title\" ><a href=\"https:\/\/korner.eu\/de\/korner-wood-wpc-w-zgodzie-z-natura-2\/\">\u201eKorner Wood WPC \u2013 im Einklang mit der Natur\u201d\t\t\t\t\t\t\t\t    <span style =\"color: #555556;font-size: 15px;font-weight: 400;margn-left:5px;\">\n\t\t\t\t\t\t\t\t\t\t\t26.10.2017r<\/span><\/a><\/h3>\t\t\t\t\t\t\t\t\t\t\t\t\t\t\t\t\t\t\t\t\t\t\n\t\t\t\t\t\t\t\t<p><p>Wir freuen uns, Ihnen eine weitere Neuheit in unserem Angebot pr\u00e4sentieren zu k\u00f6nnen: Terrassensysteme aus Verbundwerkstoff &#038;WPC Korner Wood;. Durch die Kombination der neusten Technologie und Natur werden bisher unbekannte Parameter und Eigenschaften erzielt.<\/p>\n<\/p>\n\t\t\t\t\t\t\t\t\t\t\t\t\t\t\t\t\t<a class=\"read-more-posts\"  href=\"https:\/\/korner.eu\/de\/korner-wood-wpc-w-zgodzie-z-natura-2\/\">Mehr >>><\/a>\n\t\t\t\t\t\t\t\t\t\t\t\t\t\t\t<\/div>\n\t\t\t\t\t\t<\/article>\n\t\t\t\t\t\t\t\t\t\t\t<article class=\" post-type-list-item wow fadeInUp\">\n\t\t\t\t\t\t\t\t\t\t\t\t\t\t<div class=\"column post-image-column\">\n\t\t\t\t\t\t\t\t<a class=\"list-item-link \" href=\"https:\/\/korner.eu\/de\/promocja-lb-23-lu\/\">\n\t\t\t\t\t\t\t\t\t<span class=\"list-item-image\" style=\"background-image: url(https:\/\/korner.eu\/wp-content\/uploads\/2016\/09\/aktlu.jpg)\"><\/span>\n\t\t\t\t\t\t\t\t<\/a>\n\t\t\t\t\t\t\t<\/div>\n\t\t\t\t\t\t\t<div class=\"column post-info-column\">\n\t\t\t\t\t\t\t\t<h3 class=\"post-title\" ><a href=\"https:\/\/korner.eu\/de\/promocja-lb-23-lu\/\">Aktion LB 23 + LU\t\t\t\t\t\t\t\t    <span style =\"color: #555556;font-size: 15px;font-weight: 400;margn-left:5px;\">\n\t\t\t\t\t\t\t\t\t\t\t06.09.2016r<\/span><\/a><\/h3>\t\t\t\t\t\t\t\t\t\t\t\t\t\t\t\t\t\t\t\t\t\t\n\t\t\t\t\t\t\t\t<p><p>Ein Preisnachlass von 17% f\u00fcr LB 23 und die Sockelleiste LU in zwei Varianten zur Auswahl:1. Bestellen Sie mindestens 720 laufende Meter der Leiste LB 23 und Sie erhalten 240 laufende Meter der Sockelleiste LU dazu.<br \/>\n2.  Bestellen Sie mindestens 1125 lfm der Leiste LB 23 und Sie erhalten 480 lfm der Sockelleiste LU dazu.<\/p>\n<\/p>\n\t\t\t\t\t\t\t\t\t\t\t\t\t\t\t\t\t<a class=\"read-more-posts\"  href=\"https:\/\/korner.eu\/de\/promocja-lb-23-lu\/\">Mehr >>><\/a>\n\t\t\t\t\t\t\t\t\t\t\t\t\t\t\t<\/div>\n\t\t\t\t\t\t<\/article>\n\t\t\t\t\t\t\t\t\t\t\t<article class=\" post-type-list-item wow fadeInUp\">\n\t\t\t\t\t\t\t\t\t\t\t\t\t\t<div class=\"column post-image-column\">\n\t\t\t\t\t\t\t\t<a class=\"list-item-link \" href=\"https:\/\/korner.eu\/de\/targi-mosbuild-2016\/\">\n\t\t\t\t\t\t\t\t\t<span class=\"list-item-image\" style=\"background-image: url(https:\/\/korner.eu\/wp-content\/uploads\/2020\/04\/mos106-767x516.jpg)\"><\/span>\n\t\t\t\t\t\t\t\t<\/a>\n\t\t\t\t\t\t\t<\/div>\n\t\t\t\t\t\t\t<div class=\"column post-info-column\">\n\t\t\t\t\t\t\t\t<h3 class=\"post-title\" ><a href=\"https:\/\/korner.eu\/de\/targi-mosbuild-2016\/\">Messe MosBuild 2016\t\t\t\t\t\t\t\t    <span style =\"color: #555556;font-size: 15px;font-weight: 400;margn-left:5px;\">\n\t\t\t\t\t\t\t\t\t\t\t19.04.2016r<\/span><\/a><\/h3>\t\t\t\t\t\t\t\t\t\t\t\t\t\t\t\t\t\t\t\t\t\t\n\t\t\t\t\t\t\t\t<p><p>Die Messesaison endet mit der gr\u00f6\u00dften Baumesse in Russland &#8211; MosBuild 2016.<br \/>\nUnser Stand mit dem neusten Produktangebot der Firma Korner sowie mit der Neuheit in der Kategorie der Unterlagen &#8211; XPS Killer &#8211; war bei den Besuchern sehr beliebt und lockte sie mit auff\u00e4lligem Design und Pr\u00e4sentationen von Produkten an.Die XPS-Killer-Unterlagen sind eine interessante Alternative f\u00fcr herk\u00f6mmliche XPS-Unterlagen, aber mit deutlich besseren Parametern.<\/p>\n<\/p>\n\t\t\t\t\t\t\t\t\t\t\t\t\t\t\t\t\t<a class=\"read-more-posts\"  href=\"https:\/\/korner.eu\/de\/targi-mosbuild-2016\/\">Mehr >>><\/a>\n\t\t\t\t\t\t\t\t\t\t\t\t\t\t\t<\/div>\n\t\t\t\t\t\t<\/article>\n\t\t\t\t\t\t\t\t\t\t\t<article class=\" post-type-list-item wow fadeInUp\">\n\t\t\t\t\t\t\t\t\t\t\t\t\t\t<div class=\"column post-image-column\">\n\t\t\t\t\t\t\t\t<a class=\"list-item-link \" href=\"https:\/\/korner.eu\/de\/targi-domotex-2016\/\">\n\t\t\t\t\t\t\t\t\t<span class=\"list-item-image\" style=\"background-image: url(https:\/\/korner.eu\/wp-content\/uploads\/2020\/04\/domotex2016-767x431.jpg)\"><\/span>\n\t\t\t\t\t\t\t\t<\/a>\n\t\t\t\t\t\t\t<\/div>\n\t\t\t\t\t\t\t<div class=\"column post-info-column\">\n\t\t\t\t\t\t\t\t<h3 class=\"post-title\" ><a href=\"https:\/\/korner.eu\/de\/targi-domotex-2016\/\">Messe Domotex 2016\t\t\t\t\t\t\t\t    <span style =\"color: #555556;font-size: 15px;font-weight: 400;margn-left:5px;\">\n\t\t\t\t\t\t\t\t\t\t\t18.04.2016r<\/span><\/a><\/h3>\t\t\t\t\t\t\t\t\t\t\t\t\t\t\t\t\t\t\t\t\t\t\n\t\t\t\t\t\t\t\t<p><p>Mieli\u015bmy nieopisan\u0105 przyjemno\u015b\u0107 uczestniczy\u0107 w kolejnej edycji targ\u00f3w Domotex w Hannoverze.<br \/>\nBardzo dobra okazja do zaprezentowania produkt\u00f3w z porfolio Kornera, gdzie znale\u017a\u0107 mo\u017cna listwy cechami dostosowanymi do potrzeb u\u017cytkownik\u00f3w&#8230;<\/p>\n<\/p>\n\t\t\t\t\t\t\t\t\t\t\t\t\t\t\t\t\t<a class=\"read-more-posts\"  href=\"https:\/\/korner.eu\/de\/targi-domotex-2016\/\">Mehr >>><\/a>\n\t\t\t\t\t\t\t\t\t\t\t\t\t\t\t<\/div>\n\t\t\t\t\t\t<\/article>\n\t\t\t\t\t\t\t\t\t<\/div>\n\t\t\t\t\t\t\t\t\t<div class=\"post-list-sidebar\">\n\t\t\t\t\t\t\t\t\t\t\t\t\t<span class=\"post-list-sidebar-title\" >KALENDARIUM<\/span>\n\t\t\t\t\t\t\t\t\t\t\t\t<div class=\"post-list-sidebar-content\">\n\t\t\t\t\t\t\t\t\t\t\t\t\t\t\t\t\t\t\t\t\t\t\t\t\t\t\t\t\t\t\t\t\t\t\t\t\t\t\t\t\t\t\t\t\t\t\t<div class=\"accordion-item\">\n\t\t\t\t\t\t\t<div class=\"archive-year accordion-item-title\">2026<\/div>\n\t\t\t\t\t\t\t<div class=\"accordion-item-content\">\n\t\t\t\t\t\t\t\t<ul class=\"archive-list\" >\n\t\t\t\t\t\t\t\t\t<li class=\"all-year-link\" >\t\t\t\t\t\t\t\t\t<a rel=\"nofollow\"  href=\"https:\/\/korner.eu\/de\/\/2026\/\"><span>Ganzj\u00e4hrig<\/span><\/a><\/li> \n\t\t\t\t\t\t\t\t\t\t\t\t\t\t\t\t<li  ><a rel=\"nofollow\"  href=\"https:\/\/korner.eu\/de\/\/2026\/02\"><span class=\"archive-month\">Februar<\/span>\t\t\t\t\t\t\t\t<\/a><\/li>\n\t\t\t\t\t\t\t\t\n\t\t\t\t\t\t\t\t\n\t\t\t\t\t\t\t\t\t\t\t\t\t\t\t\t\t\t\t\t\t\t\t\t\t\t\t\t\t\t\t\t\t\t\t\t<li  ><a rel=\"nofollow\"  href=\"https:\/\/korner.eu\/de\/\/2026\/01\"><span class=\"archive-month\">Januar<\/span>\t\t\t\t\t\t\t\t<\/a><\/li>\n\t\t\t\t\t\t\t\t\n\t\t\t\t\t\t\t\t\n\t\t\t\t\t\t\t\t\t\t\t\t\t\t\t\t\t\t\t\t\t\t\t\t\t\t\t\t\t\t\t<\/ul>\n\t\t\t\t\t\t\t<\/div>\n\t\t\t\t\t\t<\/div>\n\t\t\t\t\t\t\t\t\t\t\t\t\t\t\t\t\n\t\t\t\t\t\t\t\t\t\t\t\t<div class=\"accordion-item\">\n\t\t\t\t\t\t\t<div class=\"archive-year accordion-item-title\">2025<\/div>\n\t\t\t\t\t\t\t<div class=\"accordion-item-content\">\n\t\t\t\t\t\t\t\t<ul class=\"archive-list\" >\n\t\t\t\t\t\t\t\t\t<li class=\"all-year-link\" >\t\t\t\t\t\t\t\t\t<a rel=\"nofollow\"  href=\"https:\/\/korner.eu\/de\/\/2025\/\"><span>Ganzj\u00e4hrig<\/span><\/a><\/li> \n\t\t\t\t\t\t\t\t\t\t\t\t\t\t\t\t<li  ><a rel=\"nofollow\"  href=\"https:\/\/korner.eu\/de\/\/2025\/12\"><span class=\"archive-month\">Dezember<\/span>\t\t\t\t\t\t\t\t<\/a><\/li>\n\t\t\t\t\t\t\t\t\n\t\t\t\t\t\t\t\t\n\t\t\t\t\t\t\t\t\t\t\t\t\t\t\t\t\t\t\t\t\t\t\t\t\t\t\t\t\t\t\t\t\t\t\t\t<li  ><a rel=\"nofollow\"  href=\"https:\/\/korner.eu\/de\/\/2025\/09\"><span class=\"archive-month\">September<\/span>\t\t\t\t\t\t\t\t<\/a><\/li>\n\t\t\t\t\t\t\t\t\n\t\t\t\t\t\t\t\t\n\t\t\t\t\t\t\t\t\t\t\t\t\t\t\t\t\t\t\t\t\t\t\t\t\t\t\t\t\t\t\t\t\t\t\t\t<li  ><a rel=\"nofollow\"  href=\"https:\/\/korner.eu\/de\/\/2025\/08\"><span class=\"archive-month\">August<\/span>\t\t\t\t\t\t\t\t<\/a><\/li>\n\t\t\t\t\t\t\t\t\n\t\t\t\t\t\t\t\t\n\t\t\t\t\t\t\t\t\t\t\t\t\t\t\t\t\t\t\t\t\t\t\t\t\t\t\t\t\t\t\t\t\t\t\t\t<li  ><a rel=\"nofollow\"  href=\"https:\/\/korner.eu\/de\/\/2025\/07\"><span class=\"archive-month\">Juli<\/span>\t\t\t\t\t\t\t\t<\/a><\/li>\n\t\t\t\t\t\t\t\t\n\t\t\t\t\t\t\t\t\n\t\t\t\t\t\t\t\t\t\t\t\t\t\t\t\t\t\t\t\t\t\t\t\t\t\t\t\t\t\t\t\t\t\t\t\t<li  ><a rel=\"nofollow\"  href=\"https:\/\/korner.eu\/de\/\/2025\/06\"><span class=\"archive-month\">Juni<\/span>\t\t\t\t\t\t\t\t<\/a><\/li>\n\t\t\t\t\t\t\t\t\n\t\t\t\t\t\t\t\t\n\t\t\t\t\t\t\t\t\t\t\t\t\t\t\t\t\t\t\t\t\t\t\t\t\t\t\t\t\t\t\t\t\t\t\t\t<li  ><a rel=\"nofollow\"  href=\"https:\/\/korner.eu\/de\/\/2025\/04\"><span class=\"archive-month\">April<\/span>\t\t\t\t\t\t\t\t<\/a><\/li>\n\t\t\t\t\t\t\t\t\n\t\t\t\t\t\t\t\t\n\t\t\t\t\t\t\t\t\t\t\t\t\t\t\t\t\t\t\t\t\t\t\t\t\t\t\t\t\t\t\t\t\t\t\t\t<li  ><a rel=\"nofollow\"  href=\"https:\/\/korner.eu\/de\/\/2025\/03\"><span class=\"archive-month\">M\u00e4rz<\/span>\t\t\t\t\t\t\t\t<\/a><\/li>\n\t\t\t\t\t\t\t\t\n\t\t\t\t\t\t\t\t\n\t\t\t\t\t\t\t\t\t\t\t\t\t\t\t\t\t\t\t\t\t\t\t\t\t\t\t\t\t\t\t<\/ul>\n\t\t\t\t\t\t\t<\/div>\n\t\t\t\t\t\t<\/div>\n\t\t\t\t\t\t\t\t\t\t\t\t\t\t\t\t\n\t\t\t\t\t\t\t\t\t\t\t\t<div class=\"accordion-item\">\n\t\t\t\t\t\t\t<div class=\"archive-year accordion-item-title\">2024<\/div>\n\t\t\t\t\t\t\t<div class=\"accordion-item-content\">\n\t\t\t\t\t\t\t\t<ul class=\"archive-list\" >\n\t\t\t\t\t\t\t\t\t<li class=\"all-year-link\" >\t\t\t\t\t\t\t\t\t<a rel=\"nofollow\"  href=\"https:\/\/korner.eu\/de\/\/2024\/\"><span>Ganzj\u00e4hrig<\/span><\/a><\/li> \n\t\t\t\t\t\t\t\t\t\t\t\t\t\t\t\t<li  ><a rel=\"nofollow\"  href=\"https:\/\/korner.eu\/de\/\/2024\/12\"><span class=\"archive-month\">Dezember<\/span>\t\t\t\t\t\t\t\t<\/a><\/li>\n\t\t\t\t\t\t\t\t\n\t\t\t\t\t\t\t\t\n\t\t\t\t\t\t\t\t\t\t\t\t\t\t\t\t\t\t\t\t\t\t\t\t\t\t\t\t\t\t\t\t\t\t\t\t<li  ><a rel=\"nofollow\"  href=\"https:\/\/korner.eu\/de\/\/2024\/11\"><span class=\"archive-month\">November<\/span>\t\t\t\t\t\t\t\t<\/a><\/li>\n\t\t\t\t\t\t\t\t\n\t\t\t\t\t\t\t\t\n\t\t\t\t\t\t\t\t\t\t\t\t\t\t\t\t\t\t\t\t\t\t\t\t\t\t\t\t\t\t\t\t\t\t\t\t<li  ><a rel=\"nofollow\"  href=\"https:\/\/korner.eu\/de\/\/2024\/08\"><span class=\"archive-month\">August<\/span>\t\t\t\t\t\t\t\t<\/a><\/li>\n\t\t\t\t\t\t\t\t\n\t\t\t\t\t\t\t\t\n\t\t\t\t\t\t\t\t\t\t\t\t\t\t\t\t\t\t\t\t\t\t\t\t\t\t\t\t\t\t\t\t\t\t\t\t<li  ><a rel=\"nofollow\"  href=\"https:\/\/korner.eu\/de\/\/2024\/07\"><span class=\"archive-month\">Juli<\/span>\t\t\t\t\t\t\t\t<\/a><\/li>\n\t\t\t\t\t\t\t\t\n\t\t\t\t\t\t\t\t\n\t\t\t\t\t\t\t\t\t\t\t\t\t\t\t\t\t\t\t\t\t\t\t\t\t\t\t\t\t\t\t\t\t\t\t\t<li  ><a rel=\"nofollow\"  href=\"https:\/\/korner.eu\/de\/\/2024\/02\"><span class=\"archive-month\">Februar<\/span>\t\t\t\t\t\t\t\t<\/a><\/li>\n\t\t\t\t\t\t\t\t\n\t\t\t\t\t\t\t\t\n\t\t\t\t\t\t\t\t\t\t\t\t\t\t\t\t\t\t\t\t\t\t\t\t\t\t\t\t\t\t\t\t\t\t\t\t<li  ><a rel=\"nofollow\"  href=\"https:\/\/korner.eu\/de\/\/2024\/01\"><span class=\"archive-month\">Januar<\/span>\t\t\t\t\t\t\t\t<\/a><\/li>\n\t\t\t\t\t\t\t\t\n\t\t\t\t\t\t\t\t\n\t\t\t\t\t\t\t\t\t\t\t\t\t\t\t\t\t\t\t\t\t\t\t\t\t\t\t\t\t\t\t<\/ul>\n\t\t\t\t\t\t\t<\/div>\n\t\t\t\t\t\t<\/div>\n\t\t\t\t\t\t\t\t\t\t\t\t\t\t\t\t\n\t\t\t\t\t\t\t\t\t\t\t\t<div class=\"accordion-item\">\n\t\t\t\t\t\t\t<div class=\"archive-year accordion-item-title\">2023<\/div>\n\t\t\t\t\t\t\t<div class=\"accordion-item-content\">\n\t\t\t\t\t\t\t\t<ul class=\"archive-list\" >\n\t\t\t\t\t\t\t\t\t<li class=\"all-year-link\" >\t\t\t\t\t\t\t\t\t<a rel=\"nofollow\"  href=\"https:\/\/korner.eu\/de\/\/2023\/\"><span>Ganzj\u00e4hrig<\/span><\/a><\/li> \n\t\t\t\t\t\t\t\t\t\t\t\t\t\t\t\t<li  ><a rel=\"nofollow\"  href=\"https:\/\/korner.eu\/de\/\/2023\/12\"><span class=\"archive-month\">Dezember<\/span>\t\t\t\t\t\t\t\t<\/a><\/li>\n\t\t\t\t\t\t\t\t\n\t\t\t\t\t\t\t\t\n\t\t\t\t\t\t\t\t\t\t\t\t\t\t\t\t\t\t\t\t\t\t\t\t\t\t\t\t\t\t\t\t\t\t\t\t<li  ><a rel=\"nofollow\"  href=\"https:\/\/korner.eu\/de\/\/2023\/10\"><span class=\"archive-month\">Oktober<\/span>\t\t\t\t\t\t\t\t<\/a><\/li>\n\t\t\t\t\t\t\t\t\n\t\t\t\t\t\t\t\t\n\t\t\t\t\t\t\t\t\t\t\t\t\t\t\t\t\t\t\t\t\t\t\t\t\t\t\t\t\t\t\t\t\t\t\t\t<li  ><a rel=\"nofollow\"  href=\"https:\/\/korner.eu\/de\/\/2023\/08\"><span class=\"archive-month\">August<\/span>\t\t\t\t\t\t\t\t<\/a><\/li>\n\t\t\t\t\t\t\t\t\n\t\t\t\t\t\t\t\t\n\t\t\t\t\t\t\t\t\t\t\t\t\t\t\t\t\t\t\t\t\t\t\t\t\t\t\t\t\t\t\t\t\t\t\t\t<li  ><a rel=\"nofollow\"  href=\"https:\/\/korner.eu\/de\/\/2023\/07\"><span class=\"archive-month\">Juli<\/span>\t\t\t\t\t\t\t\t<\/a><\/li>\n\t\t\t\t\t\t\t\t\n\t\t\t\t\t\t\t\t\n\t\t\t\t\t\t\t\t\t\t\t\t\t\t\t\t\t\t\t\t\t\t\t\t\t\t\t\t\t\t\t\t\t\t\t\t<li  ><a rel=\"nofollow\"  href=\"https:\/\/korner.eu\/de\/\/2023\/05\"><span class=\"archive-month\">Mai<\/span>\t\t\t\t\t\t\t\t<\/a><\/li>\n\t\t\t\t\t\t\t\t\n\t\t\t\t\t\t\t\t\n\t\t\t\t\t\t\t\t\t\t\t\t\t\t\t\t\t\t\t\t\t\t\t\t\t\t\t\t\t\t\t\t\t\t\t\t<li  ><a rel=\"nofollow\"  href=\"https:\/\/korner.eu\/de\/\/2023\/03\"><span class=\"archive-month\">M\u00e4rz<\/span>\t\t\t\t\t\t\t\t<\/a><\/li>\n\t\t\t\t\t\t\t\t\n\t\t\t\t\t\t\t\t\n\t\t\t\t\t\t\t\t\t\t\t\t\t\t\t\t\t\t\t\t\t\t\t\t\t\t\t\t\t\t\t\t\t\t\t\t<li  ><a rel=\"nofollow\"  href=\"https:\/\/korner.eu\/de\/\/2023\/02\"><span class=\"archive-month\">Februar<\/span>\t\t\t\t\t\t\t\t<\/a><\/li>\n\t\t\t\t\t\t\t\t\n\t\t\t\t\t\t\t\t\n\t\t\t\t\t\t\t\t\t\t\t\t\t\t\t\t\t\t\t\t\t\t\t\t\t\t\t\t\t\t\t\t\t\t\t\t<li  ><a rel=\"nofollow\"  href=\"https:\/\/korner.eu\/de\/\/2023\/01\"><span class=\"archive-month\">Januar<\/span>\t\t\t\t\t\t\t\t<\/a><\/li>\n\t\t\t\t\t\t\t\t\n\t\t\t\t\t\t\t\t\n\t\t\t\t\t\t\t\t\t\t\t\t\t\t\t\t\t\t\t\t\t\t\t\t\t\t\t\t\t\t\t<\/ul>\n\t\t\t\t\t\t\t<\/div>\n\t\t\t\t\t\t<\/div>\n\t\t\t\t\t\t\t\t\t\t\t\t\t\t\t\t\n\t\t\t\t\t\t\t\t\t\t\t\t<div class=\"accordion-item\">\n\t\t\t\t\t\t\t<div class=\"archive-year accordion-item-title\">2022<\/div>\n\t\t\t\t\t\t\t<div class=\"accordion-item-content\">\n\t\t\t\t\t\t\t\t<ul class=\"archive-list\" >\n\t\t\t\t\t\t\t\t\t<li class=\"all-year-link\" >\t\t\t\t\t\t\t\t\t<a rel=\"nofollow\"  href=\"https:\/\/korner.eu\/de\/\/2022\/\"><span>Ganzj\u00e4hrig<\/span><\/a><\/li> \n\t\t\t\t\t\t\t\t\t\t\t\t\t\t\t\t<li  ><a rel=\"nofollow\"  href=\"https:\/\/korner.eu\/de\/\/2022\/12\"><span class=\"archive-month\">Dezember<\/span>\t\t\t\t\t\t\t\t<\/a><\/li>\n\t\t\t\t\t\t\t\t\n\t\t\t\t\t\t\t\t\n\t\t\t\t\t\t\t\t\t\t\t\t\t\t\t\t\t\t\t\t\t\t\t\t\t\t\t\t\t\t\t\t\t\t\t\t<li  ><a rel=\"nofollow\"  href=\"https:\/\/korner.eu\/de\/\/2022\/10\"><span class=\"archive-month\">Oktober<\/span>\t\t\t\t\t\t\t\t<\/a><\/li>\n\t\t\t\t\t\t\t\t\n\t\t\t\t\t\t\t\t\n\t\t\t\t\t\t\t\t\t\t\t\t\t\t\t\t\t\t\t\t\t\t\t\t\t\t\t\t\t\t\t\t\t\t\t\t<li  ><a rel=\"nofollow\"  href=\"https:\/\/korner.eu\/de\/\/2022\/09\"><span class=\"archive-month\">September<\/span>\t\t\t\t\t\t\t\t<\/a><\/li>\n\t\t\t\t\t\t\t\t\n\t\t\t\t\t\t\t\t\n\t\t\t\t\t\t\t\t\t\t\t\t\t\t\t\t\t\t\t\t\t\t\t\t\t\t\t\t\t\t\t\t\t\t\t\t<li  ><a rel=\"nofollow\"  href=\"https:\/\/korner.eu\/de\/\/2022\/08\"><span class=\"archive-month\">August<\/span>\t\t\t\t\t\t\t\t<\/a><\/li>\n\t\t\t\t\t\t\t\t\n\t\t\t\t\t\t\t\t\n\t\t\t\t\t\t\t\t\t\t\t\t\t\t\t\t\t\t\t\t\t\t\t\t\t\t\t\t\t\t\t\t\t\t\t\t<li  ><a rel=\"nofollow\"  href=\"https:\/\/korner.eu\/de\/\/2022\/01\"><span class=\"archive-month\">Januar<\/span>\t\t\t\t\t\t\t\t<\/a><\/li>\n\t\t\t\t\t\t\t\t\n\t\t\t\t\t\t\t\t\n\t\t\t\t\t\t\t\t\t\t\t\t\t\t\t\t\t\t\t\t\t\t\t\t\t\t\t\t\t\t\t<\/ul>\n\t\t\t\t\t\t\t<\/div>\n\t\t\t\t\t\t<\/div>\n\t\t\t\t\t\t\t\t\t\t\t\t\t\t\t\t\n\t\t\t\t\t\t\t\t\t\t\t\t<div class=\"accordion-item\">\n\t\t\t\t\t\t\t<div class=\"archive-year accordion-item-title\">2021<\/div>\n\t\t\t\t\t\t\t<div class=\"accordion-item-content\">\n\t\t\t\t\t\t\t\t<ul class=\"archive-list\" >\n\t\t\t\t\t\t\t\t\t<li class=\"all-year-link\" >\t\t\t\t\t\t\t\t\t<a rel=\"nofollow\"  href=\"https:\/\/korner.eu\/de\/\/2021\/\"><span>Ganzj\u00e4hrig<\/span><\/a><\/li> \n\t\t\t\t\t\t\t\t\t\t\t\t\t\t\t\t<li  ><a rel=\"nofollow\"  href=\"https:\/\/korner.eu\/de\/\/2021\/12\"><span class=\"archive-month\">Dezember<\/span>\t\t\t\t\t\t\t\t<\/a><\/li>\n\t\t\t\t\t\t\t\t\n\t\t\t\t\t\t\t\t\n\t\t\t\t\t\t\t\t\t\t\t\t\t\t\t\t\t\t\t\t\t\t\t\t\t\t\t\t\t\t\t\t\t\t\t\t<li  ><a rel=\"nofollow\"  href=\"https:\/\/korner.eu\/de\/\/2021\/04\"><span class=\"archive-month\">April<\/span>\t\t\t\t\t\t\t\t<\/a><\/li>\n\t\t\t\t\t\t\t\t\n\t\t\t\t\t\t\t\t\n\t\t\t\t\t\t\t\t\t\t\t\t\t\t\t\t\t\t\t\t\t\t\t\t\t\t\t\t\t\t\t\t\t\t\t\t<li  ><a rel=\"nofollow\"  href=\"https:\/\/korner.eu\/de\/\/2021\/02\"><span class=\"archive-month\">Februar<\/span>\t\t\t\t\t\t\t\t<\/a><\/li>\n\t\t\t\t\t\t\t\t\n\t\t\t\t\t\t\t\t\n\t\t\t\t\t\t\t\t\t\t\t\t\t\t\t\t\t\t\t\t\t\t\t\t\t\t\t\t\t\t\t\t\t\t\t\t<li  ><a rel=\"nofollow\"  href=\"https:\/\/korner.eu\/de\/\/2021\/01\"><span class=\"archive-month\">Januar<\/span>\t\t\t\t\t\t\t\t<\/a><\/li>\n\t\t\t\t\t\t\t\t\n\t\t\t\t\t\t\t\t\n\t\t\t\t\t\t\t\t\t\t\t\t\t\t\t\t\t\t\t\t\t\t\t\t\t\t\t\t\t\t\t<\/ul>\n\t\t\t\t\t\t\t<\/div>\n\t\t\t\t\t\t<\/div>\n\t\t\t\t\t\t\t\t\t\t\t\t\t\t\t\t\n\t\t\t\t\t\t\t\t\t\t\t\t<div class=\"accordion-item\">\n\t\t\t\t\t\t\t<div class=\"archive-year accordion-item-title\">2020<\/div>\n\t\t\t\t\t\t\t<div class=\"accordion-item-content\">\n\t\t\t\t\t\t\t\t<ul class=\"archive-list\" >\n\t\t\t\t\t\t\t\t\t<li class=\"all-year-link\" >\t\t\t\t\t\t\t\t\t<a rel=\"nofollow\"  href=\"https:\/\/korner.eu\/de\/\/2020\/\"><span>Ganzj\u00e4hrig<\/span><\/a><\/li> \n\t\t\t\t\t\t\t\t\t\t\t\t\t\t\t\t<li  ><a rel=\"nofollow\"  href=\"https:\/\/korner.eu\/de\/\/2020\/12\"><span class=\"archive-month\">Dezember<\/span>\t\t\t\t\t\t\t\t<\/a><\/li>\n\t\t\t\t\t\t\t\t\n\t\t\t\t\t\t\t\t\n\t\t\t\t\t\t\t\t\t\t\t\t\t\t\t\t\t\t\t\t\t\t\t\t\t\t\t\t\t\t\t\t\t\t\t\t<li  ><a rel=\"nofollow\"  href=\"https:\/\/korner.eu\/de\/\/2020\/09\"><span class=\"archive-month\">September<\/span>\t\t\t\t\t\t\t\t<\/a><\/li>\n\t\t\t\t\t\t\t\t\n\t\t\t\t\t\t\t\t\n\t\t\t\t\t\t\t\t\t\t\t\t\t\t\t\t\t\t\t\t\t\t\t\t\t\t\t\t\t\t\t\t\t\t\t\t<li  ><a rel=\"nofollow\"  href=\"https:\/\/korner.eu\/de\/\/2020\/08\"><span class=\"archive-month\">August<\/span>\t\t\t\t\t\t\t\t<\/a><\/li>\n\t\t\t\t\t\t\t\t\n\t\t\t\t\t\t\t\t\n\t\t\t\t\t\t\t\t\t\t\t\t\t\t\t\t\t\t\t\t\t\t\t\t\t\t\t\t\t\t\t\t\t\t\t\t<li  ><a rel=\"nofollow\"  href=\"https:\/\/korner.eu\/de\/\/2020\/06\"><span class=\"archive-month\">Juni<\/span>\t\t\t\t\t\t\t\t<\/a><\/li>\n\t\t\t\t\t\t\t\t\n\t\t\t\t\t\t\t\t\n\t\t\t\t\t\t\t\t\t\t\t\t\t\t\t\t\t\t\t\t\t\t\t\t\t\t\t\t\t\t\t\t\t\t\t\t<li  ><a rel=\"nofollow\"  href=\"https:\/\/korner.eu\/de\/\/2020\/03\"><span class=\"archive-month\">M\u00e4rz<\/span>\t\t\t\t\t\t\t\t<\/a><\/li>\n\t\t\t\t\t\t\t\t\n\t\t\t\t\t\t\t\t\n\t\t\t\t\t\t\t\t\t\t\t\t\t\t\t\t\t\t\t\t\t\t\t\t\t\t\t\t\t\t\t<\/ul>\n\t\t\t\t\t\t\t<\/div>\n\t\t\t\t\t\t<\/div>\n\t\t\t\t\t\t\t\t\t\t\t\t\t\t\t\t\n\t\t\t\t\t\t\t\t\t\t\t\t<div class=\"accordion-item\">\n\t\t\t\t\t\t\t<div class=\"archive-year accordion-item-title\">2019<\/div>\n\t\t\t\t\t\t\t<div class=\"accordion-item-content\">\n\t\t\t\t\t\t\t\t<ul class=\"archive-list\" >\n\t\t\t\t\t\t\t\t\t<li class=\"all-year-link\" >\t\t\t\t\t\t\t\t\t<a rel=\"nofollow\"  href=\"https:\/\/korner.eu\/de\/\/2019\/\"><span>Ganzj\u00e4hrig<\/span><\/a><\/li> \n\t\t\t\t\t\t\t\t\t\t\t\t\t\t\t\t<li  ><a rel=\"nofollow\"  href=\"https:\/\/korner.eu\/de\/\/2019\/12\"><span class=\"archive-month\">Dezember<\/span>\t\t\t\t\t\t\t\t<\/a><\/li>\n\t\t\t\t\t\t\t\t\n\t\t\t\t\t\t\t\t\n\t\t\t\t\t\t\t\t\t\t\t\t\t\t\t\t\t\t\t\t\t\t\t\t\t\t\t\t\t\t\t\t\t\t\t\t<li  ><a rel=\"nofollow\"  href=\"https:\/\/korner.eu\/de\/\/2019\/11\"><span class=\"archive-month\">November<\/span>\t\t\t\t\t\t\t\t<\/a><\/li>\n\t\t\t\t\t\t\t\t\n\t\t\t\t\t\t\t\t\n\t\t\t\t\t\t\t\t\t\t\t\t\t\t\t\t\t\t\t\t\t\t\t\t\t\t\t\t\t\t\t\t\t\t\t\t<li  ><a rel=\"nofollow\"  href=\"https:\/\/korner.eu\/de\/\/2019\/07\"><span class=\"archive-month\">Juli<\/span>\t\t\t\t\t\t\t\t<\/a><\/li>\n\t\t\t\t\t\t\t\t\n\t\t\t\t\t\t\t\t\n\t\t\t\t\t\t\t\t\t\t\t\t\t\t\t\t\t\t\t\t\t\t\t\t\t\t\t\t\t\t\t\t\t\t\t\t<li  ><a rel=\"nofollow\"  href=\"https:\/\/korner.eu\/de\/\/2019\/04\"><span class=\"archive-month\">April<\/span>\t\t\t\t\t\t\t\t<\/a><\/li>\n\t\t\t\t\t\t\t\t\n\t\t\t\t\t\t\t\t\n\t\t\t\t\t\t\t\t\t\t\t\t\t\t\t\t\t\t\t\t\t\t\t\t\t\t\t\t\t\t\t<\/ul>\n\t\t\t\t\t\t\t<\/div>\n\t\t\t\t\t\t<\/div>\n\t\t\t\t\t\t\t\t\t\t\t\t\t\t\t\t\n\t\t\t\t\t\t\t\t\t\t\t\t<div class=\"accordion-item\">\n\t\t\t\t\t\t\t<div class=\"archive-year accordion-item-title\">2018<\/div>\n\t\t\t\t\t\t\t<div class=\"accordion-item-content\">\n\t\t\t\t\t\t\t\t<ul class=\"archive-list\" >\n\t\t\t\t\t\t\t\t\t<li class=\"all-year-link\" >\t\t\t\t\t\t\t\t\t<a rel=\"nofollow\"  href=\"https:\/\/korner.eu\/de\/\/2018\/\"><span>Ganzj\u00e4hrig<\/span><\/a><\/li> \n\t\t\t\t\t\t\t\t\t\t\t\t\t\t\t\t<li  ><a rel=\"nofollow\"  href=\"https:\/\/korner.eu\/de\/\/2018\/12\"><span class=\"archive-month\">Dezember<\/span>\t\t\t\t\t\t\t\t<\/a><\/li>\n\t\t\t\t\t\t\t\t\n\t\t\t\t\t\t\t\t\n\t\t\t\t\t\t\t\t\t\t\t\t\t\t\t\t\t\t\t\t\t\t\t\t\t\t\t\t\t\t\t\t\t\t\t\t<li  ><a rel=\"nofollow\"  href=\"https:\/\/korner.eu\/de\/\/2018\/09\"><span class=\"archive-month\">September<\/span>\t\t\t\t\t\t\t\t<\/a><\/li>\n\t\t\t\t\t\t\t\t\n\t\t\t\t\t\t\t\t\n\t\t\t\t\t\t\t\t\t\t\t\t\t\t\t\t\t\t\t\t\t\t\t\t\t\t\t\t\t\t\t\t\t\t\t\t<li  ><a rel=\"nofollow\"  href=\"https:\/\/korner.eu\/de\/\/2018\/02\"><span class=\"archive-month\">Februar<\/span>\t\t\t\t\t\t\t\t<\/a><\/li>\n\t\t\t\t\t\t\t\t\n\t\t\t\t\t\t\t\t\n\t\t\t\t\t\t\t\t\t\t\t\t\t\t\t\t\t\t\t\t\t\t\t\t\t\t\t\t\t\t\t<\/ul>\n\t\t\t\t\t\t\t<\/div>\n\t\t\t\t\t\t<\/div>\n\t\t\t\t\t\t\t\t\t\t\t\t\t\t\t\t\n\t\t\t\t\t\t\t\t\t\t\t\t<div class=\"accordion-item\">\n\t\t\t\t\t\t\t<div class=\"archive-year accordion-item-title\">2017<\/div>\n\t\t\t\t\t\t\t<div class=\"accordion-item-content\">\n\t\t\t\t\t\t\t\t<ul class=\"archive-list\" >\n\t\t\t\t\t\t\t\t\t<li class=\"all-year-link\" >\t\t\t\t\t\t\t\t\t<a rel=\"nofollow\"  href=\"https:\/\/korner.eu\/de\/\/2017\/\"><span>Ganzj\u00e4hrig<\/span><\/a><\/li> \n\t\t\t\t\t\t\t\t\t\t\t\t\t\t\t\t<li  ><a rel=\"nofollow\"  href=\"https:\/\/korner.eu\/de\/\/2017\/11\"><span class=\"archive-month\">November<\/span>\t\t\t\t\t\t\t\t<\/a><\/li>\n\t\t\t\t\t\t\t\t\n\t\t\t\t\t\t\t\t\n\t\t\t\t\t\t\t\t\t\t\t\t\t\t\t\t\t\t\t\t\t\t\t\t\t\t\t\t\t\t\t\t\t\t\t\t<li  ><a rel=\"nofollow\"  href=\"https:\/\/korner.eu\/de\/\/2017\/10\"><span class=\"archive-month\">Oktober<\/span>\t\t\t\t\t\t\t\t<\/a><\/li>\n\t\t\t\t\t\t\t\t\n\t\t\t\t\t\t\t\t\n\t\t\t\t\t\t\t\t\t\t\t\t\t\t\t\t\t\t\t\t\t\t\t\t\t\t\t\t\t\t\t\t\t\t\t\t<li  ><a rel=\"nofollow\"  href=\"https:\/\/korner.eu\/de\/\/2017\/09\"><span class=\"archive-month\">September<\/span>\t\t\t\t\t\t\t\t<\/a><\/li>\n\t\t\t\t\t\t\t\t\n\t\t\t\t\t\t\t\t\n\t\t\t\t\t\t\t\t\t\t\t\t\t\t\t\t\t\t\t\t\t\t\t\t\t\t\t\t\t\t\t\t\t\t\t\t<li  ><a rel=\"nofollow\"  href=\"https:\/\/korner.eu\/de\/\/2017\/08\"><span class=\"archive-month\">August<\/span>\t\t\t\t\t\t\t\t<\/a><\/li>\n\t\t\t\t\t\t\t\t\n\t\t\t\t\t\t\t\t\n\t\t\t\t\t\t\t\t\t\t\t\t\t\t\t\t\t\t\t\t\t\t\t\t\t\t\t\t\t\t\t\t\t\t\t\t<li  ><a rel=\"nofollow\"  href=\"https:\/\/korner.eu\/de\/\/2017\/07\"><span class=\"archive-month\">Juli<\/span>\t\t\t\t\t\t\t\t<\/a><\/li>\n\t\t\t\t\t\t\t\t\n\t\t\t\t\t\t\t\t\n\t\t\t\t\t\t\t\t\t\t\t\t\t\t\t\t\t\t\t\t\t\t\t\t\t\t\t\t\t\t\t\t\t\t\t\t<li  ><a rel=\"nofollow\"  href=\"https:\/\/korner.eu\/de\/\/2017\/02\"><span class=\"archive-month\">Februar<\/span>\t\t\t\t\t\t\t\t<\/a><\/li>\n\t\t\t\t\t\t\t\t\n\t\t\t\t\t\t\t\t\n\t\t\t\t\t\t\t\t\t\t\t\t\t\t\t\t\t\t\t\t\t\t\t\t\t\t\t\t\t\t\t\t\t\t\t\t<li  ><a rel=\"nofollow\"  href=\"https:\/\/korner.eu\/de\/\/2017\/01\"><span class=\"archive-month\">Januar<\/span>\t\t\t\t\t\t\t\t<\/a><\/li>\n\t\t\t\t\t\t\t\t\n\t\t\t\t\t\t\t\t\n\t\t\t\t\t\t\t\t\t\t\t\t\t\t\t\t\t\t\t\t\t\t\t\t\t\t\t\t\t\t\t<\/ul>\n\t\t\t\t\t\t\t<\/div>\n\t\t\t\t\t\t<\/div>\n\t\t\t\t\t\t\t\t\t\t\t\t\t\t\t\t\n\t\t\t\t\t\t\t\t\t\t\t\t<div class=\"accordion-item\">\n\t\t\t\t\t\t\t<div class=\"archive-year accordion-item-title\">2016<\/div>\n\t\t\t\t\t\t\t<div class=\"accordion-item-content\">\n\t\t\t\t\t\t\t\t<ul class=\"archive-list\" >\n\t\t\t\t\t\t\t\t\t<li class=\"all-year-link\" >\t\t\t\t\t\t\t\t\t<a rel=\"nofollow\"  href=\"https:\/\/korner.eu\/de\/\/2016\/\"><span>Ganzj\u00e4hrig<\/span><\/a><\/li> \n\t\t\t\t\t\t\t\t\t\t\t\t\t\t\t\t<li  ><a rel=\"nofollow\"  href=\"https:\/\/korner.eu\/de\/\/2016\/09\"><span class=\"archive-month\">September<\/span>\t\t\t\t\t\t\t\t<\/a><\/li>\n\t\t\t\t\t\t\t\t\n\t\t\t\t\t\t\t\t\n\t\t\t\t\t\t\t\t\t\t\t\t\t\t\t\t\t\t\t\t\t\t\t\t\t\t\t\t\t\t\t\t\t\t\t\t<li  ><a rel=\"nofollow\"  href=\"https:\/\/korner.eu\/de\/\/2016\/04\"><span class=\"archive-month\">April<\/span>\t\t\t\t\t\t\t\t<\/a><\/li>\n\t\t\t\t\t\t\t\t\n\t\t\t\t\t\t\t\t\n\t\t\t\t\t\t\t\t\t\t\t\t\t\t\t\t\t\t\t\t\t\t\t\t\t\t\t\t\t\t\t<\/ul>\n\t\t\t\t\t\t\t<\/div>\n\t\t\t\t\t\t<\/div>\n\t\t\t\t\t\t\t\t\t\t\t\t\t\t\t\t\n\t\t\t\t\t\t\t\t\t\t\t\t<div class=\"accordion-item\">\n\t\t\t\t\t\t\t<div class=\"archive-year accordion-item-title\">2015<\/div>\n\t\t\t\t\t\t\t<div class=\"accordion-item-content\">\n\t\t\t\t\t\t\t\t<ul class=\"archive-list\" >\n\t\t\t\t\t\t\t\t\t<li class=\"all-year-link\" >\t\t\t\t\t\t\t\t\t<a rel=\"nofollow\"  href=\"https:\/\/korner.eu\/de\/\/2015\/\"><span>Ganzj\u00e4hrig<\/span><\/a><\/li> \n\t\t\t\t\t\t\t\t\t\t\t\t\t\t\t\t<li  ><a rel=\"nofollow\"  href=\"https:\/\/korner.eu\/de\/\/2015\/04\"><span class=\"archive-month\">April<\/span>\t\t\t\t\t\t\t\t<\/a><\/li>\n\t\t\t\t\t\t\t\t\n\t\t\t\t\t\t\t\t\n\t\t\t\t\t\t\t\t\t\t\t\t\t\t\t\t\t\t\t\t\t\t\t\t\t\t\t\t\t\t\t\t\t\t\t\t<li  ><a rel=\"nofollow\"  href=\"https:\/\/korner.eu\/de\/\/2015\/02\"><span class=\"archive-month\">Februar<\/span>\t\t\t\t\t\t\t\t<\/a><\/li>\n\t\t\t\t\t\t\t\t\n\t\t\t\t\t\t\t\t\n\t\t\t\t\t\t\t\t\t\t\t\t\t\t\t\t\t\t\t\t\t\t\t\t\t\t\t\t\t\t\t<\/ul>\n\t\t\t\t\t\t\t<\/div>\n\t\t\t\t\t\t<\/div>\n\t\t\t\t\t\t\t\t\t\t\t\t\t\t\t\t\n\t\t\t\t\t\t\t\t\t\t\t\t<div class=\"accordion-item\">\n\t\t\t\t\t\t\t<div class=\"archive-year accordion-item-title\">2014<\/div>\n\t\t\t\t\t\t\t<div class=\"accordion-item-content\">\n\t\t\t\t\t\t\t\t<ul class=\"archive-list\" >\n\t\t\t\t\t\t\t\t\t<li class=\"all-year-link\" >\t\t\t\t\t\t\t\t\t<a rel=\"nofollow\"  href=\"https:\/\/korner.eu\/de\/\/2014\/\"><span>Ganzj\u00e4hrig<\/span><\/a><\/li> \n\t\t\t\t\t\t\t\t\t\t\t\t\t\t\t\t<li  ><a rel=\"nofollow\"  href=\"https:\/\/korner.eu\/de\/\/2014\/07\"><span class=\"archive-month\">Juli<\/span>\t\t\t\t\t\t\t\t<\/a><\/li>\n\t\t\t\t\t\t\t\t\n\t\t\t\t\t\t\t\t\n\t\t\t\t\t\t\t\t\t\t\t\t\t\t\t\t\t\t\t\t\t\t\t\t\t\t\t\t\t\t\t\t\t\t\t\t<li  ><a rel=\"nofollow\"  href=\"https:\/\/korner.eu\/de\/\/2014\/04\"><span class=\"archive-month\">April<\/span>\t\t\t\t\t\t\t\t<\/a><\/li>\n\t\t\t\t\t\t\t\t\n\t\t\t\t\t\t\t\t\n\t\t\t\t\t\t\t\t\t\t\t\t\t<\/div>\n\t\t\t\t\t<\/div>\n\t\t\t\t\t\t\t<\/div>\n\t\t\n\t\n<\/section>\n\n\n\n\n\n\n<div class=\"row column default-GB clearfix\">\n\n<\/div>\n<section id=\"korner-block_5e7ddc1c8c9df\" class=\"space-section   \" >\n\t<div class=\"space-block hide-for-small\" style=\"background-color:#FFFFFF; height: 60px;\" ><\/div>\n\t<div class=\"space-block show-for-small\" style=\"background-color:#FFFFFF; height: 30px;\" ><\/div>\n<\/section><div class=\"row column default-GB clearfix\">\n\n<\/div><div class=\"row column default-GB clearfix\">\n<p><\/p>\n<\/div>","protected":false},"excerpt":{"rendered":"","protected":false},"author":1,"featured_media":0,"parent":0,"menu_order":24,"comment_status":"closed","ping_status":"closed","template":"","meta":{"_acf_changed":false,"footnotes":""},"class_list":["post-11232","page","type-page","status-publish","hentry"],"acf":[],"yoast_head":"<!-- This site is optimized with the Yoast SEO plugin v24.3 - https:\/\/yoast.com\/wordpress\/plugins\/seo\/ -->\n<title>Aktuelles - Korner<\/title>\n<meta name=\"robots\" content=\"index, follow, max-snippet:-1, max-image-preview:large, max-video-preview:-1\" \/>\n<link rel=\"canonical\" href=\"https:\/\/korner.eu\/de\/aktuelles\/\" \/>\n<meta property=\"og:locale\" content=\"de_DE\" \/>\n<meta property=\"og:type\" content=\"article\" \/>\n<meta property=\"og:title\" content=\"Aktuelles - Korner\" \/>\n<meta property=\"og:url\" content=\"https:\/\/korner.eu\/de\/aktuelles\/\" \/>\n<meta property=\"og:site_name\" content=\"Korner\" \/>\n<meta property=\"article:publisher\" content=\"https:\/\/www.facebook.com\/korner.producent\/\" \/>\n<meta property=\"article:modified_time\" content=\"2022-08-05T09:42:35+00:00\" \/>\n<meta name=\"twitter:card\" content=\"summary_large_image\" \/>\n<script type=\"application\/ld+json\" class=\"yoast-schema-graph\">{\"@context\":\"https:\/\/schema.org\",\"@graph\":[{\"@type\":\"WebPage\",\"@id\":\"https:\/\/korner.eu\/de\/aktuelles\/\",\"url\":\"https:\/\/korner.eu\/de\/aktuelles\/\",\"name\":\"Aktuelles - Korner\",\"isPartOf\":{\"@id\":\"https:\/\/korner.eu\/de\/#website\"},\"datePublished\":\"2020-03-26T18:42:08+00:00\",\"dateModified\":\"2022-08-05T09:42:35+00:00\",\"breadcrumb\":{\"@id\":\"https:\/\/korner.eu\/de\/aktuelles\/#breadcrumb\"},\"inLanguage\":\"de\",\"potentialAction\":[{\"@type\":\"ReadAction\",\"target\":[\"https:\/\/korner.eu\/de\/aktuelles\/\"]}]},{\"@type\":\"BreadcrumbList\",\"@id\":\"https:\/\/korner.eu\/de\/aktuelles\/#breadcrumb\",\"itemListElement\":[{\"@type\":\"ListItem\",\"position\":1,\"name\":\"Strona g\u0142\u00f3wna\",\"item\":\"https:\/\/korner.eu\/de\/\"},{\"@type\":\"ListItem\",\"position\":2,\"name\":\"Aktuelles\"}]},{\"@type\":\"WebSite\",\"@id\":\"https:\/\/korner.eu\/de\/#website\",\"url\":\"https:\/\/korner.eu\/de\/\",\"name\":\"Korner\",\"description\":\"\",\"publisher\":{\"@id\":\"https:\/\/korner.eu\/de\/#organization\"},\"potentialAction\":[{\"@type\":\"SearchAction\",\"target\":{\"@type\":\"EntryPoint\",\"urlTemplate\":\"https:\/\/korner.eu\/de\/?s={search_term_string}\"},\"query-input\":{\"@type\":\"PropertyValueSpecification\",\"valueRequired\":true,\"valueName\":\"search_term_string\"}}],\"inLanguage\":\"de\"},{\"@type\":\"Organization\",\"@id\":\"https:\/\/korner.eu\/de\/#organization\",\"name\":\"Poli-Eco Tworzywa Sztuczne Sp. z o.o.\",\"url\":\"https:\/\/korner.eu\/de\/\",\"logo\":{\"@type\":\"ImageObject\",\"inLanguage\":\"de\",\"@id\":\"https:\/\/korner.eu\/de\/#\/schema\/logo\/image\/\",\"url\":\"https:\/\/korner.eu\/wp-content\/uploads\/2020\/03\/logo.png\",\"contentUrl\":\"https:\/\/korner.eu\/wp-content\/uploads\/2020\/03\/logo.png\",\"width\":180,\"height\":48,\"caption\":\"Poli-Eco Tworzywa Sztuczne Sp. z o.o.\"},\"image\":{\"@id\":\"https:\/\/korner.eu\/de\/#\/schema\/logo\/image\/\"},\"sameAs\":[\"https:\/\/www.facebook.com\/korner.producent\/\",\"https:\/\/www.instagram.com\/korner.producer\/\",\"https:\/\/www.linkedin.com\/in\/korner-producer\/\"]}]}<\/script>\n<!-- \/ Yoast SEO plugin. -->","yoast_head_json":{"title":"Aktuelles - Korner","robots":{"index":"index","follow":"follow","max-snippet":"max-snippet:-1","max-image-preview":"max-image-preview:large","max-video-preview":"max-video-preview:-1"},"canonical":"https:\/\/korner.eu\/de\/aktuelles\/","og_locale":"de_DE","og_type":"article","og_title":"Aktuelles - Korner","og_url":"https:\/\/korner.eu\/de\/aktuelles\/","og_site_name":"Korner","article_publisher":"https:\/\/www.facebook.com\/korner.producent\/","article_modified_time":"2022-08-05T09:42:35+00:00","twitter_card":"summary_large_image","schema":{"@context":"https:\/\/schema.org","@graph":[{"@type":"WebPage","@id":"https:\/\/korner.eu\/de\/aktuelles\/","url":"https:\/\/korner.eu\/de\/aktuelles\/","name":"Aktuelles - Korner","isPartOf":{"@id":"https:\/\/korner.eu\/de\/#website"},"datePublished":"2020-03-26T18:42:08+00:00","dateModified":"2022-08-05T09:42:35+00:00","breadcrumb":{"@id":"https:\/\/korner.eu\/de\/aktuelles\/#breadcrumb"},"inLanguage":"de","potentialAction":[{"@type":"ReadAction","target":["https:\/\/korner.eu\/de\/aktuelles\/"]}]},{"@type":"BreadcrumbList","@id":"https:\/\/korner.eu\/de\/aktuelles\/#breadcrumb","itemListElement":[{"@type":"ListItem","position":1,"name":"Strona g\u0142\u00f3wna","item":"https:\/\/korner.eu\/de\/"},{"@type":"ListItem","position":2,"name":"Aktuelles"}]},{"@type":"WebSite","@id":"https:\/\/korner.eu\/de\/#website","url":"https:\/\/korner.eu\/de\/","name":"Korner","description":"","publisher":{"@id":"https:\/\/korner.eu\/de\/#organization"},"potentialAction":[{"@type":"SearchAction","target":{"@type":"EntryPoint","urlTemplate":"https:\/\/korner.eu\/de\/?s={search_term_string}"},"query-input":{"@type":"PropertyValueSpecification","valueRequired":true,"valueName":"search_term_string"}}],"inLanguage":"de"},{"@type":"Organization","@id":"https:\/\/korner.eu\/de\/#organization","name":"Poli-Eco Tworzywa Sztuczne Sp. z o.o.","url":"https:\/\/korner.eu\/de\/","logo":{"@type":"ImageObject","inLanguage":"de","@id":"https:\/\/korner.eu\/de\/#\/schema\/logo\/image\/","url":"https:\/\/korner.eu\/wp-content\/uploads\/2020\/03\/logo.png","contentUrl":"https:\/\/korner.eu\/wp-content\/uploads\/2020\/03\/logo.png","width":180,"height":48,"caption":"Poli-Eco Tworzywa Sztuczne Sp. z o.o."},"image":{"@id":"https:\/\/korner.eu\/de\/#\/schema\/logo\/image\/"},"sameAs":["https:\/\/www.facebook.com\/korner.producent\/","https:\/\/www.instagram.com\/korner.producer\/","https:\/\/www.linkedin.com\/in\/korner-producer\/"]}]}},"_links":{"self":[{"href":"https:\/\/korner.eu\/de\/wp-json\/wp\/v2\/pages\/11232","targetHints":{"allow":["GET"]}}],"collection":[{"href":"https:\/\/korner.eu\/de\/wp-json\/wp\/v2\/pages"}],"about":[{"href":"https:\/\/korner.eu\/de\/wp-json\/wp\/v2\/types\/page"}],"author":[{"embeddable":true,"href":"https:\/\/korner.eu\/de\/wp-json\/wp\/v2\/users\/1"}],"replies":[{"embeddable":true,"href":"https:\/\/korner.eu\/de\/wp-json\/wp\/v2\/comments?post=11232"}],"version-history":[{"count":4,"href":"https:\/\/korner.eu\/de\/wp-json\/wp\/v2\/pages\/11232\/revisions"}],"predecessor-version":[{"id":16916,"href":"https:\/\/korner.eu\/de\/wp-json\/wp\/v2\/pages\/11232\/revisions\/16916"}],"wp:attachment":[{"href":"https:\/\/korner.eu\/de\/wp-json\/wp\/v2\/media?parent=11232"}],"curies":[{"name":"wp","href":"https:\/\/api.w.org\/{rel}","templated":true}]}}